{"id":2,"date":"2021-08-13T13:54:51","date_gmt":"2021-08-13T11:54:51","guid":{"rendered":"https:\/\/costasonada.es\/?page_id=2"},"modified":"2026-02-17T23:13:11","modified_gmt":"2026-02-17T21:13:11","slug":"pagina-ejemplo","status":"publish","type":"page","link":"https:\/\/costasonada.es\/","title":{"rendered":"Costa So\u00f1ada &#8211; Inmobiliaria en Mascarat, Altea"},"content":{"rendered":"\n\n\n\n\n<div class=\"wp-block-columns is-layout-flex wp-container-core-columns-is-layout-9d6595d7 wp-block-columns-is-layout-flex\">\n<div class=\"wp-block-column is-layout-flow wp-block-column-is-layout-flow\" style=\"flex-basis:100%\"> <div class=\"ich-settings-main-wrap\" data-autoscroll=\"enable\">\r\n<section id=\"rem-search-box\" class=\"rem-search-form-wrap no-margin search-property-page \">\r\n\t<form data-resselector=\"\" class=\"\" action=\"https:\/\/costasonada.es\/index.php\/search-results\/\" method=\"get\" id=\"search-property\" data-ajaxurl=\"https:\/\/costasonada.es\/wp-admin\/admin-ajax.php\" data-offset=\"15\">\r\n\t\t<input type=\"hidden\" name=\"order\" value=\"ASC\">\t\t<input type=\"hidden\" name=\"action\" value=\"rem_search_property\">\r\n\t\t<div class=\"search-container rem-search-1 fixed-map auto-complete\">\r\n\t<div class=\"search-options sample-page\">\r\n\t\t<div class=\"searcher\">\r\n\t\t\t<div class=\"row margin-div wcp-eq-height\">\r\n\r\n\t\t\t\t\t\t\t\t\r\n\t\t\t\t<input value=\"\" type=\"hidden\" name=\"search_property\" \/>\t\t\t\t\r\n\t\t\t\t\t\t\t\t\t\t<div class=\"col-sm-6 col-md-6 margin-bottom search-field\" data-condition_status=\"true\" data-condition_bound=\"all\" data-condition='[]'>\r\n\t\t\t\t\t\t\t<span id=\"span-property_ref\" data-text=\"ID\"><\/span>\r\n\t\t\t\t\t\t\t\t\t\t<input class=\"form-control\" type=\"text\" placeholder=\"ID\" name=\"property_ref\" id=\"property_ref\" value=\"\"\/>\r\n    \t\t\t\t\t\t\t\t<\/div>\r\n\t\t\t\t\t\t\t\t\t\t\t<div class=\"col-sm-6 col-md-6 margin-bottom search-field\" data-condition_status=\"true\" data-condition_bound=\"all\" data-condition='[]'>\r\n\t\t\t\t\t\t\t<span id=\"span-property_city\" data-text=\"Ciudad\"><\/span>\r\n\t\t\t\t\t\t\t\t\t<select class=\"rem-easydropdown\" data-settings='{\"cutOff\": 5}' name=\"property_city\" id=\"property_cityshortcode\">\r\n\t\t\t<option value=\"\">-- Ciudad --<\/option>\r\n\t\t\t\t<option value=\"Altea\" >Altea<\/option><option value=\"Altea Hills\" >Altea Hills<\/option><option value=\"Altea la Vella\" >Altea la Vella<\/option><option value=\"Alfas del Pi\" >Alfas del Pi<\/option><option value=\"Albir\" >Albir<\/option><option value=\"Benidorm\" >Benidorm<\/option><option value=\"Benissa\" >Benissa<\/option><option value=\"Benitachell\" >Benitachell<\/option><option value=\"Cala Villajoyosa\" >Cala Villajoyosa<\/option><option value=\"Calpe\" >Calpe<\/option><option value=\"Finestrat\" >Finestrat<\/option><option value=\"Javea\" >Javea<\/option><option value=\"La Nucia\" >La Nucia<\/option><option value=\"Mascarat\" >Mascarat<\/option><option value=\"Moraira\" >Moraira<\/option><option value=\"Polop\" >Polop<\/option><option value=\"Playa de San Juan\" >Playa de San Juan <\/option><option value=\"San Sebastian, Asturias\" >San Sebastian, Asturias<\/option><option value=\"Villajoyosa\" >Villajoyosa<\/option>\t\t<\/select>\r\n\t\t\t\t\t\t\t\t<\/div>\r\n\t\t\t\t\t\t\t\t\t\t\t<div class=\"col-sm-6 col-md-6 margin-bottom search-field\" data-condition_status=\"true\" data-condition_bound=\"all\" data-condition='[]'>\r\n\t\t\t\t\t\t\t<span id=\"span-property_purpose\" data-text=\"Operaci\u00f3n\"><\/span>\r\n\t\t\t\t\t\t\t\t\t<select class=\"rem-easydropdown\" data-settings='{\"cutOff\": 5}' name=\"property_purpose\" id=\"property_purposeshortcode\">\r\n\t\t\t<option value=\"\">-- Operaci\u00f3n --<\/option>\r\n\t\t\t\t<option value=\"Venta\" >Venta<\/option><option value=\"Alquiler\" >Alquiler<\/option><option value=\"Vacacional\" >Vacacional<\/option>\t\t<\/select>\r\n\t\t\t\t\t\t\t\t<\/div>\r\n\t\t\t\t\t\t\t\t\t\t\t<div class=\"col-sm-6 col-md-6 margin-bottom search-field\" data-condition_status=\"true\" data-condition_bound=\"all\" data-condition='[]'>\r\n\t\t\t\t\t\t\t<span id=\"span-property_type\" data-text=\"Tipo de propiedad\"><\/span>\r\n\t\t\t\t\t\t\t\t\t<select class=\"rem-easydropdown\" data-settings='{\"cutOff\": 5}' name=\"property_type\" id=\"property_typeshortcode\">\r\n\t\t\t<option value=\"\">-- Tipo de propiedad --<\/option>\r\n\t\t\t\t<option value=\"Apartamento\" >Apartamento<\/option><option value=\"Atico\" >Atico<\/option><option value=\"Adosado\" >Adosado<\/option><option value=\"Bungalow\" >Bungalow<\/option><option value=\"Casa\" >Casa<\/option><option value=\"Chalet\" >Chalet<\/option><option value=\"D\u00faplex\" >D\u00faplex<\/option><option value=\"Villa de Lujo\" >Villa de Lujo<\/option><option value=\"Local\" >Local<\/option><option value=\"Parcela\" >Parcela<\/option>\t\t<\/select>\r\n\t\t\t\t\t\t\t\t<\/div>\r\n\t\t\t\t\t\t\t\t\t\t\t<div class=\"col-sm-6 col-md-6 margin-bottom search-field\" data-condition_status=\"true\" data-condition_bound=\"all\" data-condition='[]'>\r\n\t\t\t\t\t\t\t<span id=\"span-property_bedrooms\" data-text=\"Habitaciones\"><\/span>\r\n\t\t\t\t\t\t\t\t\t<select class=\"rem-easydropdown\" data-settings='{\"cutOff\": 5}' name=\"property_bedrooms\" id=\"property_bedroomsshortcode\">\r\n\t\t\t<option value=\"\">-- Habitaciones --<\/option>\r\n\t\t\t\t<option value=\"1\" >1<\/option><option value=\"2\" >2<\/option><option value=\"3\" >3<\/option><option value=\"4\" >4<\/option><option value=\"5\" >5<\/option><option value=\"6\" >6<\/option><option value=\"7\" >7<\/option><option value=\"8\" >8<\/option><option value=\"9\" >9<\/option>\t\t<\/select>\r\n\t\t\t\t\t\t\t\t<\/div>\r\n\t\t\t\t\t\t\t\t\t\r\n\t\t\t\t\r\n\t\t\t\t\r\n\t\t\t\t\t\t\t\t\t<div class=\"p-slide-wrap col-sm-6 col-md-6 margin-bottom\">\r\n\t\t\t\t\t\t\t\t\t<div class=\"row\">\r\n\t\t<div class=\"col-xs-5\"><input type=\"text\" class=\"form-control\" name=\"price_min\" placeholder=\"Min\" value=\"\"><\/div>\r\n\t\t<div class=\"col-xs-2 text-center\"><strong class=\"price-sep\">&euro;<\/strong><\/div>\r\n\t\t<div class=\"col-xs-5\"><input type=\"text\" class=\"form-control\" name=\"price_max\" placeholder=\"Max\" value=\"\"><\/div>\r\n\t<\/div>\r\n\t\t\t\t\t\t<\/div>\r\n\t\t\t\t\r\n\t\t\t\t\r\n\t\t\t<\/div>\r\n\t\t\t<div class=\"row filter hide-filter\">\r\n\t\t\t\t\t\t\t\t\t\t<div class=\"col-xs-6 col-sm-4 col-md-3\">\r\n\t\t\t\t\t\t\t\t\t\t\t\t\t\t<input class=\"labelauty\" type=\"checkbox\" name=\"detail_cbs[Piscina comunitaria]\" data-labelauty=\"Piscina comunitaria\">\r\n\t\t\t\t\t\t<\/div>\r\n\t\t\t\t\t\t\t\t\t\t\t<div class=\"col-xs-6 col-sm-4 col-md-3\">\r\n\t\t\t\t\t\t\t\t\t\t\t\t\t\t<input class=\"labelauty\" type=\"checkbox\" name=\"detail_cbs[Piscina privada]\" data-labelauty=\"Piscina privada\">\r\n\t\t\t\t\t\t<\/div>\r\n\t\t\t\t\t\t\t\t\t\t\t<div class=\"col-xs-6 col-sm-4 col-md-3\">\r\n\t\t\t\t\t\t\t\t\t\t\t\t\t\t<input class=\"labelauty\" type=\"checkbox\" name=\"detail_cbs[Garage]\" data-labelauty=\"Garage\">\r\n\t\t\t\t\t\t<\/div>\r\n\t\t\t\t\t\t\t\t\t\t\t<div class=\"col-xs-6 col-sm-4 col-md-3\">\r\n\t\t\t\t\t\t\t\t\t\t\t\t\t\t<input class=\"labelauty\" type=\"checkbox\" name=\"detail_cbs[Parking]\" data-labelauty=\"Parking\">\r\n\t\t\t\t\t\t<\/div>\r\n\t\t\t\t\t\t\t\t\t\t\t<div class=\"col-xs-6 col-sm-4 col-md-3\">\r\n\t\t\t\t\t\t\t\t\t\t\t\t\t\t<input class=\"labelauty\" type=\"checkbox\" name=\"detail_cbs[Calefacci\u00f3n]\" data-labelauty=\"Calefacci\u00f3n\">\r\n\t\t\t\t\t\t<\/div>\r\n\t\t\t\t\t\t\t\t\t\t\t<div class=\"col-xs-6 col-sm-4 col-md-3\">\r\n\t\t\t\t\t\t\t\t\t\t\t\t\t\t<input class=\"labelauty\" type=\"checkbox\" name=\"detail_cbs[Aire acondicionado]\" data-labelauty=\"Aire acondicionado\">\r\n\t\t\t\t\t\t<\/div>\r\n\t\t\t\t\t\t\t\t\t\t\t<div class=\"col-xs-6 col-sm-4 col-md-3\">\r\n\t\t\t\t\t\t\t\t\t\t\t\t\t\t<input class=\"labelauty\" type=\"checkbox\" name=\"detail_cbs[Terraza]\" data-labelauty=\"Terraza\">\r\n\t\t\t\t\t\t<\/div>\r\n\t\t\t\t\t\t\t\t\t\t\t<div class=\"col-xs-6 col-sm-4 col-md-3\">\r\n\t\t\t\t\t\t\t\t\t\t\t\t\t\t<input class=\"labelauty\" type=\"checkbox\" name=\"detail_cbs[Vistas al mar]\" data-labelauty=\"Vistas al mar\">\r\n\t\t\t\t\t\t<\/div>\r\n\t\t\t\t\t\t\t\t\t\t\t<div class=\"col-xs-6 col-sm-4 col-md-3\">\r\n\t\t\t\t\t\t\t\t\t\t\t\t\t\t<input class=\"labelauty\" type=\"checkbox\" name=\"detail_cbs[Vista a la monta\u00f1a]\" data-labelauty=\"Vista a la monta\u00f1a\">\r\n\t\t\t\t\t\t<\/div>\r\n\t\t\t\t\t\t\t\t\t\t\t<div class=\"col-xs-6 col-sm-4 col-md-3\">\r\n\t\t\t\t\t\t\t\t\t\t\t\t\t\t<input class=\"labelauty\" type=\"checkbox\" name=\"detail_cbs[Primera linea]\" data-labelauty=\"Primera linea\">\r\n\t\t\t\t\t\t<\/div>\r\n\t\t\t\t\t\t\t\t\t\t\t<div class=\"col-xs-6 col-sm-4 col-md-3\">\r\n\t\t\t\t\t\t\t\t\t\t\t\t\t\t<input class=\"labelauty\" type=\"checkbox\" name=\"detail_cbs[Nuevo construccion]\" data-labelauty=\"Nuevo construccion\">\r\n\t\t\t\t\t\t<\/div>\r\n\t\t\t\t\t\t\t\t\t\t\t<div class=\"col-xs-6 col-sm-4 col-md-3\">\r\n\t\t\t\t\t\t\t\t\t\t\t\t\t\t<input class=\"labelauty\" type=\"checkbox\" name=\"detail_cbs[Amueblado]\" data-labelauty=\"Amueblado\">\r\n\t\t\t\t\t\t<\/div>\r\n\t\t\t\t\t\t\t\t\t\t\t<div class=\"col-xs-6 col-sm-4 col-md-3\">\r\n\t\t\t\t\t\t\t\t\t\t\t\t\t\t<input class=\"labelauty\" type=\"checkbox\" name=\"detail_cbs[Semi amueblado]\" data-labelauty=\"Semi amueblado\">\r\n\t\t\t\t\t\t<\/div>\r\n\t\t\t\t\t\t\t\t\t\t\t<div class=\"col-xs-6 col-sm-4 col-md-3\">\r\n\t\t\t\t\t\t\t\t\t\t\t\t\t\t<input class=\"labelauty\" type=\"checkbox\" name=\"detail_cbs[Reformado]\" data-labelauty=\"Reformado\">\r\n\t\t\t\t\t\t<\/div>\r\n\t\t\t\t\t\t\t\t\t\t\t<div class=\"col-xs-6 col-sm-4 col-md-3\">\r\n\t\t\t\t\t\t\t\t\t\t\t\t\t\t<input class=\"labelauty\" type=\"checkbox\" name=\"detail_cbs[Jard\u00edn]\" data-labelauty=\"Jard\u00edn\">\r\n\t\t\t\t\t\t<\/div>\r\n\t\t\t\t\t\t\t\t\t\t\t<div class=\"col-xs-6 col-sm-4 col-md-3\">\r\n\t\t\t\t\t\t\t\t\t\t\t\t\t\t<input class=\"labelauty\" type=\"checkbox\" name=\"detail_cbs[Admite mascotas]\" data-labelauty=\"Admite mascotas\">\r\n\t\t\t\t\t\t<\/div>\r\n\t\t\t\t\t\t\t\t\t\t\t<div class=\"col-xs-6 col-sm-4 col-md-3\">\r\n\t\t\t\t\t\t\t\t\t\t\t\t\t\t<input class=\"labelauty\" type=\"checkbox\" name=\"detail_cbs[Adaptado para uso con silla de ruedas]\" data-labelauty=\"Adaptado para uso con silla de ruedas\">\r\n\t\t\t\t\t\t<\/div>\r\n\t\t\t\t\t\t\t\t\t\t\t<div class=\"col-xs-6 col-sm-4 col-md-3\">\r\n\t\t\t\t\t\t\t\t\t\t\t\t\t\t<input class=\"labelauty\" type=\"checkbox\" name=\"detail_cbs[Lavander\u00eda]\" data-labelauty=\"Lavander\u00eda\">\r\n\t\t\t\t\t\t<\/div>\r\n\t\t\t\t\t\t\t\t\t\t\t<div class=\"col-xs-6 col-sm-4 col-md-3\">\r\n\t\t\t\t\t\t\t\t\t\t\t\t\t\t<input class=\"labelauty\" type=\"checkbox\" name=\"detail_cbs[Chimenea]\" data-labelauty=\"Chimenea\">\r\n\t\t\t\t\t\t<\/div>\r\n\t\t\t\t\t\t\t\t\t\t\t<div class=\"col-xs-6 col-sm-4 col-md-3\">\r\n\t\t\t\t\t\t\t\t\t\t\t\t\t\t<input class=\"labelauty\" type=\"checkbox\" name=\"detail_cbs[Cocina equipada]\" data-labelauty=\"Cocina equipada\">\r\n\t\t\t\t\t\t<\/div>\r\n\t\t\t\t\t\t\t\t\t\t\t<div class=\"col-xs-6 col-sm-4 col-md-3\">\r\n\t\t\t\t\t\t\t\t\t\t\t\t\t\t<input class=\"labelauty\" type=\"checkbox\" name=\"detail_cbs[Zona Comunitaria]\" data-labelauty=\"Zona Comunitaria\">\r\n\t\t\t\t\t\t<\/div>\r\n\t\t\t\t\t\t\t\t<\/div><!-- .\/filter -->\r\n\t\t\t<div class=\"margin-div footer\">\r\n\t\t\t\t\t\t\t\t\t<button type=\"button\" class=\"btn btn-default more-button\">\r\n\t\t\t\t\t\tM\u00e1s filtros\t\t\t\t\t<\/button>\r\n\t\t\t\t\t\t\t\t\t\t\t\t<button type=\"submit\" class=\"btn btn-default search-button\">\r\n\t\t\t\t\tBuscar\t\t\t\t<\/button>\r\n\t\t\t\t\t\t\t<\/div><!-- .\/footer -->\r\n\t\t<\/div><!-- .\/searcher -->\r\n\t<\/div><!-- search-options -->\r\n<\/div><!-- search-container fixed-map -->\t<\/form>\r\n<\/section>\r\n\r\n<section id=\"grid-content\" class=\"search-results\">\r\n\t<div class=\"loader text-center margin-bottom\" style=\"display:none;margin-top:20px;\">\r\n\t\t<img decoding=\"async\" src=\"https:\/\/costasonada.es\/wp-content\/plugins\/real-estate-manager-pro\/assets\/images\/ajax-loader.gif\" alt=\"Cargando...\">\r\n\t<\/div>\r\n\t<div class=\"searched-properties\">\r\n\t\t\t<\/div>\r\n\t<\/section>\r\n<\/div>\n<\/div>\n<\/div>\n\n\n\n<p class=\"has-text-align-center has-accent-color has-text-color\" style=\"font-size:30px\"><strong>NUEVA CONSTRUCCI\u00d3N<\/strong><\/p>\n\n\n\t<div class=\"ich-settings-main-wrap\">\r\n\t\t<section class=\"wcp-slick\"  data-style = 2 data-arrows = enable data-speed = 2000 data-total_properties = 10 data-slidestoshow = 3 data-slidestoscroll = 1 data-autoplay = enable data-autoplayspeed = 3000 data-dots = enable data-meta = nueva_construccion|Si>\r\n\t\t\t\t\t\t\t<div style=\"padding:10px;\" class=\"slick-slide\">\r\n\t\t\t\t\t<div class=\"rem-style-2 rem-property-box\" style=\"overflow:hidden;white-space:nowrap;\">\n\t<div class=\"img-container\">\n\t\t<a target=\"\" href=\"https:\/\/costasonada.es\/index.php\/property\/se-vende-bungalow-en-finestrat-2\/\">\n\t\t\t\n            <span class=\"address-text\">\n                <i class=\"fa fa-map-marker-alt\"><\/i>\n                Finestrat, 03509            <\/span>\n            <span class=\"images-text\">\n                <i class=\"fa fa-camera\"><\/i>\n                12            <\/span>\n\t\t\t<img fetchpriority=\"high\" decoding=\"async\" width=\"550\" height=\"250\" src=\"https:\/\/costasonada.es\/wp-content\/uploads\/2024\/06\/INMOBILIARIA_COSTA_SONADA_BUNGALOW_VENDE_FINESTRAT-3-550x250.jpg\" class=\"img-responsive rem-f-image wp-post-image\" alt=\"\" data-pid=\"12724\" itemprop=\"image\" \/>\t\t<\/a>\n\t<\/div>\n\n\t<div class=\"content-container\">\n\t\t<a target=\"\" href=\"https:\/\/costasonada.es\/index.php\/property\/se-vende-bungalow-en-finestrat-2\/\">\n\t\t    <h2 class=\"property-title\" style=\"color:gray;font-size:10px;\">Se vende bungalow en Finestrat<\/h2> \n\t\t<\/a>\n\t\t<p class=\"property-price\" style=\"color:black;font-weight:550;margin-bottom:0;\">\n                           <span class=\"price\">desde <span class=\"rem-price-amount\"><span class=\"rem-currency-symbol\">&euro;<\/span>379 000<\/span><\/span> \n            \t\t<\/p>\n\n        <style>\n    .right-align {\n        text-align: right;\n    }\n    .remove-margin-padding {\n        margin: 0;\n        padding: 0;\n    }\n<\/style>\n\n<table class=\"remove-margin-padding\">\n    <tr class=\"remove-margin-padding\">\n        <td class=\"remove-margin-padding\">\n                        <div class=\"detail inline-property-icons\">\r\n                                                                                                                            <span title=\"Domitorios\" class=\"rem-info\">\r\n                                    <i class=\"fa fa-bed\"><\/i> &nbsp;\r\n                                    2                                <\/span>\r\n                                                                                                                                                                                    <span title=\"Ba\u00f1os\" class=\"rem-info\">\r\n                                    <i class=\"fa fa-bath\"><\/i> &nbsp;\r\n                                    2                                <\/span>\r\n                                                                                                                                <\/div>\r\n                <\/td>\n<td class=\"right-align remove-margin-padding\">\n    <h5 style=\"color:#666666;\">NC12724FI<\/h5><\/td>\n\n    <\/tr>\n<\/table>\n\t<\/div>\n<\/div>\t\t\t\t<\/div>\r\n\t\t\t\t\t\t\t<div style=\"padding:10px;\" class=\"slick-slide\">\r\n\t\t\t\t\t<div class=\"rem-style-2 rem-property-box\" style=\"overflow:hidden;white-space:nowrap;\">\n\t<div class=\"img-container\">\n\t\t<a target=\"\" href=\"https:\/\/costasonada.es\/index.php\/property\/se-vende-bungalow-en-finestrat-3\/\">\n\t\t\t\n            <span class=\"address-text\">\n                <i class=\"fa fa-map-marker-alt\"><\/i>\n                Finestrat, 03509            <\/span>\n            <span class=\"images-text\">\n                <i class=\"fa fa-camera\"><\/i>\n                12            <\/span>\n\t\t\t<img decoding=\"async\" width=\"550\" height=\"250\" src=\"https:\/\/costasonada.es\/wp-content\/uploads\/2024\/06\/INMOBILIARIA_COSTA_SONADA_BUNGALOW_VENDE_FINESTRAT-6-550x250.jpg\" class=\"img-responsive rem-f-image wp-post-image\" alt=\"\" data-pid=\"12737\" itemprop=\"image\" \/>\t\t<\/a>\n\t<\/div>\n\n\t<div class=\"content-container\">\n\t\t<a target=\"\" href=\"https:\/\/costasonada.es\/index.php\/property\/se-vende-bungalow-en-finestrat-3\/\">\n\t\t    <h2 class=\"property-title\" style=\"color:gray;font-size:10px;\">Se vende bungalow en Finestrat<\/h2> \n\t\t<\/a>\n\t\t<p class=\"property-price\" style=\"color:black;font-weight:550;margin-bottom:0;\">\n                           <span class=\"price\">desde <span class=\"rem-price-amount\"><span class=\"rem-currency-symbol\">&euro;<\/span>409 000<\/span><\/span> \n            \t\t<\/p>\n\n        <style>\n    .right-align {\n        text-align: right;\n    }\n    .remove-margin-padding {\n        margin: 0;\n        padding: 0;\n    }\n<\/style>\n\n<table class=\"remove-margin-padding\">\n    <tr class=\"remove-margin-padding\">\n        <td class=\"remove-margin-padding\">\n                        <div class=\"detail inline-property-icons\">\r\n                                                                                                                            <span title=\"Domitorios\" class=\"rem-info\">\r\n                                    <i class=\"fa fa-bed\"><\/i> &nbsp;\r\n                                    3                                <\/span>\r\n                                                                                                                                                                                    <span title=\"Ba\u00f1os\" class=\"rem-info\">\r\n                                    <i class=\"fa fa-bath\"><\/i> &nbsp;\r\n                                    2                                <\/span>\r\n                                                                                                                                <\/div>\r\n                <\/td>\n<td class=\"right-align remove-margin-padding\">\n    <h5 style=\"color:#666666;\">NC12737FI<\/h5><\/td>\n\n    <\/tr>\n<\/table>\n\t<\/div>\n<\/div>\t\t\t\t<\/div>\r\n\t\t\t\t\t\t\t<div style=\"padding:10px;\" class=\"slick-slide\">\r\n\t\t\t\t\t<div class=\"rem-style-2 rem-property-box\" style=\"overflow:hidden;white-space:nowrap;\">\n\t<div class=\"img-container\">\n\t\t<a target=\"\" href=\"https:\/\/costasonada.es\/index.php\/property\/12740-2\/\">\n\t\t\t\n            <span class=\"address-text\">\n                <i class=\"fa fa-map-marker-alt\"><\/i>\n                Finestrat, 03509            <\/span>\n            <span class=\"images-text\">\n                <i class=\"fa fa-camera\"><\/i>\n                76            <\/span>\n\t\t\t<img decoding=\"async\" width=\"550\" height=\"250\" src=\"https:\/\/costasonada.es\/wp-content\/uploads\/2024\/06\/INMOBILIARIA_COSTA_SONADA_VENDE_VILLA_LUJO_FINESTRAT-1-550x250.jpg\" class=\"img-responsive rem-f-image wp-post-image\" alt=\"\" data-pid=\"12740\" itemprop=\"image\" \/>\t\t<\/a>\n\t<\/div>\n\n\t<div class=\"content-container\">\n\t\t<a target=\"\" href=\"https:\/\/costasonada.es\/index.php\/property\/12740-2\/\">\n\t\t    <h2 class=\"property-title\" style=\"color:gray;font-size:10px;\">Se vende villa moderna de lujo en Finestrat<\/h2> \n\t\t<\/a>\n\t\t<p class=\"property-price\" style=\"color:black;font-weight:550;margin-bottom:0;\">\n                           <span class=\"price\"><span class=\"rem-price-amount\"><span class=\"rem-currency-symbol\">&euro;<\/span>3 950 000<\/span><\/span> \n            \t\t<\/p>\n\n        <style>\n    .right-align {\n        text-align: right;\n    }\n    .remove-margin-padding {\n        margin: 0;\n        padding: 0;\n    }\n<\/style>\n\n<table class=\"remove-margin-padding\">\n    <tr class=\"remove-margin-padding\">\n        <td class=\"remove-margin-padding\">\n                        <div class=\"detail inline-property-icons\">\r\n                                                                                                                            <span title=\"Domitorios\" class=\"rem-info\">\r\n                                    <i class=\"fa fa-bed\"><\/i> &nbsp;\r\n                                    7                                <\/span>\r\n                                                                                                                                                                                    <span title=\"Ba\u00f1os\" class=\"rem-info\">\r\n                                    <i class=\"fa fa-bath\"><\/i> &nbsp;\r\n                                    7                                <\/span>\r\n                                                                                                                                                                                    <span title=\"Superficie\" class=\"rem-info\">\r\n                                    <i class=\"fa fa-arrows-alt\"><\/i> &nbsp;\r\n                                    903 m2                                <\/span>\r\n                                                                                    <\/div>\r\n                <\/td>\n<td class=\"right-align remove-margin-padding\">\n    <h5 style=\"color:#666666;\">NC12740SH<\/h5><\/td>\n\n    <\/tr>\n<\/table>\n\t<\/div>\n<\/div>\t\t\t\t<\/div>\r\n\t\t\t\t\t\t\t<div style=\"padding:10px;\" class=\"slick-slide\">\r\n\t\t\t\t\t<div class=\"rem-style-2 rem-property-box\" style=\"overflow:hidden;white-space:nowrap;\">\n\t<div class=\"img-container\">\n\t\t<a target=\"\" href=\"https:\/\/costasonada.es\/index.php\/property\/se-vende-villa-en-finestrat\/\">\n\t\t\t\n            <span class=\"address-text\">\n                <i class=\"fa fa-map-marker-alt\"><\/i>\n                Finestrat, 03509            <\/span>\n            <span class=\"images-text\">\n                <i class=\"fa fa-camera\"><\/i>\n                31            <\/span>\n\t\t\t<img loading=\"lazy\" decoding=\"async\" width=\"550\" height=\"250\" src=\"https:\/\/costasonada.es\/wp-content\/uploads\/2024\/06\/INMOBILIARIA_COSTA_SONADA_VENTA_VILLA_FINESTRAT-5-550x250.jpg\" class=\"img-responsive rem-f-image wp-post-image\" alt=\"\" data-pid=\"12978\" itemprop=\"image\" \/>\t\t<\/a>\n\t<\/div>\n\n\t<div class=\"content-container\">\n\t\t<a target=\"\" href=\"https:\/\/costasonada.es\/index.php\/property\/se-vende-villa-en-finestrat\/\">\n\t\t    <h2 class=\"property-title\" style=\"color:gray;font-size:10px;\">SE VENDE VILLA EN FINESTRAT<\/h2> \n\t\t<\/a>\n\t\t<p class=\"property-price\" style=\"color:black;font-weight:550;margin-bottom:0;\">\n                           <span class=\"price\">desde<span class=\"rem-price-amount\"><span class=\"rem-currency-symbol\">&euro;<\/span>995 000<\/span><\/span> \n            \t\t<\/p>\n\n        <style>\n    .right-align {\n        text-align: right;\n    }\n    .remove-margin-padding {\n        margin: 0;\n        padding: 0;\n    }\n<\/style>\n\n<table class=\"remove-margin-padding\">\n    <tr class=\"remove-margin-padding\">\n        <td class=\"remove-margin-padding\">\n                        <div class=\"detail inline-property-icons\">\r\n                                                                                                                            <span title=\"Domitorios\" class=\"rem-info\">\r\n                                    <i class=\"fa fa-bed\"><\/i> &nbsp;\r\n                                    3                                <\/span>\r\n                                                                                                                                                                                    <span title=\"Ba\u00f1os\" class=\"rem-info\">\r\n                                    <i class=\"fa fa-bath\"><\/i> &nbsp;\r\n                                    4                                <\/span>\r\n                                                                                                                                <\/div>\r\n                <\/td>\n<td class=\"right-align remove-margin-padding\">\n    <h5 style=\"color:#666666;\">NC12978FL<\/h5><\/td>\n\n    <\/tr>\n<\/table>\n\t<\/div>\n<\/div>\t\t\t\t<\/div>\r\n\t\t\t\t\t\t\t<div style=\"padding:10px;\" class=\"slick-slide\">\r\n\t\t\t\t\t<div class=\"rem-style-2 rem-property-box\" style=\"overflow:hidden;white-space:nowrap;\">\n\t<div class=\"img-container\">\n\t\t<a target=\"\" href=\"https:\/\/costasonada.es\/index.php\/property\/se-vende-villa-de-lujo-en-finestrat\/\">\n\t\t\t\n            <span class=\"address-text\">\n                <i class=\"fa fa-map-marker-alt\"><\/i>\n                Finestrat, 03509            <\/span>\n            <span class=\"images-text\">\n                <i class=\"fa fa-camera\"><\/i>\n                104            <\/span>\n\t\t\t<img loading=\"lazy\" decoding=\"async\" width=\"550\" height=\"250\" src=\"https:\/\/costasonada.es\/wp-content\/uploads\/2024\/06\/campor-550x250.jpg\" class=\"img-responsive rem-f-image wp-post-image\" alt=\"\" data-pid=\"13314\" itemprop=\"image\" \/>\t\t<\/a>\n\t<\/div>\n\n\t<div class=\"content-container\">\n\t\t<a target=\"\" href=\"https:\/\/costasonada.es\/index.php\/property\/se-vende-villa-de-lujo-en-finestrat\/\">\n\t\t    <h2 class=\"property-title\" style=\"color:gray;font-size:10px;\">SE VENDE VILLA DE LUJO EN FINESTRAT<\/h2> \n\t\t<\/a>\n\t\t<p class=\"property-price\" style=\"color:black;font-weight:550;margin-bottom:0;\">\n                           <span class=\"price\"><span class=\"rem-price-amount\"><span class=\"rem-currency-symbol\">&euro;<\/span>2 700 000<\/span><\/span> \n            \t\t<\/p>\n\n        <style>\n    .right-align {\n        text-align: right;\n    }\n    .remove-margin-padding {\n        margin: 0;\n        padding: 0;\n    }\n<\/style>\n\n<table class=\"remove-margin-padding\">\n    <tr class=\"remove-margin-padding\">\n        <td class=\"remove-margin-padding\">\n                        <div class=\"detail inline-property-icons\">\r\n                                                                                                                            <span title=\"Domitorios\" class=\"rem-info\">\r\n                                    <i class=\"fa fa-bed\"><\/i> &nbsp;\r\n                                    7                                <\/span>\r\n                                                                                                                                                                                    <span title=\"Ba\u00f1os\" class=\"rem-info\">\r\n                                    <i class=\"fa fa-bath\"><\/i> &nbsp;\r\n                                    4                                <\/span>\r\n                                                                                                                                <\/div>\r\n                <\/td>\n<td class=\"right-align remove-margin-padding\">\n    <h5 style=\"color:#666666;\">NC13314FC<\/h5><\/td>\n\n    <\/tr>\n<\/table>\n\t<\/div>\n<\/div>\t\t\t\t<\/div>\r\n\t\t\t\t\t\t\t<div style=\"padding:10px;\" class=\"slick-slide\">\r\n\t\t\t\t\t<div class=\"rem-style-2 rem-property-box\" style=\"overflow:hidden;white-space:nowrap;\">\n\t<div class=\"img-container\">\n\t\t<a target=\"\" href=\"https:\/\/costasonada.es\/index.php\/property\/se-vende-apartamento-de-lujo-en-benidorm-2\/\">\n\t\t\t\n            <span class=\"address-text\">\n                <i class=\"fa fa-map-marker-alt\"><\/i>\n                Benidorm, 03502             <\/span>\n            <span class=\"images-text\">\n                <i class=\"fa fa-camera\"><\/i>\n                92            <\/span>\n\t\t\t<img loading=\"lazy\" decoding=\"async\" width=\"550\" height=\"250\" src=\"https:\/\/costasonada.es\/wp-content\/uploads\/2024\/06\/Ben-06182024_162343-550x250.jpg\" class=\"img-responsive rem-f-image wp-post-image\" alt=\"\" data-pid=\"13592\" itemprop=\"image\" \/>\t\t<\/a>\n\t<\/div>\n\n\t<div class=\"content-container\">\n\t\t<a target=\"\" href=\"https:\/\/costasonada.es\/index.php\/property\/se-vende-apartamento-de-lujo-en-benidorm-2\/\">\n\t\t    <h2 class=\"property-title\" style=\"color:gray;font-size:10px;\">SE VENDE APARTAMENTO DE LUJO EN BENIDORM<\/h2> \n\t\t<\/a>\n\t\t<p class=\"property-price\" style=\"color:black;font-weight:550;margin-bottom:0;\">\n                           <span class=\"price\"><span class=\"rem-price-amount\"><span class=\"rem-currency-symbol\">&euro;<\/span>3 300 000<\/span><\/span> \n            \t\t<\/p>\n\n        <style>\n    .right-align {\n        text-align: right;\n    }\n    .remove-margin-padding {\n        margin: 0;\n        padding: 0;\n    }\n<\/style>\n\n<table class=\"remove-margin-padding\">\n    <tr class=\"remove-margin-padding\">\n        <td class=\"remove-margin-padding\">\n                        <div class=\"detail inline-property-icons\">\r\n                                                                                                                            <span title=\"Domitorios\" class=\"rem-info\">\r\n                                    <i class=\"fa fa-bed\"><\/i> &nbsp;\r\n                                    3                                <\/span>\r\n                                                                                                                                                                                    <span title=\"Ba\u00f1os\" class=\"rem-info\">\r\n                                    <i class=\"fa fa-bath\"><\/i> &nbsp;\r\n                                    4                                <\/span>\r\n                                                                                                                                <\/div>\r\n                <\/td>\n<td class=\"right-align remove-margin-padding\">\n    <h5 style=\"color:#666666;\">NC13592BD<\/h5><\/td>\n\n    <\/tr>\n<\/table>\n\t<\/div>\n<\/div>\t\t\t\t<\/div>\r\n\t\t\t\t\t\t\t<div style=\"padding:10px;\" class=\"slick-slide\">\r\n\t\t\t\t\t<div class=\"rem-style-2 rem-property-box\" style=\"overflow:hidden;white-space:nowrap;\">\n\t<div class=\"img-container\">\n\t\t<a target=\"\" href=\"https:\/\/costasonada.es\/index.php\/property\/se-vende-apartamento-en-finestrat\/\">\n\t\t\t\n            <span class=\"address-text\">\n                <i class=\"fa fa-map-marker-alt\"><\/i>\n                Finestrat, 03509            <\/span>\n            <span class=\"images-text\">\n                <i class=\"fa fa-camera\"><\/i>\n                57            <\/span>\n\t\t\t<img loading=\"lazy\" decoding=\"async\" width=\"550\" height=\"250\" src=\"https:\/\/costasonada.es\/wp-content\/uploads\/2024\/06\/INMOBILIARIA_COSTA_SONADA_VENTA_APARTAMENTO_DUPLEX_ATICO_FINESTRAT-1-550x250.jpg\" class=\"img-responsive rem-f-image wp-post-image\" alt=\"\" data-pid=\"13735\" itemprop=\"image\" \/>\t\t<\/a>\n\t<\/div>\n\n\t<div class=\"content-container\">\n\t\t<a target=\"\" href=\"https:\/\/costasonada.es\/index.php\/property\/se-vende-apartamento-en-finestrat\/\">\n\t\t    <h2 class=\"property-title\" style=\"color:gray;font-size:10px;\">SE VENDE APARTAMENTO EN FINESTRAT<\/h2> \n\t\t<\/a>\n\t\t<p class=\"property-price\" style=\"color:black;font-weight:550;margin-bottom:0;\">\n                           <span class=\"price\">DESDE <span class=\"rem-price-amount\"><span class=\"rem-currency-symbol\">&euro;<\/span>460 000<\/span><\/span> \n            \t\t<\/p>\n\n        <style>\n    .right-align {\n        text-align: right;\n    }\n    .remove-margin-padding {\n        margin: 0;\n        padding: 0;\n    }\n<\/style>\n\n<table class=\"remove-margin-padding\">\n    <tr class=\"remove-margin-padding\">\n        <td class=\"remove-margin-padding\">\n                        <div class=\"detail inline-property-icons\">\r\n                                                                                                                            <span title=\"Domitorios\" class=\"rem-info\">\r\n                                    <i class=\"fa fa-bed\"><\/i> &nbsp;\r\n                                    2                                <\/span>\r\n                                                                                                                                                                                    <span title=\"Ba\u00f1os\" class=\"rem-info\">\r\n                                    <i class=\"fa fa-bath\"><\/i> &nbsp;\r\n                                    2                                <\/span>\r\n                                                                                                                                <\/div>\r\n                <\/td>\n<td class=\"right-align remove-margin-padding\">\n    <h5 style=\"color:#666666;\">NC13735FC<\/h5><\/td>\n\n    <\/tr>\n<\/table>\n\t<\/div>\n<\/div>\t\t\t\t<\/div>\r\n\t\t\t\t\t\t\t<div style=\"padding:10px;\" class=\"slick-slide\">\r\n\t\t\t\t\t<div class=\"rem-style-2 rem-property-box\" style=\"overflow:hidden;white-space:nowrap;\">\n\t<div class=\"img-container\">\n\t\t<a target=\"\" href=\"https:\/\/costasonada.es\/index.php\/property\/se-vende-apartamento-en-finestrat-2\/\">\n\t\t\t\n            <span class=\"address-text\">\n                <i class=\"fa fa-map-marker-alt\"><\/i>\n                Finestrat, 03509            <\/span>\n            <span class=\"images-text\">\n                <i class=\"fa fa-camera\"><\/i>\n                90            <\/span>\n\t\t\t<img loading=\"lazy\" decoding=\"async\" width=\"550\" height=\"250\" src=\"https:\/\/costasonada.es\/wp-content\/uploads\/2024\/06\/INMOBILIARIA_COSTA_SONADA_SE_VENDE_DUPLEX_FINESTRAT-18-550x250.jpg\" class=\"img-responsive rem-f-image wp-post-image\" alt=\"\" data-pid=\"13794\" itemprop=\"image\" \/>\t\t<\/a>\n\t<\/div>\n\n\t<div class=\"content-container\">\n\t\t<a target=\"\" href=\"https:\/\/costasonada.es\/index.php\/property\/se-vende-apartamento-en-finestrat-2\/\">\n\t\t    <h2 class=\"property-title\" style=\"color:gray;font-size:10px;\">SE VENDE APARTAMENTO EN FINESTRAT<\/h2> \n\t\t<\/a>\n\t\t<p class=\"property-price\" style=\"color:black;font-weight:550;margin-bottom:0;\">\n                           <span class=\"price\">DESDE <span class=\"rem-price-amount\"><span class=\"rem-currency-symbol\">&euro;<\/span>550 000<\/span><\/span> \n            \t\t<\/p>\n\n        <style>\n    .right-align {\n        text-align: right;\n    }\n    .remove-margin-padding {\n        margin: 0;\n        padding: 0;\n    }\n<\/style>\n\n<table class=\"remove-margin-padding\">\n    <tr class=\"remove-margin-padding\">\n        <td class=\"remove-margin-padding\">\n                        <div class=\"detail inline-property-icons\">\r\n                                                                                                                            <span title=\"Domitorios\" class=\"rem-info\">\r\n                                    <i class=\"fa fa-bed\"><\/i> &nbsp;\r\n                                    3                                <\/span>\r\n                                                                                                                                                                                    <span title=\"Ba\u00f1os\" class=\"rem-info\">\r\n                                    <i class=\"fa fa-bath\"><\/i> &nbsp;\r\n                                    3                                <\/span>\r\n                                                                                                                                <\/div>\r\n                <\/td>\n<td class=\"right-align remove-margin-padding\">\n    <h5 style=\"color:#666666;\">NC13794FC<\/h5><\/td>\n\n    <\/tr>\n<\/table>\n\t<\/div>\n<\/div>\t\t\t\t<\/div>\r\n\t\t\t\t\t\t\t<div style=\"padding:10px;\" class=\"slick-slide\">\r\n\t\t\t\t\t<div class=\"rem-style-2 rem-property-box\" style=\"overflow:hidden;white-space:nowrap;\">\n\t<div class=\"img-container\">\n\t\t<a target=\"\" href=\"https:\/\/costasonada.es\/index.php\/property\/se-vende-apartamento-en-finestrat-4\/\">\n\t\t\t\n            <span class=\"address-text\">\n                <i class=\"fa fa-map-marker-alt\"><\/i>\n                Finestrat, 03509            <\/span>\n            <span class=\"images-text\">\n                <i class=\"fa fa-camera\"><\/i>\n                18            <\/span>\n\t\t\t<img loading=\"lazy\" decoding=\"async\" width=\"550\" height=\"250\" src=\"https:\/\/costasonada.es\/wp-content\/uploads\/2024\/06\/INMOBILIARIA_COSTA_SONADA_VENDE_APARTAMENTO_FINESTRAT_IS-5-550x250.jpg\" class=\"img-responsive rem-f-image wp-post-image\" alt=\"\" data-pid=\"13903\" itemprop=\"image\" \/>\t\t<\/a>\n\t<\/div>\n\n\t<div class=\"content-container\">\n\t\t<a target=\"\" href=\"https:\/\/costasonada.es\/index.php\/property\/se-vende-apartamento-en-finestrat-4\/\">\n\t\t    <h2 class=\"property-title\" style=\"color:gray;font-size:10px;\">SE VENDE APARTAMENTO EN FINESTRAT<\/h2> \n\t\t<\/a>\n\t\t<p class=\"property-price\" style=\"color:black;font-weight:550;margin-bottom:0;\">\n                           <span class=\"price\">DESDE <span class=\"rem-price-amount\"><span class=\"rem-currency-symbol\">&euro;<\/span>349 000<\/span><\/span> \n            \t\t<\/p>\n\n        <style>\n    .right-align {\n        text-align: right;\n    }\n    .remove-margin-padding {\n        margin: 0;\n        padding: 0;\n    }\n<\/style>\n\n<table class=\"remove-margin-padding\">\n    <tr class=\"remove-margin-padding\">\n        <td class=\"remove-margin-padding\">\n                        <div class=\"detail inline-property-icons\">\r\n                                                                                                                            <span title=\"Domitorios\" class=\"rem-info\">\r\n                                    <i class=\"fa fa-bed\"><\/i> &nbsp;\r\n                                    2                                <\/span>\r\n                                                                                                                                                                                    <span title=\"Ba\u00f1os\" class=\"rem-info\">\r\n                                    <i class=\"fa fa-bath\"><\/i> &nbsp;\r\n                                    2                                <\/span>\r\n                                                                                                                                <\/div>\r\n                <\/td>\n<td class=\"right-align remove-margin-padding\">\n    <h5 style=\"color:#666666;\">NC13903FI<\/h5><\/td>\n\n    <\/tr>\n<\/table>\n\t<\/div>\n<\/div>\t\t\t\t<\/div>\r\n\t\t\t\t\t\t\t<div style=\"padding:10px;\" class=\"slick-slide\">\r\n\t\t\t\t\t<div class=\"rem-style-2 rem-property-box\" style=\"overflow:hidden;white-space:nowrap;\">\n\t<div class=\"img-container\">\n\t\t<a target=\"\" href=\"https:\/\/costasonada.es\/index.php\/property\/se-vende-apartamento-de-lujo-en-albir\/\">\n\t\t\t\n            <span class=\"address-text\">\n                <i class=\"fa fa-map-marker-alt\"><\/i>\n                Albir, 03581            <\/span>\n            <span class=\"images-text\">\n                <i class=\"fa fa-camera\"><\/i>\n                18            <\/span>\n\t\t\t<img loading=\"lazy\" decoding=\"async\" width=\"550\" height=\"250\" src=\"https:\/\/costasonada.es\/wp-content\/uploads\/2024\/06\/E01_Mayor-PH_Terrace_04-550x250.jpg\" class=\"img-responsive rem-f-image wp-post-image\" alt=\"\" data-pid=\"13923\" itemprop=\"image\" \/>\t\t<\/a>\n\t<\/div>\n\n\t<div class=\"content-container\">\n\t\t<a target=\"\" href=\"https:\/\/costasonada.es\/index.php\/property\/se-vende-apartamento-de-lujo-en-albir\/\">\n\t\t    <h2 class=\"property-title\" style=\"color:gray;font-size:10px;\">SE VENDE APARTAMENTO DE LUJO EN ALBIR<\/h2> \n\t\t<\/a>\n\t\t<p class=\"property-price\" style=\"color:black;font-weight:550;margin-bottom:0;\">\n                           <span class=\"price\">DESDE <span class=\"rem-price-amount\"><span class=\"rem-currency-symbol\">&euro;<\/span>480 000<\/span><\/span> \n            \t\t<\/p>\n\n        <style>\n    .right-align {\n        text-align: right;\n    }\n    .remove-margin-padding {\n        margin: 0;\n        padding: 0;\n    }\n<\/style>\n\n<table class=\"remove-margin-padding\">\n    <tr class=\"remove-margin-padding\">\n        <td class=\"remove-margin-padding\">\n                        <div class=\"detail inline-property-icons\">\r\n                                                                                                                            <span title=\"Domitorios\" class=\"rem-info\">\r\n                                    <i class=\"fa fa-bed\"><\/i> &nbsp;\r\n                                    2                                <\/span>\r\n                                                                                                                                                                                    <span title=\"Ba\u00f1os\" class=\"rem-info\">\r\n                                    <i class=\"fa fa-bath\"><\/i> &nbsp;\r\n                                    2                                <\/span>\r\n                                                                                                                                <\/div>\r\n                <\/td>\n<td class=\"right-align remove-margin-padding\">\n    <h5 style=\"color:#666666;\">NC13923AD<\/h5><\/td>\n\n    <\/tr>\n<\/table>\n\t<\/div>\n<\/div>\t\t\t\t<\/div>\r\n\t\t\t\t\t<\/section>\t\t\t\t\t\r\n\t<\/div>\r\n\n\n\n\n<p class=\"has-text-align-center has-accent-color has-text-color\" style=\"font-size:30px\"><strong>VENTA<\/strong><\/p>\n\n\n\t<div class=\"ich-settings-main-wrap\">\r\n\t\t<section class=\"wcp-slick\"  data-style = 2 data-arrows = enable data-speed = 2000 data-total_properties = 10 data-slidestoshow = 3 data-slidestoscroll = 1 data-autoplay = enable data-autoplayspeed = 3000 data-dots = enable data-meta = property_purpose|Venta>\r\n\t\t\t\t\t\t\t<div style=\"padding:10px;\" class=\"slick-slide\">\r\n\t\t\t\t\t<div class=\"rem-style-2 rem-property-box\" style=\"overflow:hidden;white-space:nowrap;\">\n\t<div class=\"img-container\">\n\t\t<a target=\"\" href=\"https:\/\/costasonada.es\/index.php\/property\/se-vende-bungalow-en-finestrat-2\/\">\n\t\t\t\n            <span class=\"address-text\">\n                <i class=\"fa fa-map-marker-alt\"><\/i>\n                Finestrat, 03509            <\/span>\n            <span class=\"images-text\">\n                <i class=\"fa fa-camera\"><\/i>\n                12            <\/span>\n\t\t\t<img fetchpriority=\"high\" decoding=\"async\" width=\"550\" height=\"250\" src=\"https:\/\/costasonada.es\/wp-content\/uploads\/2024\/06\/INMOBILIARIA_COSTA_SONADA_BUNGALOW_VENDE_FINESTRAT-3-550x250.jpg\" class=\"img-responsive rem-f-image wp-post-image\" alt=\"\" data-pid=\"12724\" itemprop=\"image\" \/>\t\t<\/a>\n\t<\/div>\n\n\t<div class=\"content-container\">\n\t\t<a target=\"\" href=\"https:\/\/costasonada.es\/index.php\/property\/se-vende-bungalow-en-finestrat-2\/\">\n\t\t    <h2 class=\"property-title\" style=\"color:gray;font-size:10px;\">Se vende bungalow en Finestrat<\/h2> \n\t\t<\/a>\n\t\t<p class=\"property-price\" style=\"color:black;font-weight:550;margin-bottom:0;\">\n                           <span class=\"price\">desde <span class=\"rem-price-amount\"><span class=\"rem-currency-symbol\">&euro;<\/span>379 000<\/span><\/span> \n            \t\t<\/p>\n\n        <style>\n    .right-align {\n        text-align: right;\n    }\n    .remove-margin-padding {\n        margin: 0;\n        padding: 0;\n    }\n<\/style>\n\n<table class=\"remove-margin-padding\">\n    <tr class=\"remove-margin-padding\">\n        <td class=\"remove-margin-padding\">\n                        <div class=\"detail inline-property-icons\">\r\n                                                                                                                            <span title=\"Domitorios\" class=\"rem-info\">\r\n                                    <i class=\"fa fa-bed\"><\/i> &nbsp;\r\n                                    2                                <\/span>\r\n                                                                                                                                                                                    <span title=\"Ba\u00f1os\" class=\"rem-info\">\r\n                                    <i class=\"fa fa-bath\"><\/i> &nbsp;\r\n                                    2                                <\/span>\r\n                                                                                                                                <\/div>\r\n                <\/td>\n<td class=\"right-align remove-margin-padding\">\n    <h5 style=\"color:#666666;\">NC12724FI<\/h5><\/td>\n\n    <\/tr>\n<\/table>\n\t<\/div>\n<\/div>\t\t\t\t<\/div>\r\n\t\t\t\t\t\t\t<div style=\"padding:10px;\" class=\"slick-slide\">\r\n\t\t\t\t\t<div class=\"rem-style-2 rem-property-box\" style=\"overflow:hidden;white-space:nowrap;\">\n\t<div class=\"img-container\">\n\t\t<a target=\"\" href=\"https:\/\/costasonada.es\/index.php\/property\/se-vende-bungalow-en-finestrat-3\/\">\n\t\t\t\n            <span class=\"address-text\">\n                <i class=\"fa fa-map-marker-alt\"><\/i>\n                Finestrat, 03509            <\/span>\n            <span class=\"images-text\">\n                <i class=\"fa fa-camera\"><\/i>\n                12            <\/span>\n\t\t\t<img decoding=\"async\" width=\"550\" height=\"250\" src=\"https:\/\/costasonada.es\/wp-content\/uploads\/2024\/06\/INMOBILIARIA_COSTA_SONADA_BUNGALOW_VENDE_FINESTRAT-6-550x250.jpg\" class=\"img-responsive rem-f-image wp-post-image\" alt=\"\" data-pid=\"12737\" itemprop=\"image\" \/>\t\t<\/a>\n\t<\/div>\n\n\t<div class=\"content-container\">\n\t\t<a target=\"\" href=\"https:\/\/costasonada.es\/index.php\/property\/se-vende-bungalow-en-finestrat-3\/\">\n\t\t    <h2 class=\"property-title\" style=\"color:gray;font-size:10px;\">Se vende bungalow en Finestrat<\/h2> \n\t\t<\/a>\n\t\t<p class=\"property-price\" style=\"color:black;font-weight:550;margin-bottom:0;\">\n                           <span class=\"price\">desde <span class=\"rem-price-amount\"><span class=\"rem-currency-symbol\">&euro;<\/span>409 000<\/span><\/span> \n            \t\t<\/p>\n\n        <style>\n    .right-align {\n        text-align: right;\n    }\n    .remove-margin-padding {\n        margin: 0;\n        padding: 0;\n    }\n<\/style>\n\n<table class=\"remove-margin-padding\">\n    <tr class=\"remove-margin-padding\">\n        <td class=\"remove-margin-padding\">\n                        <div class=\"detail inline-property-icons\">\r\n                                                                                                                            <span title=\"Domitorios\" class=\"rem-info\">\r\n                                    <i class=\"fa fa-bed\"><\/i> &nbsp;\r\n                                    3                                <\/span>\r\n                                                                                                                                                                                    <span title=\"Ba\u00f1os\" class=\"rem-info\">\r\n                                    <i class=\"fa fa-bath\"><\/i> &nbsp;\r\n                                    2                                <\/span>\r\n                                                                                                                                <\/div>\r\n                <\/td>\n<td class=\"right-align remove-margin-padding\">\n    <h5 style=\"color:#666666;\">NC12737FI<\/h5><\/td>\n\n    <\/tr>\n<\/table>\n\t<\/div>\n<\/div>\t\t\t\t<\/div>\r\n\t\t\t\t\t\t\t<div style=\"padding:10px;\" class=\"slick-slide\">\r\n\t\t\t\t\t<div class=\"rem-style-2 rem-property-box\" style=\"overflow:hidden;white-space:nowrap;\">\n\t<div class=\"img-container\">\n\t\t<a target=\"\" href=\"https:\/\/costasonada.es\/index.php\/property\/12740-2\/\">\n\t\t\t\n            <span class=\"address-text\">\n                <i class=\"fa fa-map-marker-alt\"><\/i>\n                Finestrat, 03509            <\/span>\n            <span class=\"images-text\">\n                <i class=\"fa fa-camera\"><\/i>\n                76            <\/span>\n\t\t\t<img decoding=\"async\" width=\"550\" height=\"250\" src=\"https:\/\/costasonada.es\/wp-content\/uploads\/2024\/06\/INMOBILIARIA_COSTA_SONADA_VENDE_VILLA_LUJO_FINESTRAT-1-550x250.jpg\" class=\"img-responsive rem-f-image wp-post-image\" alt=\"\" data-pid=\"12740\" itemprop=\"image\" \/>\t\t<\/a>\n\t<\/div>\n\n\t<div class=\"content-container\">\n\t\t<a target=\"\" href=\"https:\/\/costasonada.es\/index.php\/property\/12740-2\/\">\n\t\t    <h2 class=\"property-title\" style=\"color:gray;font-size:10px;\">Se vende villa moderna de lujo en Finestrat<\/h2> \n\t\t<\/a>\n\t\t<p class=\"property-price\" style=\"color:black;font-weight:550;margin-bottom:0;\">\n                           <span class=\"price\"><span class=\"rem-price-amount\"><span class=\"rem-currency-symbol\">&euro;<\/span>3 950 000<\/span><\/span> \n            \t\t<\/p>\n\n        <style>\n    .right-align {\n        text-align: right;\n    }\n    .remove-margin-padding {\n        margin: 0;\n        padding: 0;\n    }\n<\/style>\n\n<table class=\"remove-margin-padding\">\n    <tr class=\"remove-margin-padding\">\n        <td class=\"remove-margin-padding\">\n                        <div class=\"detail inline-property-icons\">\r\n                                                                                                                            <span title=\"Domitorios\" class=\"rem-info\">\r\n                                    <i class=\"fa fa-bed\"><\/i> &nbsp;\r\n                                    7                                <\/span>\r\n                                                                                                                                                                                    <span title=\"Ba\u00f1os\" class=\"rem-info\">\r\n                                    <i class=\"fa fa-bath\"><\/i> &nbsp;\r\n                                    7                                <\/span>\r\n                                                                                                                                                                                    <span title=\"Superficie\" class=\"rem-info\">\r\n                                    <i class=\"fa fa-arrows-alt\"><\/i> &nbsp;\r\n                                    903 m2                                <\/span>\r\n                                                                                    <\/div>\r\n                <\/td>\n<td class=\"right-align remove-margin-padding\">\n    <h5 style=\"color:#666666;\">NC12740SH<\/h5><\/td>\n\n    <\/tr>\n<\/table>\n\t<\/div>\n<\/div>\t\t\t\t<\/div>\r\n\t\t\t\t\t\t\t<div style=\"padding:10px;\" class=\"slick-slide\">\r\n\t\t\t\t\t<div class=\"rem-style-2 rem-property-box\" style=\"overflow:hidden;white-space:nowrap;\">\n\t<div class=\"img-container\">\n\t\t<a target=\"\" href=\"https:\/\/costasonada.es\/index.php\/property\/se-vende-villa-en-finestrat\/\">\n\t\t\t\n            <span class=\"address-text\">\n                <i class=\"fa fa-map-marker-alt\"><\/i>\n                Finestrat, 03509            <\/span>\n            <span class=\"images-text\">\n                <i class=\"fa fa-camera\"><\/i>\n                31            <\/span>\n\t\t\t<img loading=\"lazy\" decoding=\"async\" width=\"550\" height=\"250\" src=\"https:\/\/costasonada.es\/wp-content\/uploads\/2024\/06\/INMOBILIARIA_COSTA_SONADA_VENTA_VILLA_FINESTRAT-5-550x250.jpg\" class=\"img-responsive rem-f-image wp-post-image\" alt=\"\" data-pid=\"12978\" itemprop=\"image\" \/>\t\t<\/a>\n\t<\/div>\n\n\t<div class=\"content-container\">\n\t\t<a target=\"\" href=\"https:\/\/costasonada.es\/index.php\/property\/se-vende-villa-en-finestrat\/\">\n\t\t    <h2 class=\"property-title\" style=\"color:gray;font-size:10px;\">SE VENDE VILLA EN FINESTRAT<\/h2> \n\t\t<\/a>\n\t\t<p class=\"property-price\" style=\"color:black;font-weight:550;margin-bottom:0;\">\n                           <span class=\"price\">desde<span class=\"rem-price-amount\"><span class=\"rem-currency-symbol\">&euro;<\/span>995 000<\/span><\/span> \n            \t\t<\/p>\n\n        <style>\n    .right-align {\n        text-align: right;\n    }\n    .remove-margin-padding {\n        margin: 0;\n        padding: 0;\n    }\n<\/style>\n\n<table class=\"remove-margin-padding\">\n    <tr class=\"remove-margin-padding\">\n        <td class=\"remove-margin-padding\">\n                        <div class=\"detail inline-property-icons\">\r\n                                                                                                                            <span title=\"Domitorios\" class=\"rem-info\">\r\n                                    <i class=\"fa fa-bed\"><\/i> &nbsp;\r\n                                    3                                <\/span>\r\n                                                                                                                                                                                    <span title=\"Ba\u00f1os\" class=\"rem-info\">\r\n                                    <i class=\"fa fa-bath\"><\/i> &nbsp;\r\n                                    4                                <\/span>\r\n                                                                                                                                <\/div>\r\n                <\/td>\n<td class=\"right-align remove-margin-padding\">\n    <h5 style=\"color:#666666;\">NC12978FL<\/h5><\/td>\n\n    <\/tr>\n<\/table>\n\t<\/div>\n<\/div>\t\t\t\t<\/div>\r\n\t\t\t\t\t\t\t<div style=\"padding:10px;\" class=\"slick-slide\">\r\n\t\t\t\t\t<div class=\"rem-style-2 rem-property-box\" style=\"overflow:hidden;white-space:nowrap;\">\n\t<div class=\"img-container\">\n\t\t<a target=\"\" href=\"https:\/\/costasonada.es\/index.php\/property\/se-vende-villa-de-lujo-en-finestrat\/\">\n\t\t\t\n            <span class=\"address-text\">\n                <i class=\"fa fa-map-marker-alt\"><\/i>\n                Finestrat, 03509            <\/span>\n            <span class=\"images-text\">\n                <i class=\"fa fa-camera\"><\/i>\n                104            <\/span>\n\t\t\t<img loading=\"lazy\" decoding=\"async\" width=\"550\" height=\"250\" src=\"https:\/\/costasonada.es\/wp-content\/uploads\/2024\/06\/campor-550x250.jpg\" class=\"img-responsive rem-f-image wp-post-image\" alt=\"\" data-pid=\"13314\" itemprop=\"image\" \/>\t\t<\/a>\n\t<\/div>\n\n\t<div class=\"content-container\">\n\t\t<a target=\"\" href=\"https:\/\/costasonada.es\/index.php\/property\/se-vende-villa-de-lujo-en-finestrat\/\">\n\t\t    <h2 class=\"property-title\" style=\"color:gray;font-size:10px;\">SE VENDE VILLA DE LUJO EN FINESTRAT<\/h2> \n\t\t<\/a>\n\t\t<p class=\"property-price\" style=\"color:black;font-weight:550;margin-bottom:0;\">\n                           <span class=\"price\"><span class=\"rem-price-amount\"><span class=\"rem-currency-symbol\">&euro;<\/span>2 700 000<\/span><\/span> \n            \t\t<\/p>\n\n        <style>\n    .right-align {\n        text-align: right;\n    }\n    .remove-margin-padding {\n        margin: 0;\n        padding: 0;\n    }\n<\/style>\n\n<table class=\"remove-margin-padding\">\n    <tr class=\"remove-margin-padding\">\n        <td class=\"remove-margin-padding\">\n                        <div class=\"detail inline-property-icons\">\r\n                                                                                                                            <span title=\"Domitorios\" class=\"rem-info\">\r\n                                    <i class=\"fa fa-bed\"><\/i> &nbsp;\r\n                                    7                                <\/span>\r\n                                                                                                                                                                                    <span title=\"Ba\u00f1os\" class=\"rem-info\">\r\n                                    <i class=\"fa fa-bath\"><\/i> &nbsp;\r\n                                    4                                <\/span>\r\n                                                                                                                                <\/div>\r\n                <\/td>\n<td class=\"right-align remove-margin-padding\">\n    <h5 style=\"color:#666666;\">NC13314FC<\/h5><\/td>\n\n    <\/tr>\n<\/table>\n\t<\/div>\n<\/div>\t\t\t\t<\/div>\r\n\t\t\t\t\t\t\t<div style=\"padding:10px;\" class=\"slick-slide\">\r\n\t\t\t\t\t<div class=\"rem-style-2 rem-property-box\" style=\"overflow:hidden;white-space:nowrap;\">\n\t<div class=\"img-container\">\n\t\t<a target=\"\" href=\"https:\/\/costasonada.es\/index.php\/property\/se-vende-apartamento-de-lujo-en-benidorm-2\/\">\n\t\t\t\n            <span class=\"address-text\">\n                <i class=\"fa fa-map-marker-alt\"><\/i>\n                Benidorm, 03502             <\/span>\n            <span class=\"images-text\">\n                <i class=\"fa fa-camera\"><\/i>\n                92            <\/span>\n\t\t\t<img loading=\"lazy\" decoding=\"async\" width=\"550\" height=\"250\" src=\"https:\/\/costasonada.es\/wp-content\/uploads\/2024\/06\/Ben-06182024_162343-550x250.jpg\" class=\"img-responsive rem-f-image wp-post-image\" alt=\"\" data-pid=\"13592\" itemprop=\"image\" \/>\t\t<\/a>\n\t<\/div>\n\n\t<div class=\"content-container\">\n\t\t<a target=\"\" href=\"https:\/\/costasonada.es\/index.php\/property\/se-vende-apartamento-de-lujo-en-benidorm-2\/\">\n\t\t    <h2 class=\"property-title\" style=\"color:gray;font-size:10px;\">SE VENDE APARTAMENTO DE LUJO EN BENIDORM<\/h2> \n\t\t<\/a>\n\t\t<p class=\"property-price\" style=\"color:black;font-weight:550;margin-bottom:0;\">\n                           <span class=\"price\"><span class=\"rem-price-amount\"><span class=\"rem-currency-symbol\">&euro;<\/span>3 300 000<\/span><\/span> \n            \t\t<\/p>\n\n        <style>\n    .right-align {\n        text-align: right;\n    }\n    .remove-margin-padding {\n        margin: 0;\n        padding: 0;\n    }\n<\/style>\n\n<table class=\"remove-margin-padding\">\n    <tr class=\"remove-margin-padding\">\n        <td class=\"remove-margin-padding\">\n                        <div class=\"detail inline-property-icons\">\r\n                                                                                                                            <span title=\"Domitorios\" class=\"rem-info\">\r\n                                    <i class=\"fa fa-bed\"><\/i> &nbsp;\r\n                                    3                                <\/span>\r\n                                                                                                                                                                                    <span title=\"Ba\u00f1os\" class=\"rem-info\">\r\n                                    <i class=\"fa fa-bath\"><\/i> &nbsp;\r\n                                    4                                <\/span>\r\n                                                                                                                                <\/div>\r\n                <\/td>\n<td class=\"right-align remove-margin-padding\">\n    <h5 style=\"color:#666666;\">NC13592BD<\/h5><\/td>\n\n    <\/tr>\n<\/table>\n\t<\/div>\n<\/div>\t\t\t\t<\/div>\r\n\t\t\t\t\t\t\t<div style=\"padding:10px;\" class=\"slick-slide\">\r\n\t\t\t\t\t<div class=\"rem-style-2 rem-property-box\" style=\"overflow:hidden;white-space:nowrap;\">\n\t<div class=\"img-container\">\n\t\t<a target=\"\" href=\"https:\/\/costasonada.es\/index.php\/property\/se-vende-apartamento-en-finestrat\/\">\n\t\t\t\n            <span class=\"address-text\">\n                <i class=\"fa fa-map-marker-alt\"><\/i>\n                Finestrat, 03509            <\/span>\n            <span class=\"images-text\">\n                <i class=\"fa fa-camera\"><\/i>\n                57            <\/span>\n\t\t\t<img loading=\"lazy\" decoding=\"async\" width=\"550\" height=\"250\" src=\"https:\/\/costasonada.es\/wp-content\/uploads\/2024\/06\/INMOBILIARIA_COSTA_SONADA_VENTA_APARTAMENTO_DUPLEX_ATICO_FINESTRAT-1-550x250.jpg\" class=\"img-responsive rem-f-image wp-post-image\" alt=\"\" data-pid=\"13735\" itemprop=\"image\" \/>\t\t<\/a>\n\t<\/div>\n\n\t<div class=\"content-container\">\n\t\t<a target=\"\" href=\"https:\/\/costasonada.es\/index.php\/property\/se-vende-apartamento-en-finestrat\/\">\n\t\t    <h2 class=\"property-title\" style=\"color:gray;font-size:10px;\">SE VENDE APARTAMENTO EN FINESTRAT<\/h2> \n\t\t<\/a>\n\t\t<p class=\"property-price\" style=\"color:black;font-weight:550;margin-bottom:0;\">\n                           <span class=\"price\">DESDE <span class=\"rem-price-amount\"><span class=\"rem-currency-symbol\">&euro;<\/span>460 000<\/span><\/span> \n            \t\t<\/p>\n\n        <style>\n    .right-align {\n        text-align: right;\n    }\n    .remove-margin-padding {\n        margin: 0;\n        padding: 0;\n    }\n<\/style>\n\n<table class=\"remove-margin-padding\">\n    <tr class=\"remove-margin-padding\">\n        <td class=\"remove-margin-padding\">\n                        <div class=\"detail inline-property-icons\">\r\n                                                                                                                            <span title=\"Domitorios\" class=\"rem-info\">\r\n                                    <i class=\"fa fa-bed\"><\/i> &nbsp;\r\n                                    2                                <\/span>\r\n                                                                                                                                                                                    <span title=\"Ba\u00f1os\" class=\"rem-info\">\r\n                                    <i class=\"fa fa-bath\"><\/i> &nbsp;\r\n                                    2                                <\/span>\r\n                                                                                                                                <\/div>\r\n                <\/td>\n<td class=\"right-align remove-margin-padding\">\n    <h5 style=\"color:#666666;\">NC13735FC<\/h5><\/td>\n\n    <\/tr>\n<\/table>\n\t<\/div>\n<\/div>\t\t\t\t<\/div>\r\n\t\t\t\t\t\t\t<div style=\"padding:10px;\" class=\"slick-slide\">\r\n\t\t\t\t\t<div class=\"rem-style-2 rem-property-box\" style=\"overflow:hidden;white-space:nowrap;\">\n\t<div class=\"img-container\">\n\t\t<a target=\"\" href=\"https:\/\/costasonada.es\/index.php\/property\/se-vende-apartamento-en-finestrat-2\/\">\n\t\t\t\n            <span class=\"address-text\">\n                <i class=\"fa fa-map-marker-alt\"><\/i>\n                Finestrat, 03509            <\/span>\n            <span class=\"images-text\">\n                <i class=\"fa fa-camera\"><\/i>\n                90            <\/span>\n\t\t\t<img loading=\"lazy\" decoding=\"async\" width=\"550\" height=\"250\" src=\"https:\/\/costasonada.es\/wp-content\/uploads\/2024\/06\/INMOBILIARIA_COSTA_SONADA_SE_VENDE_DUPLEX_FINESTRAT-18-550x250.jpg\" class=\"img-responsive rem-f-image wp-post-image\" alt=\"\" data-pid=\"13794\" itemprop=\"image\" \/>\t\t<\/a>\n\t<\/div>\n\n\t<div class=\"content-container\">\n\t\t<a target=\"\" href=\"https:\/\/costasonada.es\/index.php\/property\/se-vende-apartamento-en-finestrat-2\/\">\n\t\t    <h2 class=\"property-title\" style=\"color:gray;font-size:10px;\">SE VENDE APARTAMENTO EN FINESTRAT<\/h2> \n\t\t<\/a>\n\t\t<p class=\"property-price\" style=\"color:black;font-weight:550;margin-bottom:0;\">\n                           <span class=\"price\">DESDE <span class=\"rem-price-amount\"><span class=\"rem-currency-symbol\">&euro;<\/span>550 000<\/span><\/span> \n            \t\t<\/p>\n\n        <style>\n    .right-align {\n        text-align: right;\n    }\n    .remove-margin-padding {\n        margin: 0;\n        padding: 0;\n    }\n<\/style>\n\n<table class=\"remove-margin-padding\">\n    <tr class=\"remove-margin-padding\">\n        <td class=\"remove-margin-padding\">\n                        <div class=\"detail inline-property-icons\">\r\n                                                                                                                            <span title=\"Domitorios\" class=\"rem-info\">\r\n                                    <i class=\"fa fa-bed\"><\/i> &nbsp;\r\n                                    3                                <\/span>\r\n                                                                                                                                                                                    <span title=\"Ba\u00f1os\" class=\"rem-info\">\r\n                                    <i class=\"fa fa-bath\"><\/i> &nbsp;\r\n                                    3                                <\/span>\r\n                                                                                                                                <\/div>\r\n                <\/td>\n<td class=\"right-align remove-margin-padding\">\n    <h5 style=\"color:#666666;\">NC13794FC<\/h5><\/td>\n\n    <\/tr>\n<\/table>\n\t<\/div>\n<\/div>\t\t\t\t<\/div>\r\n\t\t\t\t\t\t\t<div style=\"padding:10px;\" class=\"slick-slide\">\r\n\t\t\t\t\t<div class=\"rem-style-2 rem-property-box\" style=\"overflow:hidden;white-space:nowrap;\">\n\t<div class=\"img-container\">\n\t\t<a target=\"\" href=\"https:\/\/costasonada.es\/index.php\/property\/se-vende-apartamento-en-finestrat-4\/\">\n\t\t\t\n            <span class=\"address-text\">\n                <i class=\"fa fa-map-marker-alt\"><\/i>\n                Finestrat, 03509            <\/span>\n            <span class=\"images-text\">\n                <i class=\"fa fa-camera\"><\/i>\n                18            <\/span>\n\t\t\t<img loading=\"lazy\" decoding=\"async\" width=\"550\" height=\"250\" src=\"https:\/\/costasonada.es\/wp-content\/uploads\/2024\/06\/INMOBILIARIA_COSTA_SONADA_VENDE_APARTAMENTO_FINESTRAT_IS-5-550x250.jpg\" class=\"img-responsive rem-f-image wp-post-image\" alt=\"\" data-pid=\"13903\" itemprop=\"image\" \/>\t\t<\/a>\n\t<\/div>\n\n\t<div class=\"content-container\">\n\t\t<a target=\"\" href=\"https:\/\/costasonada.es\/index.php\/property\/se-vende-apartamento-en-finestrat-4\/\">\n\t\t    <h2 class=\"property-title\" style=\"color:gray;font-size:10px;\">SE VENDE APARTAMENTO EN FINESTRAT<\/h2> \n\t\t<\/a>\n\t\t<p class=\"property-price\" style=\"color:black;font-weight:550;margin-bottom:0;\">\n                           <span class=\"price\">DESDE <span class=\"rem-price-amount\"><span class=\"rem-currency-symbol\">&euro;<\/span>349 000<\/span><\/span> \n            \t\t<\/p>\n\n        <style>\n    .right-align {\n        text-align: right;\n    }\n    .remove-margin-padding {\n        margin: 0;\n        padding: 0;\n    }\n<\/style>\n\n<table class=\"remove-margin-padding\">\n    <tr class=\"remove-margin-padding\">\n        <td class=\"remove-margin-padding\">\n                        <div class=\"detail inline-property-icons\">\r\n                                                                                                                            <span title=\"Domitorios\" class=\"rem-info\">\r\n                                    <i class=\"fa fa-bed\"><\/i> &nbsp;\r\n                                    2                                <\/span>\r\n                                                                                                                                                                                    <span title=\"Ba\u00f1os\" class=\"rem-info\">\r\n                                    <i class=\"fa fa-bath\"><\/i> &nbsp;\r\n                                    2                                <\/span>\r\n                                                                                                                                <\/div>\r\n                <\/td>\n<td class=\"right-align remove-margin-padding\">\n    <h5 style=\"color:#666666;\">NC13903FI<\/h5><\/td>\n\n    <\/tr>\n<\/table>\n\t<\/div>\n<\/div>\t\t\t\t<\/div>\r\n\t\t\t\t\t\t\t<div style=\"padding:10px;\" class=\"slick-slide\">\r\n\t\t\t\t\t<div class=\"rem-style-2 rem-property-box\" style=\"overflow:hidden;white-space:nowrap;\">\n\t<div class=\"img-container\">\n\t\t<a target=\"\" href=\"https:\/\/costasonada.es\/index.php\/property\/se-vende-apartamento-de-lujo-en-albir\/\">\n\t\t\t\n            <span class=\"address-text\">\n                <i class=\"fa fa-map-marker-alt\"><\/i>\n                Albir, 03581            <\/span>\n            <span class=\"images-text\">\n                <i class=\"fa fa-camera\"><\/i>\n                18            <\/span>\n\t\t\t<img loading=\"lazy\" decoding=\"async\" width=\"550\" height=\"250\" src=\"https:\/\/costasonada.es\/wp-content\/uploads\/2024\/06\/E01_Mayor-PH_Terrace_04-550x250.jpg\" class=\"img-responsive rem-f-image wp-post-image\" alt=\"\" data-pid=\"13923\" itemprop=\"image\" \/>\t\t<\/a>\n\t<\/div>\n\n\t<div class=\"content-container\">\n\t\t<a target=\"\" href=\"https:\/\/costasonada.es\/index.php\/property\/se-vende-apartamento-de-lujo-en-albir\/\">\n\t\t    <h2 class=\"property-title\" style=\"color:gray;font-size:10px;\">SE VENDE APARTAMENTO DE LUJO EN ALBIR<\/h2> \n\t\t<\/a>\n\t\t<p class=\"property-price\" style=\"color:black;font-weight:550;margin-bottom:0;\">\n                           <span class=\"price\">DESDE <span class=\"rem-price-amount\"><span class=\"rem-currency-symbol\">&euro;<\/span>480 000<\/span><\/span> \n            \t\t<\/p>\n\n        <style>\n    .right-align {\n        text-align: right;\n    }\n    .remove-margin-padding {\n        margin: 0;\n        padding: 0;\n    }\n<\/style>\n\n<table class=\"remove-margin-padding\">\n    <tr class=\"remove-margin-padding\">\n        <td class=\"remove-margin-padding\">\n                        <div class=\"detail inline-property-icons\">\r\n                                                                                                                            <span title=\"Domitorios\" class=\"rem-info\">\r\n                                    <i class=\"fa fa-bed\"><\/i> &nbsp;\r\n                                    2                                <\/span>\r\n                                                                                                                                                                                    <span title=\"Ba\u00f1os\" class=\"rem-info\">\r\n                                    <i class=\"fa fa-bath\"><\/i> &nbsp;\r\n                                    2                                <\/span>\r\n                                                                                                                                <\/div>\r\n                <\/td>\n<td class=\"right-align remove-margin-padding\">\n    <h5 style=\"color:#666666;\">NC13923AD<\/h5><\/td>\n\n    <\/tr>\n<\/table>\n\t<\/div>\n<\/div>\t\t\t\t<\/div>\r\n\t\t\t\t\t<\/section>\t\t\t\t\t\r\n\t<\/div>\r\n\n\n\n\n<p class=\"has-text-align-center has-accent-color has-text-color\" style=\"font-size:30px\"><strong>ALQUILER<\/strong><\/p>\n\n\n\t<div class=\"ich-settings-main-wrap\">\r\n\t\t<section class=\"wcp-slick\"  data-style = 2 data-arrows = enable data-speed = 2000 data-total_properties = 10 data-slidestoshow = 3 data-slidestoscroll = 1 data-autoplay = enable data-autoplayspeed = 3000 data-dots = enable data-meta = property_purpose|Alquiler>\r\n\t\t\t\t\t\t\t<div style=\"padding:10px;\" class=\"slick-slide\">\r\n\t\t\t\t\t<div class=\"rem-style-2 rem-property-box\" style=\"overflow:hidden;white-space:nowrap;\">\n\t<div class=\"img-container\">\n\t\t<a target=\"\" href=\"https:\/\/costasonada.es\/index.php\/property\/chalet-pareado-en-alquiler-2\/\">\n\t\t\t                <span class=\"featured-text purpose-badge alquilado\">Alquilado<\/span>\r\n                    \n            <span class=\"address-text\">\n                <i class=\"fa fa-map-marker-alt\"><\/i>\n                Altea la Vella, 03599            <\/span>\n            <span class=\"images-text\">\n                <i class=\"fa fa-camera\"><\/i>\n                62            <\/span>\n\t\t\t<img loading=\"lazy\" decoding=\"async\" width=\"550\" height=\"250\" src=\"https:\/\/costasonada.es\/wp-content\/uploads\/2024\/07\/IMG_8731-550x250.jpg\" class=\"img-responsive rem-f-image wp-post-image\" alt=\"\" data-pid=\"14200\" itemprop=\"image\" \/>\t\t<\/a>\n\t<\/div>\n\n\t<div class=\"content-container\">\n\t\t<a target=\"\" href=\"https:\/\/costasonada.es\/index.php\/property\/chalet-pareado-en-alquiler-2\/\">\n\t\t    <h2 class=\"property-title\" style=\"color:gray;font-size:10px;\">Chalet pareado en alquiler<\/h2> \n\t\t<\/a>\n\t\t<p class=\"property-price\" style=\"color:black;font-weight:550;margin-bottom:0;\">\n                           <span class=\"price\"><span class=\"rem-price-amount\"><span class=\"rem-currency-symbol\">&euro;<\/span>1,490<\/span><\/span> \n            \t\t<\/p>\n\n        <style>\n    .right-align {\n        text-align: right;\n    }\n    .remove-margin-padding {\n        margin: 0;\n        padding: 0;\n    }\n<\/style>\n\n<table class=\"remove-margin-padding\">\n    <tr class=\"remove-margin-padding\">\n        <td class=\"remove-margin-padding\">\n                        <div class=\"detail inline-property-icons\">\r\n                                                                                                                            <span title=\"Domitorios\" class=\"rem-info\">\r\n                                    <i class=\"fa fa-bed\"><\/i> &nbsp;\r\n                                    3                                <\/span>\r\n                                                                                                                                                                                    <span title=\"Ba\u00f1os\" class=\"rem-info\">\r\n                                    <i class=\"fa fa-bath\"><\/i> &nbsp;\r\n                                    3                                <\/span>\r\n                                                                                                                                                                                    <span title=\"Superficie\" class=\"rem-info\">\r\n                                    <i class=\"fa fa-arrows-alt\"><\/i> &nbsp;\r\n                                    130 m2                                <\/span>\r\n                                                                                    <\/div>\r\n                <\/td>\n<td class=\"right-align remove-margin-padding\">\n    <h5 style=\"color:#666666;\">A14200AP<\/h5><\/td>\n\n    <\/tr>\n<\/table>\n\t<\/div>\n<\/div>\t\t\t\t<\/div>\r\n\t\t\t\t\t\t\t<div style=\"padding:10px;\" class=\"slick-slide\">\r\n\t\t\t\t\t<div class=\"rem-style-2 rem-property-box\" style=\"overflow:hidden;white-space:nowrap;\">\n\t<div class=\"img-container\">\n\t\t<a target=\"\" href=\"https:\/\/costasonada.es\/index.php\/property\/se-alquila-apartamento-en-mascarat\/\">\n\t\t\t                <span class=\"featured-text purpose-badge alquilado\">Alquilado<\/span>\r\n                    \n            <span class=\"address-text\">\n                <i class=\"fa fa-map-marker-alt\"><\/i>\n                Mascarat, 03590            <\/span>\n            <span class=\"images-text\">\n                <i class=\"fa fa-camera\"><\/i>\n                45            <\/span>\n\t\t\t<img loading=\"lazy\" decoding=\"async\" width=\"550\" height=\"250\" src=\"https:\/\/costasonada.es\/wp-content\/uploads\/2024\/07\/IMG_8642-550x250.jpg\" class=\"img-responsive rem-f-image wp-post-image\" alt=\"\" data-pid=\"14201\" itemprop=\"image\" \/>\t\t<\/a>\n\t<\/div>\n\n\t<div class=\"content-container\">\n\t\t<a target=\"\" href=\"https:\/\/costasonada.es\/index.php\/property\/se-alquila-apartamento-en-mascarat\/\">\n\t\t    <h2 class=\"property-title\" style=\"color:gray;font-size:10px;\">SE ALQUILA APARTAMENTO EN MASCARAT<\/h2> \n\t\t<\/a>\n\t\t<p class=\"property-price\" style=\"color:black;font-weight:550;margin-bottom:0;\">\n                           <span class=\"price\"><span class=\"rem-price-amount\"><span class=\"rem-currency-symbol\">&euro;<\/span>900<\/span><\/span> \n            \t\t<\/p>\n\n        <style>\n    .right-align {\n        text-align: right;\n    }\n    .remove-margin-padding {\n        margin: 0;\n        padding: 0;\n    }\n<\/style>\n\n<table class=\"remove-margin-padding\">\n    <tr class=\"remove-margin-padding\">\n        <td class=\"remove-margin-padding\">\n                        <div class=\"detail inline-property-icons\">\r\n                                                                                                                            <span title=\"Domitorios\" class=\"rem-info\">\r\n                                    <i class=\"fa fa-bed\"><\/i> &nbsp;\r\n                                    2                                <\/span>\r\n                                                                                                                                                                                    <span title=\"Ba\u00f1os\" class=\"rem-info\">\r\n                                    <i class=\"fa fa-bath\"><\/i> &nbsp;\r\n                                    2                                <\/span>\r\n                                                                                                                                <\/div>\r\n                <\/td>\n<td class=\"right-align remove-margin-padding\">\n    <h5 style=\"color:#666666;\">A14201MF<\/h5><\/td>\n\n    <\/tr>\n<\/table>\n\t<\/div>\n<\/div>\t\t\t\t<\/div>\r\n\t\t\t\t\t\t\t<div style=\"padding:10px;\" class=\"slick-slide\">\r\n\t\t\t\t\t<div class=\"rem-style-2 rem-property-box\" style=\"overflow:hidden;white-space:nowrap;\">\n\t<div class=\"img-container\">\n\t\t<a target=\"\" href=\"https:\/\/costasonada.es\/index.php\/property\/se-alquila-apartmento-finestrat\/\">\n\t\t\t                <span class=\"featured-text purpose-badge alquilado\">Alquilado<\/span>\r\n                    \n            <span class=\"address-text\">\n                <i class=\"fa fa-map-marker-alt\"><\/i>\n                Finestrat, 03509            <\/span>\n            <span class=\"images-text\">\n                <i class=\"fa fa-camera\"><\/i>\n                54            <\/span>\n\t\t\t<img loading=\"lazy\" decoding=\"async\" width=\"550\" height=\"250\" src=\"https:\/\/costasonada.es\/wp-content\/uploads\/2024\/07\/INMOBILIARIA-3DVIRTUALTOURES-03022023_120304-550x250.jpg\" class=\"img-responsive rem-f-image wp-post-image\" alt=\"\" data-pid=\"14265\" itemprop=\"image\" \/>\t\t<\/a>\n\t<\/div>\n\n\t<div class=\"content-container\">\n\t\t<a target=\"\" href=\"https:\/\/costasonada.es\/index.php\/property\/se-alquila-apartmento-finestrat\/\">\n\t\t    <h2 class=\"property-title\" style=\"color:gray;font-size:10px;\">SE ALQUILA APARTMENTO FINESTRAT<\/h2> \n\t\t<\/a>\n\t\t<p class=\"property-price\" style=\"color:black;font-weight:550;margin-bottom:0;\">\n                           <span class=\"price\"><span class=\"rem-price-amount\"><span class=\"rem-currency-symbol\">&euro;<\/span>1,800<\/span><\/span> \n            \t\t<\/p>\n\n        <style>\n    .right-align {\n        text-align: right;\n    }\n    .remove-margin-padding {\n        margin: 0;\n        padding: 0;\n    }\n<\/style>\n\n<table class=\"remove-margin-padding\">\n    <tr class=\"remove-margin-padding\">\n        <td class=\"remove-margin-padding\">\n                        <div class=\"detail inline-property-icons\">\r\n                                                                                                                            <span title=\"Domitorios\" class=\"rem-info\">\r\n                                    <i class=\"fa fa-bed\"><\/i> &nbsp;\r\n                                    2                                <\/span>\r\n                                                                                                                                                                                    <span title=\"Ba\u00f1os\" class=\"rem-info\">\r\n                                    <i class=\"fa fa-bath\"><\/i> &nbsp;\r\n                                    2                                <\/span>\r\n                                                                                                                                <\/div>\r\n                <\/td>\n<td class=\"right-align remove-margin-padding\">\n    <h5 style=\"color:#666666;\">A14265FI<\/h5><\/td>\n\n    <\/tr>\n<\/table>\n\t<\/div>\n<\/div>\t\t\t\t<\/div>\r\n\t\t\t\t\t\t\t<div style=\"padding:10px;\" class=\"slick-slide\">\r\n\t\t\t\t\t<div class=\"rem-style-2 rem-property-box\" style=\"overflow:hidden;white-space:nowrap;\">\n\t<div class=\"img-container\">\n\t\t<a target=\"\" href=\"https:\/\/costasonada.es\/index.php\/property\/se-alquila-villa-finestrat\/\">\n\t\t\t                <span class=\"featured-text purpose-badge alquilado\">Alquilado<\/span>\r\n                    \n            <span class=\"address-text\">\n                <i class=\"fa fa-map-marker-alt\"><\/i>\n                Finestrat, 03509            <\/span>\n            <span class=\"images-text\">\n                <i class=\"fa fa-camera\"><\/i>\n                45            <\/span>\n\t\t\t<img loading=\"lazy\" decoding=\"async\" width=\"550\" height=\"250\" src=\"https:\/\/costasonada.es\/wp-content\/uploads\/2024\/07\/INMOBILIARIA_COSTA_SONADA_SE-ALQUILA_VILLA_FINESTRAT-21-550x250.jpg\" class=\"img-responsive rem-f-image wp-post-image\" alt=\"\" data-pid=\"14339\" itemprop=\"image\" \/>\t\t<\/a>\n\t<\/div>\n\n\t<div class=\"content-container\">\n\t\t<a target=\"\" href=\"https:\/\/costasonada.es\/index.php\/property\/se-alquila-villa-finestrat\/\">\n\t\t    <h2 class=\"property-title\" style=\"color:gray;font-size:10px;\">SE ALQUILA VILLA FINESTRAT<\/h2> \n\t\t<\/a>\n\t\t<p class=\"property-price\" style=\"color:black;font-weight:550;margin-bottom:0;\">\n                           <span class=\"price\"><span class=\"rem-price-amount\"><span class=\"rem-currency-symbol\">&euro;<\/span>6,500<\/span><\/span> \n            \t\t<\/p>\n\n        <style>\n    .right-align {\n        text-align: right;\n    }\n    .remove-margin-padding {\n        margin: 0;\n        padding: 0;\n    }\n<\/style>\n\n<table class=\"remove-margin-padding\">\n    <tr class=\"remove-margin-padding\">\n        <td class=\"remove-margin-padding\">\n                        <div class=\"detail inline-property-icons\">\r\n                                                                                                                            <span title=\"Domitorios\" class=\"rem-info\">\r\n                                    <i class=\"fa fa-bed\"><\/i> &nbsp;\r\n                                    3                                <\/span>\r\n                                                                                                                                                                                    <span title=\"Ba\u00f1os\" class=\"rem-info\">\r\n                                    <i class=\"fa fa-bath\"><\/i> &nbsp;\r\n                                    3                                <\/span>\r\n                                                                                                                                                                                    <span title=\"Superficie\" class=\"rem-info\">\r\n                                    <i class=\"fa fa-arrows-alt\"><\/i> &nbsp;\r\n                                    160 m2                                <\/span>\r\n                                                                                    <\/div>\r\n                <\/td>\n<td class=\"right-align remove-margin-padding\">\n    <h5 style=\"color:#666666;\">A14339FA<\/h5><\/td>\n\n    <\/tr>\n<\/table>\n\t<\/div>\n<\/div>\t\t\t\t<\/div>\r\n\t\t\t\t\t\t\t<div style=\"padding:10px;\" class=\"slick-slide\">\r\n\t\t\t\t\t<div class=\"rem-style-2 rem-property-box\" style=\"overflow:hidden;white-space:nowrap;\">\n\t<div class=\"img-container\">\n\t\t<a target=\"\" href=\"https:\/\/costasonada.es\/index.php\/property\/alquiler-en-la-nucia\/\">\n\t\t\t\n            <span class=\"address-text\">\n                <i class=\"fa fa-map-marker-alt\"><\/i>\n                La Nucia, 03530            <\/span>\n            <span class=\"images-text\">\n                <i class=\"fa fa-camera\"><\/i>\n                52            <\/span>\n\t\t\t<img loading=\"lazy\" decoding=\"async\" width=\"550\" height=\"250\" src=\"https:\/\/costasonada.es\/wp-content\/uploads\/2024\/07\/INMOBILIARIA_COSTA_SONADA_VENDE_CHALET_CASA_LA_NUCIA-53-550x250.jpg\" class=\"img-responsive rem-f-image wp-post-image\" alt=\"\" data-pid=\"14832\" itemprop=\"image\" \/>\t\t<\/a>\n\t<\/div>\n\n\t<div class=\"content-container\">\n\t\t<a target=\"\" href=\"https:\/\/costasonada.es\/index.php\/property\/alquiler-en-la-nucia\/\">\n\t\t    <h2 class=\"property-title\" style=\"color:gray;font-size:10px;\">2 000 \u20ac-Chalet en Alquiler-4H\/3B-150m2-La Nucia<\/h2> \n\t\t<\/a>\n\t\t<p class=\"property-price\" style=\"color:black;font-weight:550;margin-bottom:0;\">\n                           <span class=\"price\"><span class=\"rem-price-amount\"><span class=\"rem-currency-symbol\">&euro;<\/span>2,000<\/span><\/span> \n            \t\t<\/p>\n\n        <style>\n    .right-align {\n        text-align: right;\n    }\n    .remove-margin-padding {\n        margin: 0;\n        padding: 0;\n    }\n<\/style>\n\n<table class=\"remove-margin-padding\">\n    <tr class=\"remove-margin-padding\">\n        <td class=\"remove-margin-padding\">\n                        <div class=\"detail inline-property-icons\">\r\n                                                                                                                            <span title=\"Domitorios\" class=\"rem-info\">\r\n                                    <i class=\"fa fa-bed\"><\/i> &nbsp;\r\n                                    4                                <\/span>\r\n                                                                                                                                                                                    <span title=\"Ba\u00f1os\" class=\"rem-info\">\r\n                                    <i class=\"fa fa-bath\"><\/i> &nbsp;\r\n                                    3                                <\/span>\r\n                                                                                                                                                                                    <span title=\"Superficie\" class=\"rem-info\">\r\n                                    <i class=\"fa fa-arrows-alt\"><\/i> &nbsp;\r\n                                    150 m2                                <\/span>\r\n                                                                                    <\/div>\r\n                <\/td>\n<td class=\"right-align remove-margin-padding\">\n    <h5 style=\"color:#666666;\">A14832AI<\/h5><\/td>\n\n    <\/tr>\n<\/table>\n\t<\/div>\n<\/div>\t\t\t\t<\/div>\r\n\t\t\t\t\t\t\t<div style=\"padding:10px;\" class=\"slick-slide\">\r\n\t\t\t\t\t<div class=\"rem-style-2 rem-property-box\" style=\"overflow:hidden;white-space:nowrap;\">\n\t<div class=\"img-container\">\n\t\t<a target=\"\" href=\"https:\/\/costasonada.es\/index.php\/property\/alquiler-en-finestrat\/\">\n\t\t\t                <span class=\"featured-text purpose-badge alquilado\">Alquilado<\/span>\r\n                    \n            <span class=\"address-text\">\n                <i class=\"fa fa-map-marker-alt\"><\/i>\n                Finestrat, 03509            <\/span>\n            <span class=\"images-text\">\n                <i class=\"fa fa-camera\"><\/i>\n                18            <\/span>\n\t\t\t<img loading=\"lazy\" decoding=\"async\" width=\"550\" height=\"250\" src=\"https:\/\/costasonada.es\/wp-content\/uploads\/2024\/07\/Finestrat-Golf-06222023_164058-550x250.jpg\" class=\"img-responsive rem-f-image wp-post-image\" alt=\"\" data-pid=\"14890\" itemprop=\"image\" \/>\t\t<\/a>\n\t<\/div>\n\n\t<div class=\"content-container\">\n\t\t<a target=\"\" href=\"https:\/\/costasonada.es\/index.php\/property\/alquiler-en-finestrat\/\">\n\t\t    <h2 class=\"property-title\" style=\"color:gray;font-size:10px;\">Alquiler  en Finestrat<\/h2> \n\t\t<\/a>\n\t\t<p class=\"property-price\" style=\"color:black;font-weight:550;margin-bottom:0;\">\n                           <span class=\"price\"><span class=\"rem-price-amount\"><span class=\"rem-currency-symbol\">&euro;<\/span>3,000<\/span><\/span> \n            \t\t<\/p>\n\n        <style>\n    .right-align {\n        text-align: right;\n    }\n    .remove-margin-padding {\n        margin: 0;\n        padding: 0;\n    }\n<\/style>\n\n<table class=\"remove-margin-padding\">\n    <tr class=\"remove-margin-padding\">\n        <td class=\"remove-margin-padding\">\n                        <div class=\"detail inline-property-icons\">\r\n                                                                                                                            <span title=\"Domitorios\" class=\"rem-info\">\r\n                                    <i class=\"fa fa-bed\"><\/i> &nbsp;\r\n                                    3                                <\/span>\r\n                                                                                                                                                                                    <span title=\"Ba\u00f1os\" class=\"rem-info\">\r\n                                    <i class=\"fa fa-bath\"><\/i> &nbsp;\r\n                                    3                                <\/span>\r\n                                                                                                                                                                                    <span title=\"Superficie\" class=\"rem-info\">\r\n                                    <i class=\"fa fa-arrows-alt\"><\/i> &nbsp;\r\n                                    160 m2                                <\/span>\r\n                                                                                    <\/div>\r\n                <\/td>\n<td class=\"right-align remove-margin-padding\">\n    <h5 style=\"color:#666666;\">A14890FN<\/h5><\/td>\n\n    <\/tr>\n<\/table>\n\t<\/div>\n<\/div>\t\t\t\t<\/div>\r\n\t\t\t\t\t\t\t<div style=\"padding:10px;\" class=\"slick-slide\">\r\n\t\t\t\t\t<div class=\"rem-style-2 rem-property-box\" style=\"overflow:hidden;white-space:nowrap;\">\n\t<div class=\"img-container\">\n\t\t<a target=\"\" href=\"https:\/\/costasonada.es\/index.php\/property\/alquiler-en-finestrat-2\/\">\n\t\t\t                <span class=\"featured-text purpose-badge alquilado\">Alquilado<\/span>\r\n                    \n            <span class=\"address-text\">\n                <i class=\"fa fa-map-marker-alt\"><\/i>\n                Finestrat, 03509            <\/span>\n            <span class=\"images-text\">\n                <i class=\"fa fa-camera\"><\/i>\n                76            <\/span>\n\t\t\t<img loading=\"lazy\" decoding=\"async\" width=\"550\" height=\"250\" src=\"https:\/\/costasonada.es\/wp-content\/uploads\/2024\/07\/inmobiliaria_costa_sonada_alquiler_villa_lujo_finestrat_-42-550x250.jpg\" class=\"img-responsive rem-f-image wp-post-image\" alt=\"\" data-pid=\"14965\" itemprop=\"image\" \/>\t\t<\/a>\n\t<\/div>\n\n\t<div class=\"content-container\">\n\t\t<a target=\"\" href=\"https:\/\/costasonada.es\/index.php\/property\/alquiler-en-finestrat-2\/\">\n\t\t    <h2 class=\"property-title\" style=\"color:gray;font-size:10px;\">Alquiler en Finestrat<\/h2> \n\t\t<\/a>\n\t\t<p class=\"property-price\" style=\"color:black;font-weight:550;margin-bottom:0;\">\n                           <span class=\"price\"><span class=\"rem-price-amount\"><span class=\"rem-currency-symbol\">&euro;<\/span>13,000<\/span><\/span> \n            \t\t<\/p>\n\n        <style>\n    .right-align {\n        text-align: right;\n    }\n    .remove-margin-padding {\n        margin: 0;\n        padding: 0;\n    }\n<\/style>\n\n<table class=\"remove-margin-padding\">\n    <tr class=\"remove-margin-padding\">\n        <td class=\"remove-margin-padding\">\n                        <div class=\"detail inline-property-icons\">\r\n                                                                                                                            <span title=\"Domitorios\" class=\"rem-info\">\r\n                                    <i class=\"fa fa-bed\"><\/i> &nbsp;\r\n                                    5                                <\/span>\r\n                                                                                                                                                                                    <span title=\"Ba\u00f1os\" class=\"rem-info\">\r\n                                    <i class=\"fa fa-bath\"><\/i> &nbsp;\r\n                                    6                                <\/span>\r\n                                                                                                                                                                                    <span title=\"Superficie\" class=\"rem-info\">\r\n                                    <i class=\"fa fa-arrows-alt\"><\/i> &nbsp;\r\n                                    331 m2                                <\/span>\r\n                                                                                    <\/div>\r\n                <\/td>\n<td class=\"right-align remove-margin-padding\">\n    <h5 style=\"color:#666666;\">A14965FE<\/h5><\/td>\n\n    <\/tr>\n<\/table>\n\t<\/div>\n<\/div>\t\t\t\t<\/div>\r\n\t\t\t\t\t\t\t<div style=\"padding:10px;\" class=\"slick-slide\">\r\n\t\t\t\t\t<div class=\"rem-style-2 rem-property-box\" style=\"overflow:hidden;white-space:nowrap;\">\n\t<div class=\"img-container\">\n\t\t<a target=\"\" href=\"https:\/\/costasonada.es\/index.php\/property\/se-alquila-apartamento-en-benidorm\/\">\n\t\t\t                <span class=\"featured-text purpose-badge alquilado\">Alquilado<\/span>\r\n                    \n            <span class=\"address-text\">\n                <i class=\"fa fa-map-marker-alt\"><\/i>\n                Benidorm, 03502             <\/span>\n            <span class=\"images-text\">\n                <i class=\"fa fa-camera\"><\/i>\n                24            <\/span>\n\t\t\t<img loading=\"lazy\" decoding=\"async\" width=\"550\" height=\"250\" src=\"https:\/\/costasonada.es\/wp-content\/uploads\/2025\/02\/INMOBILIARIA_COSTA_SONADA_ALQUILER_APARTAMENTO_DOS_DORMITORIOS_BENIDORM_CON_VISTA-1-550x250.jpeg\" class=\"img-responsive rem-f-image wp-post-image\" alt=\"\" data-pid=\"16234\" itemprop=\"image\" \/>\t\t<\/a>\n\t<\/div>\n\n\t<div class=\"content-container\">\n\t\t<a target=\"\" href=\"https:\/\/costasonada.es\/index.php\/property\/se-alquila-apartamento-en-benidorm\/\">\n\t\t    <h2 class=\"property-title\" style=\"color:gray;font-size:10px;\">Se alquila apartamento en Benidorm<\/h2> \n\t\t<\/a>\n\t\t<p class=\"property-price\" style=\"color:black;font-weight:550;margin-bottom:0;\">\n                           <span class=\"price\"><span class=\"rem-price-amount\"><span class=\"rem-currency-symbol\">&euro;<\/span>1,250<\/span><\/span> \n            \t\t<\/p>\n\n        <style>\n    .right-align {\n        text-align: right;\n    }\n    .remove-margin-padding {\n        margin: 0;\n        padding: 0;\n    }\n<\/style>\n\n<table class=\"remove-margin-padding\">\n    <tr class=\"remove-margin-padding\">\n        <td class=\"remove-margin-padding\">\n                        <div class=\"detail inline-property-icons\">\r\n                                                                                                                            <span title=\"Domitorios\" class=\"rem-info\">\r\n                                    <i class=\"fa fa-bed\"><\/i> &nbsp;\r\n                                    2                                <\/span>\r\n                                                                                                                                                                                    <span title=\"Ba\u00f1os\" class=\"rem-info\">\r\n                                    <i class=\"fa fa-bath\"><\/i> &nbsp;\r\n                                    2                                <\/span>\r\n                                                                                                                                                                                    <span title=\"Superficie\" class=\"rem-info\">\r\n                                    <i class=\"fa fa-arrows-alt\"><\/i> &nbsp;\r\n                                    90 m2                                <\/span>\r\n                                                                                    <\/div>\r\n                <\/td>\n<td class=\"right-align remove-margin-padding\">\n    <h5 style=\"color:#666666;\">A16234OB<\/h5><\/td>\n\n    <\/tr>\n<\/table>\n\t<\/div>\n<\/div>\t\t\t\t<\/div>\r\n\t\t\t\t\t\t\t<div style=\"padding:10px;\" class=\"slick-slide\">\r\n\t\t\t\t\t<div class=\"rem-style-2 rem-property-box\" style=\"overflow:hidden;white-space:nowrap;\">\n\t<div class=\"img-container\">\n\t\t<a target=\"\" href=\"https:\/\/costasonada.es\/index.php\/property\/alquiler-en-altea-hills\/\">\n\t\t\t                <span class=\"featured-text purpose-badge alquilado\">Alquilado<\/span>\r\n                    \n            <span class=\"address-text\">\n                <i class=\"fa fa-map-marker-alt\"><\/i>\n                Altea la Vella, 03599            <\/span>\n            <span class=\"images-text\">\n                <i class=\"fa fa-camera\"><\/i>\n                69            <\/span>\n\t\t\t<img loading=\"lazy\" decoding=\"async\" width=\"550\" height=\"250\" src=\"https:\/\/costasonada.es\/wp-content\/uploads\/2025\/04\/34-604-28-92-64-CASA-en-Altea-Hills-INMOBILIARIA-COSTA-SONADA-05052025_132803-550x250.jpg\" class=\"img-responsive rem-f-image wp-post-image\" alt=\"\" data-pid=\"17143\" itemprop=\"image\" \/>\t\t<\/a>\n\t<\/div>\n\n\t<div class=\"content-container\">\n\t\t<a target=\"\" href=\"https:\/\/costasonada.es\/index.php\/property\/alquiler-en-altea-hills\/\">\n\t\t    <h2 class=\"property-title\" style=\"color:gray;font-size:10px;\">Alquiler en Altea Hills<\/h2> \n\t\t<\/a>\n\t\t<p class=\"property-price\" style=\"color:black;font-weight:550;margin-bottom:0;\">\n                           <span class=\"price\"><span class=\"rem-price-amount\"><span class=\"rem-currency-symbol\">&euro;<\/span>4,500<\/span><\/span> \n            \t\t<\/p>\n\n        <style>\n    .right-align {\n        text-align: right;\n    }\n    .remove-margin-padding {\n        margin: 0;\n        padding: 0;\n    }\n<\/style>\n\n<table class=\"remove-margin-padding\">\n    <tr class=\"remove-margin-padding\">\n        <td class=\"remove-margin-padding\">\n                        <div class=\"detail inline-property-icons\">\r\n                                                                                                                            <span title=\"Domitorios\" class=\"rem-info\">\r\n                                    <i class=\"fa fa-bed\"><\/i> &nbsp;\r\n                                    5                                <\/span>\r\n                                                                                                                                                                                    <span title=\"Ba\u00f1os\" class=\"rem-info\">\r\n                                    <i class=\"fa fa-bath\"><\/i> &nbsp;\r\n                                    4                                <\/span>\r\n                                                                                                                                <\/div>\r\n                <\/td>\n<td class=\"right-align remove-margin-padding\">\n    <h5 style=\"color:#666666;\">CS17143AL<\/h5><\/td>\n\n    <\/tr>\n<\/table>\n\t<\/div>\n<\/div>\t\t\t\t<\/div>\r\n\t\t\t\t\t\t\t<div style=\"padding:10px;\" class=\"slick-slide\">\r\n\t\t\t\t\t<div class=\"rem-style-2 rem-property-box\" style=\"overflow:hidden;white-space:nowrap;\">\n\t<div class=\"img-container\">\n\t\t<a target=\"\" href=\"https:\/\/costasonada.es\/index.php\/property\/se-alquila-un-apartamento-en-benidorm\/\">\n\t\t\t\n            <span class=\"address-text\">\n                <i class=\"fa fa-map-marker-alt\"><\/i>\n                Benidorm, 03502             <\/span>\n            <span class=\"images-text\">\n                <i class=\"fa fa-camera\"><\/i>\n                56            <\/span>\n\t\t\t<img loading=\"lazy\" decoding=\"async\" width=\"550\" height=\"250\" src=\"https:\/\/costasonada.es\/wp-content\/uploads\/2025\/11\/INMOBILIARIA_COSTA_SONADA_ALQUILER_APARTAMENTO_BENIDORM_CON_LA_VISTA-54-550x250.jpg\" class=\"img-responsive rem-f-image wp-post-image\" alt=\"\" data-pid=\"18246\" itemprop=\"image\" \/>\t\t<\/a>\n\t<\/div>\n\n\t<div class=\"content-container\">\n\t\t<a target=\"\" href=\"https:\/\/costasonada.es\/index.php\/property\/se-alquila-un-apartamento-en-benidorm\/\">\n\t\t    <h2 class=\"property-title\" style=\"color:gray;font-size:10px;\">Se alquila un apartamento en Benidorm<\/h2> \n\t\t<\/a>\n\t\t<p class=\"property-price\" style=\"color:black;font-weight:550;margin-bottom:0;\">\n                           <span class=\"price\"><span class=\"rem-price-amount\"><span class=\"rem-currency-symbol\">&euro;<\/span>2,100<\/span><\/span> \n            \t\t<\/p>\n\n        <style>\n    .right-align {\n        text-align: right;\n    }\n    .remove-margin-padding {\n        margin: 0;\n        padding: 0;\n    }\n<\/style>\n\n<table class=\"remove-margin-padding\">\n    <tr class=\"remove-margin-padding\">\n        <td class=\"remove-margin-padding\">\n                        <div class=\"detail inline-property-icons\">\r\n                                                                                                                            <span title=\"Domitorios\" class=\"rem-info\">\r\n                                    <i class=\"fa fa-bed\"><\/i> &nbsp;\r\n                                    2                                <\/span>\r\n                                                                                                                                                                                    <span title=\"Ba\u00f1os\" class=\"rem-info\">\r\n                                    <i class=\"fa fa-bath\"><\/i> &nbsp;\r\n                                    2                                <\/span>\r\n                                                                                                                                <\/div>\r\n                <\/td>\n<td class=\"right-align remove-margin-padding\">\n    <h5 style=\"color:#666666;\">CSA18246BO<\/h5><\/td>\n\n    <\/tr>\n<\/table>\n\t<\/div>\n<\/div>\t\t\t\t<\/div>\r\n\t\t\t\t\t<\/section>\t\t\t\t\t\r\n\t<\/div>\r\n\n\n\n\n<p class=\"has-text-align-center has-accent-color has-text-color\" style=\"font-size:30px\"><strong>NUESTRA OFICINA<\/strong><\/p>\n\n\n\n<p class=\"has-text-align-center\">Somos Costa So\u00f1ada, una agencia inmobiliaria que trabaja en Altea, Altea Hills, Mascarat, Finestrat, y toda la Costa Blanca, con una gran variedad de propiedades de lujo. <\/p>\n\n\n\n<p class=\"has-text-align-center\">Estamos ubicados en el Puerto Campomanes, cont\u00e1ctanos o vis\u00edtanos en nuestra oficina para que podamos ayudarte a encontrar la casa de tus sue\u00f1os!<\/p>\n\n\n<p style=\"text-align: center\"><iframe src=\"https:\/\/www.google.com\/maps\/embed?pb=!1m18!1m12!1m3!1d5241.818849709507!2d0.0026964297719036974!3d38.630386701414096!2m3!1f0!2f0!3f0!3m2!1i1024!2i768!4f13.1!3m3!1m2!1s0x0%3A0xa5459f564da35ca1!2sCostaSo%C3%B1ada%203DVirtualTour!5e0!3m2!1ses!2ses!4v1652958123537!5m2!1ses!2ses\" width=\"99%\" height=\"300\" style=\"border:0;filter:grayscale(100%) invert(92%) contrast(83%)\" allowfullscreen=\" loading=\" lazy\"=\"\" referrerpolicy=\"no-referrer-when-downgrade\"><\/iframe><\/p>\n\n\n\n<p class=\"has-text-align-center has-accent-color has-text-color has-medium-font-size\"><\/p>\n\n\n\n<p class=\"has-text-align-center has-accent-color has-text-color has-medium-font-size\"><\/p>\n\n\n\n<p class=\"has-text-align-center has-accent-color has-text-color has-medium-font-size\"><\/p>\n\n\n\n<div class=\"wp-block-columns is-layout-flex wp-container-core-columns-is-layout-9d6595d7 wp-block-columns-is-layout-flex\">\n<div class=\"wp-block-column is-layout-flow wp-block-column-is-layout-flow\"><\/div>\n<\/div>\n","protected":false},"excerpt":{"rendered":"<p>NUEVA CONSTRUCCI\u00d3N VENTA ALQUILER NUESTRA OFICINA Somos Costa So\u00f1ada, una agencia inmobiliaria que trabaja en Altea, Altea Hills, Mascarat, Finestrat, y toda la Costa Blanca, con una gran variedad de propiedades de lujo. Estamos ubicados en el Puerto Campomanes, cont\u00e1ctanos o vis\u00edtanos en nuestra oficina para que podamos ayudarte a encontrar la casa de tus sue\u00f1os!<a class=\"more-link\" href=\"https:\/\/costasonada.es\/index.php\/property\/se-alquila-un-apartamento-en-benidorm\/\"><span>Read More &rarr;<\/span><\/a><\/p>\n","protected":false},"author":3,"featured_media":0,"parent":0,"menu_order":0,"comment_status":"closed","ping_status":"closed","template":"elementor_header_footer","meta":{"om_disable_all_campaigns":false,"footnotes":""},"class_list":["entry","author-3dvirtualtour","post-2","page","type-page","status-publish"],"aioseo_notices":[],"_links":{"self":[{"href":"https:\/\/costasonada.es\/index.php\/wp-json\/wp\/v2\/pages\/2","targetHints":{"allow":["GET"]}}],"collection":[{"href":"https:\/\/costasonada.es\/index.php\/wp-json\/wp\/v2\/pages"}],"about":[{"href":"https:\/\/costasonada.es\/index.php\/wp-json\/wp\/v2\/types\/page"}],"author":[{"embeddable":true,"href":"https:\/\/costasonada.es\/index.php\/wp-json\/wp\/v2\/users\/3"}],"replies":[{"embeddable":true,"href":"https:\/\/costasonada.es\/index.php\/wp-json\/wp\/v2\/comments?post=2"}],"version-history":[{"count":310,"href":"https:\/\/costasonada.es\/index.php\/wp-json\/wp\/v2\/pages\/2\/revisions"}],"predecessor-version":[{"id":18069,"href":"https:\/\/costasonada.es\/index.php\/wp-json\/wp\/v2\/pages\/2\/revisions\/18069"}],"wp:attachment":[{"href":"https:\/\/costasonada.es\/index.php\/wp-json\/wp\/v2\/media?parent=2"}],"curies":[{"name":"wp","href":"https:\/\/api.w.org\/{rel}","templated":true}]}}