{"id":38,"date":"2021-08-13T16:26:08","date_gmt":"2021-08-13T16:26:08","guid":{"rendered":"https:\/\/costasonada.es\/?page_id=38"},"modified":"2026-08-07T14:32:11","modified_gmt":"2026-08-07T12:32:11","slug":"propiedades","status":"publish","type":"page","link":"https:\/\/costasonada.es\/index.php\/propiedades\/","title":{"rendered":"Propiedades"},"content":{"rendered":" <div class=\"ich-settings-main-wrap\" data-autoscroll=\"enable\">\r\n<section id=\"rem-search-box\" class=\"rem-search-form-wrap no-margin search-property-page \">\r\n\t<form data-resselector=\"\" class=\"\" action=\"https:\/\/costasonada.es\/index.php\/search-results\/\" method=\"get\" id=\"search-property\" data-ajaxurl=\"https:\/\/costasonada.es\/wp-admin\/admin-ajax.php\" data-offset=\"15\">\r\n\t\t<input type=\"hidden\" name=\"order\" value=\"ASC\">\t\t<input type=\"hidden\" name=\"action\" value=\"rem_search_property\">\r\n\t\t<div class=\"search-container rem-search-1 fixed-map auto-complete\">\r\n\t<div class=\"search-options sample-page\">\r\n\t\t<div class=\"searcher\">\r\n\t\t\t<div class=\"row margin-div wcp-eq-height\">\r\n\r\n\t\t\t\t\t\t\t\t\r\n\t\t\t\t<input value=\"\" type=\"hidden\" name=\"search_property\" \/>\t\t\t\t\r\n\t\t\t\t\t\t\t\t\t\t<div class=\"col-sm-6 col-md-6 margin-bottom search-field\" data-condition_status=\"true\" data-condition_bound=\"all\" data-condition='[]'>\r\n\t\t\t\t\t\t\t<span id=\"span-property_ref\" data-text=\"ID\"><\/span>\r\n\t\t\t\t\t\t\t\t\t\t<input class=\"form-control\" type=\"text\" placeholder=\"ID\" name=\"property_ref\" id=\"property_ref\" value=\"\"\/>\r\n    \t\t\t\t\t\t\t\t<\/div>\r\n\t\t\t\t\t\t\t\t\t\t\t<div class=\"col-sm-6 col-md-6 margin-bottom search-field\" data-condition_status=\"true\" data-condition_bound=\"all\" data-condition='[]'>\r\n\t\t\t\t\t\t\t<span id=\"span-property_city\" data-text=\"Ciudad\"><\/span>\r\n\t\t\t\t\t\t\t\t\t<select class=\"rem-easydropdown\" data-settings='{\"cutOff\": 5}' name=\"property_city\" id=\"property_cityshortcode\">\r\n\t\t\t<option value=\"\">-- Ciudad --<\/option>\r\n\t\t\t\t<option value=\"Altea\" >Altea<\/option><option value=\"Altea Hills\" >Altea Hills<\/option><option value=\"Altea la Vella\" >Altea la Vella<\/option><option value=\"Alfas del Pi\" >Alfas del Pi<\/option><option value=\"Albir\" >Albir<\/option><option value=\"Benidorm\" >Benidorm<\/option><option value=\"Benissa\" >Benissa<\/option><option value=\"Benitachell\" >Benitachell<\/option><option value=\"Cala Villajoyosa\" >Cala Villajoyosa<\/option><option value=\"Calpe\" >Calpe<\/option><option value=\"Finestrat\" >Finestrat<\/option><option value=\"Javea\" >Javea<\/option><option value=\"La Nucia\" >La Nucia<\/option><option value=\"Mascarat\" >Mascarat<\/option><option value=\"Moraira\" >Moraira<\/option><option value=\"Polop\" >Polop<\/option><option value=\"Playa de San Juan\" >Playa de San Juan <\/option><option value=\"San Sebastian, Asturias\" >San Sebastian, Asturias<\/option><option value=\"Villajoyosa\" >Villajoyosa<\/option><option value=\"El Campello\" >El Campello<\/option>\t\t<\/select>\r\n\t\t\t\t\t\t\t\t<\/div>\r\n\t\t\t\t\t\t\t\t\t\t\t<div class=\"col-sm-6 col-md-6 margin-bottom search-field\" data-condition_status=\"true\" data-condition_bound=\"all\" data-condition='[]'>\r\n\t\t\t\t\t\t\t<span id=\"span-property_purpose\" data-text=\"Operaci\u00f3n\"><\/span>\r\n\t\t\t\t\t\t\t\t\t<select class=\"rem-easydropdown\" data-settings='{\"cutOff\": 5}' name=\"property_purpose\" id=\"property_purposeshortcode\">\r\n\t\t\t<option value=\"\">-- Operaci\u00f3n --<\/option>\r\n\t\t\t\t<option value=\"Venta\" >Venta<\/option><option value=\"Alquiler\" >Alquiler<\/option><option value=\"Vacacional\" >Vacacional<\/option>\t\t<\/select>\r\n\t\t\t\t\t\t\t\t<\/div>\r\n\t\t\t\t\t\t\t\t\t\t\t<div class=\"col-sm-6 col-md-6 margin-bottom search-field\" data-condition_status=\"true\" data-condition_bound=\"all\" data-condition='[]'>\r\n\t\t\t\t\t\t\t<span id=\"span-property_type\" data-text=\"Tipo de propiedad\"><\/span>\r\n\t\t\t\t\t\t\t\t\t<select class=\"rem-easydropdown\" data-settings='{\"cutOff\": 5}' name=\"property_type\" id=\"property_typeshortcode\">\r\n\t\t\t<option value=\"\">-- Tipo de propiedad --<\/option>\r\n\t\t\t\t<option value=\"Apartamento\" >Apartamento<\/option><option value=\"Atico\" >Atico<\/option><option value=\"Adosado\" >Adosado<\/option><option value=\"Bungalow\" >Bungalow<\/option><option value=\"Casa\" >Casa<\/option><option value=\"Chalet\" >Chalet<\/option><option value=\"D\u00faplex\" >D\u00faplex<\/option><option value=\"Villa de Lujo\" >Villa de Lujo<\/option><option value=\"Local\" >Local<\/option><option value=\"Parcela\" >Parcela<\/option>\t\t<\/select>\r\n\t\t\t\t\t\t\t\t<\/div>\r\n\t\t\t\t\t\t\t\t\t\t\t<div class=\"col-sm-6 col-md-6 margin-bottom search-field\" data-condition_status=\"true\" data-condition_bound=\"all\" data-condition='[]'>\r\n\t\t\t\t\t\t\t<span id=\"span-property_bedrooms\" data-text=\"Habitaciones\"><\/span>\r\n\t\t\t\t\t\t\t\t\t<select class=\"rem-easydropdown\" data-settings='{\"cutOff\": 5}' name=\"property_bedrooms\" id=\"property_bedroomsshortcode\">\r\n\t\t\t<option value=\"\">-- Habitaciones --<\/option>\r\n\t\t\t\t<option value=\"1\" >1<\/option><option value=\"2\" >2<\/option><option value=\"3\" >3<\/option><option value=\"4\" >4<\/option><option value=\"5\" >5<\/option><option value=\"6\" >6<\/option><option value=\"7\" >7<\/option><option value=\"8\" >8<\/option><option value=\"9\" >9<\/option>\t\t<\/select>\r\n\t\t\t\t\t\t\t\t<\/div>\r\n\t\t\t\t\t\t\t\t\t\r\n\t\t\t\t\r\n\t\t\t\t\r\n\t\t\t\t\t\t\t\t\t<div class=\"p-slide-wrap col-sm-6 col-md-6 margin-bottom\">\r\n\t\t\t\t\t\t\t\t\t<div class=\"row\">\r\n\t\t<div class=\"col-xs-5\"><input type=\"text\" class=\"form-control\" name=\"price_min\" placeholder=\"Min\" value=\"\"><\/div>\r\n\t\t<div class=\"col-xs-2 text-center\"><strong class=\"price-sep\">&euro;<\/strong><\/div>\r\n\t\t<div class=\"col-xs-5\"><input type=\"text\" class=\"form-control\" name=\"price_max\" placeholder=\"Max\" value=\"\"><\/div>\r\n\t<\/div>\r\n\t\t\t\t\t\t<\/div>\r\n\t\t\t\t\r\n\t\t\t\t\r\n\t\t\t<\/div>\r\n\t\t\t<div class=\"row filter hide-filter\">\r\n\t\t\t\t\t\t\t\t\t\t<div class=\"col-xs-6 col-sm-4 col-md-3\">\r\n\t\t\t\t\t\t\t\t\t\t\t\t\t\t<input class=\"labelauty\" type=\"checkbox\" name=\"detail_cbs[Piscina comunitaria]\" data-labelauty=\"Piscina comunitaria\">\r\n\t\t\t\t\t\t<\/div>\r\n\t\t\t\t\t\t\t\t\t\t\t<div class=\"col-xs-6 col-sm-4 col-md-3\">\r\n\t\t\t\t\t\t\t\t\t\t\t\t\t\t<input class=\"labelauty\" type=\"checkbox\" name=\"detail_cbs[Piscina privada]\" data-labelauty=\"Piscina privada\">\r\n\t\t\t\t\t\t<\/div>\r\n\t\t\t\t\t\t\t\t\t\t\t<div class=\"col-xs-6 col-sm-4 col-md-3\">\r\n\t\t\t\t\t\t\t\t\t\t\t\t\t\t<input class=\"labelauty\" type=\"checkbox\" name=\"detail_cbs[Garage]\" data-labelauty=\"Garage\">\r\n\t\t\t\t\t\t<\/div>\r\n\t\t\t\t\t\t\t\t\t\t\t<div class=\"col-xs-6 col-sm-4 col-md-3\">\r\n\t\t\t\t\t\t\t\t\t\t\t\t\t\t<input class=\"labelauty\" type=\"checkbox\" name=\"detail_cbs[Parking]\" data-labelauty=\"Parking\">\r\n\t\t\t\t\t\t<\/div>\r\n\t\t\t\t\t\t\t\t\t\t\t<div class=\"col-xs-6 col-sm-4 col-md-3\">\r\n\t\t\t\t\t\t\t\t\t\t\t\t\t\t<input class=\"labelauty\" type=\"checkbox\" name=\"detail_cbs[Calefacci\u00f3n]\" data-labelauty=\"Calefacci\u00f3n\">\r\n\t\t\t\t\t\t<\/div>\r\n\t\t\t\t\t\t\t\t\t\t\t<div class=\"col-xs-6 col-sm-4 col-md-3\">\r\n\t\t\t\t\t\t\t\t\t\t\t\t\t\t<input class=\"labelauty\" type=\"checkbox\" name=\"detail_cbs[Aire acondicionado]\" data-labelauty=\"Aire acondicionado\">\r\n\t\t\t\t\t\t<\/div>\r\n\t\t\t\t\t\t\t\t\t\t\t<div class=\"col-xs-6 col-sm-4 col-md-3\">\r\n\t\t\t\t\t\t\t\t\t\t\t\t\t\t<input class=\"labelauty\" type=\"checkbox\" name=\"detail_cbs[Terraza]\" data-labelauty=\"Terraza\">\r\n\t\t\t\t\t\t<\/div>\r\n\t\t\t\t\t\t\t\t\t\t\t<div class=\"col-xs-6 col-sm-4 col-md-3\">\r\n\t\t\t\t\t\t\t\t\t\t\t\t\t\t<input class=\"labelauty\" type=\"checkbox\" name=\"detail_cbs[Vistas al mar]\" data-labelauty=\"Vistas al mar\">\r\n\t\t\t\t\t\t<\/div>\r\n\t\t\t\t\t\t\t\t\t\t\t<div class=\"col-xs-6 col-sm-4 col-md-3\">\r\n\t\t\t\t\t\t\t\t\t\t\t\t\t\t<input class=\"labelauty\" type=\"checkbox\" name=\"detail_cbs[Vista a la monta\u00f1a]\" data-labelauty=\"Vista a la monta\u00f1a\">\r\n\t\t\t\t\t\t<\/div>\r\n\t\t\t\t\t\t\t\t\t\t\t<div class=\"col-xs-6 col-sm-4 col-md-3\">\r\n\t\t\t\t\t\t\t\t\t\t\t\t\t\t<input class=\"labelauty\" type=\"checkbox\" name=\"detail_cbs[Primera linea]\" data-labelauty=\"Primera linea\">\r\n\t\t\t\t\t\t<\/div>\r\n\t\t\t\t\t\t\t\t\t\t\t<div class=\"col-xs-6 col-sm-4 col-md-3\">\r\n\t\t\t\t\t\t\t\t\t\t\t\t\t\t<input class=\"labelauty\" type=\"checkbox\" name=\"detail_cbs[Nuevo construccion]\" data-labelauty=\"Nuevo construccion\">\r\n\t\t\t\t\t\t<\/div>\r\n\t\t\t\t\t\t\t\t\t\t\t<div class=\"col-xs-6 col-sm-4 col-md-3\">\r\n\t\t\t\t\t\t\t\t\t\t\t\t\t\t<input class=\"labelauty\" type=\"checkbox\" name=\"detail_cbs[Amueblado]\" data-labelauty=\"Amueblado\">\r\n\t\t\t\t\t\t<\/div>\r\n\t\t\t\t\t\t\t\t\t\t\t<div class=\"col-xs-6 col-sm-4 col-md-3\">\r\n\t\t\t\t\t\t\t\t\t\t\t\t\t\t<input class=\"labelauty\" type=\"checkbox\" name=\"detail_cbs[Semi amueblado]\" data-labelauty=\"Semi amueblado\">\r\n\t\t\t\t\t\t<\/div>\r\n\t\t\t\t\t\t\t\t\t\t\t<div class=\"col-xs-6 col-sm-4 col-md-3\">\r\n\t\t\t\t\t\t\t\t\t\t\t\t\t\t<input class=\"labelauty\" type=\"checkbox\" name=\"detail_cbs[Reformado]\" data-labelauty=\"Reformado\">\r\n\t\t\t\t\t\t<\/div>\r\n\t\t\t\t\t\t\t\t\t\t\t<div class=\"col-xs-6 col-sm-4 col-md-3\">\r\n\t\t\t\t\t\t\t\t\t\t\t\t\t\t<input class=\"labelauty\" type=\"checkbox\" name=\"detail_cbs[Jard\u00edn]\" data-labelauty=\"Jard\u00edn\">\r\n\t\t\t\t\t\t<\/div>\r\n\t\t\t\t\t\t\t\t\t\t\t<div class=\"col-xs-6 col-sm-4 col-md-3\">\r\n\t\t\t\t\t\t\t\t\t\t\t\t\t\t<input class=\"labelauty\" type=\"checkbox\" name=\"detail_cbs[Admite mascotas]\" data-labelauty=\"Admite mascotas\">\r\n\t\t\t\t\t\t<\/div>\r\n\t\t\t\t\t\t\t\t\t\t\t<div class=\"col-xs-6 col-sm-4 col-md-3\">\r\n\t\t\t\t\t\t\t\t\t\t\t\t\t\t<input class=\"labelauty\" type=\"checkbox\" name=\"detail_cbs[Adaptado para uso con silla de ruedas]\" data-labelauty=\"Adaptado para uso con silla de ruedas\">\r\n\t\t\t\t\t\t<\/div>\r\n\t\t\t\t\t\t\t\t\t\t\t<div class=\"col-xs-6 col-sm-4 col-md-3\">\r\n\t\t\t\t\t\t\t\t\t\t\t\t\t\t<input class=\"labelauty\" type=\"checkbox\" name=\"detail_cbs[Lavander\u00eda]\" data-labelauty=\"Lavander\u00eda\">\r\n\t\t\t\t\t\t<\/div>\r\n\t\t\t\t\t\t\t\t\t\t\t<div class=\"col-xs-6 col-sm-4 col-md-3\">\r\n\t\t\t\t\t\t\t\t\t\t\t\t\t\t<input class=\"labelauty\" type=\"checkbox\" name=\"detail_cbs[Chimenea]\" data-labelauty=\"Chimenea\">\r\n\t\t\t\t\t\t<\/div>\r\n\t\t\t\t\t\t\t\t\t\t\t<div class=\"col-xs-6 col-sm-4 col-md-3\">\r\n\t\t\t\t\t\t\t\t\t\t\t\t\t\t<input class=\"labelauty\" type=\"checkbox\" name=\"detail_cbs[Cocina equipada]\" data-labelauty=\"Cocina equipada\">\r\n\t\t\t\t\t\t<\/div>\r\n\t\t\t\t\t\t\t\t\t\t\t<div class=\"col-xs-6 col-sm-4 col-md-3\">\r\n\t\t\t\t\t\t\t\t\t\t\t\t\t\t<input class=\"labelauty\" type=\"checkbox\" name=\"detail_cbs[Zona Comunitaria]\" data-labelauty=\"Zona Comunitaria\">\r\n\t\t\t\t\t\t<\/div>\r\n\t\t\t\t\t\t\t\t<\/div><!-- .\/filter -->\r\n\t\t\t<div class=\"margin-div footer\">\r\n\t\t\t\t\t\t\t\t\t<button type=\"button\" class=\"btn btn-default more-button\">\r\n\t\t\t\t\t\tM\u00e1s filtros\t\t\t\t\t<\/button>\r\n\t\t\t\t\t\t\t\t\t\t\t\t<button type=\"submit\" class=\"btn btn-default search-button\">\r\n\t\t\t\t\tBuscar\t\t\t\t<\/button>\r\n\t\t\t\t\t\t\t<\/div><!-- .\/footer -->\r\n\t\t<\/div><!-- .\/searcher -->\r\n\t<\/div><!-- search-options -->\r\n<\/div><!-- search-container fixed-map -->\t<\/form>\r\n<\/section>\r\n\r\n<section id=\"grid-content\" class=\"search-results\">\r\n\t<div class=\"loader text-center margin-bottom\" style=\"display:none;margin-top:20px;\">\r\n\t\t<img decoding=\"async\" src=\"https:\/\/costasonada.es\/wp-content\/plugins\/real-estate-manager-pro\/assets\/images\/ajax-loader.gif\" alt=\"Cargando...\">\r\n\t<\/div>\r\n\t<div class=\"searched-properties\">\r\n\t\t\t<\/div>\r\n\t<\/section>\r\n<\/div>\n\n\n\r\n\t<div\r\n\t\tclass=\"ich-settings-main-wrap rem-listings-wrap-ajax-disable\"\r\n\t \tdata-lstyle=\"2\"\r\n\t \tdata-cols=\"col-sm-4 m-item\"\r\n\t \tdata-paged=\"1\"\r\n\t \tdata-total=\"12\"\r\n\t>\r\n\r\n\r\n\t\t\r\n\t<div class=\"row \"><div id=\"property-25854\"  class=\"entry author-demian col-sm-4 m-item post-25854 rem_property type-rem_property status-publish has-post-thumbnail rem_property_tag-alquiler rem_property_tag-calpe rem_property_tag-casa rem_property_tag-chalet rem_property_tag-costa-sonada rem_property_cat-calpe\"><div class=\"rem-style-2 rem-property-box\" style=\"overflow:hidden;white-space:nowrap;\">\n\t<div class=\"img-container\">\n\t\t<a target=\"\" href=\"https:\/\/costasonada.es\/index.php\/property\/e-1875-piso-en-alquiler-2h1b\/\">\n\t\t\t\n            <span class=\"address-text\">\n                <i class=\"fa fa-map-marker-alt\"><\/i>\n                Calpe, 03710            <\/span>\n            <span class=\"images-text\">\n                <i class=\"fa fa-camera\"><\/i>\n                33            <\/span>\n\t\t\t<img fetchpriority=\"high\" decoding=\"async\" width=\"550\" height=\"250\" src=\"https:\/\/costasonada.es\/wp-content\/uploads\/2026\/09\/INMOBILIARIA_COSTA_SONADA_ALQUILER_CASA_CALPE-20-550x250.jpg\" class=\"img-responsive rem-f-image wp-post-image\" alt=\"\" data-pid=\"25854\" itemprop=\"image\" \/>\t\t<\/a>\n\t<\/div>\n\n\t<div class=\"content-container\">\n\t\t<a target=\"\" href=\"https:\/\/costasonada.es\/index.php\/property\/e-1875-piso-en-alquiler-2h1b\/\">\n\t\t    <h2 class=\"property-title\" style=\"color:gray;font-size:10px;\">\u20ac 1875, casa en alquiler, 2h1b, 110m2, calpe<\/h2> \n\t\t<\/a>\n\t\t<p class=\"property-price\" style=\"color:black;font-weight:550;margin-bottom:0;\">\n                           <span class=\"price\"><span class=\"rem-price-amount\"><span class=\"rem-currency-symbol\">&euro;<\/span>1,875<\/span><\/span> \n            \t\t<\/p>\n\n        <style>\n    .right-align {\n        text-align: right;\n    }\n    .remove-margin-padding {\n        margin: 0;\n        padding: 0;\n    }\n<\/style>\n\n<table class=\"remove-margin-padding\">\n    <tr class=\"remove-margin-padding\">\n        <td class=\"remove-margin-padding\">\n                        <div class=\"detail inline-property-icons\">\r\n                                                                                                                            <span title=\"Domitorios\" class=\"rem-info\">\r\n                                    <i class=\"fa fa-bed\"><\/i> &nbsp;\r\n                                    2                                <\/span>\r\n                                                                                                                                                                                    <span title=\"Ba\u00f1os\" class=\"rem-info\">\r\n                                    <i class=\"fa fa-bath\"><\/i> &nbsp;\r\n                                    1                                <\/span>\r\n                                                                                                                                                                                    <span title=\"Superficie\" class=\"rem-info\">\r\n                                    <i class=\"fa fa-arrows-alt\"><\/i> &nbsp;\r\n                                    90 m2                                <\/span>\r\n                                                                                    <\/div>\r\n                <\/td>\n<td class=\"right-align remove-margin-padding\">\n    <h5 style=\"color:#666666;\">CSD25854CN<\/h5><\/td>\n\n    <\/tr>\n<\/table>\n\t<\/div>\n<\/div><\/div><div id=\"property-25780\"  class=\"entry author-demian col-sm-4 m-item post-25780 rem_property type-rem_property status-publish has-post-thumbnail rem_property_tag-alquiler rem_property_tag-benitachell rem_property_tag-casa rem_property_tag-chalet rem_property_tag-costa-sonada rem_property_tag-espana rem_property_cat-benitachell\"><div class=\"rem-style-2 rem-property-box\" style=\"overflow:hidden;white-space:nowrap;\">\n\t<div class=\"img-container\">\n\t\t<a target=\"\" href=\"https:\/\/costasonada.es\/index.php\/property\/e-2000-casa-en-alquiler-3h3b-250m2-benitachell\/\">\n\t\t\t\n            <span class=\"address-text\">\n                <i class=\"fa fa-map-marker-alt\"><\/i>\n                Benitachell, 03726            <\/span>\n            <span class=\"images-text\">\n                <i class=\"fa fa-camera\"><\/i>\n                72            <\/span>\n\t\t\t<img decoding=\"async\" width=\"550\" height=\"250\" src=\"https:\/\/costasonada.es\/wp-content\/uploads\/2026\/09\/WhatsApp-Image-2026-09-04-at-18.05.04-2-550x250.jpeg\" class=\"img-responsive rem-f-image wp-post-image\" alt=\"\" data-pid=\"25780\" itemprop=\"image\" \/>\t\t<\/a>\n\t<\/div>\n\n\t<div class=\"content-container\">\n\t\t<a target=\"\" href=\"https:\/\/costasonada.es\/index.php\/property\/e-2000-casa-en-alquiler-3h3b-250m2-benitachell\/\">\n\t\t    <h2 class=\"property-title\" style=\"color:gray;font-size:10px;\">\u20ac 2000, casa en alquiler, 3h3b, 250m2, benitachell<\/h2> \n\t\t<\/a>\n\t\t<p class=\"property-price\" style=\"color:black;font-weight:550;margin-bottom:0;\">\n                           <span class=\"price\"><span class=\"rem-price-amount\"><span class=\"rem-currency-symbol\">&euro;<\/span>2,000<\/span><\/span> \n            \t\t<\/p>\n\n        <style>\n    .right-align {\n        text-align: right;\n    }\n    .remove-margin-padding {\n        margin: 0;\n        padding: 0;\n    }\n<\/style>\n\n<table class=\"remove-margin-padding\">\n    <tr class=\"remove-margin-padding\">\n        <td class=\"remove-margin-padding\">\n                        <div class=\"detail inline-property-icons\">\r\n                                                                                                                            <span title=\"Domitorios\" class=\"rem-info\">\r\n                                    <i class=\"fa fa-bed\"><\/i> &nbsp;\r\n                                    3                                <\/span>\r\n                                                                                                                                                                                    <span title=\"Ba\u00f1os\" class=\"rem-info\">\r\n                                    <i class=\"fa fa-bath\"><\/i> &nbsp;\r\n                                    3                                <\/span>\r\n                                                                                                                                                                                    <span title=\"Superficie\" class=\"rem-info\">\r\n                                    <i class=\"fa fa-arrows-alt\"><\/i> &nbsp;\r\n                                    150 m2                                <\/span>\r\n                                                                                    <\/div>\r\n                <\/td>\n<td class=\"right-align remove-margin-padding\">\n    <h5 style=\"color:#666666;\">CSD25780BM<\/h5><\/td>\n\n    <\/tr>\n<\/table>\n\t<\/div>\n<\/div><\/div><div id=\"property-25738\"  class=\"entry author-demian col-sm-4 m-item post-25738 rem_property type-rem_property status-publish has-post-thumbnail rem_property_tag-alquiler rem_property_tag-casa rem_property_tag-chalet rem_property_tag-con-las-vistas rem_property_tag-costa-sonada rem_property_tag-espana rem_property_tag-lujo rem_property_tag-montanas rem_property_tag-villa rem_property_tag-vista-al-mar rem_property_cat-moraira\"><div class=\"rem-style-2 rem-property-box\" style=\"overflow:hidden;white-space:nowrap;\">\n\t<div class=\"img-container\">\n\t\t<a target=\"\" href=\"https:\/\/costasonada.es\/index.php\/property\/e-2500-piso-en-alquiler-4h4b-220m2-moraira\/\">\n\t\t\t\n            <span class=\"address-text\">\n                <i class=\"fa fa-map-marker-alt\"><\/i>\n                Moraira, 03724             <\/span>\n            <span class=\"images-text\">\n                <i class=\"fa fa-camera\"><\/i>\n                24            <\/span>\n\t\t\t<img decoding=\"async\" width=\"550\" height=\"250\" src=\"https:\/\/costasonada.es\/wp-content\/uploads\/2026\/09\/INMOBILIARIA_COSTA_SONADA_ALQUILER_MORAIRA_VILLA-1-550x250.jpg\" class=\"img-responsive rem-f-image wp-post-image\" alt=\"\" data-pid=\"25738\" itemprop=\"image\" \/>\t\t<\/a>\n\t<\/div>\n\n\t<div class=\"content-container\">\n\t\t<a target=\"\" href=\"https:\/\/costasonada.es\/index.php\/property\/e-2500-piso-en-alquiler-4h4b-220m2-moraira\/\">\n\t\t    <h2 class=\"property-title\" style=\"color:gray;font-size:10px;\">\u20ac 2500, piso en alquiler, 4h4b, 220m2, Moraira<\/h2> \n\t\t<\/a>\n\t\t<p class=\"property-price\" style=\"color:black;font-weight:550;margin-bottom:0;\">\n                           <span class=\"price\"><span class=\"rem-price-amount\"><span class=\"rem-currency-symbol\">&euro;<\/span>2,500<\/span><\/span> \n            \t\t<\/p>\n\n        <style>\n    .right-align {\n        text-align: right;\n    }\n    .remove-margin-padding {\n        margin: 0;\n        padding: 0;\n    }\n<\/style>\n\n<table class=\"remove-margin-padding\">\n    <tr class=\"remove-margin-padding\">\n        <td class=\"remove-margin-padding\">\n                        <div class=\"detail inline-property-icons\">\r\n                                                                                                                            <span title=\"Domitorios\" class=\"rem-info\">\r\n                                    <i class=\"fa fa-bed\"><\/i> &nbsp;\r\n                                    4                                <\/span>\r\n                                                                                                                                                                                    <span title=\"Ba\u00f1os\" class=\"rem-info\">\r\n                                    <i class=\"fa fa-bath\"><\/i> &nbsp;\r\n                                    4                                <\/span>\r\n                                                                                                                                                                                    <span title=\"Superficie\" class=\"rem-info\">\r\n                                    <i class=\"fa fa-arrows-alt\"><\/i> &nbsp;\r\n                                    220 m2                                <\/span>\r\n                                                                                    <\/div>\r\n                <\/td>\n<td class=\"right-align remove-margin-padding\">\n    <h5 style=\"color:#666666;\">CSD25738ML<\/h5><\/td>\n\n    <\/tr>\n<\/table>\n\t<\/div>\n<\/div><\/div><div id=\"property-25506\"  class=\"entry author-demian col-sm-4 m-item post-25506 rem_property type-rem_property status-publish rem_property_tag-alquiler rem_property_tag-apartamento rem_property_tag-con-las-vistas rem_property_tag-costa-sonada rem_property_tag-espana rem_property_cat-alfas-del-pi\"><div class=\"rem-style-2 rem-property-box\" style=\"overflow:hidden;white-space:nowrap;\">\n\t<div class=\"img-container\">\n\t\t<a target=\"\" href=\"https:\/\/costasonada.es\/index.php\/property\/e-1450-piso-en-alquiler-2h2b-82m2-alfaz-del-pi\/\">\n\t\t\t\n            <span class=\"address-text\">\n                <i class=\"fa fa-map-marker-alt\"><\/i>\n                Alfas del Pi, 03580            <\/span>\n            <span class=\"images-text\">\n                <i class=\"fa fa-camera\"><\/i>\n                43            <\/span>\n\t\t\t<img loading=\"lazy\" decoding=\"async\" width=\"550\" height=\"250\" src=\"https:\/\/costasonada.es\/wp-content\/uploads\/2026\/09\/WhatsApp-Image-2026-08-31-at-13.13.42-550x250.jpeg\" class=\"img-responsive rem-f-image\" alt=\"\" data-pid=\"25506\" \/>\t\t<\/a>\n\t<\/div>\n\n\t<div class=\"content-container\">\n\t\t<a target=\"\" href=\"https:\/\/costasonada.es\/index.php\/property\/e-1450-piso-en-alquiler-2h2b-82m2-alfaz-del-pi\/\">\n\t\t    <h2 class=\"property-title\" style=\"color:gray;font-size:10px;\">\u20ac 1450, piso en alquiler, 2h2b, 82m2, Alfaz del pi<\/h2> \n\t\t<\/a>\n\t\t<p class=\"property-price\" style=\"color:black;font-weight:550;margin-bottom:0;\">\n                           <span class=\"price\"><span class=\"rem-price-amount\"><span class=\"rem-currency-symbol\">&euro;<\/span>1,450<\/span><\/span> \n            \t\t<\/p>\n\n        <style>\n    .right-align {\n        text-align: right;\n    }\n    .remove-margin-padding {\n        margin: 0;\n        padding: 0;\n    }\n<\/style>\n\n<table class=\"remove-margin-padding\">\n    <tr class=\"remove-margin-padding\">\n        <td class=\"remove-margin-padding\">\n                        <div class=\"detail inline-property-icons\">\r\n                                                                                                                            <span title=\"Domitorios\" class=\"rem-info\">\r\n                                    <i class=\"fa fa-bed\"><\/i> &nbsp;\r\n                                    2                                <\/span>\r\n                                                                                                                                                                                    <span title=\"Ba\u00f1os\" class=\"rem-info\">\r\n                                    <i class=\"fa fa-bath\"><\/i> &nbsp;\r\n                                    2                                <\/span>\r\n                                                                                                                                                                                    <span title=\"Superficie\" class=\"rem-info\">\r\n                                    <i class=\"fa fa-arrows-alt\"><\/i> &nbsp;\r\n                                    82 m2                                <\/span>\r\n                                                                                    <\/div>\r\n                <\/td>\n<td class=\"right-align remove-margin-padding\">\n    <h5 style=\"color:#666666;\">CSD25506APB<\/h5><\/td>\n\n    <\/tr>\n<\/table>\n\t<\/div>\n<\/div><\/div><div id=\"property-25429\"  class=\"entry author-demian col-sm-4 m-item post-25429 rem_property type-rem_property status-publish has-post-thumbnail rem_property_tag-alquiler rem_property_tag-casa rem_property_tag-con-las-vistas rem_property_tag-espana rem_property_tag-finestrat rem_property_tag-lujo rem_property_tag-montanas rem_property_tag-vista-al-mar rem_property_cat-finestrat\"><div class=\"rem-style-2 rem-property-box\" style=\"overflow:hidden;white-space:nowrap;\">\n\t<div class=\"img-container\">\n\t\t<a target=\"\" href=\"https:\/\/costasonada.es\/index.php\/property\/e-5500-casa-en-alquiler-6h3b-240m2-finestrat\/\">\n\t\t\t\n            <span class=\"address-text\">\n                <i class=\"fa fa-map-marker-alt\"><\/i>\n                Finestrat, 03509            <\/span>\n            <span class=\"images-text\">\n                <i class=\"fa fa-camera\"><\/i>\n                74            <\/span>\n\t\t\t<img loading=\"lazy\" decoding=\"async\" width=\"550\" height=\"250\" src=\"https:\/\/costasonada.es\/wp-content\/uploads\/2026\/09\/91b2a2a3-060f-46fc-bd91-130f30caa7ae-550x250.jpg\" class=\"img-responsive rem-f-image wp-post-image\" alt=\"\" data-pid=\"25429\" itemprop=\"image\" \/>\t\t<\/a>\n\t<\/div>\n\n\t<div class=\"content-container\">\n\t\t<a target=\"\" href=\"https:\/\/costasonada.es\/index.php\/property\/e-5500-casa-en-alquiler-6h3b-240m2-finestrat\/\">\n\t\t    <h2 class=\"property-title\" style=\"color:gray;font-size:10px;\">\u20ac 5500, casa en alquiler, 6h3b, 240m2, Finestrat<\/h2> \n\t\t<\/a>\n\t\t<p class=\"property-price\" style=\"color:black;font-weight:550;margin-bottom:0;\">\n                           <span class=\"price\"><span class=\"rem-price-amount\"><span class=\"rem-currency-symbol\">&euro;<\/span>5,500<\/span><\/span> \n            \t\t<\/p>\n\n        <style>\n    .right-align {\n        text-align: right;\n    }\n    .remove-margin-padding {\n        margin: 0;\n        padding: 0;\n    }\n<\/style>\n\n<table class=\"remove-margin-padding\">\n    <tr class=\"remove-margin-padding\">\n        <td class=\"remove-margin-padding\">\n                        <div class=\"detail inline-property-icons\">\r\n                                                                                                                            <span title=\"Domitorios\" class=\"rem-info\">\r\n                                    <i class=\"fa fa-bed\"><\/i> &nbsp;\r\n                                    6                                <\/span>\r\n                                                                                                                                                                                    <span title=\"Ba\u00f1os\" class=\"rem-info\">\r\n                                    <i class=\"fa fa-bath\"><\/i> &nbsp;\r\n                                    3                                <\/span>\r\n                                                                                                                                <\/div>\r\n                <\/td>\n<td class=\"right-align remove-margin-padding\">\n    <h5 style=\"color:#666666;\">CSD25429FA<\/h5><\/td>\n\n    <\/tr>\n<\/table>\n\t<\/div>\n<\/div><\/div><div id=\"property-25415\"  class=\"entry author-demian col-sm-4 m-item post-25415 rem_property type-rem_property status-publish has-post-thumbnail rem_property_tag-alquiler rem_property_tag-apartamento rem_property_tag-calpe rem_property_tag-con-las-vistas rem_property_tag-costa-sonada rem_property_tag-espana rem_property_cat-alfas-del-pi\"><div class=\"rem-style-2 rem-property-box\" style=\"overflow:hidden;white-space:nowrap;\">\n\t<div class=\"img-container\">\n\t\t<a target=\"\" href=\"https:\/\/costasonada.es\/index.php\/property\/e-1300-piso-en-alquiler-2h2b-70m2-alfaz-del-pi\/\">\n\t\t\t\n            <span class=\"address-text\">\n                <i class=\"fa fa-map-marker-alt\"><\/i>\n                Alfas del Pi, 03580            <\/span>\n            <span class=\"images-text\">\n                <i class=\"fa fa-camera\"><\/i>\n                12            <\/span>\n\t\t\t<img loading=\"lazy\" decoding=\"async\" width=\"550\" height=\"250\" src=\"https:\/\/costasonada.es\/wp-content\/uploads\/2026\/09\/15A2C9D2-E44C-4D61-AC73-96160F557E04-550x250.jpg\" class=\"img-responsive rem-f-image wp-post-image\" alt=\"\" data-pid=\"25415\" itemprop=\"image\" \/>\t\t<\/a>\n\t<\/div>\n\n\t<div class=\"content-container\">\n\t\t<a target=\"\" href=\"https:\/\/costasonada.es\/index.php\/property\/e-1300-piso-en-alquiler-2h2b-70m2-alfaz-del-pi\/\">\n\t\t    <h2 class=\"property-title\" style=\"color:gray;font-size:10px;\">\u20ac 1300, piso en alquiler, 2h2b, 70m2, Alfaz del pi<\/h2> \n\t\t<\/a>\n\t\t<p class=\"property-price\" style=\"color:black;font-weight:550;margin-bottom:0;\">\n                           <span class=\"price\"><span class=\"rem-price-amount\"><span class=\"rem-currency-symbol\">&euro;<\/span>1,300<\/span><\/span> \n            \t\t<\/p>\n\n        <style>\n    .right-align {\n        text-align: right;\n    }\n    .remove-margin-padding {\n        margin: 0;\n        padding: 0;\n    }\n<\/style>\n\n<table class=\"remove-margin-padding\">\n    <tr class=\"remove-margin-padding\">\n        <td class=\"remove-margin-padding\">\n                        <div class=\"detail inline-property-icons\">\r\n                                                                                                                            <span title=\"Domitorios\" class=\"rem-info\">\r\n                                    <i class=\"fa fa-bed\"><\/i> &nbsp;\r\n                                    2                                <\/span>\r\n                                                                                                                                                                                    <span title=\"Ba\u00f1os\" class=\"rem-info\">\r\n                                    <i class=\"fa fa-bath\"><\/i> &nbsp;\r\n                                    2                                <\/span>\r\n                                                                                                                                                                                    <span title=\"Superficie\" class=\"rem-info\">\r\n                                    <i class=\"fa fa-arrows-alt\"><\/i> &nbsp;\r\n                                    70 m2                                <\/span>\r\n                                                                                    <\/div>\r\n                <\/td>\n<td class=\"right-align remove-margin-padding\">\n    <h5 style=\"color:#666666;\">CSD25415AA<\/h5><\/td>\n\n    <\/tr>\n<\/table>\n\t<\/div>\n<\/div><\/div><div id=\"property-25413\"  class=\"entry author-3dvirtualtour col-sm-4 m-item post-25413 rem_property type-rem_property status-publish has-post-thumbnail rem_property_tag-benissa rem_property_tag-chalet rem_property_tag-costa-sonada rem_property_tag-pueblo rem_property_tag-venta rem_property_cat-benissa\"><div class=\"rem-style-2 rem-property-box\" style=\"overflow:hidden;white-space:nowrap;\">\n\t<div class=\"img-container\">\n\t\t<a target=\"\" href=\"https:\/\/costasonada.es\/index.php\/property\/e-650-000-casa-en-venta-5h-4b-270m2-benissa\/\">\n\t\t\t\n            <span class=\"address-text\">\n                <i class=\"fa fa-map-marker-alt\"><\/i>\n                Benissa, 03720            <\/span>\n            <span class=\"images-text\">\n                <i class=\"fa fa-camera\"><\/i>\n                78            <\/span>\n\t\t\t<img loading=\"lazy\" decoding=\"async\" width=\"550\" height=\"250\" src=\"https:\/\/costasonada.es\/wp-content\/uploads\/2026\/09\/INMOBILIARIA_COSTA_SONADA_VENDE_CASA_ANTIGUA_CASCO_HISTORICO_BENISSA-69-550x250.jpg\" class=\"img-responsive rem-f-image wp-post-image\" alt=\"\" data-pid=\"25413\" itemprop=\"image\" \/>\t\t<\/a>\n\t<\/div>\n\n\t<div class=\"content-container\">\n\t\t<a target=\"\" href=\"https:\/\/costasonada.es\/index.php\/property\/e-650-000-casa-en-venta-5h-4b-270m2-benissa\/\">\n\t\t    <h2 class=\"property-title\" style=\"color:gray;font-size:10px;\">\u20ac 650.000, Casa en venta, 5H\/4B, 270m2, Benissa<\/h2> \n\t\t<\/a>\n\t\t<p class=\"property-price\" style=\"color:black;font-weight:550;margin-bottom:0;\">\n                           <span class=\"price\"><span class=\"rem-price-amount\"><span class=\"rem-currency-symbol\">&euro;<\/span>650,000<\/span><\/span> \n            \t\t<\/p>\n\n        <style>\n    .right-align {\n        text-align: right;\n    }\n    .remove-margin-padding {\n        margin: 0;\n        padding: 0;\n    }\n<\/style>\n\n<table class=\"remove-margin-padding\">\n    <tr class=\"remove-margin-padding\">\n        <td class=\"remove-margin-padding\">\n                        <div class=\"detail inline-property-icons\">\r\n                                                                                                                            <span title=\"Domitorios\" class=\"rem-info\">\r\n                                    <i class=\"fa fa-bed\"><\/i> &nbsp;\r\n                                    5                                <\/span>\r\n                                                                                                                                                                                    <span title=\"Ba\u00f1os\" class=\"rem-info\">\r\n                                    <i class=\"fa fa-bath\"><\/i> &nbsp;\r\n                                    4                                <\/span>\r\n                                                                                                                                <\/div>\r\n                <\/td>\n<td class=\"right-align remove-margin-padding\">\n    <h5 style=\"color:#666666;\">CSN25413BJ<\/h5><\/td>\n\n    <\/tr>\n<\/table>\n\t<\/div>\n<\/div><\/div><div id=\"property-25333\"  class=\"entry author-3dvirtualtour col-sm-4 m-item post-25333 rem_property type-rem_property status-publish has-post-thumbnail rem_property_tag-alquiler rem_property_tag-benissa rem_property_tag-casa rem_property_tag-costa-sonada rem_property_tag-pueblo rem_property_cat-benissa\"><div class=\"rem-style-2 rem-property-box\" style=\"overflow:hidden;white-space:nowrap;\">\n\t<div class=\"img-container\">\n\t\t<a target=\"\" href=\"https:\/\/costasonada.es\/index.php\/property\/e-2000-casa-en-alquiler-5h-4b-270m2-benissa\/\">\n\t\t\t\n            <span class=\"address-text\">\n                <i class=\"fa fa-map-marker-alt\"><\/i>\n                Benissa, 03720            <\/span>\n            <span class=\"images-text\">\n                <i class=\"fa fa-camera\"><\/i>\n                78            <\/span>\n\t\t\t<img loading=\"lazy\" decoding=\"async\" width=\"550\" height=\"250\" src=\"https:\/\/costasonada.es\/wp-content\/uploads\/2026\/09\/INMOBILIARIA_COSTA_SONADA_VENDE_CASA_ANTIGUA_CASCO_HISTORICO_BENISSA-65-550x250.jpg\" class=\"img-responsive rem-f-image wp-post-image\" alt=\"\" data-pid=\"25333\" itemprop=\"image\" \/>\t\t<\/a>\n\t<\/div>\n\n\t<div class=\"content-container\">\n\t\t<a target=\"\" href=\"https:\/\/costasonada.es\/index.php\/property\/e-2000-casa-en-alquiler-5h-4b-270m2-benissa\/\">\n\t\t    <h2 class=\"property-title\" style=\"color:gray;font-size:10px;\">\u20ac 2000, Casa en Alquiler, 5H\/4B, 270m2, Benissa<\/h2> \n\t\t<\/a>\n\t\t<p class=\"property-price\" style=\"color:black;font-weight:550;margin-bottom:0;\">\n                           <span class=\"price\"><span class=\"rem-price-amount\"><span class=\"rem-currency-symbol\">&euro;<\/span>2,000<\/span><\/span> \n            \t\t<\/p>\n\n        <style>\n    .right-align {\n        text-align: right;\n    }\n    .remove-margin-padding {\n        margin: 0;\n        padding: 0;\n    }\n<\/style>\n\n<table class=\"remove-margin-padding\">\n    <tr class=\"remove-margin-padding\">\n        <td class=\"remove-margin-padding\">\n                        <div class=\"detail inline-property-icons\">\r\n                                                                                                                            <span title=\"Domitorios\" class=\"rem-info\">\r\n                                    <i class=\"fa fa-bed\"><\/i> &nbsp;\r\n                                    5                                <\/span>\r\n                                                                                                                                                                                    <span title=\"Ba\u00f1os\" class=\"rem-info\">\r\n                                    <i class=\"fa fa-bath\"><\/i> &nbsp;\r\n                                    4                                <\/span>\r\n                                                                                                                                <\/div>\r\n                <\/td>\n<td class=\"right-align remove-margin-padding\">\n    <h5 style=\"color:#666666;\">CSN25333BJ<\/h5><\/td>\n\n    <\/tr>\n<\/table>\n\t<\/div>\n<\/div><\/div><div id=\"property-25324\"  class=\"entry author-eric col-sm-4 m-item post-25324 rem_property type-rem_property status-publish has-post-thumbnail rem_property_tag-alquiler rem_property_tag-apartamentos rem_property_tag-costa-blanca rem_property_tag-costa-sonada rem_property_tag-inmobiliaria rem_property_tag-javea rem_property_tag-mar rem_property_cat-calpe\"><div class=\"rem-style-2 rem-property-box\" style=\"overflow:hidden;white-space:nowrap;\">\n\t<div class=\"img-container\">\n\t\t<a target=\"\" href=\"https:\/\/costasonada.es\/index.php\/property\/e-1650-piso-en-alquiler-3h-1b-75m2-javea-2\/\">\n\t\t\t\n            <span class=\"address-text\">\n                <i class=\"fa fa-map-marker-alt\"><\/i>\n                Javea, 03730            <\/span>\n            <span class=\"images-text\">\n                <i class=\"fa fa-camera\"><\/i>\n                22            <\/span>\n\t\t\t<img loading=\"lazy\" decoding=\"async\" width=\"550\" height=\"250\" src=\"https:\/\/costasonada.es\/wp-content\/uploads\/2026\/09\/INMOBILIARIA_COSTA_SONADA_ALQUILER_JAVEA-1-1-550x250.jpg\" class=\"img-responsive rem-f-image wp-post-image\" alt=\"\" data-pid=\"25324\" itemprop=\"image\" \/>\t\t<\/a>\n\t<\/div>\n\n\t<div class=\"content-container\">\n\t\t<a target=\"\" href=\"https:\/\/costasonada.es\/index.php\/property\/e-1650-piso-en-alquiler-3h-1b-75m2-javea-2\/\">\n\t\t    <h2 class=\"property-title\" style=\"color:gray;font-size:10px;\">\u20ac 1650, piso en alquiler, 2h\/1b, 75m2, J\u00e1vea<\/h2> \n\t\t<\/a>\n\t\t<p class=\"property-price\" style=\"color:black;font-weight:550;margin-bottom:0;\">\n                           <span class=\"price\"><span class=\"rem-price-amount\"><span class=\"rem-currency-symbol\">&euro;<\/span>1,650<\/span><\/span> \n            \t\t<\/p>\n\n        <style>\n    .right-align {\n        text-align: right;\n    }\n    .remove-margin-padding {\n        margin: 0;\n        padding: 0;\n    }\n<\/style>\n\n<table class=\"remove-margin-padding\">\n    <tr class=\"remove-margin-padding\">\n        <td class=\"remove-margin-padding\">\n                        <div class=\"detail inline-property-icons\">\r\n                                                                                                                            <span title=\"Domitorios\" class=\"rem-info\">\r\n                                    <i class=\"fa fa-bed\"><\/i> &nbsp;\r\n                                    2                                <\/span>\r\n                                                                                                                                                                                    <span title=\"Ba\u00f1os\" class=\"rem-info\">\r\n                                    <i class=\"fa fa-bath\"><\/i> &nbsp;\r\n                                    1                                <\/span>\r\n                                                                                                                                                                                    <span title=\"Superficie\" class=\"rem-info\">\r\n                                    <i class=\"fa fa-arrows-alt\"><\/i> &nbsp;\r\n                                    75 m2                                <\/span>\r\n                                                                                    <\/div>\r\n                <\/td>\n<td class=\"right-align remove-margin-padding\">\n    <h5 style=\"color:#666666;\">CSE25324SJ<\/h5><\/td>\n\n    <\/tr>\n<\/table>\n\t<\/div>\n<\/div><\/div><div id=\"property-25193\"  class=\"entry author-demian col-sm-4 m-item post-25193 rem_property type-rem_property status-publish has-post-thumbnail rem_property_tag-alquiler rem_property_tag-calpe rem_property_tag-casa rem_property_tag-chalet rem_property_tag-con-las-vistas rem_property_tag-costa-sonada rem_property_tag-espana rem_property_tag-montanas rem_property_tag-villa rem_property_cat-calpe\"><div class=\"rem-style-2 rem-property-box\" style=\"overflow:hidden;white-space:nowrap;\">\n\t<div class=\"img-container\">\n\t\t<a target=\"\" href=\"https:\/\/costasonada.es\/index.php\/property\/e-2000-casa-independiente-en-alquiler-4h3b-200m2-calpe\/\">\n\t\t\t\n            <span class=\"address-text\">\n                <i class=\"fa fa-map-marker-alt\"><\/i>\n                Calpe, 03710            <\/span>\n            <span class=\"images-text\">\n                <i class=\"fa fa-camera\"><\/i>\n                49            <\/span>\n\t\t\t<img loading=\"lazy\" decoding=\"async\" width=\"550\" height=\"250\" src=\"https:\/\/costasonada.es\/wp-content\/uploads\/2026\/09\/INMOBILIARIA_COSTA_SONADA_ALQUELER_CASA_CALPE-5-550x250.jpg\" class=\"img-responsive rem-f-image wp-post-image\" alt=\"\" data-pid=\"25193\" itemprop=\"image\" \/>\t\t<\/a>\n\t<\/div>\n\n\t<div class=\"content-container\">\n\t\t<a target=\"\" href=\"https:\/\/costasonada.es\/index.php\/property\/e-2000-casa-independiente-en-alquiler-4h3b-200m2-calpe\/\">\n\t\t    <h2 class=\"property-title\" style=\"color:gray;font-size:10px;\">\u20ac 2000, casa independiente en alquiler, 4h3b, 200m2, calpe<\/h2> \n\t\t<\/a>\n\t\t<p class=\"property-price\" style=\"color:black;font-weight:550;margin-bottom:0;\">\n                           <span class=\"price\"><span class=\"rem-price-amount\"><span class=\"rem-currency-symbol\">&euro;<\/span>2,000<\/span><\/span> \n            \t\t<\/p>\n\n        <style>\n    .right-align {\n        text-align: right;\n    }\n    .remove-margin-padding {\n        margin: 0;\n        padding: 0;\n    }\n<\/style>\n\n<table class=\"remove-margin-padding\">\n    <tr class=\"remove-margin-padding\">\n        <td class=\"remove-margin-padding\">\n                        <div class=\"detail inline-property-icons\">\r\n                                                                                                                            <span title=\"Domitorios\" class=\"rem-info\">\r\n                                    <i class=\"fa fa-bed\"><\/i> &nbsp;\r\n                                    4                                <\/span>\r\n                                                                                                                                                                                    <span title=\"Ba\u00f1os\" class=\"rem-info\">\r\n                                    <i class=\"fa fa-bath\"><\/i> &nbsp;\r\n                                    3                                <\/span>\r\n                                                                                                                                <\/div>\r\n                <\/td>\n<td class=\"right-align remove-margin-padding\">\n    <h5 style=\"color:#666666;\">CSD25193CM<\/h5><\/td>\n\n    <\/tr>\n<\/table>\n\t<\/div>\n<\/div><\/div><div id=\"property-25195\"  class=\"entry author-eric col-sm-4 m-item post-25195 rem_property type-rem_property status-publish has-post-thumbnail rem_property_tag-alquiler rem_property_tag-apartamentos rem_property_tag-calpe rem_property_tag-costa-blanca rem_property_tag-costa-sonada rem_property_tag-espana rem_property_tag-inmobiliaria rem_property_tag-vistas-al-mar rem_property_cat-calpe\"><div class=\"rem-style-2 rem-property-box\" style=\"overflow:hidden;white-space:nowrap;\">\n\t<div class=\"img-container\">\n\t\t<a target=\"\" href=\"https:\/\/costasonada.es\/index.php\/property\/e-2000-piso-en-alquiler-3h-1b-105m2-calpe\/\">\n\t\t\t\n            <span class=\"address-text\">\n                <i class=\"fa fa-map-marker-alt\"><\/i>\n                Calpe, 03710            <\/span>\n            <span class=\"images-text\">\n                <i class=\"fa fa-camera\"><\/i>\n                22            <\/span>\n\t\t\t<img loading=\"lazy\" decoding=\"async\" width=\"550\" height=\"250\" src=\"https:\/\/costasonada.es\/wp-content\/uploads\/2026\/09\/INMOBILIARIA_COSTA_SONADA_ALQUILER_APARTMAENTO_CALPE-0-1-550x250.jpg\" class=\"img-responsive rem-f-image wp-post-image\" alt=\"\" data-pid=\"25195\" itemprop=\"image\" \/>\t\t<\/a>\n\t<\/div>\n\n\t<div class=\"content-container\">\n\t\t<a target=\"\" href=\"https:\/\/costasonada.es\/index.php\/property\/e-2000-piso-en-alquiler-3h-1b-105m2-calpe\/\">\n\t\t    <h2 class=\"property-title\" style=\"color:gray;font-size:10px;\">\u20ac 2000, Piso en alquiler, 3h\/1b, 105m2, calpe<\/h2> \n\t\t<\/a>\n\t\t<p class=\"property-price\" style=\"color:black;font-weight:550;margin-bottom:0;\">\n                           <span class=\"price\"><span class=\"rem-price-amount\"><span class=\"rem-currency-symbol\">&euro;<\/span>2,000<\/span><\/span> \n            \t\t<\/p>\n\n        <style>\n    .right-align {\n        text-align: right;\n    }\n    .remove-margin-padding {\n        margin: 0;\n        padding: 0;\n    }\n<\/style>\n\n<table class=\"remove-margin-padding\">\n    <tr class=\"remove-margin-padding\">\n        <td class=\"remove-margin-padding\">\n                        <div class=\"detail inline-property-icons\">\r\n                                                                                                                            <span title=\"Domitorios\" class=\"rem-info\">\r\n                                    <i class=\"fa fa-bed\"><\/i> &nbsp;\r\n                                    3                                <\/span>\r\n                                                                                                                                                                                    <span title=\"Ba\u00f1os\" class=\"rem-info\">\r\n                                    <i class=\"fa fa-bath\"><\/i> &nbsp;\r\n                                    1                                <\/span>\r\n                                                                                                                                <\/div>\r\n                <\/td>\n<td class=\"right-align remove-margin-padding\">\n    <h5 style=\"color:#666666;\">CSE25195HC<\/h5><\/td>\n\n    <\/tr>\n<\/table>\n\t<\/div>\n<\/div><\/div><div id=\"property-25122\"  class=\"entry author-3dvirtualtour col-sm-4 m-item post-25122 rem_property type-rem_property status-publish has-post-thumbnail rem_property_tag-alquiler rem_property_tag-benissa rem_property_tag-costa-sonada rem_property_cat-benissa\"><div class=\"rem-style-2 rem-property-box\" style=\"overflow:hidden;white-space:nowrap;\">\n\t<div class=\"img-container\">\n\t\t<a target=\"\" href=\"https:\/\/costasonada.es\/index.php\/property\/e-1100-casa-adosada-en-alquiler-2h-1b-benissa\/\">\n\t\t\t\n            <span class=\"address-text\">\n                <i class=\"fa fa-map-marker-alt\"><\/i>\n                Benissa, 03720            <\/span>\n            <span class=\"images-text\">\n                <i class=\"fa fa-camera\"><\/i>\n                33            <\/span>\n\t\t\t<img loading=\"lazy\" decoding=\"async\" width=\"550\" height=\"250\" src=\"https:\/\/costasonada.es\/wp-content\/uploads\/2026\/09\/IMG_2496-550x250.jpg\" class=\"img-responsive rem-f-image wp-post-image\" alt=\"\" data-pid=\"25122\" itemprop=\"image\" \/>\t\t<\/a>\n\t<\/div>\n\n\t<div class=\"content-container\">\n\t\t<a target=\"\" href=\"https:\/\/costasonada.es\/index.php\/property\/e-1100-casa-adosada-en-alquiler-2h-1b-benissa\/\">\n\t\t    <h2 class=\"property-title\" style=\"color:gray;font-size:10px;\">\u20ac 1100, Casa adosada en Alquiler, 2H\/1B, Benissa<\/h2> \n\t\t<\/a>\n\t\t<p class=\"property-price\" style=\"color:black;font-weight:550;margin-bottom:0;\">\n                           <span class=\"price\"><span class=\"rem-price-amount\"><span class=\"rem-currency-symbol\">&euro;<\/span>1,100<\/span><\/span> \n            \t\t<\/p>\n\n        <style>\n    .right-align {\n        text-align: right;\n    }\n    .remove-margin-padding {\n        margin: 0;\n        padding: 0;\n    }\n<\/style>\n\n<table class=\"remove-margin-padding\">\n    <tr class=\"remove-margin-padding\">\n        <td class=\"remove-margin-padding\">\n                        <div class=\"detail inline-property-icons\">\r\n                                                                                                                            <span title=\"Domitorios\" class=\"rem-info\">\r\n                                    <i class=\"fa fa-bed\"><\/i> &nbsp;\r\n                                    2                                <\/span>\r\n                                                                                                                                                                                    <span title=\"Ba\u00f1os\" class=\"rem-info\">\r\n                                    <i class=\"fa fa-bath\"><\/i> &nbsp;\r\n                                    1                                <\/span>\r\n                                                                                                                                                                                    <span title=\"Superficie\" class=\"rem-info\">\r\n                                    <i class=\"fa fa-arrows-alt\"><\/i> &nbsp;\r\n                                    90 m2                                <\/span>\r\n                                                                                    <\/div>\r\n                <\/td>\n<td class=\"right-align remove-margin-padding\">\n    <h5 style=\"color:#666666;\">CSN25122BE<\/h5><\/td>\n\n    <\/tr>\n<\/table>\n\t<\/div>\n<\/div><\/div><\/div><div class=\"text-center\"><ul class='page-numbers'>\n\t<li><span aria-current=\"page\" class=\"page-numbers current\">1<\/span><\/li>\n\t<li><a class=\"page-numbers\" href=\"https:\/\/costasonada.es\/index.php\/wp-json\/wp\/v2\/pages\/38\/page\/2\/\">2<\/a><\/li>\n\t<li><span class=\"page-numbers dots\">&hellip;<\/span><\/li>\n\t<li><a class=\"page-numbers\" href=\"https:\/\/costasonada.es\/index.php\/wp-json\/wp\/v2\/pages\/38\/page\/16\/\">16<\/a><\/li>\n\t<li><a class=\"next page-numbers\" href=\"https:\/\/costasonada.es\/index.php\/wp-json\/wp\/v2\/pages\/38\/page\/2\/\">\u00bb<\/a><\/li>\n<\/ul>\n<\/div>\t<\/div>\r\n\t\n","protected":false},"excerpt":{"rendered":"<p>Descubre todas nuestras propiedades tanto en venta como en alquiler en las zonas de Altea Hills, Calpe, Finestrat, Albir, y el resto de Costa Blanca.<a class=\"more-link\" href=\"https:\/\/costasonada.es\/index.php\/property\/e-1100-casa-adosada-en-alquiler-2h-1b-benissa\/\"><span>Read More &rarr;<\/span><\/a><\/p>\n","protected":false},"author":3,"featured_media":0,"parent":0,"menu_order":0,"comment_status":"closed","ping_status":"closed","template":"elementor_header_footer","meta":{"om_disable_all_campaigns":false,"footnotes":""},"class_list":["entry","author-3dvirtualtour","post-38","page","type-page","status-publish"],"aioseo_notices":[],"aioseo_head":"\n\t\t<!-- All in One SEO 5.0.1.1 - aioseo.com -->\n\t<meta name=\"description\" content=\"CSN25122BE Disponible del 1 de septiembre 2026 al 30 de junio 2027 Casa de campo\/chalet independiente ubicado en una parcela privada con piscina y terraza en zona r\u00fastica o residencial tranquila. La vivienda cuenta con una amplia zona de d\u00eda di\u00e1fana de concepto abierto que integra sal\u00f3n-comedor y cocina. El sal\u00f3n dispone de sof\u00e1 chaise\" \/>\n\t<meta name=\"robots\" content=\"max-image-preview:large\" \/>\n\t<meta name=\"google-site-verification\" content=\"mukDF0U7Lr8beVLioCYFiSEkDFjcIPXQLR7s7jMEOjU\" \/>\n\t<link rel=\"canonical\" href=\"https:\/\/costasonada.es\/index.php\/property\/e-1100-casa-adosada-en-alquiler-2h-1b-benissa\/\" \/>\n\t<meta name=\"generator\" content=\"All in One SEO (AIOSEO) 5.0.1.1\" \/>\n\t\t<meta property=\"og:locale\" content=\"es_ES\" \/>\n\t\t<meta property=\"og:site_name\" content=\"Inmobiliaria Costa So\u00f1ada - Costa So\u00f1ada, agencia inmobiliaria que trabaja en Altea, Altea Hills, Mascarat, Finestrat, y toda la Costa Blanca, con una gran variedad de propiedades de lujo.\" \/>\n\t\t<meta property=\"og:type\" content=\"article\" \/>\n\t\t<meta property=\"og:title\" content=\"\u20ac 1100, Casa adosada en Alquiler, 2H\/1B, Benissa - Inmobiliaria Costa So\u00f1ada\" \/>\n\t\t<meta property=\"og:description\" content=\"CSN25122BE Disponible del 1 de septiembre 2026 al 30 de junio 2027 Casa de campo\/chalet independiente ubicado en una parcela privada con piscina y terraza en zona r\u00fastica o residencial tranquila. La vivienda cuenta con una amplia zona de d\u00eda di\u00e1fana de concepto abierto que integra sal\u00f3n-comedor y cocina. El sal\u00f3n dispone de sof\u00e1 chaise\" \/>\n\t\t<meta property=\"og:url\" content=\"https:\/\/costasonada.es\/index.php\/property\/e-1100-casa-adosada-en-alquiler-2h-1b-benissa\/\" \/>\n\t\t<meta property=\"og:image\" content=\"https:\/\/costasonada.es\/wp-content\/uploads\/2026\/09\/IMG_2496.jpg\" \/>\n\t\t<meta property=\"og:image:secure_url\" content=\"https:\/\/costasonada.es\/wp-content\/uploads\/2026\/09\/IMG_2496.jpg\" \/>\n\t\t<meta property=\"og:image:width\" content=\"1280\" \/>\n\t\t<meta property=\"og:image:height\" content=\"720\" \/>\n\t\t<meta property=\"article:published_time\" content=\"2026-09-01T11:22:40+00:00\" \/>\n\t\t<meta property=\"article:modified_time\" content=\"2026-09-01T11:22:40+00:00\" \/>\n\t\t<meta property=\"article:publisher\" content=\"https:\/\/www.facebook.com\/3DVirtualTour-299122470616861\" \/>\n\t\t<meta property=\"article:author\" content=\"3dvirtualinmo\" \/>\n\t\t<meta name=\"twitter:card\" content=\"summary\" \/>\n\t\t<meta name=\"twitter:title\" content=\"\u20ac 1100, Casa adosada en Alquiler, 2H\/1B, Benissa - Inmobiliaria Costa So\u00f1ada\" \/>\n\t\t<meta name=\"twitter:description\" content=\"CSN25122BE Disponible del 1 de septiembre 2026 al 30 de junio 2027 Casa de campo\/chalet independiente ubicado en una parcela privada con piscina y terraza en zona r\u00fastica o residencial tranquila. La vivienda cuenta con una amplia zona de d\u00eda di\u00e1fana de concepto abierto que integra sal\u00f3n-comedor y cocina. El sal\u00f3n dispone de sof\u00e1 chaise\" \/>\n\t\t<meta name=\"twitter:image\" content=\"https:\/\/costasonada.es\/wp-content\/uploads\/2026\/09\/IMG_2496.jpg\" \/>\n\t\t<script type=\"application\/ld+json\" class=\"aioseo-schema\">\n\t\t\t{\"@context\":\"https:\\\/\\\/schema.org\",\"@graph\":[{\"@type\":\"BreadcrumbList\",\"@id\":\"https:\\\/\\\/costasonada.es\\\/index.php\\\/property\\\/e-1100-casa-adosada-en-alquiler-2h-1b-benissa\\\/#breadcrumblist\",\"itemListElement\":[{\"@type\":\"ListItem\",\"@id\":\"https:\\\/\\\/costasonada.es#listItem\",\"position\":1,\"name\":\"Home\",\"item\":\"https:\\\/\\\/costasonada.es\",\"nextItem\":{\"@type\":\"ListItem\",\"@id\":\"https:\\\/\\\/costasonada.es\\\/index.php\\\/propiedades\\\/#listItem\",\"name\":\"Propiedades\"}},{\"@type\":\"ListItem\",\"@id\":\"https:\\\/\\\/costasonada.es\\\/index.php\\\/propiedades\\\/#listItem\",\"position\":2,\"name\":\"Propiedades\",\"previousItem\":{\"@type\":\"ListItem\",\"@id\":\"https:\\\/\\\/costasonada.es#listItem\",\"name\":\"Home\"}}]},{\"@type\":\"Organization\",\"@id\":\"https:\\\/\\\/costasonada.es\\\/#organization\",\"name\":\"Costa So\\u00f1ada\",\"description\":\"Costa So\\u00f1ada, agencia inmobiliaria que trabaja en Altea, Altea Hills, Mascarat, Finestrat, y toda la Costa Blanca, con una gran variedad de propiedades de lujo.\",\"url\":\"https:\\\/\\\/costasonada.es\\\/\",\"telephone\":\"+34604289264\",\"logo\":{\"@type\":\"ImageObject\",\"url\":\"https:\\\/\\\/costasonada.es\\\/wp-content\\\/uploads\\\/2021\\\/09\\\/icon.png\",\"@id\":\"https:\\\/\\\/costasonada.es\\\/index.php\\\/property\\\/e-1100-casa-adosada-en-alquiler-2h-1b-benissa\\\/#organizationLogo\"},\"image\":{\"@id\":\"https:\\\/\\\/costasonada.es\\\/index.php\\\/property\\\/e-1100-casa-adosada-en-alquiler-2h-1b-benissa\\\/#organizationLogo\"},\"sameAs\":[\"https:\\\/\\\/www.facebook.com\\\/3DVirtualTour-299122470616861\",\"https:\\\/\\\/www.instagram.com\\\/3dvirtualtour.es\\\/\",\"https:\\\/\\\/www.youtube.com\\\/channel\\\/UCiGlx-_efwf-PwUYGx-ThzA\"]},{\"@type\":\"Person\",\"@id\":\"https:\\\/\\\/costasonada.es\\\/index.php\\\/author\\\/3dvirtualtour\\\/#author\",\"url\":\"https:\\\/\\\/costasonada.es\\\/index.php\\\/author\\\/3dvirtualtour\\\/\",\"name\":\"Costa So\\u00f1ada\",\"image\":{\"@type\":\"ImageObject\",\"@id\":\"https:\\\/\\\/costasonada.es\\\/index.php\\\/property\\\/e-1100-casa-adosada-en-alquiler-2h-1b-benissa\\\/#authorImage\",\"url\":\"https:\\\/\\\/costasonada.es\\\/wp-content\\\/litespeed\\\/avatar\\\/34065bddd5e2947ec794ad0a84970d01.jpg?ver=1788349508\",\"width\":96,\"height\":96,\"caption\":\"Costa So\\u00f1ada\"},\"sameAs\":[\"3dvirtualinmo\"]},{\"@type\":\"WebPage\",\"@id\":\"https:\\\/\\\/costasonada.es\\\/index.php\\\/property\\\/e-1100-casa-adosada-en-alquiler-2h-1b-benissa\\\/#webpage\",\"url\":\"https:\\\/\\\/costasonada.es\\\/index.php\\\/property\\\/e-1100-casa-adosada-en-alquiler-2h-1b-benissa\\\/\",\"name\":\"\\u20ac 1100, Casa adosada en Alquiler, 2H\\\/1B, Benissa - Inmobiliaria Costa So\\u00f1ada\",\"description\":\"CSN25122BE Disponible del 1 de septiembre 2026 al 30 de junio 2027 Casa de campo\\\/chalet independiente ubicado en una parcela privada con piscina y terraza en zona r\\u00fastica o residencial tranquila. La vivienda cuenta con una amplia zona de d\\u00eda di\\u00e1fana de concepto abierto que integra sal\\u00f3n-comedor y cocina. El sal\\u00f3n dispone de sof\\u00e1 chaise\",\"inLanguage\":\"es-ES\",\"isPartOf\":{\"@id\":\"https:\\\/\\\/costasonada.es\\\/#website\"},\"breadcrumb\":{\"@id\":\"https:\\\/\\\/costasonada.es\\\/index.php\\\/property\\\/e-1100-casa-adosada-en-alquiler-2h-1b-benissa\\\/#breadcrumblist\"},\"author\":{\"@id\":\"https:\\\/\\\/costasonada.es\\\/index.php\\\/author\\\/3dvirtualtour\\\/#author\"},\"creator\":{\"@id\":\"https:\\\/\\\/costasonada.es\\\/index.php\\\/author\\\/3dvirtualtour\\\/#author\"},\"image\":{\"@type\":\"ImageObject\",\"url\":\"https:\\\/\\\/costasonada.es\\\/wp-content\\\/uploads\\\/2026\\\/09\\\/IMG_2496.jpg\",\"@id\":\"https:\\\/\\\/costasonada.es\\\/index.php\\\/property\\\/e-1100-casa-adosada-en-alquiler-2h-1b-benissa\\\/#mainImage\",\"width\":1280,\"height\":720},\"primaryImageOfPage\":{\"@id\":\"https:\\\/\\\/costasonada.es\\\/index.php\\\/property\\\/e-1100-casa-adosada-en-alquiler-2h-1b-benissa\\\/#mainImage\"},\"datePublished\":\"2026-09-01T13:22:40+02:00\",\"dateModified\":\"2026-09-01T13:22:40+02:00\"},{\"@type\":\"WebSite\",\"@id\":\"https:\\\/\\\/costasonada.es\\\/#website\",\"url\":\"https:\\\/\\\/costasonada.es\\\/\",\"name\":\"3D Virtual Tour\",\"description\":\"Costa So\\u00f1ada, agencia inmobiliaria que trabaja en Altea, Altea Hills, Mascarat, Finestrat, y toda la Costa Blanca, con una gran variedad de propiedades de lujo.\",\"inLanguage\":\"es-ES\",\"publisher\":{\"@id\":\"https:\\\/\\\/costasonada.es\\\/#organization\"}}]}\n\t\t<\/script>\n\t\t<!-- All in One SEO -->\n\n","aioseo_head_json":{"title":"\u20ac 1100, Casa adosada en Alquiler, 2H\/1B, Benissa - Inmobiliaria Costa So\u00f1ada","description":"CSN25122BE Disponible del 1 de septiembre 2026 al 30 de junio 2027 Casa de campo\/chalet independiente ubicado en una parcela privada con piscina y terraza en zona r\u00fastica o residencial tranquila. La vivienda cuenta con una amplia zona de d\u00eda di\u00e1fana de concepto abierto que integra sal\u00f3n-comedor y cocina. El sal\u00f3n dispone de sof\u00e1 chaise","canonical_url":"https:\/\/costasonada.es\/index.php\/property\/e-1100-casa-adosada-en-alquiler-2h-1b-benissa\/","robots":"max-image-preview:large","keywords":"","webmasterTools":{"google-site-verification":"mukDF0U7Lr8beVLioCYFiSEkDFjcIPXQLR7s7jMEOjU","miscellaneous":""},"schema":{"@context":"https:\/\/schema.org","@graph":[{"@type":"BreadcrumbList","@id":"https:\/\/costasonada.es\/index.php\/property\/e-1100-casa-adosada-en-alquiler-2h-1b-benissa\/#breadcrumblist","itemListElement":[{"@type":"ListItem","@id":"https:\/\/costasonada.es#listItem","position":1,"name":"Home","item":"https:\/\/costasonada.es","nextItem":{"@type":"ListItem","@id":"https:\/\/costasonada.es\/index.php\/propiedades\/#listItem","name":"Propiedades"}},{"@type":"ListItem","@id":"https:\/\/costasonada.es\/index.php\/propiedades\/#listItem","position":2,"name":"Propiedades","previousItem":{"@type":"ListItem","@id":"https:\/\/costasonada.es#listItem","name":"Home"}}]},{"@type":"Organization","@id":"https:\/\/costasonada.es\/#organization","name":"Costa So\u00f1ada","description":"Costa So\u00f1ada, agencia inmobiliaria que trabaja en Altea, Altea Hills, Mascarat, Finestrat, y toda la Costa Blanca, con una gran variedad de propiedades de lujo.","url":"https:\/\/costasonada.es\/","telephone":"+34604289264","logo":{"@type":"ImageObject","url":"https:\/\/costasonada.es\/wp-content\/uploads\/2021\/09\/icon.png","@id":"https:\/\/costasonada.es\/index.php\/property\/e-1100-casa-adosada-en-alquiler-2h-1b-benissa\/#organizationLogo"},"image":{"@id":"https:\/\/costasonada.es\/index.php\/property\/e-1100-casa-adosada-en-alquiler-2h-1b-benissa\/#organizationLogo"},"sameAs":["https:\/\/www.facebook.com\/3DVirtualTour-299122470616861","https:\/\/www.instagram.com\/3dvirtualtour.es\/","https:\/\/www.youtube.com\/channel\/UCiGlx-_efwf-PwUYGx-ThzA"]},{"@type":"Person","@id":"https:\/\/costasonada.es\/index.php\/author\/3dvirtualtour\/#author","url":"https:\/\/costasonada.es\/index.php\/author\/3dvirtualtour\/","name":"Costa So\u00f1ada","image":{"@type":"ImageObject","@id":"https:\/\/costasonada.es\/index.php\/property\/e-1100-casa-adosada-en-alquiler-2h-1b-benissa\/#authorImage","url":"https:\/\/costasonada.es\/wp-content\/litespeed\/avatar\/34065bddd5e2947ec794ad0a84970d01.jpg?ver=1788349508","width":96,"height":96,"caption":"Costa So\u00f1ada"},"sameAs":["3dvirtualinmo"]},{"@type":"WebPage","@id":"https:\/\/costasonada.es\/index.php\/property\/e-1100-casa-adosada-en-alquiler-2h-1b-benissa\/#webpage","url":"https:\/\/costasonada.es\/index.php\/property\/e-1100-casa-adosada-en-alquiler-2h-1b-benissa\/","name":"\u20ac 1100, Casa adosada en Alquiler, 2H\/1B, Benissa - Inmobiliaria Costa So\u00f1ada","description":"CSN25122BE Disponible del 1 de septiembre 2026 al 30 de junio 2027 Casa de campo\/chalet independiente ubicado en una parcela privada con piscina y terraza en zona r\u00fastica o residencial tranquila. La vivienda cuenta con una amplia zona de d\u00eda di\u00e1fana de concepto abierto que integra sal\u00f3n-comedor y cocina. El sal\u00f3n dispone de sof\u00e1 chaise","inLanguage":"es-ES","isPartOf":{"@id":"https:\/\/costasonada.es\/#website"},"breadcrumb":{"@id":"https:\/\/costasonada.es\/index.php\/property\/e-1100-casa-adosada-en-alquiler-2h-1b-benissa\/#breadcrumblist"},"author":{"@id":"https:\/\/costasonada.es\/index.php\/author\/3dvirtualtour\/#author"},"creator":{"@id":"https:\/\/costasonada.es\/index.php\/author\/3dvirtualtour\/#author"},"image":{"@type":"ImageObject","url":"https:\/\/costasonada.es\/wp-content\/uploads\/2026\/09\/IMG_2496.jpg","@id":"https:\/\/costasonada.es\/index.php\/property\/e-1100-casa-adosada-en-alquiler-2h-1b-benissa\/#mainImage","width":1280,"height":720},"primaryImageOfPage":{"@id":"https:\/\/costasonada.es\/index.php\/property\/e-1100-casa-adosada-en-alquiler-2h-1b-benissa\/#mainImage"},"datePublished":"2026-09-01T13:22:40+02:00","dateModified":"2026-09-01T13:22:40+02:00"},{"@type":"WebSite","@id":"https:\/\/costasonada.es\/#website","url":"https:\/\/costasonada.es\/","name":"3D Virtual Tour","description":"Costa So\u00f1ada, agencia inmobiliaria que trabaja en Altea, Altea Hills, Mascarat, Finestrat, y toda la Costa Blanca, con una gran variedad de propiedades de lujo.","inLanguage":"es-ES","publisher":{"@id":"https:\/\/costasonada.es\/#organization"}}]},"og:locale":"es_ES","og:site_name":"Inmobiliaria Costa So\u00f1ada - Costa So\u00f1ada, agencia inmobiliaria que trabaja en Altea, Altea Hills, Mascarat, Finestrat, y toda la Costa Blanca, con una gran variedad de propiedades de lujo.","og:type":"article","og:title":"\u20ac 1100, Casa adosada en Alquiler, 2H\/1B, Benissa - Inmobiliaria Costa So\u00f1ada","og:description":"CSN25122BE Disponible del 1 de septiembre 2026 al 30 de junio 2027 Casa de campo\/chalet independiente ubicado en una parcela privada con piscina y terraza en zona r\u00fastica o residencial tranquila. La vivienda cuenta con una amplia zona de d\u00eda di\u00e1fana de concepto abierto que integra sal\u00f3n-comedor y cocina. El sal\u00f3n dispone de sof\u00e1 chaise","og:url":"https:\/\/costasonada.es\/index.php\/property\/e-1100-casa-adosada-en-alquiler-2h-1b-benissa\/","og:image":"https:\/\/costasonada.es\/wp-content\/uploads\/2026\/09\/IMG_2496.jpg","og:image:secure_url":"https:\/\/costasonada.es\/wp-content\/uploads\/2026\/09\/IMG_2496.jpg","og:image:width":1280,"og:image:height":720,"article:published_time":"2026-09-01T11:22:40+00:00","article:modified_time":"2026-09-01T11:22:40+00:00","article:publisher":"https:\/\/www.facebook.com\/3DVirtualTour-299122470616861","article:author":"3dvirtualinmo","twitter:card":"summary","twitter:title":"\u20ac 1100, Casa adosada en Alquiler, 2H\/1B, Benissa - Inmobiliaria Costa So\u00f1ada","twitter:description":"CSN25122BE Disponible del 1 de septiembre 2026 al 30 de junio 2027 Casa de campo\/chalet independiente ubicado en una parcela privada con piscina y terraza en zona r\u00fastica o residencial tranquila. La vivienda cuenta con una amplia zona de d\u00eda di\u00e1fana de concepto abierto que integra sal\u00f3n-comedor y cocina. El sal\u00f3n dispone de sof\u00e1 chaise","twitter:image":"https:\/\/costasonada.es\/wp-content\/uploads\/2026\/09\/IMG_2496.jpg"},"aioseo_meta_data":{"post_id":"38","title":null,"description":null,"keywords":null,"keyphrases":{"focus":{"keyphrase":"","score":0,"analysis":{"keyphraseInTitle":{"score":0,"maxScore":9,"error":1}}},"additional":[]},"primary_term":null,"canonical_url":null,"og_title":null,"og_description":null,"og_object_type":"default","og_image_type":"default","og_image_url":null,"og_image_width":null,"og_image_height":null,"og_image_custom_url":null,"og_image_custom_fields":null,"og_video":"","og_custom_url":null,"og_article_section":null,"og_article_tags":null,"twitter_use_og":false,"twitter_card":"default","twitter_image_type":"default","twitter_image_url":null,"twitter_image_custom_url":null,"twitter_image_custom_fields":null,"twitter_title":null,"twitter_description":null,"schema":{"blockGraphs":[],"customGraphs":[],"default":{"data":{"Article":[],"Course":[],"Dataset":[],"FAQPage":[],"Movie":[],"Person":[],"Product":[],"ProductReview":[],"Car":[],"Recipe":[],"Service":[],"SoftwareApplication":[],"WebPage":{"id":"#aioseo-web-page-64dceb99f125d","slug":"web-page","graphName":"WebPage","label":"P\u00e1gina web","properties":{"type":"WebPage","name":"","description":""}}},"graphName":"WebPage","isEnabled":true},"graphs":[]},"schema_type":"default","schema_type_options":"{\"article\":{\"articleType\":\"BlogPosting\"},\"course\":{\"name\":\"\",\"description\":\"\",\"provider\":\"\"},\"faq\":{\"pages\":[]},\"product\":{\"reviews\":[]},\"recipe\":{\"ingredients\":[],\"instructions\":[],\"keywords\":[]},\"software\":{\"reviews\":[],\"operatingSystems\":[]},\"webPage\":{\"webPageType\":\"WebPage\"},\"blockGraphs\":[]}","pillar_content":false,"robots_default":true,"robots_noindex":false,"robots_noarchive":false,"robots_nosnippet":false,"robots_nofollow":false,"robots_noimageindex":false,"robots_noodp":false,"robots_notranslate":false,"robots_max_snippet":"-1","robots_max_videopreview":"-1","robots_max_imagepreview":"large","priority":null,"frequency":"default","local_seo":null,"breadcrumb_settings":null,"limit_modified_date":false,"ai":{"faqs":[],"keyPoints":[],"schemas":[],"titles":[],"descriptions":[],"socialPosts":{"email":[],"linkedin":[],"twitter":[],"facebook":[],"instagram":[]}},"created":"2021-08-13 16:26:08","updated":"2026-08-07 13:20:09","seo_analyzer_scan_date":null,"focus_keyword":null,"additional_keywords":null,"truseo_locale":null},"aioseo_breadcrumb":"<div class=\"aioseo-breadcrumbs\"><span class=\"aioseo-breadcrumb\">\n\t\t\t<a href=\"https:\/\/costasonada.es\" title=\"Home\">Home<\/a>\n\t\t<\/span><span class=\"aioseo-breadcrumb-separator\">&raquo;<\/span><span class=\"aioseo-breadcrumb\">\n\t\t\tPropiedades\n\t\t<\/span><\/div>","aioseo_breadcrumb_json":[{"label":"Home","link":"https:\/\/costasonada.es"},{"label":"Propiedades","link":"https:\/\/costasonada.es\/index.php\/propiedades\/"}],"_links":{"self":[{"href":"https:\/\/costasonada.es\/index.php\/wp-json\/wp\/v2\/pages\/38","targetHints":{"allow":["GET"]}}],"collection":[{"href":"https:\/\/costasonada.es\/index.php\/wp-json\/wp\/v2\/pages"}],"about":[{"href":"https:\/\/costasonada.es\/index.php\/wp-json\/wp\/v2\/types\/page"}],"author":[{"embeddable":true,"href":"https:\/\/costasonada.es\/index.php\/wp-json\/wp\/v2\/users\/3"}],"replies":[{"embeddable":true,"href":"https:\/\/costasonada.es\/index.php\/wp-json\/wp\/v2\/comments?post=38"}],"version-history":[{"count":75,"href":"https:\/\/costasonada.es\/index.php\/wp-json\/wp\/v2\/pages\/38\/revisions"}],"predecessor-version":[{"id":13730,"href":"https:\/\/costasonada.es\/index.php\/wp-json\/wp\/v2\/pages\/38\/revisions\/13730"}],"wp:attachment":[{"href":"https:\/\/costasonada.es\/index.php\/wp-json\/wp\/v2\/media?parent=38"}],"curies":[{"name":"wp","href":"https:\/\/api.w.org\/{rel}","templated":true}]}}