{"id":16234,"date":"2025-02-11T12:02:31","date_gmt":"2025-02-11T10:02:31","guid":{"rendered":"https:\/\/costasonada.es\/?post_type=rem_property&#038;p=16234"},"modified":"2026-03-24T18:34:36","modified_gmt":"2026-03-24T16:34:36","slug":"se-alquila-apartamento-en-benidorm","status":"publish","type":"rem_property","link":"https:\/\/costasonada.es\/index.php\/property\/se-alquila-apartamento-en-benidorm\/","title":{"rendered":"Se alquila apartamento en Benidorm"},"content":{"rendered":"<p>A16234OB Se alquila por temporada de 11 meses. El piso se encuentra a 200 metros de la playa Poniente. Con las vistas inmejorable. El apartemento se distribuye en una sala de estar con la cocina americana, salida a la terraza. Dos dormitorios y dos ba\u00f1os. Landry. Plaza de aparcamiento numerado. Piscina Comunitaria. Tenis.<\/p>\n<p>Contacto:<\/p>\n<p>Para m\u00e1s informaci\u00f3n o verificar la disponibilidad, no dudes en ponerte en contacto con nosotros. Uno de nuestros agentes de Inmobiliaria Costa So\u00f1ada estar\u00e1 encantado de asistirte a trav\u00e9s de WhatsApp<\/p>\n<p>\u00a1Vive la experiencia de residir en una villa de ensue\u00f1o en Finestrat!<\/p>\n<p>No pierdas la oportunidad de vivir en este maravilloso apartamento que combina lujo, comodidad y una ubicaci\u00f3n privilegiada.<\/p>\n<p>Los detalles y m2 se puede apreciar en los planos, que est\u00e1n en la l\u00ednea de fotos.<br \/>\nPara m\u00e1s informaci\u00f3n o disponibilidad, no dudes en ponerte en contacto con nosotros, uno de nuestros agentes de Inmobiliaria Costa So\u00f1ada te guiar\u00e1 +34 604 289 264 (WhatsApp)<\/p>\n","protected":false},"excerpt":{"rendered":"<p>A16234OB Se alquila por temporada de 11 meses. El piso se encuentra a 200 metros de la playa Poniente. Con las vistas inmejorable. El apartemento se distribuye en una sala de estar con la cocina americana, salida a la terraza. Dos dormitorios y dos ba\u00f1os. Landry. Plaza de aparcamiento numerado. Piscina Comunitaria. Tenis. Contacto: Para m\u00e1s informaci\u00f3n o verificar la disponibilidad, no dudes en ponerte en contacto con nosotros. Uno de nuestros agentes de Inmobiliaria Costa So\u00f1ada estar\u00e1 encantado de asistirte a trav\u00e9s de WhatsApp \u00a1Vive la experiencia de residir en una villa de ensue\u00f1o en Finestrat! No pierdas la oportunidad de vivir en este<a class=\"more-link\" href=\"https:\/\/costasonada.es\/index.php\/property\/se-alquila-apartamento-en-benidorm\/\"><span>Read More &rarr;<\/span><\/a><\/p>\n","protected":false},"author":3,"featured_media":16235,"parent":0,"menu_order":0,"template":"","rem_property_cat":[58],"class_list":["entry","author-3dvirtualtour","post-16234","rem_property","type-rem_property","status-publish","has-post-thumbnail","rem_property_tag-alquiler","rem_property_tag-benidorm","rem_property_tag-playa","rem_property_tag-vista-al-mar","rem_property_cat-benidorm"],"aioseo_notices":[],"aioseo_head":"\n\t\t<!-- All in One SEO 5.0.1.1 - aioseo.com -->\n\t<meta name=\"description\" content=\"A16234OB Se alquila por temporada de 11 meses. El piso se encuentra a 200 metros de la playa Poniente. Con las vistas inmejorable. El apartemento se distribuye en una sala de estar con la cocina americana, salida a la terraza. Dos dormitorios y dos ba\u00f1os. Landry. Plaza de aparcamiento numerado. Piscina Comunitaria. Tenis. Contacto: Para\" \/>\n\t<meta name=\"robots\" content=\"max-image-preview:large\" \/>\n\t<meta name=\"author\" content=\"Costa So\u00f1ada\"\/>\n\t<meta name=\"google-site-verification\" content=\"mukDF0U7Lr8beVLioCYFiSEkDFjcIPXQLR7s7jMEOjU\" \/>\n\t<link rel=\"canonical\" href=\"https:\/\/costasonada.es\/index.php\/property\/se-alquila-apartamento-en-benidorm\/\" \/>\n\t<meta name=\"generator\" content=\"All in One SEO (AIOSEO) 5.0.1.1\" \/>\n\t\t<meta property=\"og:locale\" content=\"es_ES\" \/>\n\t\t<meta property=\"og:site_name\" content=\"Inmobiliaria Costa So\u00f1ada - Costa So\u00f1ada, agencia inmobiliaria que trabaja en Altea, Altea Hills, Mascarat, Finestrat, y toda la Costa Blanca, con una gran variedad de propiedades de lujo.\" \/>\n\t\t<meta property=\"og:type\" content=\"article\" \/>\n\t\t<meta property=\"og:title\" content=\"Se alquila apartamento en Benidorm - Inmobiliaria Costa So\u00f1ada\" \/>\n\t\t<meta property=\"og:description\" content=\"A16234OB Se alquila por temporada de 11 meses. El piso se encuentra a 200 metros de la playa Poniente. Con las vistas inmejorable. El apartemento se distribuye en una sala de estar con la cocina americana, salida a la terraza. Dos dormitorios y dos ba\u00f1os. Landry. Plaza de aparcamiento numerado. Piscina Comunitaria. Tenis. Contacto: Para\" \/>\n\t\t<meta property=\"og:url\" content=\"https:\/\/costasonada.es\/index.php\/property\/se-alquila-apartamento-en-benidorm\/\" \/>\n\t\t<meta property=\"og:image\" content=\"https:\/\/costasonada.es\/wp-content\/uploads\/2025\/02\/INMOBILIARIA_COSTA_SONADA_ALQUILER_APARTAMENTO_DOS_DORMITORIOS_BENIDORM_CON_VISTA-1.jpeg\" \/>\n\t\t<meta property=\"og:image:secure_url\" content=\"https:\/\/costasonada.es\/wp-content\/uploads\/2025\/02\/INMOBILIARIA_COSTA_SONADA_ALQUILER_APARTAMENTO_DOS_DORMITORIOS_BENIDORM_CON_VISTA-1.jpeg\" \/>\n\t\t<meta property=\"og:image:width\" content=\"1280\" \/>\n\t\t<meta property=\"og:image:height\" content=\"720\" \/>\n\t\t<meta property=\"article:published_time\" content=\"2025-02-11T10:02:31+00:00\" \/>\n\t\t<meta property=\"article:modified_time\" content=\"2026-03-24T16:34:36+00:00\" \/>\n\t\t<meta property=\"article:publisher\" content=\"https:\/\/www.facebook.com\/3DVirtualTour-299122470616861\" \/>\n\t\t<meta property=\"article:author\" content=\"3dvirtualinmo\" \/>\n\t\t<meta name=\"twitter:card\" content=\"summary\" \/>\n\t\t<meta name=\"twitter:title\" content=\"Se alquila apartamento en Benidorm - Inmobiliaria Costa So\u00f1ada\" \/>\n\t\t<meta name=\"twitter:description\" content=\"A16234OB Se alquila por temporada de 11 meses. El piso se encuentra a 200 metros de la playa Poniente. Con las vistas inmejorable. El apartemento se distribuye en una sala de estar con la cocina americana, salida a la terraza. Dos dormitorios y dos ba\u00f1os. Landry. Plaza de aparcamiento numerado. Piscina Comunitaria. Tenis. Contacto: Para\" \/>\n\t\t<meta name=\"twitter:image\" content=\"https:\/\/costasonada.es\/wp-content\/uploads\/2025\/02\/INMOBILIARIA_COSTA_SONADA_ALQUILER_APARTAMENTO_DOS_DORMITORIOS_BENIDORM_CON_VISTA-1.jpeg\" \/>\n\t\t<script type=\"application\/ld+json\" class=\"aioseo-schema\">\n\t\t\t{\"@context\":\"https:\\\/\\\/schema.org\",\"@graph\":[{\"@type\":\"BreadcrumbList\",\"@id\":\"https:\\\/\\\/costasonada.es\\\/index.php\\\/property\\\/se-alquila-apartamento-en-benidorm\\\/#breadcrumblist\",\"itemListElement\":[{\"@type\":\"ListItem\",\"@id\":\"https:\\\/\\\/costasonada.es#listItem\",\"position\":1,\"name\":\"Home\",\"item\":\"https:\\\/\\\/costasonada.es\",\"nextItem\":{\"@type\":\"ListItem\",\"@id\":\"https:\\\/\\\/costasonada.es\\\/index.php\\\/property\\\/#listItem\",\"name\":\"Viviendas\"}},{\"@type\":\"ListItem\",\"@id\":\"https:\\\/\\\/costasonada.es\\\/index.php\\\/property\\\/#listItem\",\"position\":2,\"name\":\"Viviendas\",\"item\":\"https:\\\/\\\/costasonada.es\\\/index.php\\\/property\\\/\",\"nextItem\":{\"@type\":\"ListItem\",\"@id\":\"https:\\\/\\\/costasonada.es\\\/index.php\\\/property_tag\\\/benidorm\\\/#listItem\",\"name\":\"Benidorm\"},\"previousItem\":{\"@type\":\"ListItem\",\"@id\":\"https:\\\/\\\/costasonada.es#listItem\",\"name\":\"Home\"}},{\"@type\":\"ListItem\",\"@id\":\"https:\\\/\\\/costasonada.es\\\/index.php\\\/property_tag\\\/benidorm\\\/#listItem\",\"position\":3,\"name\":\"Benidorm\",\"item\":\"https:\\\/\\\/costasonada.es\\\/index.php\\\/property_tag\\\/benidorm\\\/\",\"nextItem\":{\"@type\":\"ListItem\",\"@id\":\"https:\\\/\\\/costasonada.es\\\/index.php\\\/property\\\/se-alquila-apartamento-en-benidorm\\\/#listItem\",\"name\":\"Se alquila apartamento en Benidorm\"},\"previousItem\":{\"@type\":\"ListItem\",\"@id\":\"https:\\\/\\\/costasonada.es\\\/index.php\\\/property\\\/#listItem\",\"name\":\"Viviendas\"}},{\"@type\":\"ListItem\",\"@id\":\"https:\\\/\\\/costasonada.es\\\/index.php\\\/property\\\/se-alquila-apartamento-en-benidorm\\\/#listItem\",\"position\":4,\"name\":\"Se alquila apartamento en Benidorm\",\"previousItem\":{\"@type\":\"ListItem\",\"@id\":\"https:\\\/\\\/costasonada.es\\\/index.php\\\/property_tag\\\/benidorm\\\/#listItem\",\"name\":\"Benidorm\"}}]},{\"@type\":\"Organization\",\"@id\":\"https:\\\/\\\/costasonada.es\\\/#organization\",\"name\":\"Costa So\\u00f1ada\",\"description\":\"Costa So\\u00f1ada, agencia inmobiliaria que trabaja en Altea, Altea Hills, Mascarat, Finestrat, y toda la Costa Blanca, con una gran variedad de propiedades de lujo.\",\"url\":\"https:\\\/\\\/costasonada.es\\\/\",\"telephone\":\"+34604289264\",\"logo\":{\"@type\":\"ImageObject\",\"url\":\"https:\\\/\\\/costasonada.es\\\/wp-content\\\/uploads\\\/2021\\\/09\\\/icon.png\",\"@id\":\"https:\\\/\\\/costasonada.es\\\/index.php\\\/property\\\/se-alquila-apartamento-en-benidorm\\\/#organizationLogo\"},\"image\":{\"@id\":\"https:\\\/\\\/costasonada.es\\\/index.php\\\/property\\\/se-alquila-apartamento-en-benidorm\\\/#organizationLogo\"},\"sameAs\":[\"https:\\\/\\\/www.facebook.com\\\/3DVirtualTour-299122470616861\",\"https:\\\/\\\/www.instagram.com\\\/3dvirtualtour.es\\\/\",\"https:\\\/\\\/www.youtube.com\\\/channel\\\/UCiGlx-_efwf-PwUYGx-ThzA\"]},{\"@type\":\"Person\",\"@id\":\"https:\\\/\\\/costasonada.es\\\/index.php\\\/author\\\/3dvirtualtour\\\/#author\",\"url\":\"https:\\\/\\\/costasonada.es\\\/index.php\\\/author\\\/3dvirtualtour\\\/\",\"name\":\"Costa So\\u00f1ada\",\"image\":{\"@type\":\"ImageObject\",\"@id\":\"https:\\\/\\\/costasonada.es\\\/index.php\\\/property\\\/se-alquila-apartamento-en-benidorm\\\/#authorImage\",\"url\":\"https:\\\/\\\/costasonada.es\\\/wp-content\\\/litespeed\\\/avatar\\\/34065bddd5e2947ec794ad0a84970d01.jpg?ver=1788349508\",\"width\":96,\"height\":96,\"caption\":\"Costa So\\u00f1ada\"},\"sameAs\":[\"3dvirtualinmo\"]},{\"@type\":\"WebPage\",\"@id\":\"https:\\\/\\\/costasonada.es\\\/index.php\\\/property\\\/se-alquila-apartamento-en-benidorm\\\/#webpage\",\"url\":\"https:\\\/\\\/costasonada.es\\\/index.php\\\/property\\\/se-alquila-apartamento-en-benidorm\\\/\",\"name\":\"Se alquila apartamento en Benidorm - Inmobiliaria Costa So\\u00f1ada\",\"description\":\"A16234OB Se alquila por temporada de 11 meses. El piso se encuentra a 200 metros de la playa Poniente. Con las vistas inmejorable. El apartemento se distribuye en una sala de estar con la cocina americana, salida a la terraza. Dos dormitorios y dos ba\\u00f1os. Landry. Plaza de aparcamiento numerado. Piscina Comunitaria. Tenis. Contacto: Para\",\"inLanguage\":\"es-ES\",\"isPartOf\":{\"@id\":\"https:\\\/\\\/costasonada.es\\\/#website\"},\"breadcrumb\":{\"@id\":\"https:\\\/\\\/costasonada.es\\\/index.php\\\/property\\\/se-alquila-apartamento-en-benidorm\\\/#breadcrumblist\"},\"author\":{\"@id\":\"https:\\\/\\\/costasonada.es\\\/index.php\\\/author\\\/3dvirtualtour\\\/#author\"},\"creator\":{\"@id\":\"https:\\\/\\\/costasonada.es\\\/index.php\\\/author\\\/3dvirtualtour\\\/#author\"},\"image\":{\"@type\":\"ImageObject\",\"url\":\"https:\\\/\\\/costasonada.es\\\/wp-content\\\/uploads\\\/2025\\\/02\\\/INMOBILIARIA_COSTA_SONADA_ALQUILER_APARTAMENTO_DOS_DORMITORIOS_BENIDORM_CON_VISTA-1.jpeg\",\"@id\":\"https:\\\/\\\/costasonada.es\\\/index.php\\\/property\\\/se-alquila-apartamento-en-benidorm\\\/#mainImage\",\"width\":1280,\"height\":720},\"primaryImageOfPage\":{\"@id\":\"https:\\\/\\\/costasonada.es\\\/index.php\\\/property\\\/se-alquila-apartamento-en-benidorm\\\/#mainImage\"},\"datePublished\":\"2025-02-11T12:02:31+02:00\",\"dateModified\":\"2026-03-24T18:34:36+02:00\"},{\"@type\":\"WebSite\",\"@id\":\"https:\\\/\\\/costasonada.es\\\/#website\",\"url\":\"https:\\\/\\\/costasonada.es\\\/\",\"name\":\"3D Virtual Tour\",\"description\":\"Costa So\\u00f1ada, agencia inmobiliaria que trabaja en Altea, Altea Hills, Mascarat, Finestrat, y toda la Costa Blanca, con una gran variedad de propiedades de lujo.\",\"inLanguage\":\"es-ES\",\"publisher\":{\"@id\":\"https:\\\/\\\/costasonada.es\\\/#organization\"}}]}\n\t\t<\/script>\n\t\t<!-- All in One SEO -->\n\n","aioseo_head_json":{"title":"Se alquila apartamento en Benidorm - Inmobiliaria Costa So\u00f1ada","description":"A16234OB Se alquila por temporada de 11 meses. El piso se encuentra a 200 metros de la playa Poniente. Con las vistas inmejorable. El apartemento se distribuye en una sala de estar con la cocina americana, salida a la terraza. Dos dormitorios y dos ba\u00f1os. Landry. Plaza de aparcamiento numerado. Piscina Comunitaria. Tenis. Contacto: Para","canonical_url":"https:\/\/costasonada.es\/index.php\/property\/se-alquila-apartamento-en-benidorm\/","robots":"max-image-preview:large","keywords":"","webmasterTools":{"google-site-verification":"mukDF0U7Lr8beVLioCYFiSEkDFjcIPXQLR7s7jMEOjU","miscellaneous":""},"schema":{"@context":"https:\/\/schema.org","@graph":[{"@type":"BreadcrumbList","@id":"https:\/\/costasonada.es\/index.php\/property\/se-alquila-apartamento-en-benidorm\/#breadcrumblist","itemListElement":[{"@type":"ListItem","@id":"https:\/\/costasonada.es#listItem","position":1,"name":"Home","item":"https:\/\/costasonada.es","nextItem":{"@type":"ListItem","@id":"https:\/\/costasonada.es\/index.php\/property\/#listItem","name":"Viviendas"}},{"@type":"ListItem","@id":"https:\/\/costasonada.es\/index.php\/property\/#listItem","position":2,"name":"Viviendas","item":"https:\/\/costasonada.es\/index.php\/property\/","nextItem":{"@type":"ListItem","@id":"https:\/\/costasonada.es\/index.php\/property_tag\/benidorm\/#listItem","name":"Benidorm"},"previousItem":{"@type":"ListItem","@id":"https:\/\/costasonada.es#listItem","name":"Home"}},{"@type":"ListItem","@id":"https:\/\/costasonada.es\/index.php\/property_tag\/benidorm\/#listItem","position":3,"name":"Benidorm","item":"https:\/\/costasonada.es\/index.php\/property_tag\/benidorm\/","nextItem":{"@type":"ListItem","@id":"https:\/\/costasonada.es\/index.php\/property\/se-alquila-apartamento-en-benidorm\/#listItem","name":"Se alquila apartamento en Benidorm"},"previousItem":{"@type":"ListItem","@id":"https:\/\/costasonada.es\/index.php\/property\/#listItem","name":"Viviendas"}},{"@type":"ListItem","@id":"https:\/\/costasonada.es\/index.php\/property\/se-alquila-apartamento-en-benidorm\/#listItem","position":4,"name":"Se alquila apartamento en Benidorm","previousItem":{"@type":"ListItem","@id":"https:\/\/costasonada.es\/index.php\/property_tag\/benidorm\/#listItem","name":"Benidorm"}}]},{"@type":"Organization","@id":"https:\/\/costasonada.es\/#organization","name":"Costa So\u00f1ada","description":"Costa So\u00f1ada, agencia inmobiliaria que trabaja en Altea, Altea Hills, Mascarat, Finestrat, y toda la Costa Blanca, con una gran variedad de propiedades de lujo.","url":"https:\/\/costasonada.es\/","telephone":"+34604289264","logo":{"@type":"ImageObject","url":"https:\/\/costasonada.es\/wp-content\/uploads\/2021\/09\/icon.png","@id":"https:\/\/costasonada.es\/index.php\/property\/se-alquila-apartamento-en-benidorm\/#organizationLogo"},"image":{"@id":"https:\/\/costasonada.es\/index.php\/property\/se-alquila-apartamento-en-benidorm\/#organizationLogo"},"sameAs":["https:\/\/www.facebook.com\/3DVirtualTour-299122470616861","https:\/\/www.instagram.com\/3dvirtualtour.es\/","https:\/\/www.youtube.com\/channel\/UCiGlx-_efwf-PwUYGx-ThzA"]},{"@type":"Person","@id":"https:\/\/costasonada.es\/index.php\/author\/3dvirtualtour\/#author","url":"https:\/\/costasonada.es\/index.php\/author\/3dvirtualtour\/","name":"Costa So\u00f1ada","image":{"@type":"ImageObject","@id":"https:\/\/costasonada.es\/index.php\/property\/se-alquila-apartamento-en-benidorm\/#authorImage","url":"https:\/\/costasonada.es\/wp-content\/litespeed\/avatar\/34065bddd5e2947ec794ad0a84970d01.jpg?ver=1788349508","width":96,"height":96,"caption":"Costa So\u00f1ada"},"sameAs":["3dvirtualinmo"]},{"@type":"WebPage","@id":"https:\/\/costasonada.es\/index.php\/property\/se-alquila-apartamento-en-benidorm\/#webpage","url":"https:\/\/costasonada.es\/index.php\/property\/se-alquila-apartamento-en-benidorm\/","name":"Se alquila apartamento en Benidorm - Inmobiliaria Costa So\u00f1ada","description":"A16234OB Se alquila por temporada de 11 meses. El piso se encuentra a 200 metros de la playa Poniente. Con las vistas inmejorable. El apartemento se distribuye en una sala de estar con la cocina americana, salida a la terraza. Dos dormitorios y dos ba\u00f1os. Landry. Plaza de aparcamiento numerado. Piscina Comunitaria. Tenis. Contacto: Para","inLanguage":"es-ES","isPartOf":{"@id":"https:\/\/costasonada.es\/#website"},"breadcrumb":{"@id":"https:\/\/costasonada.es\/index.php\/property\/se-alquila-apartamento-en-benidorm\/#breadcrumblist"},"author":{"@id":"https:\/\/costasonada.es\/index.php\/author\/3dvirtualtour\/#author"},"creator":{"@id":"https:\/\/costasonada.es\/index.php\/author\/3dvirtualtour\/#author"},"image":{"@type":"ImageObject","url":"https:\/\/costasonada.es\/wp-content\/uploads\/2025\/02\/INMOBILIARIA_COSTA_SONADA_ALQUILER_APARTAMENTO_DOS_DORMITORIOS_BENIDORM_CON_VISTA-1.jpeg","@id":"https:\/\/costasonada.es\/index.php\/property\/se-alquila-apartamento-en-benidorm\/#mainImage","width":1280,"height":720},"primaryImageOfPage":{"@id":"https:\/\/costasonada.es\/index.php\/property\/se-alquila-apartamento-en-benidorm\/#mainImage"},"datePublished":"2025-02-11T12:02:31+02:00","dateModified":"2026-03-24T18:34:36+02:00"},{"@type":"WebSite","@id":"https:\/\/costasonada.es\/#website","url":"https:\/\/costasonada.es\/","name":"3D Virtual Tour","description":"Costa So\u00f1ada, agencia inmobiliaria que trabaja en Altea, Altea Hills, Mascarat, Finestrat, y toda la Costa Blanca, con una gran variedad de propiedades de lujo.","inLanguage":"es-ES","publisher":{"@id":"https:\/\/costasonada.es\/#organization"}}]},"og:locale":"es_ES","og:site_name":"Inmobiliaria Costa So\u00f1ada - Costa So\u00f1ada, agencia inmobiliaria que trabaja en Altea, Altea Hills, Mascarat, Finestrat, y toda la Costa Blanca, con una gran variedad de propiedades de lujo.","og:type":"article","og:title":"Se alquila apartamento en Benidorm - Inmobiliaria Costa So\u00f1ada","og:description":"A16234OB Se alquila por temporada de 11 meses. El piso se encuentra a 200 metros de la playa Poniente. Con las vistas inmejorable. El apartemento se distribuye en una sala de estar con la cocina americana, salida a la terraza. Dos dormitorios y dos ba\u00f1os. Landry. Plaza de aparcamiento numerado. Piscina Comunitaria. Tenis. Contacto: Para","og:url":"https:\/\/costasonada.es\/index.php\/property\/se-alquila-apartamento-en-benidorm\/","og:image":"https:\/\/costasonada.es\/wp-content\/uploads\/2025\/02\/INMOBILIARIA_COSTA_SONADA_ALQUILER_APARTAMENTO_DOS_DORMITORIOS_BENIDORM_CON_VISTA-1.jpeg","og:image:secure_url":"https:\/\/costasonada.es\/wp-content\/uploads\/2025\/02\/INMOBILIARIA_COSTA_SONADA_ALQUILER_APARTAMENTO_DOS_DORMITORIOS_BENIDORM_CON_VISTA-1.jpeg","og:image:width":1280,"og:image:height":720,"article:published_time":"2025-02-11T10:02:31+00:00","article:modified_time":"2026-03-24T16:34:36+00:00","article:publisher":"https:\/\/www.facebook.com\/3DVirtualTour-299122470616861","article:author":"3dvirtualinmo","twitter:card":"summary","twitter:title":"Se alquila apartamento en Benidorm - Inmobiliaria Costa So\u00f1ada","twitter:description":"A16234OB Se alquila por temporada de 11 meses. El piso se encuentra a 200 metros de la playa Poniente. Con las vistas inmejorable. El apartemento se distribuye en una sala de estar con la cocina americana, salida a la terraza. Dos dormitorios y dos ba\u00f1os. Landry. Plaza de aparcamiento numerado. Piscina Comunitaria. Tenis. Contacto: Para","twitter:image":"https:\/\/costasonada.es\/wp-content\/uploads\/2025\/02\/INMOBILIARIA_COSTA_SONADA_ALQUILER_APARTAMENTO_DOS_DORMITORIOS_BENIDORM_CON_VISTA-1.jpeg"},"aioseo_meta_data":{"post_id":"16234","title":null,"description":null,"keywords":null,"keyphrases":{"focus":[],"additional":[]},"primary_term":null,"canonical_url":null,"og_title":null,"og_description":null,"og_object_type":"default","og_image_type":"default","og_image_url":null,"og_image_width":null,"og_image_height":null,"og_image_custom_url":null,"og_image_custom_fields":null,"og_video":"","og_custom_url":null,"og_article_section":null,"og_article_tags":null,"twitter_use_og":false,"twitter_card":"default","twitter_image_type":"default","twitter_image_url":null,"twitter_image_custom_url":null,"twitter_image_custom_fields":null,"twitter_title":null,"twitter_description":null,"schema":{"blockGraphs":[],"customGraphs":[],"default":{"data":{"Article":[],"Course":[],"Dataset":[],"FAQPage":[],"Movie":[],"Person":[],"Product":[],"ProductReview":[],"Car":[],"Recipe":[],"Service":[],"SoftwareApplication":[],"WebPage":[]},"graphName":"WebPage","isEnabled":true},"graphs":[]},"schema_type":"default","schema_type_options":null,"pillar_content":false,"robots_default":true,"robots_noindex":false,"robots_noarchive":false,"robots_nosnippet":false,"robots_nofollow":false,"robots_noimageindex":false,"robots_noodp":false,"robots_notranslate":false,"robots_max_snippet":"-1","robots_max_videopreview":"-1","robots_max_imagepreview":"large","priority":null,"frequency":"default","local_seo":null,"breadcrumb_settings":null,"limit_modified_date":false,"ai":{"faqs":[],"keyPoints":[],"titles":[],"descriptions":[],"socialPosts":{"email":[],"linkedin":[],"twitter":[],"facebook":[],"instagram":[]}},"created":"2025-02-11 10:02:31","updated":"2026-09-04 14:13:59","seo_analyzer_scan_date":null,"focus_keyword":null,"additional_keywords":null,"truseo_locale":null},"aioseo_breadcrumb":"<div class=\"aioseo-breadcrumbs\"><span class=\"aioseo-breadcrumb\">\n\t\t\t<a href=\"https:\/\/costasonada.es\" title=\"Home\">Home<\/a>\n\t\t<\/span><span class=\"aioseo-breadcrumb-separator\">&raquo;<\/span><span class=\"aioseo-breadcrumb\">\n\t\t\t<a href=\"https:\/\/costasonada.es\/index.php\/property\/\" title=\"Viviendas\">Viviendas<\/a>\n\t\t<\/span><span class=\"aioseo-breadcrumb-separator\">&raquo;<\/span><span class=\"aioseo-breadcrumb\">\n\t\t\t<a href=\"https:\/\/costasonada.es\/index.php\/property_tag\/benidorm\/\" title=\"Benidorm\">Benidorm<\/a>\n\t\t<\/span><span class=\"aioseo-breadcrumb-separator\">&raquo;<\/span><span class=\"aioseo-breadcrumb\">\n\t\t\tSe alquila apartamento en Benidorm\n\t\t<\/span><\/div>","aioseo_breadcrumb_json":[{"label":"Home","link":"https:\/\/costasonada.es"},{"label":"Viviendas","link":"https:\/\/costasonada.es\/index.php\/property\/"},{"label":"Benidorm","link":"https:\/\/costasonada.es\/index.php\/property_tag\/benidorm\/"},{"label":"Se alquila apartamento en Benidorm","link":"https:\/\/costasonada.es\/index.php\/property\/se-alquila-apartamento-en-benidorm\/"}],"_links":{"self":[{"href":"https:\/\/costasonada.es\/index.php\/wp-json\/wp\/v2\/properties\/16234","targetHints":{"allow":["GET"]}}],"collection":[{"href":"https:\/\/costasonada.es\/index.php\/wp-json\/wp\/v2\/properties"}],"about":[{"href":"https:\/\/costasonada.es\/index.php\/wp-json\/wp\/v2\/types\/rem_property"}],"author":[{"embeddable":true,"href":"https:\/\/costasonada.es\/index.php\/wp-json\/wp\/v2\/users\/3"}],"wp:featuredmedia":[{"embeddable":true,"href":"https:\/\/costasonada.es\/index.php\/wp-json\/wp\/v2\/media\/16235"}],"wp:attachment":[{"href":"https:\/\/costasonada.es\/index.php\/wp-json\/wp\/v2\/media?parent=16234"}],"wp:term":[{"taxonomy":"rem_property_cat","embeddable":true,"href":"https:\/\/costasonada.es\/index.php\/wp-json\/wp\/v2\/rem_property_cat?post=16234"}],"curies":[{"name":"wp","href":"https:\/\/api.w.org\/{rel}","templated":true}]}}