{"id":17497,"date":"2025-07-18T14:41:11","date_gmt":"2025-07-18T12:41:11","guid":{"rendered":"https:\/\/costasonada.es\/?post_type=rem_property&#038;p=17497"},"modified":"2026-02-11T18:26:46","modified_gmt":"2026-02-11T16:26:46","slug":"apartementos-en-cumbre-del-sol","status":"publish","type":"rem_property","link":"https:\/\/costasonada.es\/index.php\/property\/apartementos-en-cumbre-del-sol\/","title":{"rendered":"Apartementos en Cumbre del Sol"},"content":{"rendered":"<p>CSC17497V<\/p>\n<p>\u00a1Descubre tu nuevo hogar en Cumbre del Sol! Este espectacular piso de alto standing ofrece unas vistas inmejorables que te dejar\u00e1n sin aliento. Con una distribuci\u00f3n inteligente de 143 m\u00b2 construidos y 102 m\u00b2 \u00fatiles, este apartamento cuenta con dos acogedores dormitorios, dos ba\u00f1os completos y un elegante sal\u00f3n comedor que se abre a un patio cubierto. La cocina americana, totalmente equipada, es perfecta para disfrutar de momentos culinarios en familia.<\/p>\n<p>El dormitorio principal es un verdadero refugio, con ba\u00f1o en suite y vestidor, adem\u00e1s de una ventana que da a un patio con zona verde, ideal para relajarse. La propiedad incluye un trastero y una plaza de aparcamiento, todo incluido en el precio. Adem\u00e1s, el edificio cuenta con solo cinco apartamentos, lo que garantiza tranquilidad y privacidad.<\/p>\n<p>Imagina disfrutar de d\u00edas soleados en la piscina o pasear por el jard\u00edn. Con calefacci\u00f3n el\u00e9ctrica, aire acondicionado y una calificaci\u00f3n energ\u00e9tica de clase A, este piso combina confort y eficiencia. No pierdas la oportunidad de vivir en un lugar donde cada detalle ha sido pensado para tu bienestar. \u00a1Cont\u00e1ctanos para m\u00e1s informaci\u00f3n y ven a visitar tu futuro hogar!<\/p>\n<h3>Contacto:<\/h3>\n<p>Para m\u00e1s informaci\u00f3n o verificar la disponibilidad, no dudes en ponerte en contacto con nosotros. Uno de nuestros agentes de Inmobiliaria Costa So\u00f1ada estar\u00e1 encantado de asistirte a trav\u00e9s de\u00a0<strong>WhatsApp +34 604 289 264.<\/strong><\/p>\n<p>\u00a1Vive la experiencia de residir en una villa de ensue\u00f1o en\u00a0<strong>Cumbre del Sol<\/strong>!<\/p>\n","protected":false},"excerpt":{"rendered":"<p>CSC17497V \u00a1Descubre tu nuevo hogar en Cumbre del Sol! Este espectacular piso de alto standing ofrece unas vistas inmejorables que te dejar\u00e1n sin aliento. Con una distribuci\u00f3n inteligente de 143 m\u00b2 construidos y 102 m\u00b2 \u00fatiles, este apartamento cuenta con dos acogedores dormitorios, dos ba\u00f1os completos y un elegante sal\u00f3n comedor que se abre a un patio cubierto. La cocina americana, totalmente equipada, es perfecta para disfrutar de momentos culinarios en familia. El dormitorio principal es un verdadero refugio, con ba\u00f1o en suite y vestidor, adem\u00e1s de una ventana que da a un patio con zona verde, ideal para relajarse. La propiedad incluye un trastero<a class=\"more-link\" href=\"https:\/\/costasonada.es\/index.php\/property\/apartementos-en-cumbre-del-sol\/\"><span>Read More &rarr;<\/span><\/a><\/p>\n","protected":false},"author":3,"featured_media":17499,"parent":0,"menu_order":0,"template":"","rem_property_cat":[63],"class_list":["entry","author-3dvirtualtour","post-17497","rem_property","type-rem_property","status-publish","has-post-thumbnail","rem_property_tag-apartamento","rem_property_tag-cumbre-del-sol","rem_property_tag-lujo","rem_property_tag-nueva-construccion","rem_property_tag-vistas-al-mar","rem_property_cat-benitachell"],"aioseo_notices":[],"aioseo_head":"\n\t\t<!-- All in One SEO 5.0.1.1 - aioseo.com -->\n\t<meta name=\"description\" content=\"CSC17497V \u00a1Descubre tu nuevo hogar en Cumbre del Sol! Este espectacular piso de alto standing ofrece unas vistas inmejorables que te dejar\u00e1n sin aliento. Con una distribuci\u00f3n inteligente de 143 m\u00b2 construidos y 102 m\u00b2 \u00fatiles, este apartamento cuenta con dos acogedores dormitorios, dos ba\u00f1os completos y un elegante sal\u00f3n comedor que se abre a\" \/>\n\t<meta name=\"robots\" content=\"max-image-preview:large\" \/>\n\t<meta name=\"author\" content=\"Costa So\u00f1ada\"\/>\n\t<meta name=\"google-site-verification\" content=\"mukDF0U7Lr8beVLioCYFiSEkDFjcIPXQLR7s7jMEOjU\" \/>\n\t<link rel=\"canonical\" href=\"https:\/\/costasonada.es\/index.php\/property\/apartementos-en-cumbre-del-sol\/\" \/>\n\t<meta name=\"generator\" content=\"All in One SEO (AIOSEO) 5.0.1.1\" \/>\n\t\t<meta property=\"og:locale\" content=\"es_ES\" \/>\n\t\t<meta property=\"og:site_name\" content=\"Inmobiliaria Costa So\u00f1ada - Costa So\u00f1ada, agencia inmobiliaria que trabaja en Altea, Altea Hills, Mascarat, Finestrat, y toda la Costa Blanca, con una gran variedad de propiedades de lujo.\" \/>\n\t\t<meta property=\"og:type\" content=\"article\" \/>\n\t\t<meta property=\"og:title\" content=\"Apartementos en Cumbre del Sol - Inmobiliaria Costa So\u00f1ada\" \/>\n\t\t<meta property=\"og:description\" content=\"CSC17497V \u00a1Descubre tu nuevo hogar en Cumbre del Sol! Este espectacular piso de alto standing ofrece unas vistas inmejorables que te dejar\u00e1n sin aliento. Con una distribuci\u00f3n inteligente de 143 m\u00b2 construidos y 102 m\u00b2 \u00fatiles, este apartamento cuenta con dos acogedores dormitorios, dos ba\u00f1os completos y un elegante sal\u00f3n comedor que se abre a\" \/>\n\t\t<meta property=\"og:url\" content=\"https:\/\/costasonada.es\/index.php\/property\/apartementos-en-cumbre-del-sol\/\" \/>\n\t\t<meta property=\"og:image\" content=\"https:\/\/costasonada.es\/wp-content\/uploads\/2025\/07\/INMOBILIARIA_COSTA_SONADA_SE_VENDE_BUNGALOW_CUMBRE_DEL_SOL_BENITACHELL-2.jpg\" \/>\n\t\t<meta property=\"og:image:secure_url\" content=\"https:\/\/costasonada.es\/wp-content\/uploads\/2025\/07\/INMOBILIARIA_COSTA_SONADA_SE_VENDE_BUNGALOW_CUMBRE_DEL_SOL_BENITACHELL-2.jpg\" \/>\n\t\t<meta property=\"og:image:width\" content=\"1280\" \/>\n\t\t<meta property=\"og:image:height\" content=\"720\" \/>\n\t\t<meta property=\"article:published_time\" content=\"2025-07-18T12:41:11+00:00\" \/>\n\t\t<meta property=\"article:modified_time\" content=\"2026-02-11T16:26:46+00:00\" \/>\n\t\t<meta property=\"article:publisher\" content=\"https:\/\/www.facebook.com\/3DVirtualTour-299122470616861\" \/>\n\t\t<meta property=\"article:author\" content=\"3dvirtualinmo\" \/>\n\t\t<meta name=\"twitter:card\" content=\"summary\" \/>\n\t\t<meta name=\"twitter:title\" content=\"Apartementos en Cumbre del Sol - Inmobiliaria Costa So\u00f1ada\" \/>\n\t\t<meta name=\"twitter:description\" content=\"CSC17497V \u00a1Descubre tu nuevo hogar en Cumbre del Sol! Este espectacular piso de alto standing ofrece unas vistas inmejorables que te dejar\u00e1n sin aliento. Con una distribuci\u00f3n inteligente de 143 m\u00b2 construidos y 102 m\u00b2 \u00fatiles, este apartamento cuenta con dos acogedores dormitorios, dos ba\u00f1os completos y un elegante sal\u00f3n comedor que se abre a\" \/>\n\t\t<meta name=\"twitter:image\" content=\"https:\/\/costasonada.es\/wp-content\/uploads\/2025\/07\/INMOBILIARIA_COSTA_SONADA_SE_VENDE_BUNGALOW_CUMBRE_DEL_SOL_BENITACHELL-2.jpg\" \/>\n\t\t<script type=\"application\/ld+json\" class=\"aioseo-schema\">\n\t\t\t{\"@context\":\"https:\\\/\\\/schema.org\",\"@graph\":[{\"@type\":\"BreadcrumbList\",\"@id\":\"https:\\\/\\\/costasonada.es\\\/index.php\\\/property\\\/apartementos-en-cumbre-del-sol\\\/#breadcrumblist\",\"itemListElement\":[{\"@type\":\"ListItem\",\"@id\":\"https:\\\/\\\/costasonada.es#listItem\",\"position\":1,\"name\":\"Home\",\"item\":\"https:\\\/\\\/costasonada.es\",\"nextItem\":{\"@type\":\"ListItem\",\"@id\":\"https:\\\/\\\/costasonada.es\\\/index.php\\\/property\\\/#listItem\",\"name\":\"Viviendas\"}},{\"@type\":\"ListItem\",\"@id\":\"https:\\\/\\\/costasonada.es\\\/index.php\\\/property\\\/#listItem\",\"position\":2,\"name\":\"Viviendas\",\"item\":\"https:\\\/\\\/costasonada.es\\\/index.php\\\/property\\\/\",\"nextItem\":{\"@type\":\"ListItem\",\"@id\":\"https:\\\/\\\/costasonada.es\\\/index.php\\\/property_tag\\\/apartamento\\\/#listItem\",\"name\":\"apartamento\"},\"previousItem\":{\"@type\":\"ListItem\",\"@id\":\"https:\\\/\\\/costasonada.es#listItem\",\"name\":\"Home\"}},{\"@type\":\"ListItem\",\"@id\":\"https:\\\/\\\/costasonada.es\\\/index.php\\\/property_tag\\\/apartamento\\\/#listItem\",\"position\":3,\"name\":\"apartamento\",\"item\":\"https:\\\/\\\/costasonada.es\\\/index.php\\\/property_tag\\\/apartamento\\\/\",\"nextItem\":{\"@type\":\"ListItem\",\"@id\":\"https:\\\/\\\/costasonada.es\\\/index.php\\\/property\\\/apartementos-en-cumbre-del-sol\\\/#listItem\",\"name\":\"Apartementos en Cumbre del Sol\"},\"previousItem\":{\"@type\":\"ListItem\",\"@id\":\"https:\\\/\\\/costasonada.es\\\/index.php\\\/property\\\/#listItem\",\"name\":\"Viviendas\"}},{\"@type\":\"ListItem\",\"@id\":\"https:\\\/\\\/costasonada.es\\\/index.php\\\/property\\\/apartementos-en-cumbre-del-sol\\\/#listItem\",\"position\":4,\"name\":\"Apartementos en Cumbre del Sol\",\"previousItem\":{\"@type\":\"ListItem\",\"@id\":\"https:\\\/\\\/costasonada.es\\\/index.php\\\/property_tag\\\/apartamento\\\/#listItem\",\"name\":\"apartamento\"}}]},{\"@type\":\"Organization\",\"@id\":\"https:\\\/\\\/costasonada.es\\\/#organization\",\"name\":\"Costa So\\u00f1ada\",\"description\":\"Costa So\\u00f1ada, agencia inmobiliaria que trabaja en Altea, Altea Hills, Mascarat, Finestrat, y toda la Costa Blanca, con una gran variedad de propiedades de lujo.\",\"url\":\"https:\\\/\\\/costasonada.es\\\/\",\"telephone\":\"+34604289264\",\"logo\":{\"@type\":\"ImageObject\",\"url\":\"https:\\\/\\\/costasonada.es\\\/wp-content\\\/uploads\\\/2021\\\/09\\\/icon.png\",\"@id\":\"https:\\\/\\\/costasonada.es\\\/index.php\\\/property\\\/apartementos-en-cumbre-del-sol\\\/#organizationLogo\"},\"image\":{\"@id\":\"https:\\\/\\\/costasonada.es\\\/index.php\\\/property\\\/apartementos-en-cumbre-del-sol\\\/#organizationLogo\"},\"sameAs\":[\"https:\\\/\\\/www.facebook.com\\\/3DVirtualTour-299122470616861\",\"https:\\\/\\\/www.instagram.com\\\/3dvirtualtour.es\\\/\",\"https:\\\/\\\/www.youtube.com\\\/channel\\\/UCiGlx-_efwf-PwUYGx-ThzA\"]},{\"@type\":\"Person\",\"@id\":\"https:\\\/\\\/costasonada.es\\\/index.php\\\/author\\\/3dvirtualtour\\\/#author\",\"url\":\"https:\\\/\\\/costasonada.es\\\/index.php\\\/author\\\/3dvirtualtour\\\/\",\"name\":\"Costa So\\u00f1ada\",\"image\":{\"@type\":\"ImageObject\",\"@id\":\"https:\\\/\\\/costasonada.es\\\/index.php\\\/property\\\/apartementos-en-cumbre-del-sol\\\/#authorImage\",\"url\":\"https:\\\/\\\/costasonada.es\\\/wp-content\\\/litespeed\\\/avatar\\\/34065bddd5e2947ec794ad0a84970d01.jpg?ver=1788349508\",\"width\":96,\"height\":96,\"caption\":\"Costa So\\u00f1ada\"},\"sameAs\":[\"3dvirtualinmo\"]},{\"@type\":\"WebPage\",\"@id\":\"https:\\\/\\\/costasonada.es\\\/index.php\\\/property\\\/apartementos-en-cumbre-del-sol\\\/#webpage\",\"url\":\"https:\\\/\\\/costasonada.es\\\/index.php\\\/property\\\/apartementos-en-cumbre-del-sol\\\/\",\"name\":\"Apartementos en Cumbre del Sol - Inmobiliaria Costa So\\u00f1ada\",\"description\":\"CSC17497V \\u00a1Descubre tu nuevo hogar en Cumbre del Sol! Este espectacular piso de alto standing ofrece unas vistas inmejorables que te dejar\\u00e1n sin aliento. Con una distribuci\\u00f3n inteligente de 143 m\\u00b2 construidos y 102 m\\u00b2 \\u00fatiles, este apartamento cuenta con dos acogedores dormitorios, dos ba\\u00f1os completos y un elegante sal\\u00f3n comedor que se abre a\",\"inLanguage\":\"es-ES\",\"isPartOf\":{\"@id\":\"https:\\\/\\\/costasonada.es\\\/#website\"},\"breadcrumb\":{\"@id\":\"https:\\\/\\\/costasonada.es\\\/index.php\\\/property\\\/apartementos-en-cumbre-del-sol\\\/#breadcrumblist\"},\"author\":{\"@id\":\"https:\\\/\\\/costasonada.es\\\/index.php\\\/author\\\/3dvirtualtour\\\/#author\"},\"creator\":{\"@id\":\"https:\\\/\\\/costasonada.es\\\/index.php\\\/author\\\/3dvirtualtour\\\/#author\"},\"image\":{\"@type\":\"ImageObject\",\"url\":\"https:\\\/\\\/costasonada.es\\\/wp-content\\\/uploads\\\/2025\\\/07\\\/INMOBILIARIA_COSTA_SONADA_SE_VENDE_BUNGALOW_CUMBRE_DEL_SOL_BENITACHELL-2.jpg\",\"@id\":\"https:\\\/\\\/costasonada.es\\\/index.php\\\/property\\\/apartementos-en-cumbre-del-sol\\\/#mainImage\",\"width\":1280,\"height\":720},\"primaryImageOfPage\":{\"@id\":\"https:\\\/\\\/costasonada.es\\\/index.php\\\/property\\\/apartementos-en-cumbre-del-sol\\\/#mainImage\"},\"datePublished\":\"2025-07-18T14:41:11+02:00\",\"dateModified\":\"2026-02-11T18:26:46+02:00\"},{\"@type\":\"WebSite\",\"@id\":\"https:\\\/\\\/costasonada.es\\\/#website\",\"url\":\"https:\\\/\\\/costasonada.es\\\/\",\"name\":\"3D Virtual Tour\",\"description\":\"Costa So\\u00f1ada, agencia inmobiliaria que trabaja en Altea, Altea Hills, Mascarat, Finestrat, y toda la Costa Blanca, con una gran variedad de propiedades de lujo.\",\"inLanguage\":\"es-ES\",\"publisher\":{\"@id\":\"https:\\\/\\\/costasonada.es\\\/#organization\"}}]}\n\t\t<\/script>\n\t\t<!-- All in One SEO -->\n\n","aioseo_head_json":{"title":"Apartementos en Cumbre del Sol - Inmobiliaria Costa So\u00f1ada","description":"CSC17497V \u00a1Descubre tu nuevo hogar en Cumbre del Sol! Este espectacular piso de alto standing ofrece unas vistas inmejorables que te dejar\u00e1n sin aliento. Con una distribuci\u00f3n inteligente de 143 m\u00b2 construidos y 102 m\u00b2 \u00fatiles, este apartamento cuenta con dos acogedores dormitorios, dos ba\u00f1os completos y un elegante sal\u00f3n comedor que se abre a","canonical_url":"https:\/\/costasonada.es\/index.php\/property\/apartementos-en-cumbre-del-sol\/","robots":"max-image-preview:large","keywords":"","webmasterTools":{"google-site-verification":"mukDF0U7Lr8beVLioCYFiSEkDFjcIPXQLR7s7jMEOjU","miscellaneous":""},"schema":{"@context":"https:\/\/schema.org","@graph":[{"@type":"BreadcrumbList","@id":"https:\/\/costasonada.es\/index.php\/property\/apartementos-en-cumbre-del-sol\/#breadcrumblist","itemListElement":[{"@type":"ListItem","@id":"https:\/\/costasonada.es#listItem","position":1,"name":"Home","item":"https:\/\/costasonada.es","nextItem":{"@type":"ListItem","@id":"https:\/\/costasonada.es\/index.php\/property\/#listItem","name":"Viviendas"}},{"@type":"ListItem","@id":"https:\/\/costasonada.es\/index.php\/property\/#listItem","position":2,"name":"Viviendas","item":"https:\/\/costasonada.es\/index.php\/property\/","nextItem":{"@type":"ListItem","@id":"https:\/\/costasonada.es\/index.php\/property_tag\/apartamento\/#listItem","name":"apartamento"},"previousItem":{"@type":"ListItem","@id":"https:\/\/costasonada.es#listItem","name":"Home"}},{"@type":"ListItem","@id":"https:\/\/costasonada.es\/index.php\/property_tag\/apartamento\/#listItem","position":3,"name":"apartamento","item":"https:\/\/costasonada.es\/index.php\/property_tag\/apartamento\/","nextItem":{"@type":"ListItem","@id":"https:\/\/costasonada.es\/index.php\/property\/apartementos-en-cumbre-del-sol\/#listItem","name":"Apartementos en Cumbre del Sol"},"previousItem":{"@type":"ListItem","@id":"https:\/\/costasonada.es\/index.php\/property\/#listItem","name":"Viviendas"}},{"@type":"ListItem","@id":"https:\/\/costasonada.es\/index.php\/property\/apartementos-en-cumbre-del-sol\/#listItem","position":4,"name":"Apartementos en Cumbre del Sol","previousItem":{"@type":"ListItem","@id":"https:\/\/costasonada.es\/index.php\/property_tag\/apartamento\/#listItem","name":"apartamento"}}]},{"@type":"Organization","@id":"https:\/\/costasonada.es\/#organization","name":"Costa So\u00f1ada","description":"Costa So\u00f1ada, agencia inmobiliaria que trabaja en Altea, Altea Hills, Mascarat, Finestrat, y toda la Costa Blanca, con una gran variedad de propiedades de lujo.","url":"https:\/\/costasonada.es\/","telephone":"+34604289264","logo":{"@type":"ImageObject","url":"https:\/\/costasonada.es\/wp-content\/uploads\/2021\/09\/icon.png","@id":"https:\/\/costasonada.es\/index.php\/property\/apartementos-en-cumbre-del-sol\/#organizationLogo"},"image":{"@id":"https:\/\/costasonada.es\/index.php\/property\/apartementos-en-cumbre-del-sol\/#organizationLogo"},"sameAs":["https:\/\/www.facebook.com\/3DVirtualTour-299122470616861","https:\/\/www.instagram.com\/3dvirtualtour.es\/","https:\/\/www.youtube.com\/channel\/UCiGlx-_efwf-PwUYGx-ThzA"]},{"@type":"Person","@id":"https:\/\/costasonada.es\/index.php\/author\/3dvirtualtour\/#author","url":"https:\/\/costasonada.es\/index.php\/author\/3dvirtualtour\/","name":"Costa So\u00f1ada","image":{"@type":"ImageObject","@id":"https:\/\/costasonada.es\/index.php\/property\/apartementos-en-cumbre-del-sol\/#authorImage","url":"https:\/\/costasonada.es\/wp-content\/litespeed\/avatar\/34065bddd5e2947ec794ad0a84970d01.jpg?ver=1788349508","width":96,"height":96,"caption":"Costa So\u00f1ada"},"sameAs":["3dvirtualinmo"]},{"@type":"WebPage","@id":"https:\/\/costasonada.es\/index.php\/property\/apartementos-en-cumbre-del-sol\/#webpage","url":"https:\/\/costasonada.es\/index.php\/property\/apartementos-en-cumbre-del-sol\/","name":"Apartementos en Cumbre del Sol - Inmobiliaria Costa So\u00f1ada","description":"CSC17497V \u00a1Descubre tu nuevo hogar en Cumbre del Sol! Este espectacular piso de alto standing ofrece unas vistas inmejorables que te dejar\u00e1n sin aliento. Con una distribuci\u00f3n inteligente de 143 m\u00b2 construidos y 102 m\u00b2 \u00fatiles, este apartamento cuenta con dos acogedores dormitorios, dos ba\u00f1os completos y un elegante sal\u00f3n comedor que se abre a","inLanguage":"es-ES","isPartOf":{"@id":"https:\/\/costasonada.es\/#website"},"breadcrumb":{"@id":"https:\/\/costasonada.es\/index.php\/property\/apartementos-en-cumbre-del-sol\/#breadcrumblist"},"author":{"@id":"https:\/\/costasonada.es\/index.php\/author\/3dvirtualtour\/#author"},"creator":{"@id":"https:\/\/costasonada.es\/index.php\/author\/3dvirtualtour\/#author"},"image":{"@type":"ImageObject","url":"https:\/\/costasonada.es\/wp-content\/uploads\/2025\/07\/INMOBILIARIA_COSTA_SONADA_SE_VENDE_BUNGALOW_CUMBRE_DEL_SOL_BENITACHELL-2.jpg","@id":"https:\/\/costasonada.es\/index.php\/property\/apartementos-en-cumbre-del-sol\/#mainImage","width":1280,"height":720},"primaryImageOfPage":{"@id":"https:\/\/costasonada.es\/index.php\/property\/apartementos-en-cumbre-del-sol\/#mainImage"},"datePublished":"2025-07-18T14:41:11+02:00","dateModified":"2026-02-11T18:26:46+02:00"},{"@type":"WebSite","@id":"https:\/\/costasonada.es\/#website","url":"https:\/\/costasonada.es\/","name":"3D Virtual Tour","description":"Costa So\u00f1ada, agencia inmobiliaria que trabaja en Altea, Altea Hills, Mascarat, Finestrat, y toda la Costa Blanca, con una gran variedad de propiedades de lujo.","inLanguage":"es-ES","publisher":{"@id":"https:\/\/costasonada.es\/#organization"}}]},"og:locale":"es_ES","og:site_name":"Inmobiliaria Costa So\u00f1ada - Costa So\u00f1ada, agencia inmobiliaria que trabaja en Altea, Altea Hills, Mascarat, Finestrat, y toda la Costa Blanca, con una gran variedad de propiedades de lujo.","og:type":"article","og:title":"Apartementos en Cumbre del Sol - Inmobiliaria Costa So\u00f1ada","og:description":"CSC17497V \u00a1Descubre tu nuevo hogar en Cumbre del Sol! Este espectacular piso de alto standing ofrece unas vistas inmejorables que te dejar\u00e1n sin aliento. Con una distribuci\u00f3n inteligente de 143 m\u00b2 construidos y 102 m\u00b2 \u00fatiles, este apartamento cuenta con dos acogedores dormitorios, dos ba\u00f1os completos y un elegante sal\u00f3n comedor que se abre a","og:url":"https:\/\/costasonada.es\/index.php\/property\/apartementos-en-cumbre-del-sol\/","og:image":"https:\/\/costasonada.es\/wp-content\/uploads\/2025\/07\/INMOBILIARIA_COSTA_SONADA_SE_VENDE_BUNGALOW_CUMBRE_DEL_SOL_BENITACHELL-2.jpg","og:image:secure_url":"https:\/\/costasonada.es\/wp-content\/uploads\/2025\/07\/INMOBILIARIA_COSTA_SONADA_SE_VENDE_BUNGALOW_CUMBRE_DEL_SOL_BENITACHELL-2.jpg","og:image:width":1280,"og:image:height":720,"article:published_time":"2025-07-18T12:41:11+00:00","article:modified_time":"2026-02-11T16:26:46+00:00","article:publisher":"https:\/\/www.facebook.com\/3DVirtualTour-299122470616861","article:author":"3dvirtualinmo","twitter:card":"summary","twitter:title":"Apartementos en Cumbre del Sol - Inmobiliaria Costa So\u00f1ada","twitter:description":"CSC17497V \u00a1Descubre tu nuevo hogar en Cumbre del Sol! Este espectacular piso de alto standing ofrece unas vistas inmejorables que te dejar\u00e1n sin aliento. Con una distribuci\u00f3n inteligente de 143 m\u00b2 construidos y 102 m\u00b2 \u00fatiles, este apartamento cuenta con dos acogedores dormitorios, dos ba\u00f1os completos y un elegante sal\u00f3n comedor que se abre a","twitter:image":"https:\/\/costasonada.es\/wp-content\/uploads\/2025\/07\/INMOBILIARIA_COSTA_SONADA_SE_VENDE_BUNGALOW_CUMBRE_DEL_SOL_BENITACHELL-2.jpg"},"aioseo_meta_data":{"post_id":"17497","title":null,"description":null,"keywords":null,"keyphrases":{"focus":[],"additional":[]},"primary_term":null,"canonical_url":null,"og_title":null,"og_description":null,"og_object_type":"default","og_image_type":"default","og_image_url":null,"og_image_width":null,"og_image_height":null,"og_image_custom_url":null,"og_image_custom_fields":null,"og_video":"","og_custom_url":null,"og_article_section":null,"og_article_tags":null,"twitter_use_og":false,"twitter_card":"default","twitter_image_type":"default","twitter_image_url":null,"twitter_image_custom_url":null,"twitter_image_custom_fields":null,"twitter_title":null,"twitter_description":null,"schema":{"blockGraphs":[],"customGraphs":[],"default":{"data":{"Article":[],"Course":[],"Dataset":[],"FAQPage":[],"Movie":[],"Person":[],"Product":[],"ProductReview":[],"Car":[],"Recipe":[],"Service":[],"SoftwareApplication":[],"WebPage":[]},"graphName":"WebPage","isEnabled":true},"graphs":[]},"schema_type":"default","schema_type_options":null,"pillar_content":false,"robots_default":true,"robots_noindex":false,"robots_noarchive":false,"robots_nosnippet":false,"robots_nofollow":false,"robots_noimageindex":false,"robots_noodp":false,"robots_notranslate":false,"robots_max_snippet":"-1","robots_max_videopreview":"-1","robots_max_imagepreview":"large","priority":null,"frequency":"default","local_seo":null,"breadcrumb_settings":null,"limit_modified_date":false,"ai":{"faqs":[],"keyPoints":[],"titles":[],"descriptions":[],"socialPosts":{"email":[],"linkedin":[],"twitter":[],"facebook":[],"instagram":[]}},"created":"2025-07-18 12:41:11","updated":"2026-09-04 14:13:58","seo_analyzer_scan_date":null,"focus_keyword":null,"additional_keywords":null,"truseo_locale":null},"aioseo_breadcrumb":"<div class=\"aioseo-breadcrumbs\"><span class=\"aioseo-breadcrumb\">\n\t\t\t<a href=\"https:\/\/costasonada.es\" title=\"Home\">Home<\/a>\n\t\t<\/span><span class=\"aioseo-breadcrumb-separator\">&raquo;<\/span><span class=\"aioseo-breadcrumb\">\n\t\t\t<a href=\"https:\/\/costasonada.es\/index.php\/property\/\" title=\"Viviendas\">Viviendas<\/a>\n\t\t<\/span><span class=\"aioseo-breadcrumb-separator\">&raquo;<\/span><span class=\"aioseo-breadcrumb\">\n\t\t\t<a href=\"https:\/\/costasonada.es\/index.php\/property_tag\/apartamento\/\" title=\"apartamento\">apartamento<\/a>\n\t\t<\/span><span class=\"aioseo-breadcrumb-separator\">&raquo;<\/span><span class=\"aioseo-breadcrumb\">\n\t\t\tApartementos en Cumbre del Sol\n\t\t<\/span><\/div>","aioseo_breadcrumb_json":[{"label":"Home","link":"https:\/\/costasonada.es"},{"label":"Viviendas","link":"https:\/\/costasonada.es\/index.php\/property\/"},{"label":"apartamento","link":"https:\/\/costasonada.es\/index.php\/property_tag\/apartamento\/"},{"label":"Apartementos en Cumbre del Sol","link":"https:\/\/costasonada.es\/index.php\/property\/apartementos-en-cumbre-del-sol\/"}],"_links":{"self":[{"href":"https:\/\/costasonada.es\/index.php\/wp-json\/wp\/v2\/properties\/17497","targetHints":{"allow":["GET"]}}],"collection":[{"href":"https:\/\/costasonada.es\/index.php\/wp-json\/wp\/v2\/properties"}],"about":[{"href":"https:\/\/costasonada.es\/index.php\/wp-json\/wp\/v2\/types\/rem_property"}],"author":[{"embeddable":true,"href":"https:\/\/costasonada.es\/index.php\/wp-json\/wp\/v2\/users\/3"}],"wp:featuredmedia":[{"embeddable":true,"href":"https:\/\/costasonada.es\/index.php\/wp-json\/wp\/v2\/media\/17499"}],"wp:attachment":[{"href":"https:\/\/costasonada.es\/index.php\/wp-json\/wp\/v2\/media?parent=17497"}],"wp:term":[{"taxonomy":"rem_property_cat","embeddable":true,"href":"https:\/\/costasonada.es\/index.php\/wp-json\/wp\/v2\/rem_property_cat?post=17497"}],"curies":[{"name":"wp","href":"https:\/\/api.w.org\/{rel}","templated":true}]}}