{"id":19263,"date":"2026-02-06T19:20:09","date_gmt":"2026-02-06T17:20:09","guid":{"rendered":"https:\/\/costasonada.es\/?post_type=rem_property&#038;p=19263"},"modified":"2026-03-24T18:15:13","modified_gmt":"2026-03-24T16:15:13","slug":"atico-en-alquiler-altea-la-olla","status":"publish","type":"rem_property","link":"https:\/\/costasonada.es\/index.php\/property\/atico-en-alquiler-altea-la-olla\/","title":{"rendered":"Atico en Alquiler Altea la Olla"},"content":{"rendered":"<p>ACS19263AR<br \/>\n\u00c1tico en alquiler en Altea La Olla \u2013 Naturaleza, vistas y tranquilidad<\/p>\n<p>Se alquila precioso \u00e1tico en la exclusiva zona de Altea La Olla, rodeado de naturaleza y en un entorno muy tranquilo, ideal para quienes buscan calidad de vida sin renunciar a la comodidad.<\/p>\n<p>La vivienda cuenta con 142 m\u00b2 y se distribuye en una amplia y luminosa sala de estar con salida directa a la terraza, cocina independiente, un dormitorio y un ba\u00f1o.<br \/>\nEn la planta superior se encuentran dos dormitorios adicionales y un ba\u00f1o completo.<\/p>\n<p>Destaca su gran terraza con vistas abiertas e inmejorables, perfecta para disfrutar del clima mediterr\u00e1neo durante todo el a\u00f1o.<\/p>\n<p>Incluye plaza de garaje y trastero. El residencial dispone de zona comunitaria, piscina comunitaria y gimnasio.<\/p>\n<p>Ubicado a pocos minutos del mar, con f\u00e1cil acceso al centro de Altea, al puerto deportivo, restaurantes y servicios, combinando perfectamente tranquilidad y buena conexi\u00f3n.<\/p>\n<p>Ideal como residencia habitual o para disfrutar de estancias largas en una de las mejores zonas de la Costa Blanca.<\/p>\n<p>No pierdas la oportunidad de vivir en este maravilloso hogar. \u00a1Cont\u00e1ctanos para m\u00e1s informaci\u00f3n y ven a visitarlo!<\/p>\n<p>\ud83d\udcde M\u00e1s informaci\u00f3n y visitas<br \/>\nInmobiliaria Costa So\u00f1ada<br \/>\n\ud83d\udcf1 +34 604 289 264 (WhatsApp)<\/p>\n","protected":false},"excerpt":{"rendered":"<p>ACS19263AR \u00c1tico en alquiler en Altea La Olla \u2013 Naturaleza, vistas y tranquilidad Se alquila precioso \u00e1tico en la exclusiva zona de Altea La Olla, rodeado de naturaleza y en un entorno muy tranquilo, ideal para quienes buscan calidad de vida sin renunciar a la comodidad. La vivienda cuenta con 142 m\u00b2 y se distribuye en una amplia y luminosa sala de estar con salida directa a la terraza, cocina independiente, un dormitorio y un ba\u00f1o. En la planta superior se encuentran dos dormitorios adicionales y un ba\u00f1o completo. Destaca su gran terraza con vistas abiertas e inmejorables, perfecta para disfrutar del clima mediterr\u00e1neo durante<a class=\"more-link\" href=\"https:\/\/costasonada.es\/index.php\/property\/atico-en-alquiler-altea-la-olla\/\"><span>Read More &rarr;<\/span><\/a><\/p>\n","protected":false},"author":3,"featured_media":19279,"parent":0,"menu_order":0,"template":"","rem_property_cat":[59],"class_list":["entry","author-3dvirtualtour","post-19263","rem_property","type-rem_property","status-publish","has-post-thumbnail","rem_property_tag-albir","rem_property_tag-alquiler","rem_property_tag-altea","rem_property_tag-atico","rem_property_tag-comprar","rem_property_tag-vistas-a-las-montanas","rem_property_tag-vistas-al-mar","rem_property_cat-altea-hills"],"aioseo_notices":[],"aioseo_head":"\n\t\t<!-- All in One SEO 5.0.1.1 - aioseo.com -->\n\t<meta name=\"description\" content=\"ACS19263AR \u00c1tico en alquiler en Altea La Olla \u2013 Naturaleza, vistas y tranquilidad Se alquila precioso \u00e1tico en la exclusiva zona de Altea La Olla, rodeado de naturaleza y en un entorno muy tranquilo, ideal para quienes buscan calidad de vida sin renunciar a la comodidad. La vivienda cuenta con 142 m\u00b2 y se distribuye\" \/>\n\t<meta name=\"robots\" content=\"max-image-preview:large\" \/>\n\t<meta name=\"author\" content=\"Costa So\u00f1ada\"\/>\n\t<meta name=\"google-site-verification\" content=\"mukDF0U7Lr8beVLioCYFiSEkDFjcIPXQLR7s7jMEOjU\" \/>\n\t<link rel=\"canonical\" href=\"https:\/\/costasonada.es\/index.php\/property\/atico-en-alquiler-altea-la-olla\/\" \/>\n\t<meta name=\"generator\" content=\"All in One SEO (AIOSEO) 5.0.1.1\" \/>\n\t\t<meta property=\"og:locale\" content=\"es_ES\" \/>\n\t\t<meta property=\"og:site_name\" content=\"Inmobiliaria Costa So\u00f1ada - Costa So\u00f1ada, agencia inmobiliaria que trabaja en Altea, Altea Hills, Mascarat, Finestrat, y toda la Costa Blanca, con una gran variedad de propiedades de lujo.\" \/>\n\t\t<meta property=\"og:type\" content=\"article\" \/>\n\t\t<meta property=\"og:title\" content=\"Atico en Alquiler Altea la Olla - Inmobiliaria Costa So\u00f1ada\" \/>\n\t\t<meta property=\"og:description\" content=\"ACS19263AR \u00c1tico en alquiler en Altea La Olla \u2013 Naturaleza, vistas y tranquilidad Se alquila precioso \u00e1tico en la exclusiva zona de Altea La Olla, rodeado de naturaleza y en un entorno muy tranquilo, ideal para quienes buscan calidad de vida sin renunciar a la comodidad. La vivienda cuenta con 142 m\u00b2 y se distribuye\" \/>\n\t\t<meta property=\"og:url\" content=\"https:\/\/costasonada.es\/index.php\/property\/atico-en-alquiler-altea-la-olla\/\" \/>\n\t\t<meta property=\"og:image\" content=\"https:\/\/costasonada.es\/wp-content\/uploads\/2026\/02\/WhatsApp-Image-2026-02-06-at-17.03.52-2.jpeg\" \/>\n\t\t<meta property=\"og:image:secure_url\" content=\"https:\/\/costasonada.es\/wp-content\/uploads\/2026\/02\/WhatsApp-Image-2026-02-06-at-17.03.52-2.jpeg\" \/>\n\t\t<meta property=\"og:image:width\" content=\"1140\" \/>\n\t\t<meta property=\"og:image:height\" content=\"760\" \/>\n\t\t<meta property=\"article:published_time\" content=\"2026-02-06T17:20:09+00:00\" \/>\n\t\t<meta property=\"article:modified_time\" content=\"2026-03-24T16:15:13+00:00\" \/>\n\t\t<meta property=\"article:publisher\" content=\"https:\/\/www.facebook.com\/3DVirtualTour-299122470616861\" \/>\n\t\t<meta property=\"article:author\" content=\"3dvirtualinmo\" \/>\n\t\t<meta name=\"twitter:card\" content=\"summary\" \/>\n\t\t<meta name=\"twitter:title\" content=\"Atico en Alquiler Altea la Olla - Inmobiliaria Costa So\u00f1ada\" \/>\n\t\t<meta name=\"twitter:description\" content=\"ACS19263AR \u00c1tico en alquiler en Altea La Olla \u2013 Naturaleza, vistas y tranquilidad Se alquila precioso \u00e1tico en la exclusiva zona de Altea La Olla, rodeado de naturaleza y en un entorno muy tranquilo, ideal para quienes buscan calidad de vida sin renunciar a la comodidad. La vivienda cuenta con 142 m\u00b2 y se distribuye\" \/>\n\t\t<meta name=\"twitter:image\" content=\"https:\/\/costasonada.es\/wp-content\/uploads\/2026\/02\/WhatsApp-Image-2026-02-06-at-17.03.52-2.jpeg\" \/>\n\t\t<script type=\"application\/ld+json\" class=\"aioseo-schema\">\n\t\t\t{\"@context\":\"https:\\\/\\\/schema.org\",\"@graph\":[{\"@type\":\"BreadcrumbList\",\"@id\":\"https:\\\/\\\/costasonada.es\\\/index.php\\\/property\\\/atico-en-alquiler-altea-la-olla\\\/#breadcrumblist\",\"itemListElement\":[{\"@type\":\"ListItem\",\"@id\":\"https:\\\/\\\/costasonada.es#listItem\",\"position\":1,\"name\":\"Home\",\"item\":\"https:\\\/\\\/costasonada.es\",\"nextItem\":{\"@type\":\"ListItem\",\"@id\":\"https:\\\/\\\/costasonada.es\\\/index.php\\\/property\\\/#listItem\",\"name\":\"Viviendas\"}},{\"@type\":\"ListItem\",\"@id\":\"https:\\\/\\\/costasonada.es\\\/index.php\\\/property\\\/#listItem\",\"position\":2,\"name\":\"Viviendas\",\"item\":\"https:\\\/\\\/costasonada.es\\\/index.php\\\/property\\\/\",\"nextItem\":{\"@type\":\"ListItem\",\"@id\":\"https:\\\/\\\/costasonada.es\\\/index.php\\\/property_tag\\\/albir\\\/#listItem\",\"name\":\"Albir\"},\"previousItem\":{\"@type\":\"ListItem\",\"@id\":\"https:\\\/\\\/costasonada.es#listItem\",\"name\":\"Home\"}},{\"@type\":\"ListItem\",\"@id\":\"https:\\\/\\\/costasonada.es\\\/index.php\\\/property_tag\\\/albir\\\/#listItem\",\"position\":3,\"name\":\"Albir\",\"item\":\"https:\\\/\\\/costasonada.es\\\/index.php\\\/property_tag\\\/albir\\\/\",\"nextItem\":{\"@type\":\"ListItem\",\"@id\":\"https:\\\/\\\/costasonada.es\\\/index.php\\\/property\\\/atico-en-alquiler-altea-la-olla\\\/#listItem\",\"name\":\"Atico en Alquiler Altea la Olla\"},\"previousItem\":{\"@type\":\"ListItem\",\"@id\":\"https:\\\/\\\/costasonada.es\\\/index.php\\\/property\\\/#listItem\",\"name\":\"Viviendas\"}},{\"@type\":\"ListItem\",\"@id\":\"https:\\\/\\\/costasonada.es\\\/index.php\\\/property\\\/atico-en-alquiler-altea-la-olla\\\/#listItem\",\"position\":4,\"name\":\"Atico en Alquiler Altea la Olla\",\"previousItem\":{\"@type\":\"ListItem\",\"@id\":\"https:\\\/\\\/costasonada.es\\\/index.php\\\/property_tag\\\/albir\\\/#listItem\",\"name\":\"Albir\"}}]},{\"@type\":\"Organization\",\"@id\":\"https:\\\/\\\/costasonada.es\\\/#organization\",\"name\":\"Costa So\\u00f1ada\",\"description\":\"Costa So\\u00f1ada, agencia inmobiliaria que trabaja en Altea, Altea Hills, Mascarat, Finestrat, y toda la Costa Blanca, con una gran variedad de propiedades de lujo.\",\"url\":\"https:\\\/\\\/costasonada.es\\\/\",\"telephone\":\"+34604289264\",\"logo\":{\"@type\":\"ImageObject\",\"url\":\"https:\\\/\\\/costasonada.es\\\/wp-content\\\/uploads\\\/2021\\\/09\\\/icon.png\",\"@id\":\"https:\\\/\\\/costasonada.es\\\/index.php\\\/property\\\/atico-en-alquiler-altea-la-olla\\\/#organizationLogo\"},\"image\":{\"@id\":\"https:\\\/\\\/costasonada.es\\\/index.php\\\/property\\\/atico-en-alquiler-altea-la-olla\\\/#organizationLogo\"},\"sameAs\":[\"https:\\\/\\\/www.facebook.com\\\/3DVirtualTour-299122470616861\",\"https:\\\/\\\/www.instagram.com\\\/3dvirtualtour.es\\\/\",\"https:\\\/\\\/www.youtube.com\\\/channel\\\/UCiGlx-_efwf-PwUYGx-ThzA\"]},{\"@type\":\"Person\",\"@id\":\"https:\\\/\\\/costasonada.es\\\/index.php\\\/author\\\/3dvirtualtour\\\/#author\",\"url\":\"https:\\\/\\\/costasonada.es\\\/index.php\\\/author\\\/3dvirtualtour\\\/\",\"name\":\"Costa So\\u00f1ada\",\"image\":{\"@type\":\"ImageObject\",\"@id\":\"https:\\\/\\\/costasonada.es\\\/index.php\\\/property\\\/atico-en-alquiler-altea-la-olla\\\/#authorImage\",\"url\":\"https:\\\/\\\/costasonada.es\\\/wp-content\\\/litespeed\\\/avatar\\\/34065bddd5e2947ec794ad0a84970d01.jpg?ver=1788349508\",\"width\":96,\"height\":96,\"caption\":\"Costa So\\u00f1ada\"},\"sameAs\":[\"3dvirtualinmo\"]},{\"@type\":\"WebPage\",\"@id\":\"https:\\\/\\\/costasonada.es\\\/index.php\\\/property\\\/atico-en-alquiler-altea-la-olla\\\/#webpage\",\"url\":\"https:\\\/\\\/costasonada.es\\\/index.php\\\/property\\\/atico-en-alquiler-altea-la-olla\\\/\",\"name\":\"Atico en Alquiler Altea la Olla - Inmobiliaria Costa So\\u00f1ada\",\"description\":\"ACS19263AR \\u00c1tico en alquiler en Altea La Olla \\u2013 Naturaleza, vistas y tranquilidad Se alquila precioso \\u00e1tico en la exclusiva zona de Altea La Olla, rodeado de naturaleza y en un entorno muy tranquilo, ideal para quienes buscan calidad de vida sin renunciar a la comodidad. La vivienda cuenta con 142 m\\u00b2 y se distribuye\",\"inLanguage\":\"es-ES\",\"isPartOf\":{\"@id\":\"https:\\\/\\\/costasonada.es\\\/#website\"},\"breadcrumb\":{\"@id\":\"https:\\\/\\\/costasonada.es\\\/index.php\\\/property\\\/atico-en-alquiler-altea-la-olla\\\/#breadcrumblist\"},\"author\":{\"@id\":\"https:\\\/\\\/costasonada.es\\\/index.php\\\/author\\\/3dvirtualtour\\\/#author\"},\"creator\":{\"@id\":\"https:\\\/\\\/costasonada.es\\\/index.php\\\/author\\\/3dvirtualtour\\\/#author\"},\"image\":{\"@type\":\"ImageObject\",\"url\":\"https:\\\/\\\/costasonada.es\\\/wp-content\\\/uploads\\\/2026\\\/02\\\/WhatsApp-Image-2026-02-06-at-17.03.52-2.jpeg\",\"@id\":\"https:\\\/\\\/costasonada.es\\\/index.php\\\/property\\\/atico-en-alquiler-altea-la-olla\\\/#mainImage\",\"width\":1140,\"height\":760},\"primaryImageOfPage\":{\"@id\":\"https:\\\/\\\/costasonada.es\\\/index.php\\\/property\\\/atico-en-alquiler-altea-la-olla\\\/#mainImage\"},\"datePublished\":\"2026-02-06T19:20:09+02:00\",\"dateModified\":\"2026-03-24T18:15:13+02:00\"},{\"@type\":\"WebSite\",\"@id\":\"https:\\\/\\\/costasonada.es\\\/#website\",\"url\":\"https:\\\/\\\/costasonada.es\\\/\",\"name\":\"3D Virtual Tour\",\"description\":\"Costa So\\u00f1ada, agencia inmobiliaria que trabaja en Altea, Altea Hills, Mascarat, Finestrat, y toda la Costa Blanca, con una gran variedad de propiedades de lujo.\",\"inLanguage\":\"es-ES\",\"publisher\":{\"@id\":\"https:\\\/\\\/costasonada.es\\\/#organization\"}}]}\n\t\t<\/script>\n\t\t<!-- All in One SEO -->\n\n","aioseo_head_json":{"title":"Atico en Alquiler Altea la Olla - Inmobiliaria Costa So\u00f1ada","description":"ACS19263AR \u00c1tico en alquiler en Altea La Olla \u2013 Naturaleza, vistas y tranquilidad Se alquila precioso \u00e1tico en la exclusiva zona de Altea La Olla, rodeado de naturaleza y en un entorno muy tranquilo, ideal para quienes buscan calidad de vida sin renunciar a la comodidad. La vivienda cuenta con 142 m\u00b2 y se distribuye","canonical_url":"https:\/\/costasonada.es\/index.php\/property\/atico-en-alquiler-altea-la-olla\/","robots":"max-image-preview:large","keywords":"","webmasterTools":{"google-site-verification":"mukDF0U7Lr8beVLioCYFiSEkDFjcIPXQLR7s7jMEOjU","miscellaneous":""},"schema":{"@context":"https:\/\/schema.org","@graph":[{"@type":"BreadcrumbList","@id":"https:\/\/costasonada.es\/index.php\/property\/atico-en-alquiler-altea-la-olla\/#breadcrumblist","itemListElement":[{"@type":"ListItem","@id":"https:\/\/costasonada.es#listItem","position":1,"name":"Home","item":"https:\/\/costasonada.es","nextItem":{"@type":"ListItem","@id":"https:\/\/costasonada.es\/index.php\/property\/#listItem","name":"Viviendas"}},{"@type":"ListItem","@id":"https:\/\/costasonada.es\/index.php\/property\/#listItem","position":2,"name":"Viviendas","item":"https:\/\/costasonada.es\/index.php\/property\/","nextItem":{"@type":"ListItem","@id":"https:\/\/costasonada.es\/index.php\/property_tag\/albir\/#listItem","name":"Albir"},"previousItem":{"@type":"ListItem","@id":"https:\/\/costasonada.es#listItem","name":"Home"}},{"@type":"ListItem","@id":"https:\/\/costasonada.es\/index.php\/property_tag\/albir\/#listItem","position":3,"name":"Albir","item":"https:\/\/costasonada.es\/index.php\/property_tag\/albir\/","nextItem":{"@type":"ListItem","@id":"https:\/\/costasonada.es\/index.php\/property\/atico-en-alquiler-altea-la-olla\/#listItem","name":"Atico en Alquiler Altea la Olla"},"previousItem":{"@type":"ListItem","@id":"https:\/\/costasonada.es\/index.php\/property\/#listItem","name":"Viviendas"}},{"@type":"ListItem","@id":"https:\/\/costasonada.es\/index.php\/property\/atico-en-alquiler-altea-la-olla\/#listItem","position":4,"name":"Atico en Alquiler Altea la Olla","previousItem":{"@type":"ListItem","@id":"https:\/\/costasonada.es\/index.php\/property_tag\/albir\/#listItem","name":"Albir"}}]},{"@type":"Organization","@id":"https:\/\/costasonada.es\/#organization","name":"Costa So\u00f1ada","description":"Costa So\u00f1ada, agencia inmobiliaria que trabaja en Altea, Altea Hills, Mascarat, Finestrat, y toda la Costa Blanca, con una gran variedad de propiedades de lujo.","url":"https:\/\/costasonada.es\/","telephone":"+34604289264","logo":{"@type":"ImageObject","url":"https:\/\/costasonada.es\/wp-content\/uploads\/2021\/09\/icon.png","@id":"https:\/\/costasonada.es\/index.php\/property\/atico-en-alquiler-altea-la-olla\/#organizationLogo"},"image":{"@id":"https:\/\/costasonada.es\/index.php\/property\/atico-en-alquiler-altea-la-olla\/#organizationLogo"},"sameAs":["https:\/\/www.facebook.com\/3DVirtualTour-299122470616861","https:\/\/www.instagram.com\/3dvirtualtour.es\/","https:\/\/www.youtube.com\/channel\/UCiGlx-_efwf-PwUYGx-ThzA"]},{"@type":"Person","@id":"https:\/\/costasonada.es\/index.php\/author\/3dvirtualtour\/#author","url":"https:\/\/costasonada.es\/index.php\/author\/3dvirtualtour\/","name":"Costa So\u00f1ada","image":{"@type":"ImageObject","@id":"https:\/\/costasonada.es\/index.php\/property\/atico-en-alquiler-altea-la-olla\/#authorImage","url":"https:\/\/costasonada.es\/wp-content\/litespeed\/avatar\/34065bddd5e2947ec794ad0a84970d01.jpg?ver=1788349508","width":96,"height":96,"caption":"Costa So\u00f1ada"},"sameAs":["3dvirtualinmo"]},{"@type":"WebPage","@id":"https:\/\/costasonada.es\/index.php\/property\/atico-en-alquiler-altea-la-olla\/#webpage","url":"https:\/\/costasonada.es\/index.php\/property\/atico-en-alquiler-altea-la-olla\/","name":"Atico en Alquiler Altea la Olla - Inmobiliaria Costa So\u00f1ada","description":"ACS19263AR \u00c1tico en alquiler en Altea La Olla \u2013 Naturaleza, vistas y tranquilidad Se alquila precioso \u00e1tico en la exclusiva zona de Altea La Olla, rodeado de naturaleza y en un entorno muy tranquilo, ideal para quienes buscan calidad de vida sin renunciar a la comodidad. La vivienda cuenta con 142 m\u00b2 y se distribuye","inLanguage":"es-ES","isPartOf":{"@id":"https:\/\/costasonada.es\/#website"},"breadcrumb":{"@id":"https:\/\/costasonada.es\/index.php\/property\/atico-en-alquiler-altea-la-olla\/#breadcrumblist"},"author":{"@id":"https:\/\/costasonada.es\/index.php\/author\/3dvirtualtour\/#author"},"creator":{"@id":"https:\/\/costasonada.es\/index.php\/author\/3dvirtualtour\/#author"},"image":{"@type":"ImageObject","url":"https:\/\/costasonada.es\/wp-content\/uploads\/2026\/02\/WhatsApp-Image-2026-02-06-at-17.03.52-2.jpeg","@id":"https:\/\/costasonada.es\/index.php\/property\/atico-en-alquiler-altea-la-olla\/#mainImage","width":1140,"height":760},"primaryImageOfPage":{"@id":"https:\/\/costasonada.es\/index.php\/property\/atico-en-alquiler-altea-la-olla\/#mainImage"},"datePublished":"2026-02-06T19:20:09+02:00","dateModified":"2026-03-24T18:15:13+02:00"},{"@type":"WebSite","@id":"https:\/\/costasonada.es\/#website","url":"https:\/\/costasonada.es\/","name":"3D Virtual Tour","description":"Costa So\u00f1ada, agencia inmobiliaria que trabaja en Altea, Altea Hills, Mascarat, Finestrat, y toda la Costa Blanca, con una gran variedad de propiedades de lujo.","inLanguage":"es-ES","publisher":{"@id":"https:\/\/costasonada.es\/#organization"}}]},"og:locale":"es_ES","og:site_name":"Inmobiliaria Costa So\u00f1ada - Costa So\u00f1ada, agencia inmobiliaria que trabaja en Altea, Altea Hills, Mascarat, Finestrat, y toda la Costa Blanca, con una gran variedad de propiedades de lujo.","og:type":"article","og:title":"Atico en Alquiler Altea la Olla - Inmobiliaria Costa So\u00f1ada","og:description":"ACS19263AR \u00c1tico en alquiler en Altea La Olla \u2013 Naturaleza, vistas y tranquilidad Se alquila precioso \u00e1tico en la exclusiva zona de Altea La Olla, rodeado de naturaleza y en un entorno muy tranquilo, ideal para quienes buscan calidad de vida sin renunciar a la comodidad. La vivienda cuenta con 142 m\u00b2 y se distribuye","og:url":"https:\/\/costasonada.es\/index.php\/property\/atico-en-alquiler-altea-la-olla\/","og:image":"https:\/\/costasonada.es\/wp-content\/uploads\/2026\/02\/WhatsApp-Image-2026-02-06-at-17.03.52-2.jpeg","og:image:secure_url":"https:\/\/costasonada.es\/wp-content\/uploads\/2026\/02\/WhatsApp-Image-2026-02-06-at-17.03.52-2.jpeg","og:image:width":1140,"og:image:height":760,"article:published_time":"2026-02-06T17:20:09+00:00","article:modified_time":"2026-03-24T16:15:13+00:00","article:publisher":"https:\/\/www.facebook.com\/3DVirtualTour-299122470616861","article:author":"3dvirtualinmo","twitter:card":"summary","twitter:title":"Atico en Alquiler Altea la Olla - Inmobiliaria Costa So\u00f1ada","twitter:description":"ACS19263AR \u00c1tico en alquiler en Altea La Olla \u2013 Naturaleza, vistas y tranquilidad Se alquila precioso \u00e1tico en la exclusiva zona de Altea La Olla, rodeado de naturaleza y en un entorno muy tranquilo, ideal para quienes buscan calidad de vida sin renunciar a la comodidad. La vivienda cuenta con 142 m\u00b2 y se distribuye","twitter:image":"https:\/\/costasonada.es\/wp-content\/uploads\/2026\/02\/WhatsApp-Image-2026-02-06-at-17.03.52-2.jpeg"},"aioseo_meta_data":{"post_id":"19263","title":null,"description":null,"keywords":null,"keyphrases":{"focus":[],"additional":[]},"primary_term":null,"canonical_url":null,"og_title":null,"og_description":null,"og_object_type":"default","og_image_type":"default","og_image_url":null,"og_image_width":null,"og_image_height":null,"og_image_custom_url":null,"og_image_custom_fields":null,"og_video":"","og_custom_url":null,"og_article_section":null,"og_article_tags":null,"twitter_use_og":false,"twitter_card":"default","twitter_image_type":"default","twitter_image_url":null,"twitter_image_custom_url":null,"twitter_image_custom_fields":null,"twitter_title":null,"twitter_description":null,"schema":{"blockGraphs":[],"customGraphs":[],"default":{"data":{"Article":[],"Course":[],"Dataset":[],"FAQPage":[],"Movie":[],"Person":[],"Product":[],"ProductReview":[],"Car":[],"Recipe":[],"Service":[],"SoftwareApplication":[],"WebPage":[]},"graphName":"WebPage","isEnabled":true},"graphs":[]},"schema_type":"default","schema_type_options":null,"pillar_content":false,"robots_default":true,"robots_noindex":false,"robots_noarchive":false,"robots_nosnippet":false,"robots_nofollow":false,"robots_noimageindex":false,"robots_noodp":false,"robots_notranslate":false,"robots_max_snippet":"-1","robots_max_videopreview":"-1","robots_max_imagepreview":"large","priority":null,"frequency":"default","local_seo":null,"breadcrumb_settings":null,"limit_modified_date":false,"ai":{"faqs":[],"keyPoints":[],"titles":[],"descriptions":[],"socialPosts":{"email":[],"linkedin":[],"twitter":[],"facebook":[],"instagram":[]}},"created":"2026-02-06 17:20:09","updated":"2026-09-04 14:13:58","seo_analyzer_scan_date":null,"focus_keyword":null,"additional_keywords":null,"truseo_locale":null},"aioseo_breadcrumb":"<div class=\"aioseo-breadcrumbs\"><span class=\"aioseo-breadcrumb\">\n\t\t\t<a href=\"https:\/\/costasonada.es\" title=\"Home\">Home<\/a>\n\t\t<\/span><span class=\"aioseo-breadcrumb-separator\">&raquo;<\/span><span class=\"aioseo-breadcrumb\">\n\t\t\t<a href=\"https:\/\/costasonada.es\/index.php\/property\/\" title=\"Viviendas\">Viviendas<\/a>\n\t\t<\/span><span class=\"aioseo-breadcrumb-separator\">&raquo;<\/span><span class=\"aioseo-breadcrumb\">\n\t\t\t<a href=\"https:\/\/costasonada.es\/index.php\/property_tag\/albir\/\" title=\"Albir\">Albir<\/a>\n\t\t<\/span><span class=\"aioseo-breadcrumb-separator\">&raquo;<\/span><span class=\"aioseo-breadcrumb\">\n\t\t\tAtico en Alquiler Altea la Olla\n\t\t<\/span><\/div>","aioseo_breadcrumb_json":[{"label":"Home","link":"https:\/\/costasonada.es"},{"label":"Viviendas","link":"https:\/\/costasonada.es\/index.php\/property\/"},{"label":"Albir","link":"https:\/\/costasonada.es\/index.php\/property_tag\/albir\/"},{"label":"Atico en Alquiler Altea la Olla","link":"https:\/\/costasonada.es\/index.php\/property\/atico-en-alquiler-altea-la-olla\/"}],"_links":{"self":[{"href":"https:\/\/costasonada.es\/index.php\/wp-json\/wp\/v2\/properties\/19263","targetHints":{"allow":["GET"]}}],"collection":[{"href":"https:\/\/costasonada.es\/index.php\/wp-json\/wp\/v2\/properties"}],"about":[{"href":"https:\/\/costasonada.es\/index.php\/wp-json\/wp\/v2\/types\/rem_property"}],"author":[{"embeddable":true,"href":"https:\/\/costasonada.es\/index.php\/wp-json\/wp\/v2\/users\/3"}],"wp:featuredmedia":[{"embeddable":true,"href":"https:\/\/costasonada.es\/index.php\/wp-json\/wp\/v2\/media\/19279"}],"wp:attachment":[{"href":"https:\/\/costasonada.es\/index.php\/wp-json\/wp\/v2\/media?parent=19263"}],"wp:term":[{"taxonomy":"rem_property_cat","embeddable":true,"href":"https:\/\/costasonada.es\/index.php\/wp-json\/wp\/v2\/rem_property_cat?post=19263"}],"curies":[{"name":"wp","href":"https:\/\/api.w.org\/{rel}","templated":true}]}}