{"id":21836,"date":"2026-05-26T15:57:06","date_gmt":"2026-05-26T13:57:06","guid":{"rendered":"https:\/\/costasonada.es\/?post_type=rem_property&#038;p=21836"},"modified":"2026-06-03T18:52:41","modified_gmt":"2026-06-03T16:52:41","slug":"e-1300-piso-en-alquiler-2h-1b-75m2-el-albir","status":"publish","type":"rem_property","link":"https:\/\/costasonada.es\/index.php\/property\/e-1300-piso-en-alquiler-2h-1b-75m2-el-albir\/","title":{"rendered":"\u20ac 1300, Piso en alquiler, 2H\/1B, 75m2, El Albir"},"content":{"rendered":"<p data-start=\"0\" data-end=\"64\">CSN21836AE<\/p>\n<p data-start=\"0\" data-end=\"64\">Piso en alquiler de larga temporada en El Albir<\/p>\n<p data-start=\"66\" data-end=\"346\">Fant\u00e1stico piso en alquiler de larga temporada situado en una de las mejores zonas de El Albir, en pleno centro y a escasos pasos de la playa. Su excelente ubicaci\u00f3n permite disfrutar de todos los servicios a mano: supermercados, restaurantes, cafeter\u00edas, tiendas y zonas de ocio.<\/p>\n<p data-start=\"348\" data-end=\"657\">La vivienda cuenta con 2 dormitorios, 1 ba\u00f1o completo, cocina totalmente equipada y un luminoso sal\u00f3n-comedor con abundante luz natural. Adem\u00e1s, dispone de una agradable terraza ideal para relajarse y disfrutar del clima de la zona. Los metros cuadrados exactos pueden consultarse en el plano de la propiedad.<\/p>\n<p data-start=\"659\" data-end=\"772\">Incluye plaza de garaje en el precio. La urbanizaci\u00f3n tambi\u00e9n ofrece una fant\u00e1stica zona comunitaria con piscina.<\/p>\n<p data-start=\"774\" data-end=\"878\" data-is-last-node=\"\" data-is-only-node=\"\">Una excelente oportunidad para vivir junto al mar en una de las zonas m\u00e1s demandadas de la Costa Blanca.<\/p>\n<p>No pierdas la oportunidad de vivir en este maravilloso hogar. \u00a1Cont\u00e1ctanos para m\u00e1s informaci\u00f3n y ven a visitarlo!<\/p>\n","protected":false},"excerpt":{"rendered":"<p>CSN21836AE Piso en alquiler de larga temporada en El Albir Fant\u00e1stico piso en alquiler de larga temporada situado en una de las mejores zonas de El Albir, en pleno centro y a escasos pasos de la playa. Su excelente ubicaci\u00f3n permite disfrutar de todos los servicios a mano: supermercados, restaurantes, cafeter\u00edas, tiendas y zonas de ocio. La vivienda cuenta con 2 dormitorios, 1 ba\u00f1o completo, cocina totalmente equipada y un luminoso sal\u00f3n-comedor con abundante luz natural. Adem\u00e1s, dispone de una agradable terraza ideal para relajarse y disfrutar del clima de la zona. Los metros cuadrados exactos pueden consultarse en el plano de la propiedad. Incluye<a class=\"more-link\" href=\"https:\/\/costasonada.es\/index.php\/property\/e-1300-piso-en-alquiler-2h-1b-75m2-el-albir\/\"><span>Read More &rarr;<\/span><\/a><\/p>\n","protected":false},"author":2,"featured_media":21988,"parent":0,"menu_order":0,"template":"","rem_property_cat":[61],"class_list":["entry","author-nikita","post-21836","rem_property","type-rem_property","status-publish","has-post-thumbnail","rem_property_tag-albir","rem_property_tag-alquiler","rem_property_tag-apartamento","rem_property_tag-costa-sonada","rem_property_tag-espana","rem_property_tag-inmobiliaria","rem_property_tag-vistas-al-mar","rem_property_cat-albir"],"aioseo_notices":[],"aioseo_head":"\n\t\t<!-- All in One SEO 5.0.1.1 - aioseo.com -->\n\t<meta name=\"description\" content=\"CSN21836AE Piso en alquiler de larga temporada en El Albir Fant\u00e1stico piso en alquiler de larga temporada situado en una de las mejores zonas de El Albir, en pleno centro y a escasos pasos de la playa. Su excelente ubicaci\u00f3n permite disfrutar de todos los servicios a mano: supermercados, restaurantes, cafeter\u00edas, tiendas y zonas de\" \/>\n\t<meta name=\"robots\" content=\"max-image-preview:large\" \/>\n\t<meta name=\"author\" content=\"Nikita Polyanskiy\"\/>\n\t<meta name=\"google-site-verification\" content=\"mukDF0U7Lr8beVLioCYFiSEkDFjcIPXQLR7s7jMEOjU\" \/>\n\t<link rel=\"canonical\" href=\"https:\/\/costasonada.es\/index.php\/property\/e-1300-piso-en-alquiler-2h-1b-75m2-el-albir\/\" \/>\n\t<meta name=\"generator\" content=\"All in One SEO (AIOSEO) 5.0.1.1\" \/>\n\t\t<meta property=\"og:locale\" content=\"es_ES\" \/>\n\t\t<meta property=\"og:site_name\" content=\"Inmobiliaria Costa So\u00f1ada - Costa So\u00f1ada, agencia inmobiliaria que trabaja en Altea, Altea Hills, Mascarat, Finestrat, y toda la Costa Blanca, con una gran variedad de propiedades de lujo.\" \/>\n\t\t<meta property=\"og:type\" content=\"article\" \/>\n\t\t<meta property=\"og:title\" content=\"\u20ac 1300, Piso en alquiler, 2H\/1B, 75m2, El Albir - Inmobiliaria Costa So\u00f1ada\" \/>\n\t\t<meta property=\"og:description\" content=\"CSN21836AE Piso en alquiler de larga temporada en El Albir Fant\u00e1stico piso en alquiler de larga temporada situado en una de las mejores zonas de El Albir, en pleno centro y a escasos pasos de la playa. Su excelente ubicaci\u00f3n permite disfrutar de todos los servicios a mano: supermercados, restaurantes, cafeter\u00edas, tiendas y zonas de\" \/>\n\t\t<meta property=\"og:url\" content=\"https:\/\/costasonada.es\/index.php\/property\/e-1300-piso-en-alquiler-2h-1b-75m2-el-albir\/\" \/>\n\t\t<meta property=\"og:image\" content=\"https:\/\/costasonada.es\/wp-content\/uploads\/2026\/05\/INMOBILIARIA_COSTA_SONADA_ALQUELER_APARTAMENTO_ALBIR-1.jpg\" \/>\n\t\t<meta property=\"og:image:secure_url\" content=\"https:\/\/costasonada.es\/wp-content\/uploads\/2026\/05\/INMOBILIARIA_COSTA_SONADA_ALQUELER_APARTAMENTO_ALBIR-1.jpg\" \/>\n\t\t<meta property=\"og:image:width\" content=\"1280\" \/>\n\t\t<meta property=\"og:image:height\" content=\"720\" \/>\n\t\t<meta property=\"article:published_time\" content=\"2026-05-26T13:57:06+00:00\" \/>\n\t\t<meta property=\"article:modified_time\" content=\"2026-06-03T16:52:41+00:00\" \/>\n\t\t<meta property=\"article:publisher\" content=\"https:\/\/www.facebook.com\/3DVirtualTour-299122470616861\" \/>\n\t\t<meta property=\"article:author\" content=\"https:\/\/www.facebook.com\/valeks.morgan.5\" \/>\n\t\t<meta name=\"twitter:card\" content=\"summary\" \/>\n\t\t<meta name=\"twitter:title\" content=\"\u20ac 1300, Piso en alquiler, 2H\/1B, 75m2, El Albir - Inmobiliaria Costa So\u00f1ada\" \/>\n\t\t<meta name=\"twitter:description\" content=\"CSN21836AE Piso en alquiler de larga temporada en El Albir Fant\u00e1stico piso en alquiler de larga temporada situado en una de las mejores zonas de El Albir, en pleno centro y a escasos pasos de la playa. Su excelente ubicaci\u00f3n permite disfrutar de todos los servicios a mano: supermercados, restaurantes, cafeter\u00edas, tiendas y zonas de\" \/>\n\t\t<meta name=\"twitter:image\" content=\"https:\/\/costasonada.es\/wp-content\/uploads\/2026\/05\/INMOBILIARIA_COSTA_SONADA_ALQUELER_APARTAMENTO_ALBIR-1.jpg\" \/>\n\t\t<script type=\"application\/ld+json\" class=\"aioseo-schema\">\n\t\t\t{\"@context\":\"https:\\\/\\\/schema.org\",\"@graph\":[{\"@type\":\"BreadcrumbList\",\"@id\":\"https:\\\/\\\/costasonada.es\\\/index.php\\\/property\\\/e-1300-piso-en-alquiler-2h-1b-75m2-el-albir\\\/#breadcrumblist\",\"itemListElement\":[{\"@type\":\"ListItem\",\"@id\":\"https:\\\/\\\/costasonada.es#listItem\",\"position\":1,\"name\":\"Home\",\"item\":\"https:\\\/\\\/costasonada.es\",\"nextItem\":{\"@type\":\"ListItem\",\"@id\":\"https:\\\/\\\/costasonada.es\\\/index.php\\\/property\\\/#listItem\",\"name\":\"Viviendas\"}},{\"@type\":\"ListItem\",\"@id\":\"https:\\\/\\\/costasonada.es\\\/index.php\\\/property\\\/#listItem\",\"position\":2,\"name\":\"Viviendas\",\"item\":\"https:\\\/\\\/costasonada.es\\\/index.php\\\/property\\\/\",\"nextItem\":{\"@type\":\"ListItem\",\"@id\":\"https:\\\/\\\/costasonada.es\\\/index.php\\\/property_tag\\\/apartamento\\\/#listItem\",\"name\":\"apartamento\"},\"previousItem\":{\"@type\":\"ListItem\",\"@id\":\"https:\\\/\\\/costasonada.es#listItem\",\"name\":\"Home\"}},{\"@type\":\"ListItem\",\"@id\":\"https:\\\/\\\/costasonada.es\\\/index.php\\\/property_tag\\\/apartamento\\\/#listItem\",\"position\":3,\"name\":\"apartamento\",\"item\":\"https:\\\/\\\/costasonada.es\\\/index.php\\\/property_tag\\\/apartamento\\\/\",\"nextItem\":{\"@type\":\"ListItem\",\"@id\":\"https:\\\/\\\/costasonada.es\\\/index.php\\\/property\\\/e-1300-piso-en-alquiler-2h-1b-75m2-el-albir\\\/#listItem\",\"name\":\"\\u20ac 1300, Piso en alquiler, 2H\\\/1B, 75m2, El Albir\"},\"previousItem\":{\"@type\":\"ListItem\",\"@id\":\"https:\\\/\\\/costasonada.es\\\/index.php\\\/property\\\/#listItem\",\"name\":\"Viviendas\"}},{\"@type\":\"ListItem\",\"@id\":\"https:\\\/\\\/costasonada.es\\\/index.php\\\/property\\\/e-1300-piso-en-alquiler-2h-1b-75m2-el-albir\\\/#listItem\",\"position\":4,\"name\":\"\\u20ac 1300, Piso en alquiler, 2H\\\/1B, 75m2, El Albir\",\"previousItem\":{\"@type\":\"ListItem\",\"@id\":\"https:\\\/\\\/costasonada.es\\\/index.php\\\/property_tag\\\/apartamento\\\/#listItem\",\"name\":\"apartamento\"}}]},{\"@type\":\"Organization\",\"@id\":\"https:\\\/\\\/costasonada.es\\\/#organization\",\"name\":\"Costa So\\u00f1ada\",\"description\":\"Costa So\\u00f1ada, agencia inmobiliaria que trabaja en Altea, Altea Hills, Mascarat, Finestrat, y toda la Costa Blanca, con una gran variedad de propiedades de lujo.\",\"url\":\"https:\\\/\\\/costasonada.es\\\/\",\"telephone\":\"+34604289264\",\"logo\":{\"@type\":\"ImageObject\",\"url\":\"https:\\\/\\\/costasonada.es\\\/wp-content\\\/uploads\\\/2021\\\/09\\\/icon.png\",\"@id\":\"https:\\\/\\\/costasonada.es\\\/index.php\\\/property\\\/e-1300-piso-en-alquiler-2h-1b-75m2-el-albir\\\/#organizationLogo\"},\"image\":{\"@id\":\"https:\\\/\\\/costasonada.es\\\/index.php\\\/property\\\/e-1300-piso-en-alquiler-2h-1b-75m2-el-albir\\\/#organizationLogo\"},\"sameAs\":[\"https:\\\/\\\/www.facebook.com\\\/3DVirtualTour-299122470616861\",\"https:\\\/\\\/www.instagram.com\\\/3dvirtualtour.es\\\/\",\"https:\\\/\\\/www.youtube.com\\\/channel\\\/UCiGlx-_efwf-PwUYGx-ThzA\"]},{\"@type\":\"Person\",\"@id\":\"https:\\\/\\\/costasonada.es\\\/index.php\\\/author\\\/nikita\\\/#author\",\"url\":\"https:\\\/\\\/costasonada.es\\\/index.php\\\/author\\\/nikita\\\/\",\"name\":\"Nikita Polyanskiy\",\"image\":{\"@type\":\"ImageObject\",\"@id\":\"https:\\\/\\\/costasonada.es\\\/index.php\\\/property\\\/e-1300-piso-en-alquiler-2h-1b-75m2-el-albir\\\/#authorImage\",\"url\":\"https:\\\/\\\/costasonada.es\\\/wp-content\\\/litespeed\\\/avatar\\\/a89181f95391e7ee745e42b32c1be518.jpg?ver=1788354375\",\"width\":96,\"height\":96,\"caption\":\"Nikita Polyanskiy\"},\"sameAs\":[\"https:\\\/\\\/www.facebook.com\\\/valeks.morgan.5\",\"https:\\\/\\\/twitter.com\\\/\"]},{\"@type\":\"WebPage\",\"@id\":\"https:\\\/\\\/costasonada.es\\\/index.php\\\/property\\\/e-1300-piso-en-alquiler-2h-1b-75m2-el-albir\\\/#webpage\",\"url\":\"https:\\\/\\\/costasonada.es\\\/index.php\\\/property\\\/e-1300-piso-en-alquiler-2h-1b-75m2-el-albir\\\/\",\"name\":\"\\u20ac 1300, Piso en alquiler, 2H\\\/1B, 75m2, El Albir - Inmobiliaria Costa So\\u00f1ada\",\"description\":\"CSN21836AE Piso en alquiler de larga temporada en El Albir Fant\\u00e1stico piso en alquiler de larga temporada situado en una de las mejores zonas de El Albir, en pleno centro y a escasos pasos de la playa. Su excelente ubicaci\\u00f3n permite disfrutar de todos los servicios a mano: supermercados, restaurantes, cafeter\\u00edas, tiendas y zonas de\",\"inLanguage\":\"es-ES\",\"isPartOf\":{\"@id\":\"https:\\\/\\\/costasonada.es\\\/#website\"},\"breadcrumb\":{\"@id\":\"https:\\\/\\\/costasonada.es\\\/index.php\\\/property\\\/e-1300-piso-en-alquiler-2h-1b-75m2-el-albir\\\/#breadcrumblist\"},\"author\":{\"@id\":\"https:\\\/\\\/costasonada.es\\\/index.php\\\/author\\\/nikita\\\/#author\"},\"creator\":{\"@id\":\"https:\\\/\\\/costasonada.es\\\/index.php\\\/author\\\/nikita\\\/#author\"},\"image\":{\"@type\":\"ImageObject\",\"url\":\"https:\\\/\\\/costasonada.es\\\/wp-content\\\/uploads\\\/2026\\\/05\\\/INMOBILIARIA_COSTA_SONADA_ALQUELER_APARTAMENTO_ALBIR-1.jpg\",\"@id\":\"https:\\\/\\\/costasonada.es\\\/index.php\\\/property\\\/e-1300-piso-en-alquiler-2h-1b-75m2-el-albir\\\/#mainImage\",\"width\":1280,\"height\":720},\"primaryImageOfPage\":{\"@id\":\"https:\\\/\\\/costasonada.es\\\/index.php\\\/property\\\/e-1300-piso-en-alquiler-2h-1b-75m2-el-albir\\\/#mainImage\"},\"datePublished\":\"2026-05-26T15:57:06+02:00\",\"dateModified\":\"2026-06-03T18:52:41+02:00\"},{\"@type\":\"WebSite\",\"@id\":\"https:\\\/\\\/costasonada.es\\\/#website\",\"url\":\"https:\\\/\\\/costasonada.es\\\/\",\"name\":\"3D Virtual Tour\",\"description\":\"Costa So\\u00f1ada, agencia inmobiliaria que trabaja en Altea, Altea Hills, Mascarat, Finestrat, y toda la Costa Blanca, con una gran variedad de propiedades de lujo.\",\"inLanguage\":\"es-ES\",\"publisher\":{\"@id\":\"https:\\\/\\\/costasonada.es\\\/#organization\"}}]}\n\t\t<\/script>\n\t\t<!-- All in One SEO -->\n\n","aioseo_head_json":{"title":"\u20ac 1300, Piso en alquiler, 2H\/1B, 75m2, El Albir - Inmobiliaria Costa So\u00f1ada","description":"CSN21836AE Piso en alquiler de larga temporada en El Albir Fant\u00e1stico piso en alquiler de larga temporada situado en una de las mejores zonas de El Albir, en pleno centro y a escasos pasos de la playa. Su excelente ubicaci\u00f3n permite disfrutar de todos los servicios a mano: supermercados, restaurantes, cafeter\u00edas, tiendas y zonas de","canonical_url":"https:\/\/costasonada.es\/index.php\/property\/e-1300-piso-en-alquiler-2h-1b-75m2-el-albir\/","robots":"max-image-preview:large","keywords":"","webmasterTools":{"google-site-verification":"mukDF0U7Lr8beVLioCYFiSEkDFjcIPXQLR7s7jMEOjU","miscellaneous":""},"schema":{"@context":"https:\/\/schema.org","@graph":[{"@type":"BreadcrumbList","@id":"https:\/\/costasonada.es\/index.php\/property\/e-1300-piso-en-alquiler-2h-1b-75m2-el-albir\/#breadcrumblist","itemListElement":[{"@type":"ListItem","@id":"https:\/\/costasonada.es#listItem","position":1,"name":"Home","item":"https:\/\/costasonada.es","nextItem":{"@type":"ListItem","@id":"https:\/\/costasonada.es\/index.php\/property\/#listItem","name":"Viviendas"}},{"@type":"ListItem","@id":"https:\/\/costasonada.es\/index.php\/property\/#listItem","position":2,"name":"Viviendas","item":"https:\/\/costasonada.es\/index.php\/property\/","nextItem":{"@type":"ListItem","@id":"https:\/\/costasonada.es\/index.php\/property_tag\/apartamento\/#listItem","name":"apartamento"},"previousItem":{"@type":"ListItem","@id":"https:\/\/costasonada.es#listItem","name":"Home"}},{"@type":"ListItem","@id":"https:\/\/costasonada.es\/index.php\/property_tag\/apartamento\/#listItem","position":3,"name":"apartamento","item":"https:\/\/costasonada.es\/index.php\/property_tag\/apartamento\/","nextItem":{"@type":"ListItem","@id":"https:\/\/costasonada.es\/index.php\/property\/e-1300-piso-en-alquiler-2h-1b-75m2-el-albir\/#listItem","name":"\u20ac 1300, Piso en alquiler, 2H\/1B, 75m2, El Albir"},"previousItem":{"@type":"ListItem","@id":"https:\/\/costasonada.es\/index.php\/property\/#listItem","name":"Viviendas"}},{"@type":"ListItem","@id":"https:\/\/costasonada.es\/index.php\/property\/e-1300-piso-en-alquiler-2h-1b-75m2-el-albir\/#listItem","position":4,"name":"\u20ac 1300, Piso en alquiler, 2H\/1B, 75m2, El Albir","previousItem":{"@type":"ListItem","@id":"https:\/\/costasonada.es\/index.php\/property_tag\/apartamento\/#listItem","name":"apartamento"}}]},{"@type":"Organization","@id":"https:\/\/costasonada.es\/#organization","name":"Costa So\u00f1ada","description":"Costa So\u00f1ada, agencia inmobiliaria que trabaja en Altea, Altea Hills, Mascarat, Finestrat, y toda la Costa Blanca, con una gran variedad de propiedades de lujo.","url":"https:\/\/costasonada.es\/","telephone":"+34604289264","logo":{"@type":"ImageObject","url":"https:\/\/costasonada.es\/wp-content\/uploads\/2021\/09\/icon.png","@id":"https:\/\/costasonada.es\/index.php\/property\/e-1300-piso-en-alquiler-2h-1b-75m2-el-albir\/#organizationLogo"},"image":{"@id":"https:\/\/costasonada.es\/index.php\/property\/e-1300-piso-en-alquiler-2h-1b-75m2-el-albir\/#organizationLogo"},"sameAs":["https:\/\/www.facebook.com\/3DVirtualTour-299122470616861","https:\/\/www.instagram.com\/3dvirtualtour.es\/","https:\/\/www.youtube.com\/channel\/UCiGlx-_efwf-PwUYGx-ThzA"]},{"@type":"Person","@id":"https:\/\/costasonada.es\/index.php\/author\/nikita\/#author","url":"https:\/\/costasonada.es\/index.php\/author\/nikita\/","name":"Nikita Polyanskiy","image":{"@type":"ImageObject","@id":"https:\/\/costasonada.es\/index.php\/property\/e-1300-piso-en-alquiler-2h-1b-75m2-el-albir\/#authorImage","url":"https:\/\/costasonada.es\/wp-content\/litespeed\/avatar\/a89181f95391e7ee745e42b32c1be518.jpg?ver=1788354375","width":96,"height":96,"caption":"Nikita Polyanskiy"},"sameAs":["https:\/\/www.facebook.com\/valeks.morgan.5","https:\/\/twitter.com\/"]},{"@type":"WebPage","@id":"https:\/\/costasonada.es\/index.php\/property\/e-1300-piso-en-alquiler-2h-1b-75m2-el-albir\/#webpage","url":"https:\/\/costasonada.es\/index.php\/property\/e-1300-piso-en-alquiler-2h-1b-75m2-el-albir\/","name":"\u20ac 1300, Piso en alquiler, 2H\/1B, 75m2, El Albir - Inmobiliaria Costa So\u00f1ada","description":"CSN21836AE Piso en alquiler de larga temporada en El Albir Fant\u00e1stico piso en alquiler de larga temporada situado en una de las mejores zonas de El Albir, en pleno centro y a escasos pasos de la playa. Su excelente ubicaci\u00f3n permite disfrutar de todos los servicios a mano: supermercados, restaurantes, cafeter\u00edas, tiendas y zonas de","inLanguage":"es-ES","isPartOf":{"@id":"https:\/\/costasonada.es\/#website"},"breadcrumb":{"@id":"https:\/\/costasonada.es\/index.php\/property\/e-1300-piso-en-alquiler-2h-1b-75m2-el-albir\/#breadcrumblist"},"author":{"@id":"https:\/\/costasonada.es\/index.php\/author\/nikita\/#author"},"creator":{"@id":"https:\/\/costasonada.es\/index.php\/author\/nikita\/#author"},"image":{"@type":"ImageObject","url":"https:\/\/costasonada.es\/wp-content\/uploads\/2026\/05\/INMOBILIARIA_COSTA_SONADA_ALQUELER_APARTAMENTO_ALBIR-1.jpg","@id":"https:\/\/costasonada.es\/index.php\/property\/e-1300-piso-en-alquiler-2h-1b-75m2-el-albir\/#mainImage","width":1280,"height":720},"primaryImageOfPage":{"@id":"https:\/\/costasonada.es\/index.php\/property\/e-1300-piso-en-alquiler-2h-1b-75m2-el-albir\/#mainImage"},"datePublished":"2026-05-26T15:57:06+02:00","dateModified":"2026-06-03T18:52:41+02:00"},{"@type":"WebSite","@id":"https:\/\/costasonada.es\/#website","url":"https:\/\/costasonada.es\/","name":"3D Virtual Tour","description":"Costa So\u00f1ada, agencia inmobiliaria que trabaja en Altea, Altea Hills, Mascarat, Finestrat, y toda la Costa Blanca, con una gran variedad de propiedades de lujo.","inLanguage":"es-ES","publisher":{"@id":"https:\/\/costasonada.es\/#organization"}}]},"og:locale":"es_ES","og:site_name":"Inmobiliaria Costa So\u00f1ada - Costa So\u00f1ada, agencia inmobiliaria que trabaja en Altea, Altea Hills, Mascarat, Finestrat, y toda la Costa Blanca, con una gran variedad de propiedades de lujo.","og:type":"article","og:title":"\u20ac 1300, Piso en alquiler, 2H\/1B, 75m2, El Albir - Inmobiliaria Costa So\u00f1ada","og:description":"CSN21836AE Piso en alquiler de larga temporada en El Albir Fant\u00e1stico piso en alquiler de larga temporada situado en una de las mejores zonas de El Albir, en pleno centro y a escasos pasos de la playa. Su excelente ubicaci\u00f3n permite disfrutar de todos los servicios a mano: supermercados, restaurantes, cafeter\u00edas, tiendas y zonas de","og:url":"https:\/\/costasonada.es\/index.php\/property\/e-1300-piso-en-alquiler-2h-1b-75m2-el-albir\/","og:image":"https:\/\/costasonada.es\/wp-content\/uploads\/2026\/05\/INMOBILIARIA_COSTA_SONADA_ALQUELER_APARTAMENTO_ALBIR-1.jpg","og:image:secure_url":"https:\/\/costasonada.es\/wp-content\/uploads\/2026\/05\/INMOBILIARIA_COSTA_SONADA_ALQUELER_APARTAMENTO_ALBIR-1.jpg","og:image:width":1280,"og:image:height":720,"article:published_time":"2026-05-26T13:57:06+00:00","article:modified_time":"2026-06-03T16:52:41+00:00","article:publisher":"https:\/\/www.facebook.com\/3DVirtualTour-299122470616861","article:author":"https:\/\/www.facebook.com\/valeks.morgan.5","twitter:card":"summary","twitter:title":"\u20ac 1300, Piso en alquiler, 2H\/1B, 75m2, El Albir - Inmobiliaria Costa So\u00f1ada","twitter:description":"CSN21836AE Piso en alquiler de larga temporada en El Albir Fant\u00e1stico piso en alquiler de larga temporada situado en una de las mejores zonas de El Albir, en pleno centro y a escasos pasos de la playa. Su excelente ubicaci\u00f3n permite disfrutar de todos los servicios a mano: supermercados, restaurantes, cafeter\u00edas, tiendas y zonas de","twitter:image":"https:\/\/costasonada.es\/wp-content\/uploads\/2026\/05\/INMOBILIARIA_COSTA_SONADA_ALQUELER_APARTAMENTO_ALBIR-1.jpg"},"aioseo_meta_data":{"post_id":"21836","title":null,"description":null,"keywords":null,"keyphrases":{"focus":[],"additional":[]},"primary_term":null,"canonical_url":null,"og_title":null,"og_description":null,"og_object_type":"default","og_image_type":"default","og_image_url":null,"og_image_width":null,"og_image_height":null,"og_image_custom_url":null,"og_image_custom_fields":null,"og_video":"","og_custom_url":null,"og_article_section":null,"og_article_tags":null,"twitter_use_og":false,"twitter_card":"default","twitter_image_type":"default","twitter_image_url":null,"twitter_image_custom_url":null,"twitter_image_custom_fields":null,"twitter_title":null,"twitter_description":null,"schema":{"blockGraphs":[],"customGraphs":[],"default":{"data":{"Article":[],"Course":[],"Dataset":[],"FAQPage":[],"Movie":[],"Person":[],"Product":[],"ProductReview":[],"Car":[],"Recipe":[],"Service":[],"SoftwareApplication":[],"WebPage":[]},"graphName":"WebPage","isEnabled":true},"graphs":[]},"schema_type":"default","schema_type_options":null,"pillar_content":false,"robots_default":true,"robots_noindex":false,"robots_noarchive":false,"robots_nosnippet":false,"robots_nofollow":false,"robots_noimageindex":false,"robots_noodp":false,"robots_notranslate":false,"robots_max_snippet":"-1","robots_max_videopreview":"-1","robots_max_imagepreview":"large","priority":null,"frequency":"default","local_seo":null,"breadcrumb_settings":null,"limit_modified_date":false,"ai":{"faqs":[],"keyPoints":[],"titles":[],"descriptions":[],"socialPosts":{"email":[],"linkedin":[],"twitter":[],"facebook":[],"instagram":[]}},"created":"2026-05-26 13:57:06","updated":"2026-09-02 14:40:01","seo_analyzer_scan_date":null,"focus_keyword":null,"additional_keywords":null,"truseo_locale":null},"aioseo_breadcrumb":"<div class=\"aioseo-breadcrumbs\"><span class=\"aioseo-breadcrumb\">\n\t\t\t<a href=\"https:\/\/costasonada.es\" title=\"Home\">Home<\/a>\n\t\t<\/span><span class=\"aioseo-breadcrumb-separator\">&raquo;<\/span><span class=\"aioseo-breadcrumb\">\n\t\t\t<a href=\"https:\/\/costasonada.es\/index.php\/property\/\" title=\"Viviendas\">Viviendas<\/a>\n\t\t<\/span><span class=\"aioseo-breadcrumb-separator\">&raquo;<\/span><span class=\"aioseo-breadcrumb\">\n\t\t\t<a href=\"https:\/\/costasonada.es\/index.php\/property_tag\/apartamento\/\" title=\"apartamento\">apartamento<\/a>\n\t\t<\/span><span class=\"aioseo-breadcrumb-separator\">&raquo;<\/span><span class=\"aioseo-breadcrumb\">\n\t\t\t\u20ac 1300, Piso en alquiler, 2H\/1B, 75m2, El Albir\n\t\t<\/span><\/div>","aioseo_breadcrumb_json":[{"label":"Home","link":"https:\/\/costasonada.es"},{"label":"Viviendas","link":"https:\/\/costasonada.es\/index.php\/property\/"},{"label":"apartamento","link":"https:\/\/costasonada.es\/index.php\/property_tag\/apartamento\/"},{"label":"\u20ac 1300, Piso en alquiler, 2H\/1B, 75m2, El Albir","link":"https:\/\/costasonada.es\/index.php\/property\/e-1300-piso-en-alquiler-2h-1b-75m2-el-albir\/"}],"_links":{"self":[{"href":"https:\/\/costasonada.es\/index.php\/wp-json\/wp\/v2\/properties\/21836","targetHints":{"allow":["GET"]}}],"collection":[{"href":"https:\/\/costasonada.es\/index.php\/wp-json\/wp\/v2\/properties"}],"about":[{"href":"https:\/\/costasonada.es\/index.php\/wp-json\/wp\/v2\/types\/rem_property"}],"author":[{"embeddable":true,"href":"https:\/\/costasonada.es\/index.php\/wp-json\/wp\/v2\/users\/2"}],"wp:featuredmedia":[{"embeddable":true,"href":"https:\/\/costasonada.es\/index.php\/wp-json\/wp\/v2\/media\/21988"}],"wp:attachment":[{"href":"https:\/\/costasonada.es\/index.php\/wp-json\/wp\/v2\/media?parent=21836"}],"wp:term":[{"taxonomy":"rem_property_cat","embeddable":true,"href":"https:\/\/costasonada.es\/index.php\/wp-json\/wp\/v2\/rem_property_cat?post=21836"}],"curies":[{"name":"wp","href":"https:\/\/api.w.org\/{rel}","templated":true}]}}