{"id":23466,"date":"2026-07-10T15:30:07","date_gmt":"2026-07-10T13:30:07","guid":{"rendered":"https:\/\/costasonada.es\/?post_type=rem_property&#038;p=23466"},"modified":"2026-08-07T13:10:44","modified_gmt":"2026-08-07T11:10:44","slug":"e-1320-apartamento-en-alquiler-1h-1b-60m2-benidorm","status":"publish","type":"rem_property","link":"https:\/\/costasonada.es\/index.php\/property\/e-1320-apartamento-en-alquiler-1h-1b-60m2-benidorm\/","title":{"rendered":"\u20ac 1320, APARTAMENTO EN ALQUILER, 1H\/1B, 60M2, BENIDORM"},"content":{"rendered":"<div class=\"ds-virtual-list-items _6f2c522\">\n<div class=\"ds-virtual-list-visible-items\">\n<div class=\"_4f9bf79 d7dc56a8 _43c05b5\" data-virtual-list-item-key=\"12\">\n<div class=\"ds-message _63c77b1\">\n<div class=\"ds-markdown ds-assistant-message-main-content\">\n<p>CSE23466BT<\/p>\n<p><span class=\"\">Importante: este alquiler es estrictamente de temporada. Est\u00e1 disponible \u00fanicamente desde el 1 de septiembre hasta el 30 de junio. No se alquila para todo el a\u00f1o ni como vivienda habitual.<\/span><\/p>\n<p class=\"ds-markdown-paragraph\"><span class=\"\">Espectacular apartamento en planta alta, situado en la zona de Levante. Ofrece vistas frontales al mar Mediterr\u00e1neo y un gran balc\u00f3n terraza para disfrutar del sol y del entorno.<\/span><\/p>\n<p class=\"ds-markdown-paragraph\"><span class=\"\">El precio incluye una plaza de garaje. La vivienda tiene 60 metros cuadrados construidos y se distribuye en una habitaci\u00f3n, un ba\u00f1o, terraza y balc\u00f3n. Est\u00e1 amueblado y cuenta con cocina equipada, armarios empotrados, aire acondicionado, piscina y jard\u00edn. Su orientaci\u00f3n sur garantiza una excelente luminosidad durante todo el d\u00eda.<\/span><\/p>\n<p class=\"ds-markdown-paragraph\"><span class=\"\">El apartamento se encuentra en buen estado de segunda mano y est\u00e1 situado en la decimosexta planta exterior de un edificio con ascensor. El acceso exterior est\u00e1 adaptado para personas con movilidad reducida, y el inmueble tambi\u00e9n es apropiado para ni\u00f1os.<\/span><\/p>\n<p class=\"ds-markdown-paragraph\"><span class=\"\">El certificado energ\u00e9tico est\u00e1 disponible para su consulta. El anunciante ofrece informaci\u00f3n en espa\u00f1ol, ingl\u00e9s y otros idiomas, y se facilita la firma online del contrato a trav\u00e9s de idealista.<\/span><\/p>\n<p class=\"ds-markdown-paragraph\"><span class=\"\">Para m\u00e1s informaci\u00f3n o para concertar una visita, no dude en ponerse en contacto con nuestra oficina.<\/span><\/p>\n<\/div>\n<\/div>\n<div class=\"ds-flex _0a3d93b\">\n<div class=\"ds-flex _965abe9 _54866f7\"><\/div>\n<div><\/div>\n<\/div>\n<\/div>\n<\/div>\n<\/div>\n","protected":false},"excerpt":{"rendered":"<p>CSE23466BT Importante: este alquiler es estrictamente de temporada. Est\u00e1 disponible \u00fanicamente desde el 1 de septiembre hasta el 30 de junio. No se alquila para todo el a\u00f1o ni como vivienda habitual. Espectacular apartamento en planta alta, situado en la zona de Levante. Ofrece vistas frontales al mar Mediterr\u00e1neo y un gran balc\u00f3n terraza para disfrutar del sol y del entorno. El precio incluye una plaza de garaje. La vivienda tiene 60 metros cuadrados construidos y se distribuye en una habitaci\u00f3n, un ba\u00f1o, terraza y balc\u00f3n. Est\u00e1 amueblado y cuenta con cocina equipada, armarios empotrados, aire acondicionado, piscina y jard\u00edn. Su orientaci\u00f3n sur garantiza una<a class=\"more-link\" href=\"https:\/\/costasonada.es\/index.php\/property\/e-1320-apartamento-en-alquiler-1h-1b-60m2-benidorm\/\"><span>Read More &rarr;<\/span><\/a><\/p>\n","protected":false},"author":11,"featured_media":23485,"parent":0,"menu_order":0,"template":"","rem_property_cat":[58],"class_list":["entry","author-eric","post-23466","rem_property","type-rem_property","status-publish","has-post-thumbnail","rem_property_tag-alquiler","rem_property_tag-apartamento","rem_property_tag-benidorm","rem_property_tag-costa-sonada","rem_property_tag-espana","rem_property_tag-inmobiliaria","rem_property_tag-montanas","rem_property_tag-vista-al-mar","rem_property_cat-benidorm"],"aioseo_notices":[],"aioseo_head":"\n\t\t<!-- All in One SEO 5.0.1.1 - aioseo.com -->\n\t<meta name=\"description\" content=\"CSE23466BT Importante: este alquiler es estrictamente de temporada. Est\u00e1 disponible \u00fanicamente desde el 1 de septiembre hasta el 30 de junio. No se alquila para todo el a\u00f1o ni como vivienda habitual. Espectacular apartamento en planta alta, situado en la zona de Levante. Ofrece vistas frontales al mar Mediterr\u00e1neo y un gran balc\u00f3n terraza para\" \/>\n\t<meta name=\"robots\" content=\"max-image-preview:large\" \/>\n\t<meta name=\"author\" content=\"Costa So\u00f1ada Inmobiliaria\"\/>\n\t<meta name=\"google-site-verification\" content=\"mukDF0U7Lr8beVLioCYFiSEkDFjcIPXQLR7s7jMEOjU\" \/>\n\t<link rel=\"canonical\" href=\"https:\/\/costasonada.es\/index.php\/property\/e-1320-apartamento-en-alquiler-1h-1b-60m2-benidorm\/\" \/>\n\t<meta name=\"generator\" content=\"All in One SEO (AIOSEO) 5.0.1.1\" \/>\n\t\t<meta property=\"og:locale\" content=\"es_ES\" \/>\n\t\t<meta property=\"og:site_name\" content=\"Inmobiliaria Costa So\u00f1ada - Costa So\u00f1ada, agencia inmobiliaria que trabaja en Altea, Altea Hills, Mascarat, Finestrat, y toda la Costa Blanca, con una gran variedad de propiedades de lujo.\" \/>\n\t\t<meta property=\"og:type\" content=\"article\" \/>\n\t\t<meta property=\"og:title\" content=\"\u20ac 1320, APARTAMENTO EN ALQUILER, 1H\/1B, 60M2, BENIDORM - Inmobiliaria Costa So\u00f1ada\" \/>\n\t\t<meta property=\"og:description\" content=\"CSE23466BT Importante: este alquiler es estrictamente de temporada. Est\u00e1 disponible \u00fanicamente desde el 1 de septiembre hasta el 30 de junio. No se alquila para todo el a\u00f1o ni como vivienda habitual. Espectacular apartamento en planta alta, situado en la zona de Levante. Ofrece vistas frontales al mar Mediterr\u00e1neo y un gran balc\u00f3n terraza para\" \/>\n\t\t<meta property=\"og:url\" content=\"https:\/\/costasonada.es\/index.php\/property\/e-1320-apartamento-en-alquiler-1h-1b-60m2-benidorm\/\" \/>\n\t\t<meta property=\"og:image\" content=\"https:\/\/costasonada.es\/wp-content\/uploads\/2026\/07\/1-18-1-scaled.jpeg\" \/>\n\t\t<meta property=\"og:image:secure_url\" content=\"https:\/\/costasonada.es\/wp-content\/uploads\/2026\/07\/1-18-1-scaled.jpeg\" \/>\n\t\t<meta property=\"og:image:width\" content=\"2560\" \/>\n\t\t<meta property=\"og:image:height\" content=\"1920\" \/>\n\t\t<meta property=\"article:published_time\" content=\"2026-07-10T13:30:07+00:00\" \/>\n\t\t<meta property=\"article:modified_time\" content=\"2026-08-07T11:10:44+00:00\" \/>\n\t\t<meta property=\"article:publisher\" content=\"https:\/\/www.facebook.com\/3DVirtualTour-299122470616861\" \/>\n\t\t<meta name=\"twitter:card\" content=\"summary\" \/>\n\t\t<meta name=\"twitter:title\" content=\"\u20ac 1320, APARTAMENTO EN ALQUILER, 1H\/1B, 60M2, BENIDORM - Inmobiliaria Costa So\u00f1ada\" \/>\n\t\t<meta name=\"twitter:description\" content=\"CSE23466BT Importante: este alquiler es estrictamente de temporada. Est\u00e1 disponible \u00fanicamente desde el 1 de septiembre hasta el 30 de junio. No se alquila para todo el a\u00f1o ni como vivienda habitual. Espectacular apartamento en planta alta, situado en la zona de Levante. Ofrece vistas frontales al mar Mediterr\u00e1neo y un gran balc\u00f3n terraza para\" \/>\n\t\t<meta name=\"twitter:image\" content=\"https:\/\/costasonada.es\/wp-content\/uploads\/2026\/07\/1-18-1-scaled.jpeg\" \/>\n\t\t<script type=\"application\/ld+json\" class=\"aioseo-schema\">\n\t\t\t{\"@context\":\"https:\\\/\\\/schema.org\",\"@graph\":[{\"@type\":\"BreadcrumbList\",\"@id\":\"https:\\\/\\\/costasonada.es\\\/index.php\\\/property\\\/e-1320-apartamento-en-alquiler-1h-1b-60m2-benidorm\\\/#breadcrumblist\",\"itemListElement\":[{\"@type\":\"ListItem\",\"@id\":\"https:\\\/\\\/costasonada.es#listItem\",\"position\":1,\"name\":\"Home\",\"item\":\"https:\\\/\\\/costasonada.es\",\"nextItem\":{\"@type\":\"ListItem\",\"@id\":\"https:\\\/\\\/costasonada.es\\\/index.php\\\/property\\\/#listItem\",\"name\":\"Viviendas\"}},{\"@type\":\"ListItem\",\"@id\":\"https:\\\/\\\/costasonada.es\\\/index.php\\\/property\\\/#listItem\",\"position\":2,\"name\":\"Viviendas\",\"item\":\"https:\\\/\\\/costasonada.es\\\/index.php\\\/property\\\/\",\"nextItem\":{\"@type\":\"ListItem\",\"@id\":\"https:\\\/\\\/costasonada.es\\\/index.php\\\/property_tag\\\/apartamento\\\/#listItem\",\"name\":\"apartamento\"},\"previousItem\":{\"@type\":\"ListItem\",\"@id\":\"https:\\\/\\\/costasonada.es#listItem\",\"name\":\"Home\"}},{\"@type\":\"ListItem\",\"@id\":\"https:\\\/\\\/costasonada.es\\\/index.php\\\/property_tag\\\/apartamento\\\/#listItem\",\"position\":3,\"name\":\"apartamento\",\"item\":\"https:\\\/\\\/costasonada.es\\\/index.php\\\/property_tag\\\/apartamento\\\/\",\"nextItem\":{\"@type\":\"ListItem\",\"@id\":\"https:\\\/\\\/costasonada.es\\\/index.php\\\/property\\\/e-1320-apartamento-en-alquiler-1h-1b-60m2-benidorm\\\/#listItem\",\"name\":\"\\u20ac 1320, APARTAMENTO EN ALQUILER, 1H\\\/1B, 60M2, BENIDORM\"},\"previousItem\":{\"@type\":\"ListItem\",\"@id\":\"https:\\\/\\\/costasonada.es\\\/index.php\\\/property\\\/#listItem\",\"name\":\"Viviendas\"}},{\"@type\":\"ListItem\",\"@id\":\"https:\\\/\\\/costasonada.es\\\/index.php\\\/property\\\/e-1320-apartamento-en-alquiler-1h-1b-60m2-benidorm\\\/#listItem\",\"position\":4,\"name\":\"\\u20ac 1320, APARTAMENTO EN ALQUILER, 1H\\\/1B, 60M2, BENIDORM\",\"previousItem\":{\"@type\":\"ListItem\",\"@id\":\"https:\\\/\\\/costasonada.es\\\/index.php\\\/property_tag\\\/apartamento\\\/#listItem\",\"name\":\"apartamento\"}}]},{\"@type\":\"Organization\",\"@id\":\"https:\\\/\\\/costasonada.es\\\/#organization\",\"name\":\"Costa So\\u00f1ada\",\"description\":\"Costa So\\u00f1ada, agencia inmobiliaria que trabaja en Altea, Altea Hills, Mascarat, Finestrat, y toda la Costa Blanca, con una gran variedad de propiedades de lujo.\",\"url\":\"https:\\\/\\\/costasonada.es\\\/\",\"telephone\":\"+34604289264\",\"logo\":{\"@type\":\"ImageObject\",\"url\":\"https:\\\/\\\/costasonada.es\\\/wp-content\\\/uploads\\\/2021\\\/09\\\/icon.png\",\"@id\":\"https:\\\/\\\/costasonada.es\\\/index.php\\\/property\\\/e-1320-apartamento-en-alquiler-1h-1b-60m2-benidorm\\\/#organizationLogo\"},\"image\":{\"@id\":\"https:\\\/\\\/costasonada.es\\\/index.php\\\/property\\\/e-1320-apartamento-en-alquiler-1h-1b-60m2-benidorm\\\/#organizationLogo\"},\"sameAs\":[\"https:\\\/\\\/www.facebook.com\\\/3DVirtualTour-299122470616861\",\"https:\\\/\\\/www.instagram.com\\\/3dvirtualtour.es\\\/\",\"https:\\\/\\\/www.youtube.com\\\/channel\\\/UCiGlx-_efwf-PwUYGx-ThzA\"]},{\"@type\":\"Person\",\"@id\":\"https:\\\/\\\/costasonada.es\\\/index.php\\\/author\\\/eric\\\/#author\",\"url\":\"https:\\\/\\\/costasonada.es\\\/index.php\\\/author\\\/eric\\\/\",\"name\":\"Costa So\\u00f1ada Inmobiliaria\",\"image\":{\"@type\":\"ImageObject\",\"@id\":\"https:\\\/\\\/costasonada.es\\\/index.php\\\/property\\\/e-1320-apartamento-en-alquiler-1h-1b-60m2-benidorm\\\/#authorImage\",\"url\":\"https:\\\/\\\/costasonada.es\\\/wp-content\\\/litespeed\\\/avatar\\\/2c0f3a54a698a4367ef9b1156f722af6.jpg?ver=1788350504\",\"width\":96,\"height\":96,\"caption\":\"Costa So\\u00f1ada Inmobiliaria\"}},{\"@type\":\"WebPage\",\"@id\":\"https:\\\/\\\/costasonada.es\\\/index.php\\\/property\\\/e-1320-apartamento-en-alquiler-1h-1b-60m2-benidorm\\\/#webpage\",\"url\":\"https:\\\/\\\/costasonada.es\\\/index.php\\\/property\\\/e-1320-apartamento-en-alquiler-1h-1b-60m2-benidorm\\\/\",\"name\":\"\\u20ac 1320, APARTAMENTO EN ALQUILER, 1H\\\/1B, 60M2, BENIDORM - Inmobiliaria Costa So\\u00f1ada\",\"description\":\"CSE23466BT Importante: este alquiler es estrictamente de temporada. Est\\u00e1 disponible \\u00fanicamente desde el 1 de septiembre hasta el 30 de junio. No se alquila para todo el a\\u00f1o ni como vivienda habitual. Espectacular apartamento en planta alta, situado en la zona de Levante. Ofrece vistas frontales al mar Mediterr\\u00e1neo y un gran balc\\u00f3n terraza para\",\"inLanguage\":\"es-ES\",\"isPartOf\":{\"@id\":\"https:\\\/\\\/costasonada.es\\\/#website\"},\"breadcrumb\":{\"@id\":\"https:\\\/\\\/costasonada.es\\\/index.php\\\/property\\\/e-1320-apartamento-en-alquiler-1h-1b-60m2-benidorm\\\/#breadcrumblist\"},\"author\":{\"@id\":\"https:\\\/\\\/costasonada.es\\\/index.php\\\/author\\\/eric\\\/#author\"},\"creator\":{\"@id\":\"https:\\\/\\\/costasonada.es\\\/index.php\\\/author\\\/eric\\\/#author\"},\"image\":{\"@type\":\"ImageObject\",\"url\":\"https:\\\/\\\/costasonada.es\\\/wp-content\\\/uploads\\\/2026\\\/07\\\/1-18-1-scaled.jpeg\",\"@id\":\"https:\\\/\\\/costasonada.es\\\/index.php\\\/property\\\/e-1320-apartamento-en-alquiler-1h-1b-60m2-benidorm\\\/#mainImage\",\"width\":2560,\"height\":1920},\"primaryImageOfPage\":{\"@id\":\"https:\\\/\\\/costasonada.es\\\/index.php\\\/property\\\/e-1320-apartamento-en-alquiler-1h-1b-60m2-benidorm\\\/#mainImage\"},\"datePublished\":\"2026-07-10T15:30:07+02:00\",\"dateModified\":\"2026-08-07T13:10:44+02:00\"},{\"@type\":\"WebSite\",\"@id\":\"https:\\\/\\\/costasonada.es\\\/#website\",\"url\":\"https:\\\/\\\/costasonada.es\\\/\",\"name\":\"3D Virtual Tour\",\"description\":\"Costa So\\u00f1ada, agencia inmobiliaria que trabaja en Altea, Altea Hills, Mascarat, Finestrat, y toda la Costa Blanca, con una gran variedad de propiedades de lujo.\",\"inLanguage\":\"es-ES\",\"publisher\":{\"@id\":\"https:\\\/\\\/costasonada.es\\\/#organization\"}}]}\n\t\t<\/script>\n\t\t<!-- All in One SEO -->\n\n","aioseo_head_json":{"title":"\u20ac 1320, APARTAMENTO EN ALQUILER, 1H\/1B, 60M2, BENIDORM - Inmobiliaria Costa So\u00f1ada","description":"CSE23466BT Importante: este alquiler es estrictamente de temporada. Est\u00e1 disponible \u00fanicamente desde el 1 de septiembre hasta el 30 de junio. No se alquila para todo el a\u00f1o ni como vivienda habitual. Espectacular apartamento en planta alta, situado en la zona de Levante. Ofrece vistas frontales al mar Mediterr\u00e1neo y un gran balc\u00f3n terraza para","canonical_url":"https:\/\/costasonada.es\/index.php\/property\/e-1320-apartamento-en-alquiler-1h-1b-60m2-benidorm\/","robots":"max-image-preview:large","keywords":"","webmasterTools":{"google-site-verification":"mukDF0U7Lr8beVLioCYFiSEkDFjcIPXQLR7s7jMEOjU","miscellaneous":""},"schema":{"@context":"https:\/\/schema.org","@graph":[{"@type":"BreadcrumbList","@id":"https:\/\/costasonada.es\/index.php\/property\/e-1320-apartamento-en-alquiler-1h-1b-60m2-benidorm\/#breadcrumblist","itemListElement":[{"@type":"ListItem","@id":"https:\/\/costasonada.es#listItem","position":1,"name":"Home","item":"https:\/\/costasonada.es","nextItem":{"@type":"ListItem","@id":"https:\/\/costasonada.es\/index.php\/property\/#listItem","name":"Viviendas"}},{"@type":"ListItem","@id":"https:\/\/costasonada.es\/index.php\/property\/#listItem","position":2,"name":"Viviendas","item":"https:\/\/costasonada.es\/index.php\/property\/","nextItem":{"@type":"ListItem","@id":"https:\/\/costasonada.es\/index.php\/property_tag\/apartamento\/#listItem","name":"apartamento"},"previousItem":{"@type":"ListItem","@id":"https:\/\/costasonada.es#listItem","name":"Home"}},{"@type":"ListItem","@id":"https:\/\/costasonada.es\/index.php\/property_tag\/apartamento\/#listItem","position":3,"name":"apartamento","item":"https:\/\/costasonada.es\/index.php\/property_tag\/apartamento\/","nextItem":{"@type":"ListItem","@id":"https:\/\/costasonada.es\/index.php\/property\/e-1320-apartamento-en-alquiler-1h-1b-60m2-benidorm\/#listItem","name":"\u20ac 1320, APARTAMENTO EN ALQUILER, 1H\/1B, 60M2, BENIDORM"},"previousItem":{"@type":"ListItem","@id":"https:\/\/costasonada.es\/index.php\/property\/#listItem","name":"Viviendas"}},{"@type":"ListItem","@id":"https:\/\/costasonada.es\/index.php\/property\/e-1320-apartamento-en-alquiler-1h-1b-60m2-benidorm\/#listItem","position":4,"name":"\u20ac 1320, APARTAMENTO EN ALQUILER, 1H\/1B, 60M2, BENIDORM","previousItem":{"@type":"ListItem","@id":"https:\/\/costasonada.es\/index.php\/property_tag\/apartamento\/#listItem","name":"apartamento"}}]},{"@type":"Organization","@id":"https:\/\/costasonada.es\/#organization","name":"Costa So\u00f1ada","description":"Costa So\u00f1ada, agencia inmobiliaria que trabaja en Altea, Altea Hills, Mascarat, Finestrat, y toda la Costa Blanca, con una gran variedad de propiedades de lujo.","url":"https:\/\/costasonada.es\/","telephone":"+34604289264","logo":{"@type":"ImageObject","url":"https:\/\/costasonada.es\/wp-content\/uploads\/2021\/09\/icon.png","@id":"https:\/\/costasonada.es\/index.php\/property\/e-1320-apartamento-en-alquiler-1h-1b-60m2-benidorm\/#organizationLogo"},"image":{"@id":"https:\/\/costasonada.es\/index.php\/property\/e-1320-apartamento-en-alquiler-1h-1b-60m2-benidorm\/#organizationLogo"},"sameAs":["https:\/\/www.facebook.com\/3DVirtualTour-299122470616861","https:\/\/www.instagram.com\/3dvirtualtour.es\/","https:\/\/www.youtube.com\/channel\/UCiGlx-_efwf-PwUYGx-ThzA"]},{"@type":"Person","@id":"https:\/\/costasonada.es\/index.php\/author\/eric\/#author","url":"https:\/\/costasonada.es\/index.php\/author\/eric\/","name":"Costa So\u00f1ada Inmobiliaria","image":{"@type":"ImageObject","@id":"https:\/\/costasonada.es\/index.php\/property\/e-1320-apartamento-en-alquiler-1h-1b-60m2-benidorm\/#authorImage","url":"https:\/\/costasonada.es\/wp-content\/litespeed\/avatar\/2c0f3a54a698a4367ef9b1156f722af6.jpg?ver=1788350504","width":96,"height":96,"caption":"Costa So\u00f1ada Inmobiliaria"}},{"@type":"WebPage","@id":"https:\/\/costasonada.es\/index.php\/property\/e-1320-apartamento-en-alquiler-1h-1b-60m2-benidorm\/#webpage","url":"https:\/\/costasonada.es\/index.php\/property\/e-1320-apartamento-en-alquiler-1h-1b-60m2-benidorm\/","name":"\u20ac 1320, APARTAMENTO EN ALQUILER, 1H\/1B, 60M2, BENIDORM - Inmobiliaria Costa So\u00f1ada","description":"CSE23466BT Importante: este alquiler es estrictamente de temporada. Est\u00e1 disponible \u00fanicamente desde el 1 de septiembre hasta el 30 de junio. No se alquila para todo el a\u00f1o ni como vivienda habitual. Espectacular apartamento en planta alta, situado en la zona de Levante. Ofrece vistas frontales al mar Mediterr\u00e1neo y un gran balc\u00f3n terraza para","inLanguage":"es-ES","isPartOf":{"@id":"https:\/\/costasonada.es\/#website"},"breadcrumb":{"@id":"https:\/\/costasonada.es\/index.php\/property\/e-1320-apartamento-en-alquiler-1h-1b-60m2-benidorm\/#breadcrumblist"},"author":{"@id":"https:\/\/costasonada.es\/index.php\/author\/eric\/#author"},"creator":{"@id":"https:\/\/costasonada.es\/index.php\/author\/eric\/#author"},"image":{"@type":"ImageObject","url":"https:\/\/costasonada.es\/wp-content\/uploads\/2026\/07\/1-18-1-scaled.jpeg","@id":"https:\/\/costasonada.es\/index.php\/property\/e-1320-apartamento-en-alquiler-1h-1b-60m2-benidorm\/#mainImage","width":2560,"height":1920},"primaryImageOfPage":{"@id":"https:\/\/costasonada.es\/index.php\/property\/e-1320-apartamento-en-alquiler-1h-1b-60m2-benidorm\/#mainImage"},"datePublished":"2026-07-10T15:30:07+02:00","dateModified":"2026-08-07T13:10:44+02:00"},{"@type":"WebSite","@id":"https:\/\/costasonada.es\/#website","url":"https:\/\/costasonada.es\/","name":"3D Virtual Tour","description":"Costa So\u00f1ada, agencia inmobiliaria que trabaja en Altea, Altea Hills, Mascarat, Finestrat, y toda la Costa Blanca, con una gran variedad de propiedades de lujo.","inLanguage":"es-ES","publisher":{"@id":"https:\/\/costasonada.es\/#organization"}}]},"og:locale":"es_ES","og:site_name":"Inmobiliaria Costa So\u00f1ada - Costa So\u00f1ada, agencia inmobiliaria que trabaja en Altea, Altea Hills, Mascarat, Finestrat, y toda la Costa Blanca, con una gran variedad de propiedades de lujo.","og:type":"article","og:title":"\u20ac 1320, APARTAMENTO EN ALQUILER, 1H\/1B, 60M2, BENIDORM - Inmobiliaria Costa So\u00f1ada","og:description":"CSE23466BT Importante: este alquiler es estrictamente de temporada. Est\u00e1 disponible \u00fanicamente desde el 1 de septiembre hasta el 30 de junio. No se alquila para todo el a\u00f1o ni como vivienda habitual. Espectacular apartamento en planta alta, situado en la zona de Levante. Ofrece vistas frontales al mar Mediterr\u00e1neo y un gran balc\u00f3n terraza para","og:url":"https:\/\/costasonada.es\/index.php\/property\/e-1320-apartamento-en-alquiler-1h-1b-60m2-benidorm\/","og:image":"https:\/\/costasonada.es\/wp-content\/uploads\/2026\/07\/1-18-1-scaled.jpeg","og:image:secure_url":"https:\/\/costasonada.es\/wp-content\/uploads\/2026\/07\/1-18-1-scaled.jpeg","og:image:width":2560,"og:image:height":1920,"article:published_time":"2026-07-10T13:30:07+00:00","article:modified_time":"2026-08-07T11:10:44+00:00","article:publisher":"https:\/\/www.facebook.com\/3DVirtualTour-299122470616861","twitter:card":"summary","twitter:title":"\u20ac 1320, APARTAMENTO EN ALQUILER, 1H\/1B, 60M2, BENIDORM - Inmobiliaria Costa So\u00f1ada","twitter:description":"CSE23466BT Importante: este alquiler es estrictamente de temporada. Est\u00e1 disponible \u00fanicamente desde el 1 de septiembre hasta el 30 de junio. No se alquila para todo el a\u00f1o ni como vivienda habitual. Espectacular apartamento en planta alta, situado en la zona de Levante. Ofrece vistas frontales al mar Mediterr\u00e1neo y un gran balc\u00f3n terraza para","twitter:image":"https:\/\/costasonada.es\/wp-content\/uploads\/2026\/07\/1-18-1-scaled.jpeg"},"aioseo_meta_data":{"post_id":"23466","title":null,"description":null,"keywords":null,"keyphrases":{"focus":[],"additional":[]},"primary_term":null,"canonical_url":null,"og_title":null,"og_description":null,"og_object_type":"default","og_image_type":"default","og_image_url":null,"og_image_width":null,"og_image_height":null,"og_image_custom_url":null,"og_image_custom_fields":null,"og_video":"","og_custom_url":null,"og_article_section":null,"og_article_tags":null,"twitter_use_og":false,"twitter_card":"default","twitter_image_type":"default","twitter_image_url":null,"twitter_image_custom_url":null,"twitter_image_custom_fields":null,"twitter_title":null,"twitter_description":null,"schema":{"blockGraphs":[],"customGraphs":[],"default":{"data":{"Article":[],"Course":[],"Dataset":[],"FAQPage":[],"Movie":[],"Person":[],"Product":[],"ProductReview":[],"Car":[],"Recipe":[],"Service":[],"SoftwareApplication":[],"WebPage":[]},"graphName":"WebPage","isEnabled":true},"graphs":[]},"schema_type":"default","schema_type_options":null,"pillar_content":false,"robots_default":true,"robots_noindex":false,"robots_noarchive":false,"robots_nosnippet":false,"robots_nofollow":false,"robots_noimageindex":false,"robots_noodp":false,"robots_notranslate":false,"robots_max_snippet":"-1","robots_max_videopreview":"-1","robots_max_imagepreview":"large","priority":null,"frequency":"default","local_seo":null,"breadcrumb_settings":null,"limit_modified_date":false,"ai":{"faqs":[],"keyPoints":[],"schemas":[],"titles":[],"descriptions":[],"socialPosts":{"email":[],"linkedin":[],"twitter":[],"facebook":[],"instagram":[]}},"created":"2026-07-10 09:47:45","updated":"2026-09-02 14:40:01","seo_analyzer_scan_date":null,"focus_keyword":null,"additional_keywords":null,"truseo_locale":null},"aioseo_breadcrumb":"<div class=\"aioseo-breadcrumbs\"><span class=\"aioseo-breadcrumb\">\n\t\t\t<a href=\"https:\/\/costasonada.es\" title=\"Home\">Home<\/a>\n\t\t<\/span><span class=\"aioseo-breadcrumb-separator\">&raquo;<\/span><span class=\"aioseo-breadcrumb\">\n\t\t\t<a href=\"https:\/\/costasonada.es\/index.php\/property\/\" title=\"Viviendas\">Viviendas<\/a>\n\t\t<\/span><span class=\"aioseo-breadcrumb-separator\">&raquo;<\/span><span class=\"aioseo-breadcrumb\">\n\t\t\t<a href=\"https:\/\/costasonada.es\/index.php\/property_tag\/apartamento\/\" title=\"apartamento\">apartamento<\/a>\n\t\t<\/span><span class=\"aioseo-breadcrumb-separator\">&raquo;<\/span><span class=\"aioseo-breadcrumb\">\n\t\t\t\u20ac 1320, APARTAMENTO EN ALQUILER, 1H\/1B, 60M2, BENIDORM\n\t\t<\/span><\/div>","aioseo_breadcrumb_json":[{"label":"Home","link":"https:\/\/costasonada.es"},{"label":"Viviendas","link":"https:\/\/costasonada.es\/index.php\/property\/"},{"label":"apartamento","link":"https:\/\/costasonada.es\/index.php\/property_tag\/apartamento\/"},{"label":"\u20ac 1320, APARTAMENTO EN ALQUILER, 1H\/1B, 60M2, BENIDORM","link":"https:\/\/costasonada.es\/index.php\/property\/e-1320-apartamento-en-alquiler-1h-1b-60m2-benidorm\/"}],"_links":{"self":[{"href":"https:\/\/costasonada.es\/index.php\/wp-json\/wp\/v2\/properties\/23466","targetHints":{"allow":["GET"]}}],"collection":[{"href":"https:\/\/costasonada.es\/index.php\/wp-json\/wp\/v2\/properties"}],"about":[{"href":"https:\/\/costasonada.es\/index.php\/wp-json\/wp\/v2\/types\/rem_property"}],"author":[{"embeddable":true,"href":"https:\/\/costasonada.es\/index.php\/wp-json\/wp\/v2\/users\/11"}],"wp:featuredmedia":[{"embeddable":true,"href":"https:\/\/costasonada.es\/index.php\/wp-json\/wp\/v2\/media\/23485"}],"wp:attachment":[{"href":"https:\/\/costasonada.es\/index.php\/wp-json\/wp\/v2\/media?parent=23466"}],"wp:term":[{"taxonomy":"rem_property_cat","embeddable":true,"href":"https:\/\/costasonada.es\/index.php\/wp-json\/wp\/v2\/rem_property_cat?post=23466"}],"curies":[{"name":"wp","href":"https:\/\/api.w.org\/{rel}","templated":true}]}}