{"id":23534,"date":"2026-07-15T16:20:57","date_gmt":"2026-07-15T14:20:57","guid":{"rendered":"https:\/\/costasonada.es\/?post_type=rem_property&#038;p=23534"},"modified":"2026-08-03T15:32:22","modified_gmt":"2026-08-03T13:32:22","slug":"e-900-piso-en-alquiler-2h2b-115m2-mascarat","status":"publish","type":"rem_property","link":"https:\/\/costasonada.es\/index.php\/property\/e-900-piso-en-alquiler-2h2b-115m2-mascarat\/","title":{"rendered":"\u20ac 900, piso en alquiler, 2h2b, 115m2, Benidorm"},"content":{"rendered":"<p data-start=\"0\" data-end=\"235\">CSD23534BJ<\/p>\n<p data-start=\"0\" data-end=\"235\">Disponible en alquiler de corta temporada desde septiembre hasta junio de 2027, este luminoso y amplio apartamento en Benidorm ofrece 115 m\u00b2 distribuidos en 2 dormitorios y 2 ba\u00f1os.<\/p>\n<p data-start=\"237\" data-end=\"395\">Dispone de una amplia terraza privada con excelentes vistas despejadas y abundante luz natural durante todo el d\u00eda. Situado en una quinta planta con ascensor.<\/p>\n<p data-start=\"397\" data-end=\"699\">La vivienda se entrega completamente amueblada y con la cocina totalmente equipada. Cuenta con armarios empotrados, trastero y orientaci\u00f3n sur, lo que garantiza una excelente entrada de luz solar. Adem\u00e1s, dispone de aire acondicionado con bomba de fr\u00edo y calor para mayor comodidad durante todo el a\u00f1o.<\/p>\n<p data-start=\"701\" data-end=\"807\">La propiedad se encuentra en muy buen estado de conservaci\u00f3n y ofrece una distribuci\u00f3n c\u00f3moda y funcional.<\/p>\n<p data-start=\"809\" data-end=\"1037\">Ubicada cerca de las playas de Levante y Poniente, con supermercados, centros comerciales, cafeter\u00edas, restaurantes y todo tipo de comercios a pocos minutos. Tambi\u00e9n cuenta con colegios y centros educativos en las inmediaciones.<\/p>\n<p data-start=\"1039\" data-end=\"1265\" data-is-last-node=\"\" data-is-only-node=\"\">Excelentes conexiones con transporte p\u00fablico, zonas verdes y \u00e1reas de ocio. Muy pr\u00f3xima a instalaciones deportivas, farmacias, centros m\u00e9dicos y todos los servicios necesarios para disfrutar de una c\u00f3moda estancia en Benidorm.<\/p>\n","protected":false},"excerpt":{"rendered":"<p>CSD23534BJ Disponible en alquiler de corta temporada desde septiembre hasta junio de 2027, este luminoso y amplio apartamento en Benidorm ofrece 115 m\u00b2 distribuidos en 2 dormitorios y 2 ba\u00f1os. Dispone de una amplia terraza privada con excelentes vistas despejadas y abundante luz natural durante todo el d\u00eda. Situado en una quinta planta con ascensor. La vivienda se entrega completamente amueblada y con la cocina totalmente equipada. Cuenta con armarios empotrados, trastero y orientaci\u00f3n sur, lo que garantiza una excelente entrada de luz solar. Adem\u00e1s, dispone de aire acondicionado con bomba de fr\u00edo y calor para mayor comodidad durante todo el a\u00f1o. La propiedad se<a class=\"more-link\" href=\"https:\/\/costasonada.es\/index.php\/property\/e-900-piso-en-alquiler-2h2b-115m2-mascarat\/\"><span>Read More &rarr;<\/span><\/a><\/p>\n","protected":false},"author":9,"featured_media":23546,"parent":0,"menu_order":0,"template":"","rem_property_cat":[58],"class_list":["entry","author-demian","post-23534","rem_property","type-rem_property","status-publish","has-post-thumbnail","rem_property_tag-alquiler","rem_property_tag-apartamento","rem_property_tag-benidorm","rem_property_tag-costa-sonada","rem_property_cat-benidorm"],"aioseo_notices":[],"aioseo_head":"\n\t\t<!-- All in One SEO 5.0.1.1 - aioseo.com -->\n\t<meta name=\"description\" content=\"CSD23534BJ Disponible en alquiler de corta temporada desde septiembre hasta junio de 2027, este luminoso y amplio apartamento en Benidorm ofrece 115 m\u00b2 distribuidos en 2 dormitorios y 2 ba\u00f1os. Dispone de una amplia terraza privada con excelentes vistas despejadas y abundante luz natural durante todo el d\u00eda. Situado en una quinta planta con ascensor.\" \/>\n\t<meta name=\"robots\" content=\"max-image-preview:large\" \/>\n\t<meta name=\"author\" content=\"Demian Aleksiuk\"\/>\n\t<meta name=\"google-site-verification\" content=\"mukDF0U7Lr8beVLioCYFiSEkDFjcIPXQLR7s7jMEOjU\" \/>\n\t<link rel=\"canonical\" href=\"https:\/\/costasonada.es\/index.php\/property\/e-900-piso-en-alquiler-2h2b-115m2-mascarat\/\" \/>\n\t<meta name=\"generator\" content=\"All in One SEO (AIOSEO) 5.0.1.1\" \/>\n\t\t<meta property=\"og:locale\" content=\"es_ES\" \/>\n\t\t<meta property=\"og:site_name\" content=\"Inmobiliaria Costa So\u00f1ada - Costa So\u00f1ada, agencia inmobiliaria que trabaja en Altea, Altea Hills, Mascarat, Finestrat, y toda la Costa Blanca, con una gran variedad de propiedades de lujo.\" \/>\n\t\t<meta property=\"og:type\" content=\"article\" \/>\n\t\t<meta property=\"og:title\" content=\"\u20ac 900, piso en alquiler, 2h2b, 115m2, Benidorm - Inmobiliaria Costa So\u00f1ada\" \/>\n\t\t<meta property=\"og:description\" content=\"CSD23534BJ Disponible en alquiler de corta temporada desde septiembre hasta junio de 2027, este luminoso y amplio apartamento en Benidorm ofrece 115 m\u00b2 distribuidos en 2 dormitorios y 2 ba\u00f1os. Dispone de una amplia terraza privada con excelentes vistas despejadas y abundante luz natural durante todo el d\u00eda. Situado en una quinta planta con ascensor.\" \/>\n\t\t<meta property=\"og:url\" content=\"https:\/\/costasonada.es\/index.php\/property\/e-900-piso-en-alquiler-2h2b-115m2-mascarat\/\" \/>\n\t\t<meta property=\"og:image\" content=\"https:\/\/costasonada.es\/wp-content\/uploads\/2026\/07\/WhatsApp-Image-2026-07-14-at-12.38.51.jpeg\" \/>\n\t\t<meta property=\"og:image:secure_url\" content=\"https:\/\/costasonada.es\/wp-content\/uploads\/2026\/07\/WhatsApp-Image-2026-07-14-at-12.38.51.jpeg\" \/>\n\t\t<meta property=\"og:image:width\" content=\"1280\" \/>\n\t\t<meta property=\"og:image:height\" content=\"720\" \/>\n\t\t<meta property=\"article:published_time\" content=\"2026-07-15T14:20:57+00:00\" \/>\n\t\t<meta property=\"article:modified_time\" content=\"2026-08-03T13:32:22+00:00\" \/>\n\t\t<meta property=\"article:publisher\" content=\"https:\/\/www.facebook.com\/3DVirtualTour-299122470616861\" \/>\n\t\t<meta name=\"twitter:card\" content=\"summary\" \/>\n\t\t<meta name=\"twitter:title\" content=\"\u20ac 900, piso en alquiler, 2h2b, 115m2, Benidorm - Inmobiliaria Costa So\u00f1ada\" \/>\n\t\t<meta name=\"twitter:description\" content=\"CSD23534BJ Disponible en alquiler de corta temporada desde septiembre hasta junio de 2027, este luminoso y amplio apartamento en Benidorm ofrece 115 m\u00b2 distribuidos en 2 dormitorios y 2 ba\u00f1os. Dispone de una amplia terraza privada con excelentes vistas despejadas y abundante luz natural durante todo el d\u00eda. Situado en una quinta planta con ascensor.\" \/>\n\t\t<meta name=\"twitter:image\" content=\"https:\/\/costasonada.es\/wp-content\/uploads\/2026\/07\/WhatsApp-Image-2026-07-14-at-12.38.51.jpeg\" \/>\n\t\t<script type=\"application\/ld+json\" class=\"aioseo-schema\">\n\t\t\t{\"@context\":\"https:\\\/\\\/schema.org\",\"@graph\":[{\"@type\":\"BreadcrumbList\",\"@id\":\"https:\\\/\\\/costasonada.es\\\/index.php\\\/property\\\/e-900-piso-en-alquiler-2h2b-115m2-mascarat\\\/#breadcrumblist\",\"itemListElement\":[{\"@type\":\"ListItem\",\"@id\":\"https:\\\/\\\/costasonada.es#listItem\",\"position\":1,\"name\":\"Home\",\"item\":\"https:\\\/\\\/costasonada.es\",\"nextItem\":{\"@type\":\"ListItem\",\"@id\":\"https:\\\/\\\/costasonada.es\\\/index.php\\\/property\\\/#listItem\",\"name\":\"Viviendas\"}},{\"@type\":\"ListItem\",\"@id\":\"https:\\\/\\\/costasonada.es\\\/index.php\\\/property\\\/#listItem\",\"position\":2,\"name\":\"Viviendas\",\"item\":\"https:\\\/\\\/costasonada.es\\\/index.php\\\/property\\\/\",\"nextItem\":{\"@type\":\"ListItem\",\"@id\":\"https:\\\/\\\/costasonada.es\\\/index.php\\\/property_tag\\\/apartamento\\\/#listItem\",\"name\":\"apartamento\"},\"previousItem\":{\"@type\":\"ListItem\",\"@id\":\"https:\\\/\\\/costasonada.es#listItem\",\"name\":\"Home\"}},{\"@type\":\"ListItem\",\"@id\":\"https:\\\/\\\/costasonada.es\\\/index.php\\\/property_tag\\\/apartamento\\\/#listItem\",\"position\":3,\"name\":\"apartamento\",\"item\":\"https:\\\/\\\/costasonada.es\\\/index.php\\\/property_tag\\\/apartamento\\\/\",\"nextItem\":{\"@type\":\"ListItem\",\"@id\":\"https:\\\/\\\/costasonada.es\\\/index.php\\\/property\\\/e-900-piso-en-alquiler-2h2b-115m2-mascarat\\\/#listItem\",\"name\":\"\\u20ac 900, piso en alquiler, 2h2b, 115m2, Benidorm\"},\"previousItem\":{\"@type\":\"ListItem\",\"@id\":\"https:\\\/\\\/costasonada.es\\\/index.php\\\/property\\\/#listItem\",\"name\":\"Viviendas\"}},{\"@type\":\"ListItem\",\"@id\":\"https:\\\/\\\/costasonada.es\\\/index.php\\\/property\\\/e-900-piso-en-alquiler-2h2b-115m2-mascarat\\\/#listItem\",\"position\":4,\"name\":\"\\u20ac 900, piso en alquiler, 2h2b, 115m2, Benidorm\",\"previousItem\":{\"@type\":\"ListItem\",\"@id\":\"https:\\\/\\\/costasonada.es\\\/index.php\\\/property_tag\\\/apartamento\\\/#listItem\",\"name\":\"apartamento\"}}]},{\"@type\":\"Organization\",\"@id\":\"https:\\\/\\\/costasonada.es\\\/#organization\",\"name\":\"Costa So\\u00f1ada\",\"description\":\"Costa So\\u00f1ada, agencia inmobiliaria que trabaja en Altea, Altea Hills, Mascarat, Finestrat, y toda la Costa Blanca, con una gran variedad de propiedades de lujo.\",\"url\":\"https:\\\/\\\/costasonada.es\\\/\",\"telephone\":\"+34604289264\",\"logo\":{\"@type\":\"ImageObject\",\"url\":\"https:\\\/\\\/costasonada.es\\\/wp-content\\\/uploads\\\/2021\\\/09\\\/icon.png\",\"@id\":\"https:\\\/\\\/costasonada.es\\\/index.php\\\/property\\\/e-900-piso-en-alquiler-2h2b-115m2-mascarat\\\/#organizationLogo\"},\"image\":{\"@id\":\"https:\\\/\\\/costasonada.es\\\/index.php\\\/property\\\/e-900-piso-en-alquiler-2h2b-115m2-mascarat\\\/#organizationLogo\"},\"sameAs\":[\"https:\\\/\\\/www.facebook.com\\\/3DVirtualTour-299122470616861\",\"https:\\\/\\\/www.instagram.com\\\/3dvirtualtour.es\\\/\",\"https:\\\/\\\/www.youtube.com\\\/channel\\\/UCiGlx-_efwf-PwUYGx-ThzA\"]},{\"@type\":\"Person\",\"@id\":\"https:\\\/\\\/costasonada.es\\\/index.php\\\/author\\\/demian\\\/#author\",\"url\":\"https:\\\/\\\/costasonada.es\\\/index.php\\\/author\\\/demian\\\/\",\"name\":\"Demian Aleksiuk\",\"image\":{\"@type\":\"ImageObject\",\"@id\":\"https:\\\/\\\/costasonada.es\\\/index.php\\\/property\\\/e-900-piso-en-alquiler-2h2b-115m2-mascarat\\\/#authorImage\",\"url\":\"https:\\\/\\\/costasonada.es\\\/wp-content\\\/litespeed\\\/avatar\\\/8fe50da88c935722026354ddfbff4bcc.jpg?ver=1788352023\",\"width\":96,\"height\":96,\"caption\":\"Demian Aleksiuk\"}},{\"@type\":\"WebPage\",\"@id\":\"https:\\\/\\\/costasonada.es\\\/index.php\\\/property\\\/e-900-piso-en-alquiler-2h2b-115m2-mascarat\\\/#webpage\",\"url\":\"https:\\\/\\\/costasonada.es\\\/index.php\\\/property\\\/e-900-piso-en-alquiler-2h2b-115m2-mascarat\\\/\",\"name\":\"\\u20ac 900, piso en alquiler, 2h2b, 115m2, Benidorm - Inmobiliaria Costa So\\u00f1ada\",\"description\":\"CSD23534BJ Disponible en alquiler de corta temporada desde septiembre hasta junio de 2027, este luminoso y amplio apartamento en Benidorm ofrece 115 m\\u00b2 distribuidos en 2 dormitorios y 2 ba\\u00f1os. Dispone de una amplia terraza privada con excelentes vistas despejadas y abundante luz natural durante todo el d\\u00eda. Situado en una quinta planta con ascensor.\",\"inLanguage\":\"es-ES\",\"isPartOf\":{\"@id\":\"https:\\\/\\\/costasonada.es\\\/#website\"},\"breadcrumb\":{\"@id\":\"https:\\\/\\\/costasonada.es\\\/index.php\\\/property\\\/e-900-piso-en-alquiler-2h2b-115m2-mascarat\\\/#breadcrumblist\"},\"author\":{\"@id\":\"https:\\\/\\\/costasonada.es\\\/index.php\\\/author\\\/demian\\\/#author\"},\"creator\":{\"@id\":\"https:\\\/\\\/costasonada.es\\\/index.php\\\/author\\\/demian\\\/#author\"},\"image\":{\"@type\":\"ImageObject\",\"url\":\"https:\\\/\\\/costasonada.es\\\/wp-content\\\/uploads\\\/2026\\\/07\\\/WhatsApp-Image-2026-07-14-at-12.38.51.jpeg\",\"@id\":\"https:\\\/\\\/costasonada.es\\\/index.php\\\/property\\\/e-900-piso-en-alquiler-2h2b-115m2-mascarat\\\/#mainImage\",\"width\":1280,\"height\":720},\"primaryImageOfPage\":{\"@id\":\"https:\\\/\\\/costasonada.es\\\/index.php\\\/property\\\/e-900-piso-en-alquiler-2h2b-115m2-mascarat\\\/#mainImage\"},\"datePublished\":\"2026-07-15T16:20:57+02:00\",\"dateModified\":\"2026-08-03T15:32:22+02:00\"},{\"@type\":\"WebSite\",\"@id\":\"https:\\\/\\\/costasonada.es\\\/#website\",\"url\":\"https:\\\/\\\/costasonada.es\\\/\",\"name\":\"3D Virtual Tour\",\"description\":\"Costa So\\u00f1ada, agencia inmobiliaria que trabaja en Altea, Altea Hills, Mascarat, Finestrat, y toda la Costa Blanca, con una gran variedad de propiedades de lujo.\",\"inLanguage\":\"es-ES\",\"publisher\":{\"@id\":\"https:\\\/\\\/costasonada.es\\\/#organization\"}}]}\n\t\t<\/script>\n\t\t<!-- All in One SEO -->\n\n","aioseo_head_json":{"title":"\u20ac 900, piso en alquiler, 2h2b, 115m2, Benidorm - Inmobiliaria Costa So\u00f1ada","description":"CSD23534BJ Disponible en alquiler de corta temporada desde septiembre hasta junio de 2027, este luminoso y amplio apartamento en Benidorm ofrece 115 m\u00b2 distribuidos en 2 dormitorios y 2 ba\u00f1os. Dispone de una amplia terraza privada con excelentes vistas despejadas y abundante luz natural durante todo el d\u00eda. Situado en una quinta planta con ascensor.","canonical_url":"https:\/\/costasonada.es\/index.php\/property\/e-900-piso-en-alquiler-2h2b-115m2-mascarat\/","robots":"max-image-preview:large","keywords":"","webmasterTools":{"google-site-verification":"mukDF0U7Lr8beVLioCYFiSEkDFjcIPXQLR7s7jMEOjU","miscellaneous":""},"schema":{"@context":"https:\/\/schema.org","@graph":[{"@type":"BreadcrumbList","@id":"https:\/\/costasonada.es\/index.php\/property\/e-900-piso-en-alquiler-2h2b-115m2-mascarat\/#breadcrumblist","itemListElement":[{"@type":"ListItem","@id":"https:\/\/costasonada.es#listItem","position":1,"name":"Home","item":"https:\/\/costasonada.es","nextItem":{"@type":"ListItem","@id":"https:\/\/costasonada.es\/index.php\/property\/#listItem","name":"Viviendas"}},{"@type":"ListItem","@id":"https:\/\/costasonada.es\/index.php\/property\/#listItem","position":2,"name":"Viviendas","item":"https:\/\/costasonada.es\/index.php\/property\/","nextItem":{"@type":"ListItem","@id":"https:\/\/costasonada.es\/index.php\/property_tag\/apartamento\/#listItem","name":"apartamento"},"previousItem":{"@type":"ListItem","@id":"https:\/\/costasonada.es#listItem","name":"Home"}},{"@type":"ListItem","@id":"https:\/\/costasonada.es\/index.php\/property_tag\/apartamento\/#listItem","position":3,"name":"apartamento","item":"https:\/\/costasonada.es\/index.php\/property_tag\/apartamento\/","nextItem":{"@type":"ListItem","@id":"https:\/\/costasonada.es\/index.php\/property\/e-900-piso-en-alquiler-2h2b-115m2-mascarat\/#listItem","name":"\u20ac 900, piso en alquiler, 2h2b, 115m2, Benidorm"},"previousItem":{"@type":"ListItem","@id":"https:\/\/costasonada.es\/index.php\/property\/#listItem","name":"Viviendas"}},{"@type":"ListItem","@id":"https:\/\/costasonada.es\/index.php\/property\/e-900-piso-en-alquiler-2h2b-115m2-mascarat\/#listItem","position":4,"name":"\u20ac 900, piso en alquiler, 2h2b, 115m2, Benidorm","previousItem":{"@type":"ListItem","@id":"https:\/\/costasonada.es\/index.php\/property_tag\/apartamento\/#listItem","name":"apartamento"}}]},{"@type":"Organization","@id":"https:\/\/costasonada.es\/#organization","name":"Costa So\u00f1ada","description":"Costa So\u00f1ada, agencia inmobiliaria que trabaja en Altea, Altea Hills, Mascarat, Finestrat, y toda la Costa Blanca, con una gran variedad de propiedades de lujo.","url":"https:\/\/costasonada.es\/","telephone":"+34604289264","logo":{"@type":"ImageObject","url":"https:\/\/costasonada.es\/wp-content\/uploads\/2021\/09\/icon.png","@id":"https:\/\/costasonada.es\/index.php\/property\/e-900-piso-en-alquiler-2h2b-115m2-mascarat\/#organizationLogo"},"image":{"@id":"https:\/\/costasonada.es\/index.php\/property\/e-900-piso-en-alquiler-2h2b-115m2-mascarat\/#organizationLogo"},"sameAs":["https:\/\/www.facebook.com\/3DVirtualTour-299122470616861","https:\/\/www.instagram.com\/3dvirtualtour.es\/","https:\/\/www.youtube.com\/channel\/UCiGlx-_efwf-PwUYGx-ThzA"]},{"@type":"Person","@id":"https:\/\/costasonada.es\/index.php\/author\/demian\/#author","url":"https:\/\/costasonada.es\/index.php\/author\/demian\/","name":"Demian Aleksiuk","image":{"@type":"ImageObject","@id":"https:\/\/costasonada.es\/index.php\/property\/e-900-piso-en-alquiler-2h2b-115m2-mascarat\/#authorImage","url":"https:\/\/costasonada.es\/wp-content\/litespeed\/avatar\/8fe50da88c935722026354ddfbff4bcc.jpg?ver=1788352023","width":96,"height":96,"caption":"Demian Aleksiuk"}},{"@type":"WebPage","@id":"https:\/\/costasonada.es\/index.php\/property\/e-900-piso-en-alquiler-2h2b-115m2-mascarat\/#webpage","url":"https:\/\/costasonada.es\/index.php\/property\/e-900-piso-en-alquiler-2h2b-115m2-mascarat\/","name":"\u20ac 900, piso en alquiler, 2h2b, 115m2, Benidorm - Inmobiliaria Costa So\u00f1ada","description":"CSD23534BJ Disponible en alquiler de corta temporada desde septiembre hasta junio de 2027, este luminoso y amplio apartamento en Benidorm ofrece 115 m\u00b2 distribuidos en 2 dormitorios y 2 ba\u00f1os. Dispone de una amplia terraza privada con excelentes vistas despejadas y abundante luz natural durante todo el d\u00eda. Situado en una quinta planta con ascensor.","inLanguage":"es-ES","isPartOf":{"@id":"https:\/\/costasonada.es\/#website"},"breadcrumb":{"@id":"https:\/\/costasonada.es\/index.php\/property\/e-900-piso-en-alquiler-2h2b-115m2-mascarat\/#breadcrumblist"},"author":{"@id":"https:\/\/costasonada.es\/index.php\/author\/demian\/#author"},"creator":{"@id":"https:\/\/costasonada.es\/index.php\/author\/demian\/#author"},"image":{"@type":"ImageObject","url":"https:\/\/costasonada.es\/wp-content\/uploads\/2026\/07\/WhatsApp-Image-2026-07-14-at-12.38.51.jpeg","@id":"https:\/\/costasonada.es\/index.php\/property\/e-900-piso-en-alquiler-2h2b-115m2-mascarat\/#mainImage","width":1280,"height":720},"primaryImageOfPage":{"@id":"https:\/\/costasonada.es\/index.php\/property\/e-900-piso-en-alquiler-2h2b-115m2-mascarat\/#mainImage"},"datePublished":"2026-07-15T16:20:57+02:00","dateModified":"2026-08-03T15:32:22+02:00"},{"@type":"WebSite","@id":"https:\/\/costasonada.es\/#website","url":"https:\/\/costasonada.es\/","name":"3D Virtual Tour","description":"Costa So\u00f1ada, agencia inmobiliaria que trabaja en Altea, Altea Hills, Mascarat, Finestrat, y toda la Costa Blanca, con una gran variedad de propiedades de lujo.","inLanguage":"es-ES","publisher":{"@id":"https:\/\/costasonada.es\/#organization"}}]},"og:locale":"es_ES","og:site_name":"Inmobiliaria Costa So\u00f1ada - Costa So\u00f1ada, agencia inmobiliaria que trabaja en Altea, Altea Hills, Mascarat, Finestrat, y toda la Costa Blanca, con una gran variedad de propiedades de lujo.","og:type":"article","og:title":"\u20ac 900, piso en alquiler, 2h2b, 115m2, Benidorm - Inmobiliaria Costa So\u00f1ada","og:description":"CSD23534BJ Disponible en alquiler de corta temporada desde septiembre hasta junio de 2027, este luminoso y amplio apartamento en Benidorm ofrece 115 m\u00b2 distribuidos en 2 dormitorios y 2 ba\u00f1os. Dispone de una amplia terraza privada con excelentes vistas despejadas y abundante luz natural durante todo el d\u00eda. Situado en una quinta planta con ascensor.","og:url":"https:\/\/costasonada.es\/index.php\/property\/e-900-piso-en-alquiler-2h2b-115m2-mascarat\/","og:image":"https:\/\/costasonada.es\/wp-content\/uploads\/2026\/07\/WhatsApp-Image-2026-07-14-at-12.38.51.jpeg","og:image:secure_url":"https:\/\/costasonada.es\/wp-content\/uploads\/2026\/07\/WhatsApp-Image-2026-07-14-at-12.38.51.jpeg","og:image:width":1280,"og:image:height":720,"article:published_time":"2026-07-15T14:20:57+00:00","article:modified_time":"2026-08-03T13:32:22+00:00","article:publisher":"https:\/\/www.facebook.com\/3DVirtualTour-299122470616861","twitter:card":"summary","twitter:title":"\u20ac 900, piso en alquiler, 2h2b, 115m2, Benidorm - Inmobiliaria Costa So\u00f1ada","twitter:description":"CSD23534BJ Disponible en alquiler de corta temporada desde septiembre hasta junio de 2027, este luminoso y amplio apartamento en Benidorm ofrece 115 m\u00b2 distribuidos en 2 dormitorios y 2 ba\u00f1os. Dispone de una amplia terraza privada con excelentes vistas despejadas y abundante luz natural durante todo el d\u00eda. Situado en una quinta planta con ascensor.","twitter:image":"https:\/\/costasonada.es\/wp-content\/uploads\/2026\/07\/WhatsApp-Image-2026-07-14-at-12.38.51.jpeg"},"aioseo_meta_data":{"post_id":"23534","title":null,"description":null,"keywords":null,"keyphrases":{"focus":[],"additional":[]},"primary_term":null,"canonical_url":null,"og_title":null,"og_description":null,"og_object_type":"default","og_image_type":"default","og_image_url":null,"og_image_width":null,"og_image_height":null,"og_image_custom_url":null,"og_image_custom_fields":null,"og_video":"","og_custom_url":null,"og_article_section":null,"og_article_tags":null,"twitter_use_og":false,"twitter_card":"default","twitter_image_type":"default","twitter_image_url":null,"twitter_image_custom_url":null,"twitter_image_custom_fields":null,"twitter_title":null,"twitter_description":null,"schema":{"blockGraphs":[],"customGraphs":[],"default":{"data":{"Article":[],"Course":[],"Dataset":[],"FAQPage":[],"Movie":[],"Person":[],"Product":[],"ProductReview":[],"Car":[],"Recipe":[],"Service":[],"SoftwareApplication":[],"WebPage":[]},"graphName":"WebPage","isEnabled":true},"graphs":[]},"schema_type":"default","schema_type_options":null,"pillar_content":false,"robots_default":true,"robots_noindex":false,"robots_noarchive":false,"robots_nosnippet":false,"robots_nofollow":false,"robots_noimageindex":false,"robots_noodp":false,"robots_notranslate":false,"robots_max_snippet":"-1","robots_max_videopreview":"-1","robots_max_imagepreview":"large","priority":null,"frequency":"default","local_seo":null,"breadcrumb_settings":null,"limit_modified_date":false,"ai":{"faqs":[],"keyPoints":[],"schemas":[],"titles":[],"descriptions":[],"socialPosts":{"email":[],"linkedin":[],"twitter":[],"facebook":[],"instagram":[]}},"created":"2026-07-15 14:20:57","updated":"2026-09-02 17:18:18","seo_analyzer_scan_date":null,"focus_keyword":null,"additional_keywords":null,"truseo_locale":null},"aioseo_breadcrumb":"<div class=\"aioseo-breadcrumbs\"><span class=\"aioseo-breadcrumb\">\n\t\t\t<a href=\"https:\/\/costasonada.es\" title=\"Home\">Home<\/a>\n\t\t<\/span><span class=\"aioseo-breadcrumb-separator\">&raquo;<\/span><span class=\"aioseo-breadcrumb\">\n\t\t\t<a href=\"https:\/\/costasonada.es\/index.php\/property\/\" title=\"Viviendas\">Viviendas<\/a>\n\t\t<\/span><span class=\"aioseo-breadcrumb-separator\">&raquo;<\/span><span class=\"aioseo-breadcrumb\">\n\t\t\t<a href=\"https:\/\/costasonada.es\/index.php\/property_tag\/apartamento\/\" title=\"apartamento\">apartamento<\/a>\n\t\t<\/span><span class=\"aioseo-breadcrumb-separator\">&raquo;<\/span><span class=\"aioseo-breadcrumb\">\n\t\t\t\u20ac 900, piso en alquiler, 2h2b, 115m2, Benidorm\n\t\t<\/span><\/div>","aioseo_breadcrumb_json":[{"label":"Home","link":"https:\/\/costasonada.es"},{"label":"Viviendas","link":"https:\/\/costasonada.es\/index.php\/property\/"},{"label":"apartamento","link":"https:\/\/costasonada.es\/index.php\/property_tag\/apartamento\/"},{"label":"\u20ac 900, piso en alquiler, 2h2b, 115m2, Benidorm","link":"https:\/\/costasonada.es\/index.php\/property\/e-900-piso-en-alquiler-2h2b-115m2-mascarat\/"}],"_links":{"self":[{"href":"https:\/\/costasonada.es\/index.php\/wp-json\/wp\/v2\/properties\/23534","targetHints":{"allow":["GET"]}}],"collection":[{"href":"https:\/\/costasonada.es\/index.php\/wp-json\/wp\/v2\/properties"}],"about":[{"href":"https:\/\/costasonada.es\/index.php\/wp-json\/wp\/v2\/types\/rem_property"}],"author":[{"embeddable":true,"href":"https:\/\/costasonada.es\/index.php\/wp-json\/wp\/v2\/users\/9"}],"wp:featuredmedia":[{"embeddable":true,"href":"https:\/\/costasonada.es\/index.php\/wp-json\/wp\/v2\/media\/23546"}],"wp:attachment":[{"href":"https:\/\/costasonada.es\/index.php\/wp-json\/wp\/v2\/media?parent=23534"}],"wp:term":[{"taxonomy":"rem_property_cat","embeddable":true,"href":"https:\/\/costasonada.es\/index.php\/wp-json\/wp\/v2\/rem_property_cat?post=23534"}],"curies":[{"name":"wp","href":"https:\/\/api.w.org\/{rel}","templated":true}]}}