{"id":23535,"date":"2026-07-15T16:07:10","date_gmt":"2026-07-15T14:07:10","guid":{"rendered":"https:\/\/costasonada.es\/?post_type=rem_property&#038;p=23535"},"modified":"2026-09-03T12:16:25","modified_gmt":"2026-09-03T10:16:25","slug":"e1200-atico-en-alquiler-2h1b-150m2-villajoyosa","status":"publish","type":"rem_property","link":"https:\/\/costasonada.es\/index.php\/property\/e1200-atico-en-alquiler-2h1b-150m2-villajoyosa\/","title":{"rendered":"\u20ac 1200, \u00c1tico en alquiler, 2h1b, 150m2, Villajoyosa"},"content":{"rendered":"<p>CSK23535VO<\/p>\n<div class=\"qMYqUG_convSearchResultHighlightRoot\">\n<div class=\"\" data-turn-id-container=\"request-WEB:8d2270d7-a1de-4507-9f46-cdbbea612859-2\" data-is-intersecting=\"true\">\n<section class=\"text-token-text-primary w-full focus:outline-none has-data-writing-block:pointer-events-none [&amp;:has([data-writing-block])&gt;*]:pointer-events-auto R6Vx5W_threadScrollVars scroll-mb-[calc(var(--scroll-root-safe-area-inset-bottom,0px)+var(--thread-response-height))] scroll-mt-[calc(var(--header-height)+min(200px,max(70px,20svh)))]\" dir=\"auto\" data-turn-id=\"request-WEB:8d2270d7-a1de-4507-9f46-cdbbea612859-2\" data-turn-id-container=\"request-WEB:8d2270d7-a1de-4507-9f46-cdbbea612859-2\" data-testid=\"conversation-turn-6\" data-turn=\"assistant\">\n<div class=\"text-base my-auto mx-auto pb-3 [--thread-content-margin:var(--thread-content-margin-xs,calc(var(--spacing)*4))] @w-sm\/main:[--thread-content-margin:var(--thread-content-margin-sm,calc(var(--spacing)*6))] @w-lg\/main:[--thread-content-margin:var(--thread-content-margin-lg,calc(var(--spacing)*16))] px-(--thread-content-margin)\">\n<div class=\"[--thread-content-max-width:40rem] @w-lg\/main:[--thread-content-max-width:48rem] mx-auto max-w-(--thread-content-max-width) flex-1 group\/turn-messages focus-visible:outline-hidden relative flex w-full min-w-0 flex-col agent-turn\" data-conversation-screenshot-content=\"\">\n<div class=\"flex max-w-full flex-col gap-4 grow\">\n<div class=\"min-h-8 text-message relative flex w-full flex-col items-end gap-2 text-start break-words whitespace-normal outline-none keyboard-focused:focus-ring [.text-message+&amp;]:mt-1\" dir=\"auto\" data-message-author-role=\"assistant\" data-message-id=\"4e871831-e216-400b-bc79-c21898ec3a5e\" data-message-model-slug=\"gpt-5-5\" data-turn-start-message=\"true\">\n<div class=\"flex w-full flex-col gap-1 empty:hidden\">\n<div class=\"markdown prose dark:prose-invert wrap-break-word w-full dark markdown-new-styling\">\n<p class=\"PDq2pG_selectionAnchorContainer\" data-start=\"0\" data-end=\"221\">Descubre este \u00e1tico d\u00faplex de 150 m\u00b2 en Poble Nou, Villajoyosa, disponible en alquiler desde Septiembre hasta Junio.<\/p>\n<p>Distribuido en la primera planta de 75 m\u00b2, sal\u00f3n comedor, cocina totalmente equipada, dos dormitorios, un ba\u00f1o completo y una agradable terraza<\/p>\n<p data-start=\"223\" data-end=\"377\">En la planta superior encontrar\u00e1s un espectacular sol\u00e1rium privado de 75 m\u00b2, perfecto para disfrutar del sol, relajarse o compartir momentos al aire libre<\/p>\n<p data-start=\"379\" data-end=\"542\">La vivienda se alquila completamente amueblada y equipada con aire acondicionado, lavadora, televisi\u00f3n y todos los electrodom\u00e9sticos necesarios para entrar a vivir<\/p>\n<p data-start=\"544\" data-end=\"655\">Incluye dos plazas de garaje privadas y acceso a una urbanizaci\u00f3n con piscina, pista de p\u00e1del y parque infantil<\/p>\n<p data-start=\"657\" data-end=\"862\" data-is-last-node=\"\" data-is-only-node=\"\">Ubicada en una zona tranquila, cerca de todos los servicios y a pocos minutos de la playa, es una excelente opci\u00f3n para quienes buscan comodidad, amplitud y calidad de vida.<\/p>\n<\/div>\n<\/div>\n<\/div>\n<\/div>\n<div class=\"z-0 flex min-h-[46px] justify-start\"><\/div>\n<\/div>\n<\/div>\n<\/section>\n<\/div>\n<\/div>\n<div class=\"pointer-events-none -mt-px h-px translate-y-(--scroll-root-safe-area-inset-bottom)\" aria-hidden=\"true\"><\/div>\n<div class=\"pointer-events-none translate-y-(--scroll-root-safe-area-inset-bottom) R6Vx5W_threadScrollVars min-h-(--gutter-remaining-height,0px) group-data-stream-active\/scroll-root:h-[calc(var(--thread-response-height)-16*var(--spacing))]\"><\/div>\n","protected":false},"excerpt":{"rendered":"<p>CSK23535VO Descubre este \u00e1tico d\u00faplex de 150 m\u00b2 en Poble Nou, Villajoyosa, disponible en alquiler desde Septiembre hasta Junio. Distribuido en la primera planta de 75 m\u00b2, sal\u00f3n comedor, cocina totalmente equipada, dos dormitorios, un ba\u00f1o completo y una agradable terraza En la planta superior encontrar\u00e1s un espectacular sol\u00e1rium privado de 75 m\u00b2, perfecto para disfrutar del sol, relajarse o compartir momentos al aire libre La vivienda se alquila completamente amueblada y equipada con aire acondicionado, lavadora, televisi\u00f3n y todos los electrodom\u00e9sticos necesarios para entrar a vivir Incluye dos plazas de garaje privadas y acceso a una urbanizaci\u00f3n con piscina, pista de p\u00e1del y parque<a class=\"more-link\" href=\"https:\/\/costasonada.es\/index.php\/property\/e1200-atico-en-alquiler-2h1b-150m2-villajoyosa\/\"><span>Read More &rarr;<\/span><\/a><\/p>\n","protected":false},"author":10,"featured_media":23554,"parent":0,"menu_order":0,"template":"","rem_property_cat":[153],"class_list":["entry","author-kevin","post-23535","rem_property","type-rem_property","status-publish","has-post-thumbnail","rem_property_cat-villa-joyosa"],"aioseo_notices":[],"aioseo_head":"\n\t\t<!-- All in One SEO 5.0.1.1 - aioseo.com -->\n\t<meta name=\"description\" content=\"CSK23535VO Descubre este \u00e1tico d\u00faplex de 150 m\u00b2 en Poble Nou, Villajoyosa, disponible en alquiler desde Septiembre hasta Junio. Distribuido en la primera planta de 75 m\u00b2, sal\u00f3n comedor, cocina totalmente equipada, dos dormitorios, un ba\u00f1o completo y una agradable terraza En la planta superior encontrar\u00e1s un espectacular sol\u00e1rium privado de 75 m\u00b2, perfecto para\" \/>\n\t<meta name=\"robots\" content=\"max-image-preview:large\" \/>\n\t<meta name=\"author\" content=\"Kevin Aman\"\/>\n\t<meta name=\"google-site-verification\" content=\"mukDF0U7Lr8beVLioCYFiSEkDFjcIPXQLR7s7jMEOjU\" \/>\n\t<link rel=\"canonical\" href=\"https:\/\/costasonada.es\/index.php\/property\/e1200-atico-en-alquiler-2h1b-150m2-villajoyosa\/\" \/>\n\t<meta name=\"generator\" content=\"All in One SEO (AIOSEO) 5.0.1.1\" \/>\n\t\t<meta property=\"og:locale\" content=\"es_ES\" \/>\n\t\t<meta property=\"og:site_name\" content=\"Inmobiliaria Costa So\u00f1ada - Costa So\u00f1ada, agencia inmobiliaria que trabaja en Altea, Altea Hills, Mascarat, Finestrat, y toda la Costa Blanca, con una gran variedad de propiedades de lujo.\" \/>\n\t\t<meta property=\"og:type\" content=\"article\" \/>\n\t\t<meta property=\"og:title\" content=\"\u20ac 1200, \u00c1tico en alquiler, 2h1b, 150m2, Villajoyosa - Inmobiliaria Costa So\u00f1ada\" \/>\n\t\t<meta property=\"og:description\" content=\"CSK23535VO Descubre este \u00e1tico d\u00faplex de 150 m\u00b2 en Poble Nou, Villajoyosa, disponible en alquiler desde Septiembre hasta Junio. Distribuido en la primera planta de 75 m\u00b2, sal\u00f3n comedor, cocina totalmente equipada, dos dormitorios, un ba\u00f1o completo y una agradable terraza En la planta superior encontrar\u00e1s un espectacular sol\u00e1rium privado de 75 m\u00b2, perfecto para\" \/>\n\t\t<meta property=\"og:url\" content=\"https:\/\/costasonada.es\/index.php\/property\/e1200-atico-en-alquiler-2h1b-150m2-villajoyosa\/\" \/>\n\t\t<meta property=\"og:image\" content=\"https:\/\/costasonada.es\/wp-content\/uploads\/2026\/07\/00001-3.jpg\" \/>\n\t\t<meta property=\"og:image:secure_url\" content=\"https:\/\/costasonada.es\/wp-content\/uploads\/2026\/07\/00001-3.jpg\" \/>\n\t\t<meta property=\"og:image:width\" content=\"1280\" \/>\n\t\t<meta property=\"og:image:height\" content=\"720\" \/>\n\t\t<meta property=\"article:published_time\" content=\"2026-07-15T14:07:10+00:00\" \/>\n\t\t<meta property=\"article:modified_time\" content=\"2026-09-03T10:16:25+00:00\" \/>\n\t\t<meta property=\"article:publisher\" content=\"https:\/\/www.facebook.com\/3DVirtualTour-299122470616861\" \/>\n\t\t<meta name=\"twitter:card\" content=\"summary\" \/>\n\t\t<meta name=\"twitter:title\" content=\"\u20ac 1200, \u00c1tico en alquiler, 2h1b, 150m2, Villajoyosa - Inmobiliaria Costa So\u00f1ada\" \/>\n\t\t<meta name=\"twitter:description\" content=\"CSK23535VO Descubre este \u00e1tico d\u00faplex de 150 m\u00b2 en Poble Nou, Villajoyosa, disponible en alquiler desde Septiembre hasta Junio. Distribuido en la primera planta de 75 m\u00b2, sal\u00f3n comedor, cocina totalmente equipada, dos dormitorios, un ba\u00f1o completo y una agradable terraza En la planta superior encontrar\u00e1s un espectacular sol\u00e1rium privado de 75 m\u00b2, perfecto para\" \/>\n\t\t<meta name=\"twitter:image\" content=\"https:\/\/costasonada.es\/wp-content\/uploads\/2026\/07\/00001-3.jpg\" \/>\n\t\t<script type=\"application\/ld+json\" class=\"aioseo-schema\">\n\t\t\t{\"@context\":\"https:\\\/\\\/schema.org\",\"@graph\":[{\"@type\":\"BreadcrumbList\",\"@id\":\"https:\\\/\\\/costasonada.es\\\/index.php\\\/property\\\/e1200-atico-en-alquiler-2h1b-150m2-villajoyosa\\\/#breadcrumblist\",\"itemListElement\":[{\"@type\":\"ListItem\",\"@id\":\"https:\\\/\\\/costasonada.es#listItem\",\"position\":1,\"name\":\"Home\",\"item\":\"https:\\\/\\\/costasonada.es\",\"nextItem\":{\"@type\":\"ListItem\",\"@id\":\"https:\\\/\\\/costasonada.es\\\/index.php\\\/property\\\/#listItem\",\"name\":\"Viviendas\"}},{\"@type\":\"ListItem\",\"@id\":\"https:\\\/\\\/costasonada.es\\\/index.php\\\/property\\\/#listItem\",\"position\":2,\"name\":\"Viviendas\",\"item\":\"https:\\\/\\\/costasonada.es\\\/index.php\\\/property\\\/\",\"nextItem\":{\"@type\":\"ListItem\",\"@id\":\"https:\\\/\\\/costasonada.es\\\/index.php\\\/property_category\\\/villa-joyosa\\\/#listItem\",\"name\":\"Villa Joyosa\"},\"previousItem\":{\"@type\":\"ListItem\",\"@id\":\"https:\\\/\\\/costasonada.es#listItem\",\"name\":\"Home\"}},{\"@type\":\"ListItem\",\"@id\":\"https:\\\/\\\/costasonada.es\\\/index.php\\\/property_category\\\/villa-joyosa\\\/#listItem\",\"position\":3,\"name\":\"Villa Joyosa\",\"item\":\"https:\\\/\\\/costasonada.es\\\/index.php\\\/property_category\\\/villa-joyosa\\\/\",\"nextItem\":{\"@type\":\"ListItem\",\"@id\":\"https:\\\/\\\/costasonada.es\\\/index.php\\\/property\\\/e1200-atico-en-alquiler-2h1b-150m2-villajoyosa\\\/#listItem\",\"name\":\"\\u20ac 1200, \\u00c1tico en alquiler, 2h1b, 150m2, Villajoyosa\"},\"previousItem\":{\"@type\":\"ListItem\",\"@id\":\"https:\\\/\\\/costasonada.es\\\/index.php\\\/property\\\/#listItem\",\"name\":\"Viviendas\"}},{\"@type\":\"ListItem\",\"@id\":\"https:\\\/\\\/costasonada.es\\\/index.php\\\/property\\\/e1200-atico-en-alquiler-2h1b-150m2-villajoyosa\\\/#listItem\",\"position\":4,\"name\":\"\\u20ac 1200, \\u00c1tico en alquiler, 2h1b, 150m2, Villajoyosa\",\"previousItem\":{\"@type\":\"ListItem\",\"@id\":\"https:\\\/\\\/costasonada.es\\\/index.php\\\/property_category\\\/villa-joyosa\\\/#listItem\",\"name\":\"Villa Joyosa\"}}]},{\"@type\":\"Organization\",\"@id\":\"https:\\\/\\\/costasonada.es\\\/#organization\",\"name\":\"Costa So\\u00f1ada\",\"description\":\"Costa So\\u00f1ada, agencia inmobiliaria que trabaja en Altea, Altea Hills, Mascarat, Finestrat, y toda la Costa Blanca, con una gran variedad de propiedades de lujo.\",\"url\":\"https:\\\/\\\/costasonada.es\\\/\",\"telephone\":\"+34604289264\",\"logo\":{\"@type\":\"ImageObject\",\"url\":\"https:\\\/\\\/costasonada.es\\\/wp-content\\\/uploads\\\/2021\\\/09\\\/icon.png\",\"@id\":\"https:\\\/\\\/costasonada.es\\\/index.php\\\/property\\\/e1200-atico-en-alquiler-2h1b-150m2-villajoyosa\\\/#organizationLogo\"},\"image\":{\"@id\":\"https:\\\/\\\/costasonada.es\\\/index.php\\\/property\\\/e1200-atico-en-alquiler-2h1b-150m2-villajoyosa\\\/#organizationLogo\"},\"sameAs\":[\"https:\\\/\\\/www.facebook.com\\\/3DVirtualTour-299122470616861\",\"https:\\\/\\\/www.instagram.com\\\/3dvirtualtour.es\\\/\",\"https:\\\/\\\/www.youtube.com\\\/channel\\\/UCiGlx-_efwf-PwUYGx-ThzA\"]},{\"@type\":\"Person\",\"@id\":\"https:\\\/\\\/costasonada.es\\\/index.php\\\/author\\\/kevin\\\/#author\",\"url\":\"https:\\\/\\\/costasonada.es\\\/index.php\\\/author\\\/kevin\\\/\",\"name\":\"Kevin Aman\",\"image\":{\"@type\":\"ImageObject\",\"@id\":\"https:\\\/\\\/costasonada.es\\\/index.php\\\/property\\\/e1200-atico-en-alquiler-2h1b-150m2-villajoyosa\\\/#authorImage\",\"url\":\"https:\\\/\\\/costasonada.es\\\/wp-content\\\/litespeed\\\/avatar\\\/70c876c7f8ce3b5dd5a4a5c78d2d5d4e.jpg?ver=1788353095\",\"width\":96,\"height\":96,\"caption\":\"Kevin Aman\"}},{\"@type\":\"WebPage\",\"@id\":\"https:\\\/\\\/costasonada.es\\\/index.php\\\/property\\\/e1200-atico-en-alquiler-2h1b-150m2-villajoyosa\\\/#webpage\",\"url\":\"https:\\\/\\\/costasonada.es\\\/index.php\\\/property\\\/e1200-atico-en-alquiler-2h1b-150m2-villajoyosa\\\/\",\"name\":\"\\u20ac 1200, \\u00c1tico en alquiler, 2h1b, 150m2, Villajoyosa - Inmobiliaria Costa So\\u00f1ada\",\"description\":\"CSK23535VO Descubre este \\u00e1tico d\\u00faplex de 150 m\\u00b2 en Poble Nou, Villajoyosa, disponible en alquiler desde Septiembre hasta Junio. Distribuido en la primera planta de 75 m\\u00b2, sal\\u00f3n comedor, cocina totalmente equipada, dos dormitorios, un ba\\u00f1o completo y una agradable terraza En la planta superior encontrar\\u00e1s un espectacular sol\\u00e1rium privado de 75 m\\u00b2, perfecto para\",\"inLanguage\":\"es-ES\",\"isPartOf\":{\"@id\":\"https:\\\/\\\/costasonada.es\\\/#website\"},\"breadcrumb\":{\"@id\":\"https:\\\/\\\/costasonada.es\\\/index.php\\\/property\\\/e1200-atico-en-alquiler-2h1b-150m2-villajoyosa\\\/#breadcrumblist\"},\"author\":{\"@id\":\"https:\\\/\\\/costasonada.es\\\/index.php\\\/author\\\/kevin\\\/#author\"},\"creator\":{\"@id\":\"https:\\\/\\\/costasonada.es\\\/index.php\\\/author\\\/kevin\\\/#author\"},\"image\":{\"@type\":\"ImageObject\",\"url\":\"https:\\\/\\\/costasonada.es\\\/wp-content\\\/uploads\\\/2026\\\/07\\\/00001-3.jpg\",\"@id\":\"https:\\\/\\\/costasonada.es\\\/index.php\\\/property\\\/e1200-atico-en-alquiler-2h1b-150m2-villajoyosa\\\/#mainImage\",\"width\":1280,\"height\":720},\"primaryImageOfPage\":{\"@id\":\"https:\\\/\\\/costasonada.es\\\/index.php\\\/property\\\/e1200-atico-en-alquiler-2h1b-150m2-villajoyosa\\\/#mainImage\"},\"datePublished\":\"2026-07-15T16:07:10+02:00\",\"dateModified\":\"2026-09-03T12:16:25+02:00\"},{\"@type\":\"WebSite\",\"@id\":\"https:\\\/\\\/costasonada.es\\\/#website\",\"url\":\"https:\\\/\\\/costasonada.es\\\/\",\"name\":\"3D Virtual Tour\",\"description\":\"Costa So\\u00f1ada, agencia inmobiliaria que trabaja en Altea, Altea Hills, Mascarat, Finestrat, y toda la Costa Blanca, con una gran variedad de propiedades de lujo.\",\"inLanguage\":\"es-ES\",\"publisher\":{\"@id\":\"https:\\\/\\\/costasonada.es\\\/#organization\"}}]}\n\t\t<\/script>\n\t\t<!-- All in One SEO -->\n\n","aioseo_head_json":{"title":"\u20ac 1200, \u00c1tico en alquiler, 2h1b, 150m2, Villajoyosa - Inmobiliaria Costa So\u00f1ada","description":"CSK23535VO Descubre este \u00e1tico d\u00faplex de 150 m\u00b2 en Poble Nou, Villajoyosa, disponible en alquiler desde Septiembre hasta Junio. Distribuido en la primera planta de 75 m\u00b2, sal\u00f3n comedor, cocina totalmente equipada, dos dormitorios, un ba\u00f1o completo y una agradable terraza En la planta superior encontrar\u00e1s un espectacular sol\u00e1rium privado de 75 m\u00b2, perfecto para","canonical_url":"https:\/\/costasonada.es\/index.php\/property\/e1200-atico-en-alquiler-2h1b-150m2-villajoyosa\/","robots":"max-image-preview:large","keywords":"","webmasterTools":{"google-site-verification":"mukDF0U7Lr8beVLioCYFiSEkDFjcIPXQLR7s7jMEOjU","miscellaneous":""},"schema":{"@context":"https:\/\/schema.org","@graph":[{"@type":"BreadcrumbList","@id":"https:\/\/costasonada.es\/index.php\/property\/e1200-atico-en-alquiler-2h1b-150m2-villajoyosa\/#breadcrumblist","itemListElement":[{"@type":"ListItem","@id":"https:\/\/costasonada.es#listItem","position":1,"name":"Home","item":"https:\/\/costasonada.es","nextItem":{"@type":"ListItem","@id":"https:\/\/costasonada.es\/index.php\/property\/#listItem","name":"Viviendas"}},{"@type":"ListItem","@id":"https:\/\/costasonada.es\/index.php\/property\/#listItem","position":2,"name":"Viviendas","item":"https:\/\/costasonada.es\/index.php\/property\/","nextItem":{"@type":"ListItem","@id":"https:\/\/costasonada.es\/index.php\/property_category\/villa-joyosa\/#listItem","name":"Villa Joyosa"},"previousItem":{"@type":"ListItem","@id":"https:\/\/costasonada.es#listItem","name":"Home"}},{"@type":"ListItem","@id":"https:\/\/costasonada.es\/index.php\/property_category\/villa-joyosa\/#listItem","position":3,"name":"Villa Joyosa","item":"https:\/\/costasonada.es\/index.php\/property_category\/villa-joyosa\/","nextItem":{"@type":"ListItem","@id":"https:\/\/costasonada.es\/index.php\/property\/e1200-atico-en-alquiler-2h1b-150m2-villajoyosa\/#listItem","name":"\u20ac 1200, \u00c1tico en alquiler, 2h1b, 150m2, Villajoyosa"},"previousItem":{"@type":"ListItem","@id":"https:\/\/costasonada.es\/index.php\/property\/#listItem","name":"Viviendas"}},{"@type":"ListItem","@id":"https:\/\/costasonada.es\/index.php\/property\/e1200-atico-en-alquiler-2h1b-150m2-villajoyosa\/#listItem","position":4,"name":"\u20ac 1200, \u00c1tico en alquiler, 2h1b, 150m2, Villajoyosa","previousItem":{"@type":"ListItem","@id":"https:\/\/costasonada.es\/index.php\/property_category\/villa-joyosa\/#listItem","name":"Villa Joyosa"}}]},{"@type":"Organization","@id":"https:\/\/costasonada.es\/#organization","name":"Costa So\u00f1ada","description":"Costa So\u00f1ada, agencia inmobiliaria que trabaja en Altea, Altea Hills, Mascarat, Finestrat, y toda la Costa Blanca, con una gran variedad de propiedades de lujo.","url":"https:\/\/costasonada.es\/","telephone":"+34604289264","logo":{"@type":"ImageObject","url":"https:\/\/costasonada.es\/wp-content\/uploads\/2021\/09\/icon.png","@id":"https:\/\/costasonada.es\/index.php\/property\/e1200-atico-en-alquiler-2h1b-150m2-villajoyosa\/#organizationLogo"},"image":{"@id":"https:\/\/costasonada.es\/index.php\/property\/e1200-atico-en-alquiler-2h1b-150m2-villajoyosa\/#organizationLogo"},"sameAs":["https:\/\/www.facebook.com\/3DVirtualTour-299122470616861","https:\/\/www.instagram.com\/3dvirtualtour.es\/","https:\/\/www.youtube.com\/channel\/UCiGlx-_efwf-PwUYGx-ThzA"]},{"@type":"Person","@id":"https:\/\/costasonada.es\/index.php\/author\/kevin\/#author","url":"https:\/\/costasonada.es\/index.php\/author\/kevin\/","name":"Kevin Aman","image":{"@type":"ImageObject","@id":"https:\/\/costasonada.es\/index.php\/property\/e1200-atico-en-alquiler-2h1b-150m2-villajoyosa\/#authorImage","url":"https:\/\/costasonada.es\/wp-content\/litespeed\/avatar\/70c876c7f8ce3b5dd5a4a5c78d2d5d4e.jpg?ver=1788353095","width":96,"height":96,"caption":"Kevin Aman"}},{"@type":"WebPage","@id":"https:\/\/costasonada.es\/index.php\/property\/e1200-atico-en-alquiler-2h1b-150m2-villajoyosa\/#webpage","url":"https:\/\/costasonada.es\/index.php\/property\/e1200-atico-en-alquiler-2h1b-150m2-villajoyosa\/","name":"\u20ac 1200, \u00c1tico en alquiler, 2h1b, 150m2, Villajoyosa - Inmobiliaria Costa So\u00f1ada","description":"CSK23535VO Descubre este \u00e1tico d\u00faplex de 150 m\u00b2 en Poble Nou, Villajoyosa, disponible en alquiler desde Septiembre hasta Junio. Distribuido en la primera planta de 75 m\u00b2, sal\u00f3n comedor, cocina totalmente equipada, dos dormitorios, un ba\u00f1o completo y una agradable terraza En la planta superior encontrar\u00e1s un espectacular sol\u00e1rium privado de 75 m\u00b2, perfecto para","inLanguage":"es-ES","isPartOf":{"@id":"https:\/\/costasonada.es\/#website"},"breadcrumb":{"@id":"https:\/\/costasonada.es\/index.php\/property\/e1200-atico-en-alquiler-2h1b-150m2-villajoyosa\/#breadcrumblist"},"author":{"@id":"https:\/\/costasonada.es\/index.php\/author\/kevin\/#author"},"creator":{"@id":"https:\/\/costasonada.es\/index.php\/author\/kevin\/#author"},"image":{"@type":"ImageObject","url":"https:\/\/costasonada.es\/wp-content\/uploads\/2026\/07\/00001-3.jpg","@id":"https:\/\/costasonada.es\/index.php\/property\/e1200-atico-en-alquiler-2h1b-150m2-villajoyosa\/#mainImage","width":1280,"height":720},"primaryImageOfPage":{"@id":"https:\/\/costasonada.es\/index.php\/property\/e1200-atico-en-alquiler-2h1b-150m2-villajoyosa\/#mainImage"},"datePublished":"2026-07-15T16:07:10+02:00","dateModified":"2026-09-03T12:16:25+02:00"},{"@type":"WebSite","@id":"https:\/\/costasonada.es\/#website","url":"https:\/\/costasonada.es\/","name":"3D Virtual Tour","description":"Costa So\u00f1ada, agencia inmobiliaria que trabaja en Altea, Altea Hills, Mascarat, Finestrat, y toda la Costa Blanca, con una gran variedad de propiedades de lujo.","inLanguage":"es-ES","publisher":{"@id":"https:\/\/costasonada.es\/#organization"}}]},"og:locale":"es_ES","og:site_name":"Inmobiliaria Costa So\u00f1ada - Costa So\u00f1ada, agencia inmobiliaria que trabaja en Altea, Altea Hills, Mascarat, Finestrat, y toda la Costa Blanca, con una gran variedad de propiedades de lujo.","og:type":"article","og:title":"\u20ac 1200, \u00c1tico en alquiler, 2h1b, 150m2, Villajoyosa - Inmobiliaria Costa So\u00f1ada","og:description":"CSK23535VO Descubre este \u00e1tico d\u00faplex de 150 m\u00b2 en Poble Nou, Villajoyosa, disponible en alquiler desde Septiembre hasta Junio. Distribuido en la primera planta de 75 m\u00b2, sal\u00f3n comedor, cocina totalmente equipada, dos dormitorios, un ba\u00f1o completo y una agradable terraza En la planta superior encontrar\u00e1s un espectacular sol\u00e1rium privado de 75 m\u00b2, perfecto para","og:url":"https:\/\/costasonada.es\/index.php\/property\/e1200-atico-en-alquiler-2h1b-150m2-villajoyosa\/","og:image":"https:\/\/costasonada.es\/wp-content\/uploads\/2026\/07\/00001-3.jpg","og:image:secure_url":"https:\/\/costasonada.es\/wp-content\/uploads\/2026\/07\/00001-3.jpg","og:image:width":1280,"og:image:height":720,"article:published_time":"2026-07-15T14:07:10+00:00","article:modified_time":"2026-09-03T10:16:25+00:00","article:publisher":"https:\/\/www.facebook.com\/3DVirtualTour-299122470616861","twitter:card":"summary","twitter:title":"\u20ac 1200, \u00c1tico en alquiler, 2h1b, 150m2, Villajoyosa - Inmobiliaria Costa So\u00f1ada","twitter:description":"CSK23535VO Descubre este \u00e1tico d\u00faplex de 150 m\u00b2 en Poble Nou, Villajoyosa, disponible en alquiler desde Septiembre hasta Junio. Distribuido en la primera planta de 75 m\u00b2, sal\u00f3n comedor, cocina totalmente equipada, dos dormitorios, un ba\u00f1o completo y una agradable terraza En la planta superior encontrar\u00e1s un espectacular sol\u00e1rium privado de 75 m\u00b2, perfecto para","twitter:image":"https:\/\/costasonada.es\/wp-content\/uploads\/2026\/07\/00001-3.jpg"},"aioseo_meta_data":{"post_id":"23535","title":null,"description":null,"keywords":null,"keyphrases":{"focus":{"keyphrase":"","score":0,"analysis":{"keyphraseInTitle":{"score":0,"maxScore":9,"error":1}}},"additional":[]},"primary_term":null,"canonical_url":null,"og_title":null,"og_description":null,"og_object_type":"default","og_image_type":"default","og_image_url":null,"og_image_width":null,"og_image_height":null,"og_image_custom_url":null,"og_image_custom_fields":null,"og_video":"","og_custom_url":null,"og_article_section":null,"og_article_tags":null,"twitter_use_og":false,"twitter_card":"default","twitter_image_type":"default","twitter_image_url":null,"twitter_image_custom_url":null,"twitter_image_custom_fields":null,"twitter_title":null,"twitter_description":null,"schema":{"blockGraphs":[],"customGraphs":[],"default":{"data":{"Article":[],"Course":[],"Dataset":[],"FAQPage":[],"Movie":[],"Person":[],"Product":[],"ProductReview":[],"Car":[],"Recipe":[],"Service":[],"SoftwareApplication":[],"WebPage":[]},"graphName":"WebPage","isEnabled":true},"graphs":[]},"schema_type":"default","schema_type_options":null,"pillar_content":false,"robots_default":true,"robots_noindex":false,"robots_noarchive":false,"robots_nosnippet":false,"robots_nofollow":false,"robots_noimageindex":false,"robots_noodp":false,"robots_notranslate":false,"robots_max_snippet":"-1","robots_max_videopreview":"-1","robots_max_imagepreview":"large","priority":null,"frequency":"default","local_seo":null,"breadcrumb_settings":null,"limit_modified_date":false,"ai":{"faqs":[],"keyPoints":[],"schemas":[],"titles":[],"descriptions":[],"socialPosts":{"email":{"subject":"","preview":"","content":""},"linkedin":[],"twitter":[],"facebook":[],"instagram":[]}},"created":"2026-07-15 14:07:10","updated":"2026-09-03 10:33:49","seo_analyzer_scan_date":null,"focus_keyword":null,"additional_keywords":null,"truseo_locale":null},"aioseo_breadcrumb":"<div class=\"aioseo-breadcrumbs\"><span class=\"aioseo-breadcrumb\">\n\t\t\t<a href=\"https:\/\/costasonada.es\" title=\"Home\">Home<\/a>\n\t\t<\/span><span class=\"aioseo-breadcrumb-separator\">&raquo;<\/span><span class=\"aioseo-breadcrumb\">\n\t\t\t<a href=\"https:\/\/costasonada.es\/index.php\/property\/\" title=\"Viviendas\">Viviendas<\/a>\n\t\t<\/span><span class=\"aioseo-breadcrumb-separator\">&raquo;<\/span><span class=\"aioseo-breadcrumb\">\n\t\t\t<a href=\"https:\/\/costasonada.es\/index.php\/property_category\/villa-joyosa\/\" title=\"Villa Joyosa\">Villa Joyosa<\/a>\n\t\t<\/span><span class=\"aioseo-breadcrumb-separator\">&raquo;<\/span><span class=\"aioseo-breadcrumb\">\n\t\t\t\u20ac 1200, \u00c1tico en alquiler, 2h1b, 150m2, Villajoyosa\n\t\t<\/span><\/div>","aioseo_breadcrumb_json":[{"label":"Home","link":"https:\/\/costasonada.es"},{"label":"Viviendas","link":"https:\/\/costasonada.es\/index.php\/property\/"},{"label":"Villa Joyosa","link":"https:\/\/costasonada.es\/index.php\/property_category\/villa-joyosa\/"},{"label":"\u20ac 1200, \u00c1tico en alquiler, 2h1b, 150m2, Villajoyosa","link":"https:\/\/costasonada.es\/index.php\/property\/e1200-atico-en-alquiler-2h1b-150m2-villajoyosa\/"}],"_links":{"self":[{"href":"https:\/\/costasonada.es\/index.php\/wp-json\/wp\/v2\/properties\/23535","targetHints":{"allow":["GET"]}}],"collection":[{"href":"https:\/\/costasonada.es\/index.php\/wp-json\/wp\/v2\/properties"}],"about":[{"href":"https:\/\/costasonada.es\/index.php\/wp-json\/wp\/v2\/types\/rem_property"}],"author":[{"embeddable":true,"href":"https:\/\/costasonada.es\/index.php\/wp-json\/wp\/v2\/users\/10"}],"wp:featuredmedia":[{"embeddable":true,"href":"https:\/\/costasonada.es\/index.php\/wp-json\/wp\/v2\/media\/23554"}],"wp:attachment":[{"href":"https:\/\/costasonada.es\/index.php\/wp-json\/wp\/v2\/media?parent=23535"}],"wp:term":[{"taxonomy":"rem_property_cat","embeddable":true,"href":"https:\/\/costasonada.es\/index.php\/wp-json\/wp\/v2\/rem_property_cat?post=23535"}],"curies":[{"name":"wp","href":"https:\/\/api.w.org\/{rel}","templated":true}]}}