{"id":23604,"date":"2026-07-17T12:45:35","date_gmt":"2026-07-17T10:45:35","guid":{"rendered":"https:\/\/costasonada.es\/?post_type=rem_property&#038;p=23604"},"modified":"2026-07-24T10:36:14","modified_gmt":"2026-07-24T08:36:14","slug":"e-1200-piso-en-alquiler-2h1b-85m2-mascarat","status":"publish","type":"rem_property","link":"https:\/\/costasonada.es\/index.php\/property\/e-1200-piso-en-alquiler-2h1b-85m2-mascarat\/","title":{"rendered":"\u20ac 1200, piso en alquiler, 2h1b, 85m2, Mascarat"},"content":{"rendered":"<p data-start=\"0\" data-end=\"260\">CSD23604MB<\/p>\n<p class=\"PDq2pG_selectionAnchorContainer\" data-start=\"0\" data-end=\"260\">Disponible para alquiler de temporada desde el 5 de septiembre hasta el 15 de marzo., este acogedor apartamento en Benidorm cuenta con 85 m\u00b2 construidos distribuidos en 2 dormitorios y 1 ba\u00f1o. La vivienda se entrega completamente amueblada y equipada, lista para entrar a vivir.<\/p>\n<p data-start=\"262\" data-end=\"486\">Ubicada en una cuarta planta exterior con ascensor, destaca por su excelente orientaci\u00f3n este, que aporta una gran luminosidad durante todo el d\u00eda, as\u00ed como por su agradable terraza con vistas despejadas al mar y al entorno.<\/p>\n<p data-start=\"488\" data-end=\"737\">La propiedad dispone de aire acondicionado con bomba de fr\u00edo y calor, cocina totalmente equipada, armarios empotrados y una pr\u00e1ctica distribuci\u00f3n dise\u00f1ada para garantizar el m\u00e1ximo confort. Adem\u00e1s, el precio incluye plaza de aparcamiento y trastero.<\/p>\n<p data-start=\"739\" data-end=\"882\">La urbanizaci\u00f3n ofrece piscina comunitaria y amplias zonas ajardinadas, creando un entorno tranquilo y agradable para disfrutar de la estancia.<\/p>\n<p data-start=\"884\" data-end=\"1024\" data-is-last-node=\"\" data-is-only-node=\"\">Los gastos de agua y electricidad no est\u00e1n incluidos en el precio. La duraci\u00f3n del alquiler puede adaptarse a las necesidades del inquilino.<\/p>\n","protected":false},"excerpt":{"rendered":"<p>CSD23604MB Disponible para alquiler de temporada desde el 5 de septiembre hasta el 15 de marzo., este acogedor apartamento en Benidorm cuenta con 85 m\u00b2 construidos distribuidos en 2 dormitorios y 1 ba\u00f1o. La vivienda se entrega completamente amueblada y equipada, lista para entrar a vivir. Ubicada en una cuarta planta exterior con ascensor, destaca por su excelente orientaci\u00f3n este, que aporta una gran luminosidad durante todo el d\u00eda, as\u00ed como por su agradable terraza con vistas despejadas al mar y al entorno. La propiedad dispone de aire acondicionado con bomba de fr\u00edo y calor, cocina totalmente equipada, armarios empotrados y una pr\u00e1ctica distribuci\u00f3n dise\u00f1ada<a class=\"more-link\" href=\"https:\/\/costasonada.es\/index.php\/property\/e-1200-piso-en-alquiler-2h1b-85m2-mascarat\/\"><span>Read More &rarr;<\/span><\/a><\/p>\n","protected":false},"author":9,"featured_media":23609,"parent":0,"menu_order":0,"template":"","rem_property_cat":[68],"class_list":["entry","author-demian","post-23604","rem_property","type-rem_property","status-publish","has-post-thumbnail","rem_property_tag-alquiler","rem_property_tag-apartamento","rem_property_tag-con-las-vistas","rem_property_tag-costa-sonada","rem_property_tag-mascarat","rem_property_tag-montanas","rem_property_tag-vista-al-mar","rem_property_cat-mascarat"],"aioseo_notices":[],"aioseo_head":"\n\t\t<!-- All in One SEO 5.0.1.1 - aioseo.com -->\n\t<meta name=\"description\" content=\"CSD23604MB Disponible para alquiler de temporada desde el 5 de septiembre hasta el 15 de marzo., este acogedor apartamento en Benidorm cuenta con 85 m\u00b2 construidos distribuidos en 2 dormitorios y 1 ba\u00f1o. La vivienda se entrega completamente amueblada y equipada, lista para entrar a vivir. Ubicada en una cuarta planta exterior con ascensor, destaca\" \/>\n\t<meta name=\"robots\" content=\"max-image-preview:large\" \/>\n\t<meta name=\"author\" content=\"Demian Aleksiuk\"\/>\n\t<meta name=\"google-site-verification\" content=\"mukDF0U7Lr8beVLioCYFiSEkDFjcIPXQLR7s7jMEOjU\" \/>\n\t<link rel=\"canonical\" href=\"https:\/\/costasonada.es\/index.php\/property\/e-1200-piso-en-alquiler-2h1b-85m2-mascarat\/\" \/>\n\t<meta name=\"generator\" content=\"All in One SEO (AIOSEO) 5.0.1.1\" \/>\n\t\t<meta property=\"og:locale\" content=\"es_ES\" \/>\n\t\t<meta property=\"og:site_name\" content=\"Inmobiliaria Costa So\u00f1ada - Costa So\u00f1ada, agencia inmobiliaria que trabaja en Altea, Altea Hills, Mascarat, Finestrat, y toda la Costa Blanca, con una gran variedad de propiedades de lujo.\" \/>\n\t\t<meta property=\"og:type\" content=\"article\" \/>\n\t\t<meta property=\"og:title\" content=\"\u20ac 1200, piso en alquiler, 2h1b, 85m2, Mascarat - Inmobiliaria Costa So\u00f1ada\" \/>\n\t\t<meta property=\"og:description\" content=\"CSD23604MB Disponible para alquiler de temporada desde el 5 de septiembre hasta el 15 de marzo., este acogedor apartamento en Benidorm cuenta con 85 m\u00b2 construidos distribuidos en 2 dormitorios y 1 ba\u00f1o. La vivienda se entrega completamente amueblada y equipada, lista para entrar a vivir. Ubicada en una cuarta planta exterior con ascensor, destaca\" \/>\n\t\t<meta property=\"og:url\" content=\"https:\/\/costasonada.es\/index.php\/property\/e-1200-piso-en-alquiler-2h1b-85m2-mascarat\/\" \/>\n\t\t<meta property=\"og:image\" content=\"https:\/\/costasonada.es\/wp-content\/uploads\/2026\/07\/INMOBILIARIA_COSTA_SONADA_ALQUILER_APARTAMENTO_MASCARAT_ALTEA-5.jpeg\" \/>\n\t\t<meta property=\"og:image:secure_url\" content=\"https:\/\/costasonada.es\/wp-content\/uploads\/2026\/07\/INMOBILIARIA_COSTA_SONADA_ALQUILER_APARTAMENTO_MASCARAT_ALTEA-5.jpeg\" \/>\n\t\t<meta property=\"og:image:width\" content=\"1280\" \/>\n\t\t<meta property=\"og:image:height\" content=\"720\" \/>\n\t\t<meta property=\"article:published_time\" content=\"2026-07-17T10:45:35+00:00\" \/>\n\t\t<meta property=\"article:modified_time\" content=\"2026-07-24T08:36:14+00:00\" \/>\n\t\t<meta property=\"article:publisher\" content=\"https:\/\/www.facebook.com\/3DVirtualTour-299122470616861\" \/>\n\t\t<meta name=\"twitter:card\" content=\"summary\" \/>\n\t\t<meta name=\"twitter:title\" content=\"\u20ac 1200, piso en alquiler, 2h1b, 85m2, Mascarat - Inmobiliaria Costa So\u00f1ada\" \/>\n\t\t<meta name=\"twitter:description\" content=\"CSD23604MB Disponible para alquiler de temporada desde el 5 de septiembre hasta el 15 de marzo., este acogedor apartamento en Benidorm cuenta con 85 m\u00b2 construidos distribuidos en 2 dormitorios y 1 ba\u00f1o. La vivienda se entrega completamente amueblada y equipada, lista para entrar a vivir. Ubicada en una cuarta planta exterior con ascensor, destaca\" \/>\n\t\t<meta name=\"twitter:image\" content=\"https:\/\/costasonada.es\/wp-content\/uploads\/2026\/07\/INMOBILIARIA_COSTA_SONADA_ALQUILER_APARTAMENTO_MASCARAT_ALTEA-5.jpeg\" \/>\n\t\t<script type=\"application\/ld+json\" class=\"aioseo-schema\">\n\t\t\t{\"@context\":\"https:\\\/\\\/schema.org\",\"@graph\":[{\"@type\":\"BreadcrumbList\",\"@id\":\"https:\\\/\\\/costasonada.es\\\/index.php\\\/property\\\/e-1200-piso-en-alquiler-2h1b-85m2-mascarat\\\/#breadcrumblist\",\"itemListElement\":[{\"@type\":\"ListItem\",\"@id\":\"https:\\\/\\\/costasonada.es#listItem\",\"position\":1,\"name\":\"Home\",\"item\":\"https:\\\/\\\/costasonada.es\",\"nextItem\":{\"@type\":\"ListItem\",\"@id\":\"https:\\\/\\\/costasonada.es\\\/index.php\\\/property\\\/#listItem\",\"name\":\"Viviendas\"}},{\"@type\":\"ListItem\",\"@id\":\"https:\\\/\\\/costasonada.es\\\/index.php\\\/property\\\/#listItem\",\"position\":2,\"name\":\"Viviendas\",\"item\":\"https:\\\/\\\/costasonada.es\\\/index.php\\\/property\\\/\",\"nextItem\":{\"@type\":\"ListItem\",\"@id\":\"https:\\\/\\\/costasonada.es\\\/index.php\\\/property_tag\\\/apartamento\\\/#listItem\",\"name\":\"apartamento\"},\"previousItem\":{\"@type\":\"ListItem\",\"@id\":\"https:\\\/\\\/costasonada.es#listItem\",\"name\":\"Home\"}},{\"@type\":\"ListItem\",\"@id\":\"https:\\\/\\\/costasonada.es\\\/index.php\\\/property_tag\\\/apartamento\\\/#listItem\",\"position\":3,\"name\":\"apartamento\",\"item\":\"https:\\\/\\\/costasonada.es\\\/index.php\\\/property_tag\\\/apartamento\\\/\",\"nextItem\":{\"@type\":\"ListItem\",\"@id\":\"https:\\\/\\\/costasonada.es\\\/index.php\\\/property\\\/e-1200-piso-en-alquiler-2h1b-85m2-mascarat\\\/#listItem\",\"name\":\"\\u20ac 1200, piso en alquiler, 2h1b, 85m2, Mascarat\"},\"previousItem\":{\"@type\":\"ListItem\",\"@id\":\"https:\\\/\\\/costasonada.es\\\/index.php\\\/property\\\/#listItem\",\"name\":\"Viviendas\"}},{\"@type\":\"ListItem\",\"@id\":\"https:\\\/\\\/costasonada.es\\\/index.php\\\/property\\\/e-1200-piso-en-alquiler-2h1b-85m2-mascarat\\\/#listItem\",\"position\":4,\"name\":\"\\u20ac 1200, piso en alquiler, 2h1b, 85m2, Mascarat\",\"previousItem\":{\"@type\":\"ListItem\",\"@id\":\"https:\\\/\\\/costasonada.es\\\/index.php\\\/property_tag\\\/apartamento\\\/#listItem\",\"name\":\"apartamento\"}}]},{\"@type\":\"Organization\",\"@id\":\"https:\\\/\\\/costasonada.es\\\/#organization\",\"name\":\"Costa So\\u00f1ada\",\"description\":\"Costa So\\u00f1ada, agencia inmobiliaria que trabaja en Altea, Altea Hills, Mascarat, Finestrat, y toda la Costa Blanca, con una gran variedad de propiedades de lujo.\",\"url\":\"https:\\\/\\\/costasonada.es\\\/\",\"telephone\":\"+34604289264\",\"logo\":{\"@type\":\"ImageObject\",\"url\":\"https:\\\/\\\/costasonada.es\\\/wp-content\\\/uploads\\\/2021\\\/09\\\/icon.png\",\"@id\":\"https:\\\/\\\/costasonada.es\\\/index.php\\\/property\\\/e-1200-piso-en-alquiler-2h1b-85m2-mascarat\\\/#organizationLogo\"},\"image\":{\"@id\":\"https:\\\/\\\/costasonada.es\\\/index.php\\\/property\\\/e-1200-piso-en-alquiler-2h1b-85m2-mascarat\\\/#organizationLogo\"},\"sameAs\":[\"https:\\\/\\\/www.facebook.com\\\/3DVirtualTour-299122470616861\",\"https:\\\/\\\/www.instagram.com\\\/3dvirtualtour.es\\\/\",\"https:\\\/\\\/www.youtube.com\\\/channel\\\/UCiGlx-_efwf-PwUYGx-ThzA\"]},{\"@type\":\"Person\",\"@id\":\"https:\\\/\\\/costasonada.es\\\/index.php\\\/author\\\/demian\\\/#author\",\"url\":\"https:\\\/\\\/costasonada.es\\\/index.php\\\/author\\\/demian\\\/\",\"name\":\"Demian Aleksiuk\",\"image\":{\"@type\":\"ImageObject\",\"@id\":\"https:\\\/\\\/costasonada.es\\\/index.php\\\/property\\\/e-1200-piso-en-alquiler-2h1b-85m2-mascarat\\\/#authorImage\",\"url\":\"https:\\\/\\\/costasonada.es\\\/wp-content\\\/litespeed\\\/avatar\\\/8fe50da88c935722026354ddfbff4bcc.jpg?ver=1788352023\",\"width\":96,\"height\":96,\"caption\":\"Demian Aleksiuk\"}},{\"@type\":\"WebPage\",\"@id\":\"https:\\\/\\\/costasonada.es\\\/index.php\\\/property\\\/e-1200-piso-en-alquiler-2h1b-85m2-mascarat\\\/#webpage\",\"url\":\"https:\\\/\\\/costasonada.es\\\/index.php\\\/property\\\/e-1200-piso-en-alquiler-2h1b-85m2-mascarat\\\/\",\"name\":\"\\u20ac 1200, piso en alquiler, 2h1b, 85m2, Mascarat - Inmobiliaria Costa So\\u00f1ada\",\"description\":\"CSD23604MB Disponible para alquiler de temporada desde el 5 de septiembre hasta el 15 de marzo., este acogedor apartamento en Benidorm cuenta con 85 m\\u00b2 construidos distribuidos en 2 dormitorios y 1 ba\\u00f1o. La vivienda se entrega completamente amueblada y equipada, lista para entrar a vivir. Ubicada en una cuarta planta exterior con ascensor, destaca\",\"inLanguage\":\"es-ES\",\"isPartOf\":{\"@id\":\"https:\\\/\\\/costasonada.es\\\/#website\"},\"breadcrumb\":{\"@id\":\"https:\\\/\\\/costasonada.es\\\/index.php\\\/property\\\/e-1200-piso-en-alquiler-2h1b-85m2-mascarat\\\/#breadcrumblist\"},\"author\":{\"@id\":\"https:\\\/\\\/costasonada.es\\\/index.php\\\/author\\\/demian\\\/#author\"},\"creator\":{\"@id\":\"https:\\\/\\\/costasonada.es\\\/index.php\\\/author\\\/demian\\\/#author\"},\"image\":{\"@type\":\"ImageObject\",\"url\":\"https:\\\/\\\/costasonada.es\\\/wp-content\\\/uploads\\\/2026\\\/07\\\/INMOBILIARIA_COSTA_SONADA_ALQUILER_APARTAMENTO_MASCARAT_ALTEA-5.jpeg\",\"@id\":\"https:\\\/\\\/costasonada.es\\\/index.php\\\/property\\\/e-1200-piso-en-alquiler-2h1b-85m2-mascarat\\\/#mainImage\",\"width\":1280,\"height\":720},\"primaryImageOfPage\":{\"@id\":\"https:\\\/\\\/costasonada.es\\\/index.php\\\/property\\\/e-1200-piso-en-alquiler-2h1b-85m2-mascarat\\\/#mainImage\"},\"datePublished\":\"2026-07-17T12:45:35+02:00\",\"dateModified\":\"2026-07-24T10:36:14+02:00\"},{\"@type\":\"WebSite\",\"@id\":\"https:\\\/\\\/costasonada.es\\\/#website\",\"url\":\"https:\\\/\\\/costasonada.es\\\/\",\"name\":\"3D Virtual Tour\",\"description\":\"Costa So\\u00f1ada, agencia inmobiliaria que trabaja en Altea, Altea Hills, Mascarat, Finestrat, y toda la Costa Blanca, con una gran variedad de propiedades de lujo.\",\"inLanguage\":\"es-ES\",\"publisher\":{\"@id\":\"https:\\\/\\\/costasonada.es\\\/#organization\"}}]}\n\t\t<\/script>\n\t\t<!-- All in One SEO -->\n\n","aioseo_head_json":{"title":"\u20ac 1200, piso en alquiler, 2h1b, 85m2, Mascarat - Inmobiliaria Costa So\u00f1ada","description":"CSD23604MB Disponible para alquiler de temporada desde el 5 de septiembre hasta el 15 de marzo., este acogedor apartamento en Benidorm cuenta con 85 m\u00b2 construidos distribuidos en 2 dormitorios y 1 ba\u00f1o. La vivienda se entrega completamente amueblada y equipada, lista para entrar a vivir. Ubicada en una cuarta planta exterior con ascensor, destaca","canonical_url":"https:\/\/costasonada.es\/index.php\/property\/e-1200-piso-en-alquiler-2h1b-85m2-mascarat\/","robots":"max-image-preview:large","keywords":"","webmasterTools":{"google-site-verification":"mukDF0U7Lr8beVLioCYFiSEkDFjcIPXQLR7s7jMEOjU","miscellaneous":""},"schema":{"@context":"https:\/\/schema.org","@graph":[{"@type":"BreadcrumbList","@id":"https:\/\/costasonada.es\/index.php\/property\/e-1200-piso-en-alquiler-2h1b-85m2-mascarat\/#breadcrumblist","itemListElement":[{"@type":"ListItem","@id":"https:\/\/costasonada.es#listItem","position":1,"name":"Home","item":"https:\/\/costasonada.es","nextItem":{"@type":"ListItem","@id":"https:\/\/costasonada.es\/index.php\/property\/#listItem","name":"Viviendas"}},{"@type":"ListItem","@id":"https:\/\/costasonada.es\/index.php\/property\/#listItem","position":2,"name":"Viviendas","item":"https:\/\/costasonada.es\/index.php\/property\/","nextItem":{"@type":"ListItem","@id":"https:\/\/costasonada.es\/index.php\/property_tag\/apartamento\/#listItem","name":"apartamento"},"previousItem":{"@type":"ListItem","@id":"https:\/\/costasonada.es#listItem","name":"Home"}},{"@type":"ListItem","@id":"https:\/\/costasonada.es\/index.php\/property_tag\/apartamento\/#listItem","position":3,"name":"apartamento","item":"https:\/\/costasonada.es\/index.php\/property_tag\/apartamento\/","nextItem":{"@type":"ListItem","@id":"https:\/\/costasonada.es\/index.php\/property\/e-1200-piso-en-alquiler-2h1b-85m2-mascarat\/#listItem","name":"\u20ac 1200, piso en alquiler, 2h1b, 85m2, Mascarat"},"previousItem":{"@type":"ListItem","@id":"https:\/\/costasonada.es\/index.php\/property\/#listItem","name":"Viviendas"}},{"@type":"ListItem","@id":"https:\/\/costasonada.es\/index.php\/property\/e-1200-piso-en-alquiler-2h1b-85m2-mascarat\/#listItem","position":4,"name":"\u20ac 1200, piso en alquiler, 2h1b, 85m2, Mascarat","previousItem":{"@type":"ListItem","@id":"https:\/\/costasonada.es\/index.php\/property_tag\/apartamento\/#listItem","name":"apartamento"}}]},{"@type":"Organization","@id":"https:\/\/costasonada.es\/#organization","name":"Costa So\u00f1ada","description":"Costa So\u00f1ada, agencia inmobiliaria que trabaja en Altea, Altea Hills, Mascarat, Finestrat, y toda la Costa Blanca, con una gran variedad de propiedades de lujo.","url":"https:\/\/costasonada.es\/","telephone":"+34604289264","logo":{"@type":"ImageObject","url":"https:\/\/costasonada.es\/wp-content\/uploads\/2021\/09\/icon.png","@id":"https:\/\/costasonada.es\/index.php\/property\/e-1200-piso-en-alquiler-2h1b-85m2-mascarat\/#organizationLogo"},"image":{"@id":"https:\/\/costasonada.es\/index.php\/property\/e-1200-piso-en-alquiler-2h1b-85m2-mascarat\/#organizationLogo"},"sameAs":["https:\/\/www.facebook.com\/3DVirtualTour-299122470616861","https:\/\/www.instagram.com\/3dvirtualtour.es\/","https:\/\/www.youtube.com\/channel\/UCiGlx-_efwf-PwUYGx-ThzA"]},{"@type":"Person","@id":"https:\/\/costasonada.es\/index.php\/author\/demian\/#author","url":"https:\/\/costasonada.es\/index.php\/author\/demian\/","name":"Demian Aleksiuk","image":{"@type":"ImageObject","@id":"https:\/\/costasonada.es\/index.php\/property\/e-1200-piso-en-alquiler-2h1b-85m2-mascarat\/#authorImage","url":"https:\/\/costasonada.es\/wp-content\/litespeed\/avatar\/8fe50da88c935722026354ddfbff4bcc.jpg?ver=1788352023","width":96,"height":96,"caption":"Demian Aleksiuk"}},{"@type":"WebPage","@id":"https:\/\/costasonada.es\/index.php\/property\/e-1200-piso-en-alquiler-2h1b-85m2-mascarat\/#webpage","url":"https:\/\/costasonada.es\/index.php\/property\/e-1200-piso-en-alquiler-2h1b-85m2-mascarat\/","name":"\u20ac 1200, piso en alquiler, 2h1b, 85m2, Mascarat - Inmobiliaria Costa So\u00f1ada","description":"CSD23604MB Disponible para alquiler de temporada desde el 5 de septiembre hasta el 15 de marzo., este acogedor apartamento en Benidorm cuenta con 85 m\u00b2 construidos distribuidos en 2 dormitorios y 1 ba\u00f1o. La vivienda se entrega completamente amueblada y equipada, lista para entrar a vivir. Ubicada en una cuarta planta exterior con ascensor, destaca","inLanguage":"es-ES","isPartOf":{"@id":"https:\/\/costasonada.es\/#website"},"breadcrumb":{"@id":"https:\/\/costasonada.es\/index.php\/property\/e-1200-piso-en-alquiler-2h1b-85m2-mascarat\/#breadcrumblist"},"author":{"@id":"https:\/\/costasonada.es\/index.php\/author\/demian\/#author"},"creator":{"@id":"https:\/\/costasonada.es\/index.php\/author\/demian\/#author"},"image":{"@type":"ImageObject","url":"https:\/\/costasonada.es\/wp-content\/uploads\/2026\/07\/INMOBILIARIA_COSTA_SONADA_ALQUILER_APARTAMENTO_MASCARAT_ALTEA-5.jpeg","@id":"https:\/\/costasonada.es\/index.php\/property\/e-1200-piso-en-alquiler-2h1b-85m2-mascarat\/#mainImage","width":1280,"height":720},"primaryImageOfPage":{"@id":"https:\/\/costasonada.es\/index.php\/property\/e-1200-piso-en-alquiler-2h1b-85m2-mascarat\/#mainImage"},"datePublished":"2026-07-17T12:45:35+02:00","dateModified":"2026-07-24T10:36:14+02:00"},{"@type":"WebSite","@id":"https:\/\/costasonada.es\/#website","url":"https:\/\/costasonada.es\/","name":"3D Virtual Tour","description":"Costa So\u00f1ada, agencia inmobiliaria que trabaja en Altea, Altea Hills, Mascarat, Finestrat, y toda la Costa Blanca, con una gran variedad de propiedades de lujo.","inLanguage":"es-ES","publisher":{"@id":"https:\/\/costasonada.es\/#organization"}}]},"og:locale":"es_ES","og:site_name":"Inmobiliaria Costa So\u00f1ada - Costa So\u00f1ada, agencia inmobiliaria que trabaja en Altea, Altea Hills, Mascarat, Finestrat, y toda la Costa Blanca, con una gran variedad de propiedades de lujo.","og:type":"article","og:title":"\u20ac 1200, piso en alquiler, 2h1b, 85m2, Mascarat - Inmobiliaria Costa So\u00f1ada","og:description":"CSD23604MB Disponible para alquiler de temporada desde el 5 de septiembre hasta el 15 de marzo., este acogedor apartamento en Benidorm cuenta con 85 m\u00b2 construidos distribuidos en 2 dormitorios y 1 ba\u00f1o. La vivienda se entrega completamente amueblada y equipada, lista para entrar a vivir. Ubicada en una cuarta planta exterior con ascensor, destaca","og:url":"https:\/\/costasonada.es\/index.php\/property\/e-1200-piso-en-alquiler-2h1b-85m2-mascarat\/","og:image":"https:\/\/costasonada.es\/wp-content\/uploads\/2026\/07\/INMOBILIARIA_COSTA_SONADA_ALQUILER_APARTAMENTO_MASCARAT_ALTEA-5.jpeg","og:image:secure_url":"https:\/\/costasonada.es\/wp-content\/uploads\/2026\/07\/INMOBILIARIA_COSTA_SONADA_ALQUILER_APARTAMENTO_MASCARAT_ALTEA-5.jpeg","og:image:width":1280,"og:image:height":720,"article:published_time":"2026-07-17T10:45:35+00:00","article:modified_time":"2026-07-24T08:36:14+00:00","article:publisher":"https:\/\/www.facebook.com\/3DVirtualTour-299122470616861","twitter:card":"summary","twitter:title":"\u20ac 1200, piso en alquiler, 2h1b, 85m2, Mascarat - Inmobiliaria Costa So\u00f1ada","twitter:description":"CSD23604MB Disponible para alquiler de temporada desde el 5 de septiembre hasta el 15 de marzo., este acogedor apartamento en Benidorm cuenta con 85 m\u00b2 construidos distribuidos en 2 dormitorios y 1 ba\u00f1o. La vivienda se entrega completamente amueblada y equipada, lista para entrar a vivir. Ubicada en una cuarta planta exterior con ascensor, destaca","twitter:image":"https:\/\/costasonada.es\/wp-content\/uploads\/2026\/07\/INMOBILIARIA_COSTA_SONADA_ALQUILER_APARTAMENTO_MASCARAT_ALTEA-5.jpeg"},"aioseo_meta_data":{"post_id":"23604","title":null,"description":null,"keywords":null,"keyphrases":{"focus":[],"additional":[]},"primary_term":null,"canonical_url":null,"og_title":null,"og_description":null,"og_object_type":"default","og_image_type":"default","og_image_url":null,"og_image_width":null,"og_image_height":null,"og_image_custom_url":null,"og_image_custom_fields":null,"og_video":"","og_custom_url":null,"og_article_section":null,"og_article_tags":null,"twitter_use_og":false,"twitter_card":"default","twitter_image_type":"default","twitter_image_url":null,"twitter_image_custom_url":null,"twitter_image_custom_fields":null,"twitter_title":null,"twitter_description":null,"schema":{"blockGraphs":[],"customGraphs":[],"default":{"data":{"Article":[],"Course":[],"Dataset":[],"FAQPage":[],"Movie":[],"Person":[],"Product":[],"ProductReview":[],"Car":[],"Recipe":[],"Service":[],"SoftwareApplication":[],"WebPage":[]},"graphName":"WebPage","isEnabled":true},"graphs":[]},"schema_type":"default","schema_type_options":null,"pillar_content":false,"robots_default":true,"robots_noindex":false,"robots_noarchive":false,"robots_nosnippet":false,"robots_nofollow":false,"robots_noimageindex":false,"robots_noodp":false,"robots_notranslate":false,"robots_max_snippet":"-1","robots_max_videopreview":"-1","robots_max_imagepreview":"large","priority":null,"frequency":"default","local_seo":null,"breadcrumb_settings":null,"limit_modified_date":false,"ai":{"faqs":[],"keyPoints":[],"schemas":[],"titles":[],"descriptions":[],"socialPosts":{"email":[],"linkedin":[],"twitter":[],"facebook":[],"instagram":[]}},"created":"2026-07-17 10:45:35","updated":"2026-09-02 14:40:01","seo_analyzer_scan_date":null,"focus_keyword":null,"additional_keywords":null,"truseo_locale":null},"aioseo_breadcrumb":"<div class=\"aioseo-breadcrumbs\"><span class=\"aioseo-breadcrumb\">\n\t\t\t<a href=\"https:\/\/costasonada.es\" title=\"Home\">Home<\/a>\n\t\t<\/span><span class=\"aioseo-breadcrumb-separator\">&raquo;<\/span><span class=\"aioseo-breadcrumb\">\n\t\t\t<a href=\"https:\/\/costasonada.es\/index.php\/property\/\" title=\"Viviendas\">Viviendas<\/a>\n\t\t<\/span><span class=\"aioseo-breadcrumb-separator\">&raquo;<\/span><span class=\"aioseo-breadcrumb\">\n\t\t\t<a href=\"https:\/\/costasonada.es\/index.php\/property_tag\/apartamento\/\" title=\"apartamento\">apartamento<\/a>\n\t\t<\/span><span class=\"aioseo-breadcrumb-separator\">&raquo;<\/span><span class=\"aioseo-breadcrumb\">\n\t\t\t\u20ac 1200, piso en alquiler, 2h1b, 85m2, Mascarat\n\t\t<\/span><\/div>","aioseo_breadcrumb_json":[{"label":"Home","link":"https:\/\/costasonada.es"},{"label":"Viviendas","link":"https:\/\/costasonada.es\/index.php\/property\/"},{"label":"apartamento","link":"https:\/\/costasonada.es\/index.php\/property_tag\/apartamento\/"},{"label":"\u20ac 1200, piso en alquiler, 2h1b, 85m2, Mascarat","link":"https:\/\/costasonada.es\/index.php\/property\/e-1200-piso-en-alquiler-2h1b-85m2-mascarat\/"}],"_links":{"self":[{"href":"https:\/\/costasonada.es\/index.php\/wp-json\/wp\/v2\/properties\/23604","targetHints":{"allow":["GET"]}}],"collection":[{"href":"https:\/\/costasonada.es\/index.php\/wp-json\/wp\/v2\/properties"}],"about":[{"href":"https:\/\/costasonada.es\/index.php\/wp-json\/wp\/v2\/types\/rem_property"}],"author":[{"embeddable":true,"href":"https:\/\/costasonada.es\/index.php\/wp-json\/wp\/v2\/users\/9"}],"wp:featuredmedia":[{"embeddable":true,"href":"https:\/\/costasonada.es\/index.php\/wp-json\/wp\/v2\/media\/23609"}],"wp:attachment":[{"href":"https:\/\/costasonada.es\/index.php\/wp-json\/wp\/v2\/media?parent=23604"}],"wp:term":[{"taxonomy":"rem_property_cat","embeddable":true,"href":"https:\/\/costasonada.es\/index.php\/wp-json\/wp\/v2\/rem_property_cat?post=23604"}],"curies":[{"name":"wp","href":"https:\/\/api.w.org\/{rel}","templated":true}]}}