{"id":23679,"date":"2026-07-17T14:21:38","date_gmt":"2026-07-17T12:21:38","guid":{"rendered":"https:\/\/costasonada.es\/?post_type=rem_property&#038;p=23679"},"modified":"2026-07-27T16:46:57","modified_gmt":"2026-07-27T14:46:57","slug":"e-2100-piso-en-alquiler-2h2b-100m2-benidorm","status":"publish","type":"rem_property","link":"https:\/\/costasonada.es\/index.php\/property\/e-2100-piso-en-alquiler-2h2b-100m2-benidorm\/","title":{"rendered":"\u20ac 2100, piso en alquiler, 2h2b, 100m2, Benidorm"},"content":{"rendered":"<p class=\"isSelectedEnd\">CSD23679BA<\/p>\n<p class=\"isSelectedEnd\">\nDisponible para alquiler de temporada desde septiembre hasta junio<\/p>\n<p class=\"isSelectedEnd\">Descubre este magn\u00edfico apartamento de 100 m\u00b2 en Benidorm, ideal para disfrutar de una estancia c\u00f3moda y relajada junto al mar. La vivienda cuenta con dos amplios dormitorios, dos ba\u00f1os completos, un luminoso sal\u00f3n-comedor y una moderna cocina totalmente equipada, dise\u00f1ada para ofrecer el m\u00e1ximo confort.<\/p>\n<p class=\"isSelectedEnd\">El apartamento dispone de una amplia terraza con impresionantes vistas al mar, perfecta para disfrutar del excelente clima de la Costa Blanca durante todo el a\u00f1o. Adem\u00e1s, se entrega completamente amueblado y listo para entrar a vivir.<\/p>\n<p class=\"isSelectedEnd\">Ubicado en una exclusiva urbanizaci\u00f3n, el residencial ofrece excelentes zonas comunes, incluyendo piscinas, jardines, \u00e1reas de recreo y plaza de garaje incluida en el precio.<\/p>\n<p class=\"isSelectedEnd\">Su privilegiada ubicaci\u00f3n en Benidorm permite acceder f\u00e1cilmente a supermercados, restaurantes, transporte p\u00fablico y todos los servicios necesarios, adem\u00e1s de encontrarse a pocos minutos de la Playa de Poniente.<\/p>\n<p>Una oportunidad \u00fanica para quienes buscan calidad de vida, tranquilidad y todas las comodidades en una de las zonas m\u00e1s exclusivas de Benidorm.<\/p>\n","protected":false},"excerpt":{"rendered":"<p>CSD23679BA Disponible para alquiler de temporada desde septiembre hasta junio Descubre este magn\u00edfico apartamento de 100 m\u00b2 en Benidorm, ideal para disfrutar de una estancia c\u00f3moda y relajada junto al mar. La vivienda cuenta con dos amplios dormitorios, dos ba\u00f1os completos, un luminoso sal\u00f3n-comedor y una moderna cocina totalmente equipada, dise\u00f1ada para ofrecer el m\u00e1ximo confort. El apartamento dispone de una amplia terraza con impresionantes vistas al mar, perfecta para disfrutar del excelente clima de la Costa Blanca durante todo el a\u00f1o. Adem\u00e1s, se entrega completamente amueblado y listo para entrar a vivir. Ubicado en una exclusiva urbanizaci\u00f3n, el residencial ofrece excelentes zonas comunes, incluyendo<a class=\"more-link\" href=\"https:\/\/costasonada.es\/index.php\/property\/e-2100-piso-en-alquiler-2h2b-100m2-benidorm\/\"><span>Read More &rarr;<\/span><\/a><\/p>\n","protected":false},"author":9,"featured_media":23680,"parent":0,"menu_order":0,"template":"","rem_property_cat":[58],"class_list":["entry","author-demian","post-23679","rem_property","type-rem_property","status-publish","has-post-thumbnail","rem_property_tag-alquiler","rem_property_tag-apartamento","rem_property_tag-benidorm","rem_property_tag-con-las-vistas","rem_property_tag-costa-blanca","rem_property_tag-vista-al-mar","rem_property_cat-benidorm"],"aioseo_notices":[],"aioseo_head":"\n\t\t<!-- All in One SEO 5.0.1.1 - aioseo.com -->\n\t<meta name=\"description\" content=\"CSD23679BA Disponible para alquiler de temporada desde septiembre hasta junio Descubre este magn\u00edfico apartamento de 100 m\u00b2 en Benidorm, ideal para disfrutar de una estancia c\u00f3moda y relajada junto al mar. La vivienda cuenta con dos amplios dormitorios, dos ba\u00f1os completos, un luminoso sal\u00f3n-comedor y una moderna cocina totalmente equipada, dise\u00f1ada para ofrecer el m\u00e1ximo\" \/>\n\t<meta name=\"robots\" content=\"max-image-preview:large\" \/>\n\t<meta name=\"author\" content=\"Demian Aleksiuk\"\/>\n\t<meta name=\"google-site-verification\" content=\"mukDF0U7Lr8beVLioCYFiSEkDFjcIPXQLR7s7jMEOjU\" \/>\n\t<link rel=\"canonical\" href=\"https:\/\/costasonada.es\/index.php\/property\/e-2100-piso-en-alquiler-2h2b-100m2-benidorm\/\" \/>\n\t<meta name=\"generator\" content=\"All in One SEO (AIOSEO) 5.0.1.1\" \/>\n\t\t<meta property=\"og:locale\" content=\"es_ES\" \/>\n\t\t<meta property=\"og:site_name\" content=\"Inmobiliaria Costa So\u00f1ada - Costa So\u00f1ada, agencia inmobiliaria que trabaja en Altea, Altea Hills, Mascarat, Finestrat, y toda la Costa Blanca, con una gran variedad de propiedades de lujo.\" \/>\n\t\t<meta property=\"og:type\" content=\"article\" \/>\n\t\t<meta property=\"og:title\" content=\"\u20ac 2100, piso en alquiler, 2h2b, 100m2, Benidorm - Inmobiliaria Costa So\u00f1ada\" \/>\n\t\t<meta property=\"og:description\" content=\"CSD23679BA Disponible para alquiler de temporada desde septiembre hasta junio Descubre este magn\u00edfico apartamento de 100 m\u00b2 en Benidorm, ideal para disfrutar de una estancia c\u00f3moda y relajada junto al mar. La vivienda cuenta con dos amplios dormitorios, dos ba\u00f1os completos, un luminoso sal\u00f3n-comedor y una moderna cocina totalmente equipada, dise\u00f1ada para ofrecer el m\u00e1ximo\" \/>\n\t\t<meta property=\"og:url\" content=\"https:\/\/costasonada.es\/index.php\/property\/e-2100-piso-en-alquiler-2h2b-100m2-benidorm\/\" \/>\n\t\t<meta property=\"og:image\" content=\"https:\/\/costasonada.es\/wp-content\/uploads\/2026\/07\/INMOBILIARIA_COSTA_SONADA_ALQUILER_APARTAMENTO_BENIDORM-1.jpg\" \/>\n\t\t<meta property=\"og:image:secure_url\" content=\"https:\/\/costasonada.es\/wp-content\/uploads\/2026\/07\/INMOBILIARIA_COSTA_SONADA_ALQUILER_APARTAMENTO_BENIDORM-1.jpg\" \/>\n\t\t<meta property=\"og:image:width\" content=\"1280\" \/>\n\t\t<meta property=\"og:image:height\" content=\"720\" \/>\n\t\t<meta property=\"article:published_time\" content=\"2026-07-17T12:21:38+00:00\" \/>\n\t\t<meta property=\"article:modified_time\" content=\"2026-07-27T14:46:57+00:00\" \/>\n\t\t<meta property=\"article:publisher\" content=\"https:\/\/www.facebook.com\/3DVirtualTour-299122470616861\" \/>\n\t\t<meta name=\"twitter:card\" content=\"summary\" \/>\n\t\t<meta name=\"twitter:title\" content=\"\u20ac 2100, piso en alquiler, 2h2b, 100m2, Benidorm - Inmobiliaria Costa So\u00f1ada\" \/>\n\t\t<meta name=\"twitter:description\" content=\"CSD23679BA Disponible para alquiler de temporada desde septiembre hasta junio Descubre este magn\u00edfico apartamento de 100 m\u00b2 en Benidorm, ideal para disfrutar de una estancia c\u00f3moda y relajada junto al mar. La vivienda cuenta con dos amplios dormitorios, dos ba\u00f1os completos, un luminoso sal\u00f3n-comedor y una moderna cocina totalmente equipada, dise\u00f1ada para ofrecer el m\u00e1ximo\" \/>\n\t\t<meta name=\"twitter:image\" content=\"https:\/\/costasonada.es\/wp-content\/uploads\/2026\/07\/INMOBILIARIA_COSTA_SONADA_ALQUILER_APARTAMENTO_BENIDORM-1.jpg\" \/>\n\t\t<script type=\"application\/ld+json\" class=\"aioseo-schema\">\n\t\t\t{\"@context\":\"https:\\\/\\\/schema.org\",\"@graph\":[{\"@type\":\"BreadcrumbList\",\"@id\":\"https:\\\/\\\/costasonada.es\\\/index.php\\\/property\\\/e-2100-piso-en-alquiler-2h2b-100m2-benidorm\\\/#breadcrumblist\",\"itemListElement\":[{\"@type\":\"ListItem\",\"@id\":\"https:\\\/\\\/costasonada.es#listItem\",\"position\":1,\"name\":\"Home\",\"item\":\"https:\\\/\\\/costasonada.es\",\"nextItem\":{\"@type\":\"ListItem\",\"@id\":\"https:\\\/\\\/costasonada.es\\\/index.php\\\/property\\\/#listItem\",\"name\":\"Viviendas\"}},{\"@type\":\"ListItem\",\"@id\":\"https:\\\/\\\/costasonada.es\\\/index.php\\\/property\\\/#listItem\",\"position\":2,\"name\":\"Viviendas\",\"item\":\"https:\\\/\\\/costasonada.es\\\/index.php\\\/property\\\/\",\"nextItem\":{\"@type\":\"ListItem\",\"@id\":\"https:\\\/\\\/costasonada.es\\\/index.php\\\/property_tag\\\/apartamento\\\/#listItem\",\"name\":\"apartamento\"},\"previousItem\":{\"@type\":\"ListItem\",\"@id\":\"https:\\\/\\\/costasonada.es#listItem\",\"name\":\"Home\"}},{\"@type\":\"ListItem\",\"@id\":\"https:\\\/\\\/costasonada.es\\\/index.php\\\/property_tag\\\/apartamento\\\/#listItem\",\"position\":3,\"name\":\"apartamento\",\"item\":\"https:\\\/\\\/costasonada.es\\\/index.php\\\/property_tag\\\/apartamento\\\/\",\"nextItem\":{\"@type\":\"ListItem\",\"@id\":\"https:\\\/\\\/costasonada.es\\\/index.php\\\/property\\\/e-2100-piso-en-alquiler-2h2b-100m2-benidorm\\\/#listItem\",\"name\":\"\\u20ac 2100, piso en alquiler, 2h2b, 100m2, Benidorm\"},\"previousItem\":{\"@type\":\"ListItem\",\"@id\":\"https:\\\/\\\/costasonada.es\\\/index.php\\\/property\\\/#listItem\",\"name\":\"Viviendas\"}},{\"@type\":\"ListItem\",\"@id\":\"https:\\\/\\\/costasonada.es\\\/index.php\\\/property\\\/e-2100-piso-en-alquiler-2h2b-100m2-benidorm\\\/#listItem\",\"position\":4,\"name\":\"\\u20ac 2100, piso en alquiler, 2h2b, 100m2, Benidorm\",\"previousItem\":{\"@type\":\"ListItem\",\"@id\":\"https:\\\/\\\/costasonada.es\\\/index.php\\\/property_tag\\\/apartamento\\\/#listItem\",\"name\":\"apartamento\"}}]},{\"@type\":\"Organization\",\"@id\":\"https:\\\/\\\/costasonada.es\\\/#organization\",\"name\":\"Costa So\\u00f1ada\",\"description\":\"Costa So\\u00f1ada, agencia inmobiliaria que trabaja en Altea, Altea Hills, Mascarat, Finestrat, y toda la Costa Blanca, con una gran variedad de propiedades de lujo.\",\"url\":\"https:\\\/\\\/costasonada.es\\\/\",\"telephone\":\"+34604289264\",\"logo\":{\"@type\":\"ImageObject\",\"url\":\"https:\\\/\\\/costasonada.es\\\/wp-content\\\/uploads\\\/2021\\\/09\\\/icon.png\",\"@id\":\"https:\\\/\\\/costasonada.es\\\/index.php\\\/property\\\/e-2100-piso-en-alquiler-2h2b-100m2-benidorm\\\/#organizationLogo\"},\"image\":{\"@id\":\"https:\\\/\\\/costasonada.es\\\/index.php\\\/property\\\/e-2100-piso-en-alquiler-2h2b-100m2-benidorm\\\/#organizationLogo\"},\"sameAs\":[\"https:\\\/\\\/www.facebook.com\\\/3DVirtualTour-299122470616861\",\"https:\\\/\\\/www.instagram.com\\\/3dvirtualtour.es\\\/\",\"https:\\\/\\\/www.youtube.com\\\/channel\\\/UCiGlx-_efwf-PwUYGx-ThzA\"]},{\"@type\":\"Person\",\"@id\":\"https:\\\/\\\/costasonada.es\\\/index.php\\\/author\\\/demian\\\/#author\",\"url\":\"https:\\\/\\\/costasonada.es\\\/index.php\\\/author\\\/demian\\\/\",\"name\":\"Demian Aleksiuk\",\"image\":{\"@type\":\"ImageObject\",\"@id\":\"https:\\\/\\\/costasonada.es\\\/index.php\\\/property\\\/e-2100-piso-en-alquiler-2h2b-100m2-benidorm\\\/#authorImage\",\"url\":\"https:\\\/\\\/costasonada.es\\\/wp-content\\\/litespeed\\\/avatar\\\/8fe50da88c935722026354ddfbff4bcc.jpg?ver=1788352023\",\"width\":96,\"height\":96,\"caption\":\"Demian Aleksiuk\"}},{\"@type\":\"WebPage\",\"@id\":\"https:\\\/\\\/costasonada.es\\\/index.php\\\/property\\\/e-2100-piso-en-alquiler-2h2b-100m2-benidorm\\\/#webpage\",\"url\":\"https:\\\/\\\/costasonada.es\\\/index.php\\\/property\\\/e-2100-piso-en-alquiler-2h2b-100m2-benidorm\\\/\",\"name\":\"\\u20ac 2100, piso en alquiler, 2h2b, 100m2, Benidorm - Inmobiliaria Costa So\\u00f1ada\",\"description\":\"CSD23679BA Disponible para alquiler de temporada desde septiembre hasta junio Descubre este magn\\u00edfico apartamento de 100 m\\u00b2 en Benidorm, ideal para disfrutar de una estancia c\\u00f3moda y relajada junto al mar. La vivienda cuenta con dos amplios dormitorios, dos ba\\u00f1os completos, un luminoso sal\\u00f3n-comedor y una moderna cocina totalmente equipada, dise\\u00f1ada para ofrecer el m\\u00e1ximo\",\"inLanguage\":\"es-ES\",\"isPartOf\":{\"@id\":\"https:\\\/\\\/costasonada.es\\\/#website\"},\"breadcrumb\":{\"@id\":\"https:\\\/\\\/costasonada.es\\\/index.php\\\/property\\\/e-2100-piso-en-alquiler-2h2b-100m2-benidorm\\\/#breadcrumblist\"},\"author\":{\"@id\":\"https:\\\/\\\/costasonada.es\\\/index.php\\\/author\\\/demian\\\/#author\"},\"creator\":{\"@id\":\"https:\\\/\\\/costasonada.es\\\/index.php\\\/author\\\/demian\\\/#author\"},\"image\":{\"@type\":\"ImageObject\",\"url\":\"https:\\\/\\\/costasonada.es\\\/wp-content\\\/uploads\\\/2026\\\/07\\\/INMOBILIARIA_COSTA_SONADA_ALQUILER_APARTAMENTO_BENIDORM-1.jpg\",\"@id\":\"https:\\\/\\\/costasonada.es\\\/index.php\\\/property\\\/e-2100-piso-en-alquiler-2h2b-100m2-benidorm\\\/#mainImage\",\"width\":1280,\"height\":720},\"primaryImageOfPage\":{\"@id\":\"https:\\\/\\\/costasonada.es\\\/index.php\\\/property\\\/e-2100-piso-en-alquiler-2h2b-100m2-benidorm\\\/#mainImage\"},\"datePublished\":\"2026-07-17T14:21:38+02:00\",\"dateModified\":\"2026-07-27T16:46:57+02:00\"},{\"@type\":\"WebSite\",\"@id\":\"https:\\\/\\\/costasonada.es\\\/#website\",\"url\":\"https:\\\/\\\/costasonada.es\\\/\",\"name\":\"3D Virtual Tour\",\"description\":\"Costa So\\u00f1ada, agencia inmobiliaria que trabaja en Altea, Altea Hills, Mascarat, Finestrat, y toda la Costa Blanca, con una gran variedad de propiedades de lujo.\",\"inLanguage\":\"es-ES\",\"publisher\":{\"@id\":\"https:\\\/\\\/costasonada.es\\\/#organization\"}}]}\n\t\t<\/script>\n\t\t<!-- All in One SEO -->\n\n","aioseo_head_json":{"title":"\u20ac 2100, piso en alquiler, 2h2b, 100m2, Benidorm - Inmobiliaria Costa So\u00f1ada","description":"CSD23679BA Disponible para alquiler de temporada desde septiembre hasta junio Descubre este magn\u00edfico apartamento de 100 m\u00b2 en Benidorm, ideal para disfrutar de una estancia c\u00f3moda y relajada junto al mar. La vivienda cuenta con dos amplios dormitorios, dos ba\u00f1os completos, un luminoso sal\u00f3n-comedor y una moderna cocina totalmente equipada, dise\u00f1ada para ofrecer el m\u00e1ximo","canonical_url":"https:\/\/costasonada.es\/index.php\/property\/e-2100-piso-en-alquiler-2h2b-100m2-benidorm\/","robots":"max-image-preview:large","keywords":"","webmasterTools":{"google-site-verification":"mukDF0U7Lr8beVLioCYFiSEkDFjcIPXQLR7s7jMEOjU","miscellaneous":""},"schema":{"@context":"https:\/\/schema.org","@graph":[{"@type":"BreadcrumbList","@id":"https:\/\/costasonada.es\/index.php\/property\/e-2100-piso-en-alquiler-2h2b-100m2-benidorm\/#breadcrumblist","itemListElement":[{"@type":"ListItem","@id":"https:\/\/costasonada.es#listItem","position":1,"name":"Home","item":"https:\/\/costasonada.es","nextItem":{"@type":"ListItem","@id":"https:\/\/costasonada.es\/index.php\/property\/#listItem","name":"Viviendas"}},{"@type":"ListItem","@id":"https:\/\/costasonada.es\/index.php\/property\/#listItem","position":2,"name":"Viviendas","item":"https:\/\/costasonada.es\/index.php\/property\/","nextItem":{"@type":"ListItem","@id":"https:\/\/costasonada.es\/index.php\/property_tag\/apartamento\/#listItem","name":"apartamento"},"previousItem":{"@type":"ListItem","@id":"https:\/\/costasonada.es#listItem","name":"Home"}},{"@type":"ListItem","@id":"https:\/\/costasonada.es\/index.php\/property_tag\/apartamento\/#listItem","position":3,"name":"apartamento","item":"https:\/\/costasonada.es\/index.php\/property_tag\/apartamento\/","nextItem":{"@type":"ListItem","@id":"https:\/\/costasonada.es\/index.php\/property\/e-2100-piso-en-alquiler-2h2b-100m2-benidorm\/#listItem","name":"\u20ac 2100, piso en alquiler, 2h2b, 100m2, Benidorm"},"previousItem":{"@type":"ListItem","@id":"https:\/\/costasonada.es\/index.php\/property\/#listItem","name":"Viviendas"}},{"@type":"ListItem","@id":"https:\/\/costasonada.es\/index.php\/property\/e-2100-piso-en-alquiler-2h2b-100m2-benidorm\/#listItem","position":4,"name":"\u20ac 2100, piso en alquiler, 2h2b, 100m2, Benidorm","previousItem":{"@type":"ListItem","@id":"https:\/\/costasonada.es\/index.php\/property_tag\/apartamento\/#listItem","name":"apartamento"}}]},{"@type":"Organization","@id":"https:\/\/costasonada.es\/#organization","name":"Costa So\u00f1ada","description":"Costa So\u00f1ada, agencia inmobiliaria que trabaja en Altea, Altea Hills, Mascarat, Finestrat, y toda la Costa Blanca, con una gran variedad de propiedades de lujo.","url":"https:\/\/costasonada.es\/","telephone":"+34604289264","logo":{"@type":"ImageObject","url":"https:\/\/costasonada.es\/wp-content\/uploads\/2021\/09\/icon.png","@id":"https:\/\/costasonada.es\/index.php\/property\/e-2100-piso-en-alquiler-2h2b-100m2-benidorm\/#organizationLogo"},"image":{"@id":"https:\/\/costasonada.es\/index.php\/property\/e-2100-piso-en-alquiler-2h2b-100m2-benidorm\/#organizationLogo"},"sameAs":["https:\/\/www.facebook.com\/3DVirtualTour-299122470616861","https:\/\/www.instagram.com\/3dvirtualtour.es\/","https:\/\/www.youtube.com\/channel\/UCiGlx-_efwf-PwUYGx-ThzA"]},{"@type":"Person","@id":"https:\/\/costasonada.es\/index.php\/author\/demian\/#author","url":"https:\/\/costasonada.es\/index.php\/author\/demian\/","name":"Demian Aleksiuk","image":{"@type":"ImageObject","@id":"https:\/\/costasonada.es\/index.php\/property\/e-2100-piso-en-alquiler-2h2b-100m2-benidorm\/#authorImage","url":"https:\/\/costasonada.es\/wp-content\/litespeed\/avatar\/8fe50da88c935722026354ddfbff4bcc.jpg?ver=1788352023","width":96,"height":96,"caption":"Demian Aleksiuk"}},{"@type":"WebPage","@id":"https:\/\/costasonada.es\/index.php\/property\/e-2100-piso-en-alquiler-2h2b-100m2-benidorm\/#webpage","url":"https:\/\/costasonada.es\/index.php\/property\/e-2100-piso-en-alquiler-2h2b-100m2-benidorm\/","name":"\u20ac 2100, piso en alquiler, 2h2b, 100m2, Benidorm - Inmobiliaria Costa So\u00f1ada","description":"CSD23679BA Disponible para alquiler de temporada desde septiembre hasta junio Descubre este magn\u00edfico apartamento de 100 m\u00b2 en Benidorm, ideal para disfrutar de una estancia c\u00f3moda y relajada junto al mar. La vivienda cuenta con dos amplios dormitorios, dos ba\u00f1os completos, un luminoso sal\u00f3n-comedor y una moderna cocina totalmente equipada, dise\u00f1ada para ofrecer el m\u00e1ximo","inLanguage":"es-ES","isPartOf":{"@id":"https:\/\/costasonada.es\/#website"},"breadcrumb":{"@id":"https:\/\/costasonada.es\/index.php\/property\/e-2100-piso-en-alquiler-2h2b-100m2-benidorm\/#breadcrumblist"},"author":{"@id":"https:\/\/costasonada.es\/index.php\/author\/demian\/#author"},"creator":{"@id":"https:\/\/costasonada.es\/index.php\/author\/demian\/#author"},"image":{"@type":"ImageObject","url":"https:\/\/costasonada.es\/wp-content\/uploads\/2026\/07\/INMOBILIARIA_COSTA_SONADA_ALQUILER_APARTAMENTO_BENIDORM-1.jpg","@id":"https:\/\/costasonada.es\/index.php\/property\/e-2100-piso-en-alquiler-2h2b-100m2-benidorm\/#mainImage","width":1280,"height":720},"primaryImageOfPage":{"@id":"https:\/\/costasonada.es\/index.php\/property\/e-2100-piso-en-alquiler-2h2b-100m2-benidorm\/#mainImage"},"datePublished":"2026-07-17T14:21:38+02:00","dateModified":"2026-07-27T16:46:57+02:00"},{"@type":"WebSite","@id":"https:\/\/costasonada.es\/#website","url":"https:\/\/costasonada.es\/","name":"3D Virtual Tour","description":"Costa So\u00f1ada, agencia inmobiliaria que trabaja en Altea, Altea Hills, Mascarat, Finestrat, y toda la Costa Blanca, con una gran variedad de propiedades de lujo.","inLanguage":"es-ES","publisher":{"@id":"https:\/\/costasonada.es\/#organization"}}]},"og:locale":"es_ES","og:site_name":"Inmobiliaria Costa So\u00f1ada - Costa So\u00f1ada, agencia inmobiliaria que trabaja en Altea, Altea Hills, Mascarat, Finestrat, y toda la Costa Blanca, con una gran variedad de propiedades de lujo.","og:type":"article","og:title":"\u20ac 2100, piso en alquiler, 2h2b, 100m2, Benidorm - Inmobiliaria Costa So\u00f1ada","og:description":"CSD23679BA Disponible para alquiler de temporada desde septiembre hasta junio Descubre este magn\u00edfico apartamento de 100 m\u00b2 en Benidorm, ideal para disfrutar de una estancia c\u00f3moda y relajada junto al mar. La vivienda cuenta con dos amplios dormitorios, dos ba\u00f1os completos, un luminoso sal\u00f3n-comedor y una moderna cocina totalmente equipada, dise\u00f1ada para ofrecer el m\u00e1ximo","og:url":"https:\/\/costasonada.es\/index.php\/property\/e-2100-piso-en-alquiler-2h2b-100m2-benidorm\/","og:image":"https:\/\/costasonada.es\/wp-content\/uploads\/2026\/07\/INMOBILIARIA_COSTA_SONADA_ALQUILER_APARTAMENTO_BENIDORM-1.jpg","og:image:secure_url":"https:\/\/costasonada.es\/wp-content\/uploads\/2026\/07\/INMOBILIARIA_COSTA_SONADA_ALQUILER_APARTAMENTO_BENIDORM-1.jpg","og:image:width":1280,"og:image:height":720,"article:published_time":"2026-07-17T12:21:38+00:00","article:modified_time":"2026-07-27T14:46:57+00:00","article:publisher":"https:\/\/www.facebook.com\/3DVirtualTour-299122470616861","twitter:card":"summary","twitter:title":"\u20ac 2100, piso en alquiler, 2h2b, 100m2, Benidorm - Inmobiliaria Costa So\u00f1ada","twitter:description":"CSD23679BA Disponible para alquiler de temporada desde septiembre hasta junio Descubre este magn\u00edfico apartamento de 100 m\u00b2 en Benidorm, ideal para disfrutar de una estancia c\u00f3moda y relajada junto al mar. La vivienda cuenta con dos amplios dormitorios, dos ba\u00f1os completos, un luminoso sal\u00f3n-comedor y una moderna cocina totalmente equipada, dise\u00f1ada para ofrecer el m\u00e1ximo","twitter:image":"https:\/\/costasonada.es\/wp-content\/uploads\/2026\/07\/INMOBILIARIA_COSTA_SONADA_ALQUILER_APARTAMENTO_BENIDORM-1.jpg"},"aioseo_meta_data":{"post_id":"23679","title":null,"description":null,"keywords":null,"keyphrases":{"focus":[],"additional":[]},"primary_term":null,"canonical_url":null,"og_title":null,"og_description":null,"og_object_type":"default","og_image_type":"default","og_image_url":null,"og_image_width":null,"og_image_height":null,"og_image_custom_url":null,"og_image_custom_fields":null,"og_video":"","og_custom_url":null,"og_article_section":null,"og_article_tags":null,"twitter_use_og":false,"twitter_card":"default","twitter_image_type":"default","twitter_image_url":null,"twitter_image_custom_url":null,"twitter_image_custom_fields":null,"twitter_title":null,"twitter_description":null,"schema":{"blockGraphs":[],"customGraphs":[],"default":{"data":{"Article":[],"Course":[],"Dataset":[],"FAQPage":[],"Movie":[],"Person":[],"Product":[],"ProductReview":[],"Car":[],"Recipe":[],"Service":[],"SoftwareApplication":[],"WebPage":[]},"graphName":"WebPage","isEnabled":true},"graphs":[]},"schema_type":"default","schema_type_options":null,"pillar_content":false,"robots_default":true,"robots_noindex":false,"robots_noarchive":false,"robots_nosnippet":false,"robots_nofollow":false,"robots_noimageindex":false,"robots_noodp":false,"robots_notranslate":false,"robots_max_snippet":"-1","robots_max_videopreview":"-1","robots_max_imagepreview":"large","priority":null,"frequency":"default","local_seo":null,"breadcrumb_settings":null,"limit_modified_date":false,"ai":{"faqs":[],"keyPoints":[],"schemas":[],"titles":[],"descriptions":[],"socialPosts":{"email":[],"linkedin":[],"twitter":[],"facebook":[],"instagram":[]}},"created":"2026-07-17 12:21:38","updated":"2026-09-02 16:19:22","seo_analyzer_scan_date":null,"focus_keyword":null,"additional_keywords":null,"truseo_locale":null},"aioseo_breadcrumb":"<div class=\"aioseo-breadcrumbs\"><span class=\"aioseo-breadcrumb\">\n\t\t\t<a href=\"https:\/\/costasonada.es\" title=\"Home\">Home<\/a>\n\t\t<\/span><span class=\"aioseo-breadcrumb-separator\">&raquo;<\/span><span class=\"aioseo-breadcrumb\">\n\t\t\t<a href=\"https:\/\/costasonada.es\/index.php\/property\/\" title=\"Viviendas\">Viviendas<\/a>\n\t\t<\/span><span class=\"aioseo-breadcrumb-separator\">&raquo;<\/span><span class=\"aioseo-breadcrumb\">\n\t\t\t<a href=\"https:\/\/costasonada.es\/index.php\/property_tag\/apartamento\/\" title=\"apartamento\">apartamento<\/a>\n\t\t<\/span><span class=\"aioseo-breadcrumb-separator\">&raquo;<\/span><span class=\"aioseo-breadcrumb\">\n\t\t\t\u20ac 2100, piso en alquiler, 2h2b, 100m2, Benidorm\n\t\t<\/span><\/div>","aioseo_breadcrumb_json":[{"label":"Home","link":"https:\/\/costasonada.es"},{"label":"Viviendas","link":"https:\/\/costasonada.es\/index.php\/property\/"},{"label":"apartamento","link":"https:\/\/costasonada.es\/index.php\/property_tag\/apartamento\/"},{"label":"\u20ac 2100, piso en alquiler, 2h2b, 100m2, Benidorm","link":"https:\/\/costasonada.es\/index.php\/property\/e-2100-piso-en-alquiler-2h2b-100m2-benidorm\/"}],"_links":{"self":[{"href":"https:\/\/costasonada.es\/index.php\/wp-json\/wp\/v2\/properties\/23679","targetHints":{"allow":["GET"]}}],"collection":[{"href":"https:\/\/costasonada.es\/index.php\/wp-json\/wp\/v2\/properties"}],"about":[{"href":"https:\/\/costasonada.es\/index.php\/wp-json\/wp\/v2\/types\/rem_property"}],"author":[{"embeddable":true,"href":"https:\/\/costasonada.es\/index.php\/wp-json\/wp\/v2\/users\/9"}],"wp:featuredmedia":[{"embeddable":true,"href":"https:\/\/costasonada.es\/index.php\/wp-json\/wp\/v2\/media\/23680"}],"wp:attachment":[{"href":"https:\/\/costasonada.es\/index.php\/wp-json\/wp\/v2\/media?parent=23679"}],"wp:term":[{"taxonomy":"rem_property_cat","embeddable":true,"href":"https:\/\/costasonada.es\/index.php\/wp-json\/wp\/v2\/rem_property_cat?post=23679"}],"curies":[{"name":"wp","href":"https:\/\/api.w.org\/{rel}","templated":true}]}}