{"id":25107,"date":"2026-09-01T13:12:24","date_gmt":"2026-09-01T11:12:24","guid":{"rendered":"https:\/\/costasonada.es\/?post_type=rem_property&#038;p=25107"},"modified":"2026-09-01T19:27:58","modified_gmt":"2026-09-01T17:27:58","slug":"e-950-piso-en-alquiler-1h-1b-65m2-benidorm","status":"publish","type":"rem_property","link":"https:\/\/costasonada.es\/index.php\/property\/e-950-piso-en-alquiler-1h-1b-65m2-benidorm\/","title":{"rendered":"\u20ac 950, Piso en alquiler, 1H\/1B, 45m2, Benidorm"},"content":{"rendered":"<p>CSN25107BM<\/p>\n<p>DISPONIBLE PARA ALQUILER DE OCTUBRE A JUNIO.<\/p>\n<p data-path-to-node=\"0\">Piso en alquiler en la zona de La Ermita, Benidorm, con vistas al skyline de la ciudad y a la monta\u00f1a.<\/p>\n<p data-path-to-node=\"1\">La vivienda cuenta con sal\u00f3n-comedor luminoso equipado con aire acondicionado split, sof\u00e1 cama, mesa de comedor de cristal y gran ventanal con acceso a la terraza exterior privada. La cocina es abierta al sal\u00f3n, amueblada en tonos azules y totalmente equipada con vitrocer\u00e1mica, horno, lavadora, microondas, freidora de aire y frigor\u00edfico combi. Suelos de m\u00e1rmol en todo el inmueble.<\/p>\n<p data-path-to-node=\"2\">Dispone de dormitorio principal con cama doble y armario empotrado, un ba\u00f1o completo con ba\u00f1era, bidet y encimera de m\u00e1rmol, y recibidor de entrada. La urbanizaci\u00f3n incluye piscina comunitaria circular en posici\u00f3n elevada con vistas panor\u00e1micas al mar.<\/p>\n","protected":false},"excerpt":{"rendered":"<p>CSN25107BM DISPONIBLE PARA ALQUILER DE OCTUBRE A JUNIO. Piso en alquiler en la zona de La Ermita, Benidorm, con vistas al skyline de la ciudad y a la monta\u00f1a. La vivienda cuenta con sal\u00f3n-comedor luminoso equipado con aire acondicionado split, sof\u00e1 cama, mesa de comedor de cristal y gran ventanal con acceso a la terraza exterior privada. La cocina es abierta al sal\u00f3n, amueblada en tonos azules y totalmente equipada con vitrocer\u00e1mica, horno, lavadora, microondas, freidora de aire y frigor\u00edfico combi. Suelos de m\u00e1rmol en todo el inmueble. Dispone de dormitorio principal con cama doble y armario empotrado, un ba\u00f1o completo con ba\u00f1era, bidet y<a class=\"more-link\" href=\"https:\/\/costasonada.es\/index.php\/property\/e-950-piso-en-alquiler-1h-1b-65m2-benidorm\/\"><span>Read More &rarr;<\/span><\/a><\/p>\n","protected":false},"author":3,"featured_media":25108,"parent":0,"menu_order":0,"template":"","rem_property_cat":[63],"class_list":["entry","author-3dvirtualtour","post-25107","rem_property","type-rem_property","status-publish","has-post-thumbnail","rem_property_tag-alquiler","rem_property_tag-apartamento","rem_property_tag-benidorm","rem_property_tag-costa-sonada","rem_property_cat-benitachell"],"aioseo_notices":[],"aioseo_head":"\n\t\t<!-- All in One SEO 5.0.1.1 - aioseo.com -->\n\t<meta name=\"description\" content=\"CSN25107BM DISPONIBLE PARA ALQUILER DE OCTUBRE A JUNIO. Piso en alquiler en la zona de La Ermita, Benidorm, con vistas al skyline de la ciudad y a la monta\u00f1a. La vivienda cuenta con sal\u00f3n-comedor luminoso equipado con aire acondicionado split, sof\u00e1 cama, mesa de comedor de cristal y gran ventanal con acceso a la terraza\" \/>\n\t<meta name=\"robots\" content=\"max-image-preview:large\" \/>\n\t<meta name=\"author\" content=\"Costa So\u00f1ada\"\/>\n\t<meta name=\"google-site-verification\" content=\"mukDF0U7Lr8beVLioCYFiSEkDFjcIPXQLR7s7jMEOjU\" \/>\n\t<link rel=\"canonical\" href=\"https:\/\/costasonada.es\/index.php\/property\/e-950-piso-en-alquiler-1h-1b-65m2-benidorm\/\" \/>\n\t<meta name=\"generator\" content=\"All in One SEO (AIOSEO) 5.0.1.1\" \/>\n\t\t<meta property=\"og:locale\" content=\"es_ES\" \/>\n\t\t<meta property=\"og:site_name\" content=\"Inmobiliaria Costa So\u00f1ada - Costa So\u00f1ada, agencia inmobiliaria que trabaja en Altea, Altea Hills, Mascarat, Finestrat, y toda la Costa Blanca, con una gran variedad de propiedades de lujo.\" \/>\n\t\t<meta property=\"og:type\" content=\"article\" \/>\n\t\t<meta property=\"og:title\" content=\"\u20ac 950, Piso en alquiler, 1H\/1B, 45m2, Benidorm - Inmobiliaria Costa So\u00f1ada\" \/>\n\t\t<meta property=\"og:description\" content=\"CSN25107BM DISPONIBLE PARA ALQUILER DE OCTUBRE A JUNIO. Piso en alquiler en la zona de La Ermita, Benidorm, con vistas al skyline de la ciudad y a la monta\u00f1a. La vivienda cuenta con sal\u00f3n-comedor luminoso equipado con aire acondicionado split, sof\u00e1 cama, mesa de comedor de cristal y gran ventanal con acceso a la terraza\" \/>\n\t\t<meta property=\"og:url\" content=\"https:\/\/costasonada.es\/index.php\/property\/e-950-piso-en-alquiler-1h-1b-65m2-benidorm\/\" \/>\n\t\t<meta property=\"og:image\" content=\"https:\/\/costasonada.es\/wp-content\/uploads\/2026\/09\/INMOBILIARIA_COSTA_SONADA_ALQUILER_BENIDORM-1.jpg\" \/>\n\t\t<meta property=\"og:image:secure_url\" content=\"https:\/\/costasonada.es\/wp-content\/uploads\/2026\/09\/INMOBILIARIA_COSTA_SONADA_ALQUILER_BENIDORM-1.jpg\" \/>\n\t\t<meta property=\"og:image:width\" content=\"1280\" \/>\n\t\t<meta property=\"og:image:height\" content=\"720\" \/>\n\t\t<meta property=\"article:published_time\" content=\"2026-09-01T11:12:24+00:00\" \/>\n\t\t<meta property=\"article:modified_time\" content=\"2026-09-01T17:27:58+00:00\" \/>\n\t\t<meta property=\"article:publisher\" content=\"https:\/\/www.facebook.com\/3DVirtualTour-299122470616861\" \/>\n\t\t<meta property=\"article:author\" content=\"3dvirtualinmo\" \/>\n\t\t<meta name=\"twitter:card\" content=\"summary\" \/>\n\t\t<meta name=\"twitter:title\" content=\"\u20ac 950, Piso en alquiler, 1H\/1B, 45m2, Benidorm - Inmobiliaria Costa So\u00f1ada\" \/>\n\t\t<meta name=\"twitter:description\" content=\"CSN25107BM DISPONIBLE PARA ALQUILER DE OCTUBRE A JUNIO. Piso en alquiler en la zona de La Ermita, Benidorm, con vistas al skyline de la ciudad y a la monta\u00f1a. La vivienda cuenta con sal\u00f3n-comedor luminoso equipado con aire acondicionado split, sof\u00e1 cama, mesa de comedor de cristal y gran ventanal con acceso a la terraza\" \/>\n\t\t<meta name=\"twitter:image\" content=\"https:\/\/costasonada.es\/wp-content\/uploads\/2026\/09\/INMOBILIARIA_COSTA_SONADA_ALQUILER_BENIDORM-1.jpg\" \/>\n\t\t<script type=\"application\/ld+json\" class=\"aioseo-schema\">\n\t\t\t{\"@context\":\"https:\\\/\\\/schema.org\",\"@graph\":[{\"@type\":\"BreadcrumbList\",\"@id\":\"https:\\\/\\\/costasonada.es\\\/index.php\\\/property\\\/e-950-piso-en-alquiler-1h-1b-65m2-benidorm\\\/#breadcrumblist\",\"itemListElement\":[{\"@type\":\"ListItem\",\"@id\":\"https:\\\/\\\/costasonada.es#listItem\",\"position\":1,\"name\":\"Home\",\"item\":\"https:\\\/\\\/costasonada.es\",\"nextItem\":{\"@type\":\"ListItem\",\"@id\":\"https:\\\/\\\/costasonada.es\\\/index.php\\\/property\\\/#listItem\",\"name\":\"Viviendas\"}},{\"@type\":\"ListItem\",\"@id\":\"https:\\\/\\\/costasonada.es\\\/index.php\\\/property\\\/#listItem\",\"position\":2,\"name\":\"Viviendas\",\"item\":\"https:\\\/\\\/costasonada.es\\\/index.php\\\/property\\\/\",\"nextItem\":{\"@type\":\"ListItem\",\"@id\":\"https:\\\/\\\/costasonada.es\\\/index.php\\\/property_tag\\\/apartamento\\\/#listItem\",\"name\":\"apartamento\"},\"previousItem\":{\"@type\":\"ListItem\",\"@id\":\"https:\\\/\\\/costasonada.es#listItem\",\"name\":\"Home\"}},{\"@type\":\"ListItem\",\"@id\":\"https:\\\/\\\/costasonada.es\\\/index.php\\\/property_tag\\\/apartamento\\\/#listItem\",\"position\":3,\"name\":\"apartamento\",\"item\":\"https:\\\/\\\/costasonada.es\\\/index.php\\\/property_tag\\\/apartamento\\\/\",\"nextItem\":{\"@type\":\"ListItem\",\"@id\":\"https:\\\/\\\/costasonada.es\\\/index.php\\\/property\\\/e-950-piso-en-alquiler-1h-1b-65m2-benidorm\\\/#listItem\",\"name\":\"\\u20ac 950, Piso en alquiler, 1H\\\/1B, 45m2, Benidorm\"},\"previousItem\":{\"@type\":\"ListItem\",\"@id\":\"https:\\\/\\\/costasonada.es\\\/index.php\\\/property\\\/#listItem\",\"name\":\"Viviendas\"}},{\"@type\":\"ListItem\",\"@id\":\"https:\\\/\\\/costasonada.es\\\/index.php\\\/property\\\/e-950-piso-en-alquiler-1h-1b-65m2-benidorm\\\/#listItem\",\"position\":4,\"name\":\"\\u20ac 950, Piso en alquiler, 1H\\\/1B, 45m2, Benidorm\",\"previousItem\":{\"@type\":\"ListItem\",\"@id\":\"https:\\\/\\\/costasonada.es\\\/index.php\\\/property_tag\\\/apartamento\\\/#listItem\",\"name\":\"apartamento\"}}]},{\"@type\":\"Organization\",\"@id\":\"https:\\\/\\\/costasonada.es\\\/#organization\",\"name\":\"Costa So\\u00f1ada\",\"description\":\"Costa So\\u00f1ada, agencia inmobiliaria que trabaja en Altea, Altea Hills, Mascarat, Finestrat, y toda la Costa Blanca, con una gran variedad de propiedades de lujo.\",\"url\":\"https:\\\/\\\/costasonada.es\\\/\",\"telephone\":\"+34604289264\",\"logo\":{\"@type\":\"ImageObject\",\"url\":\"https:\\\/\\\/costasonada.es\\\/wp-content\\\/uploads\\\/2021\\\/09\\\/icon.png\",\"@id\":\"https:\\\/\\\/costasonada.es\\\/index.php\\\/property\\\/e-950-piso-en-alquiler-1h-1b-65m2-benidorm\\\/#organizationLogo\"},\"image\":{\"@id\":\"https:\\\/\\\/costasonada.es\\\/index.php\\\/property\\\/e-950-piso-en-alquiler-1h-1b-65m2-benidorm\\\/#organizationLogo\"},\"sameAs\":[\"https:\\\/\\\/www.facebook.com\\\/3DVirtualTour-299122470616861\",\"https:\\\/\\\/www.instagram.com\\\/3dvirtualtour.es\\\/\",\"https:\\\/\\\/www.youtube.com\\\/channel\\\/UCiGlx-_efwf-PwUYGx-ThzA\"]},{\"@type\":\"Person\",\"@id\":\"https:\\\/\\\/costasonada.es\\\/index.php\\\/author\\\/3dvirtualtour\\\/#author\",\"url\":\"https:\\\/\\\/costasonada.es\\\/index.php\\\/author\\\/3dvirtualtour\\\/\",\"name\":\"Costa So\\u00f1ada\",\"image\":{\"@type\":\"ImageObject\",\"@id\":\"https:\\\/\\\/costasonada.es\\\/index.php\\\/property\\\/e-950-piso-en-alquiler-1h-1b-65m2-benidorm\\\/#authorImage\",\"url\":\"https:\\\/\\\/costasonada.es\\\/wp-content\\\/litespeed\\\/avatar\\\/34065bddd5e2947ec794ad0a84970d01.jpg?ver=1788349508\",\"width\":96,\"height\":96,\"caption\":\"Costa So\\u00f1ada\"},\"sameAs\":[\"3dvirtualinmo\"]},{\"@type\":\"WebPage\",\"@id\":\"https:\\\/\\\/costasonada.es\\\/index.php\\\/property\\\/e-950-piso-en-alquiler-1h-1b-65m2-benidorm\\\/#webpage\",\"url\":\"https:\\\/\\\/costasonada.es\\\/index.php\\\/property\\\/e-950-piso-en-alquiler-1h-1b-65m2-benidorm\\\/\",\"name\":\"\\u20ac 950, Piso en alquiler, 1H\\\/1B, 45m2, Benidorm - Inmobiliaria Costa So\\u00f1ada\",\"description\":\"CSN25107BM DISPONIBLE PARA ALQUILER DE OCTUBRE A JUNIO. Piso en alquiler en la zona de La Ermita, Benidorm, con vistas al skyline de la ciudad y a la monta\\u00f1a. La vivienda cuenta con sal\\u00f3n-comedor luminoso equipado con aire acondicionado split, sof\\u00e1 cama, mesa de comedor de cristal y gran ventanal con acceso a la terraza\",\"inLanguage\":\"es-ES\",\"isPartOf\":{\"@id\":\"https:\\\/\\\/costasonada.es\\\/#website\"},\"breadcrumb\":{\"@id\":\"https:\\\/\\\/costasonada.es\\\/index.php\\\/property\\\/e-950-piso-en-alquiler-1h-1b-65m2-benidorm\\\/#breadcrumblist\"},\"author\":{\"@id\":\"https:\\\/\\\/costasonada.es\\\/index.php\\\/author\\\/3dvirtualtour\\\/#author\"},\"creator\":{\"@id\":\"https:\\\/\\\/costasonada.es\\\/index.php\\\/author\\\/3dvirtualtour\\\/#author\"},\"image\":{\"@type\":\"ImageObject\",\"url\":\"https:\\\/\\\/costasonada.es\\\/wp-content\\\/uploads\\\/2026\\\/09\\\/INMOBILIARIA_COSTA_SONADA_ALQUILER_BENIDORM-1.jpg\",\"@id\":\"https:\\\/\\\/costasonada.es\\\/index.php\\\/property\\\/e-950-piso-en-alquiler-1h-1b-65m2-benidorm\\\/#mainImage\",\"width\":1280,\"height\":720},\"primaryImageOfPage\":{\"@id\":\"https:\\\/\\\/costasonada.es\\\/index.php\\\/property\\\/e-950-piso-en-alquiler-1h-1b-65m2-benidorm\\\/#mainImage\"},\"datePublished\":\"2026-09-01T13:12:24+02:00\",\"dateModified\":\"2026-09-01T19:27:58+02:00\"},{\"@type\":\"WebSite\",\"@id\":\"https:\\\/\\\/costasonada.es\\\/#website\",\"url\":\"https:\\\/\\\/costasonada.es\\\/\",\"name\":\"3D Virtual Tour\",\"description\":\"Costa So\\u00f1ada, agencia inmobiliaria que trabaja en Altea, Altea Hills, Mascarat, Finestrat, y toda la Costa Blanca, con una gran variedad de propiedades de lujo.\",\"inLanguage\":\"es-ES\",\"publisher\":{\"@id\":\"https:\\\/\\\/costasonada.es\\\/#organization\"}}]}\n\t\t<\/script>\n\t\t<!-- All in One SEO -->\n\n","aioseo_head_json":{"title":"\u20ac 950, Piso en alquiler, 1H\/1B, 45m2, Benidorm - Inmobiliaria Costa So\u00f1ada","description":"CSN25107BM DISPONIBLE PARA ALQUILER DE OCTUBRE A JUNIO. Piso en alquiler en la zona de La Ermita, Benidorm, con vistas al skyline de la ciudad y a la monta\u00f1a. La vivienda cuenta con sal\u00f3n-comedor luminoso equipado con aire acondicionado split, sof\u00e1 cama, mesa de comedor de cristal y gran ventanal con acceso a la terraza","canonical_url":"https:\/\/costasonada.es\/index.php\/property\/e-950-piso-en-alquiler-1h-1b-65m2-benidorm\/","robots":"max-image-preview:large","keywords":"","webmasterTools":{"google-site-verification":"mukDF0U7Lr8beVLioCYFiSEkDFjcIPXQLR7s7jMEOjU","miscellaneous":""},"schema":{"@context":"https:\/\/schema.org","@graph":[{"@type":"BreadcrumbList","@id":"https:\/\/costasonada.es\/index.php\/property\/e-950-piso-en-alquiler-1h-1b-65m2-benidorm\/#breadcrumblist","itemListElement":[{"@type":"ListItem","@id":"https:\/\/costasonada.es#listItem","position":1,"name":"Home","item":"https:\/\/costasonada.es","nextItem":{"@type":"ListItem","@id":"https:\/\/costasonada.es\/index.php\/property\/#listItem","name":"Viviendas"}},{"@type":"ListItem","@id":"https:\/\/costasonada.es\/index.php\/property\/#listItem","position":2,"name":"Viviendas","item":"https:\/\/costasonada.es\/index.php\/property\/","nextItem":{"@type":"ListItem","@id":"https:\/\/costasonada.es\/index.php\/property_tag\/apartamento\/#listItem","name":"apartamento"},"previousItem":{"@type":"ListItem","@id":"https:\/\/costasonada.es#listItem","name":"Home"}},{"@type":"ListItem","@id":"https:\/\/costasonada.es\/index.php\/property_tag\/apartamento\/#listItem","position":3,"name":"apartamento","item":"https:\/\/costasonada.es\/index.php\/property_tag\/apartamento\/","nextItem":{"@type":"ListItem","@id":"https:\/\/costasonada.es\/index.php\/property\/e-950-piso-en-alquiler-1h-1b-65m2-benidorm\/#listItem","name":"\u20ac 950, Piso en alquiler, 1H\/1B, 45m2, Benidorm"},"previousItem":{"@type":"ListItem","@id":"https:\/\/costasonada.es\/index.php\/property\/#listItem","name":"Viviendas"}},{"@type":"ListItem","@id":"https:\/\/costasonada.es\/index.php\/property\/e-950-piso-en-alquiler-1h-1b-65m2-benidorm\/#listItem","position":4,"name":"\u20ac 950, Piso en alquiler, 1H\/1B, 45m2, Benidorm","previousItem":{"@type":"ListItem","@id":"https:\/\/costasonada.es\/index.php\/property_tag\/apartamento\/#listItem","name":"apartamento"}}]},{"@type":"Organization","@id":"https:\/\/costasonada.es\/#organization","name":"Costa So\u00f1ada","description":"Costa So\u00f1ada, agencia inmobiliaria que trabaja en Altea, Altea Hills, Mascarat, Finestrat, y toda la Costa Blanca, con una gran variedad de propiedades de lujo.","url":"https:\/\/costasonada.es\/","telephone":"+34604289264","logo":{"@type":"ImageObject","url":"https:\/\/costasonada.es\/wp-content\/uploads\/2021\/09\/icon.png","@id":"https:\/\/costasonada.es\/index.php\/property\/e-950-piso-en-alquiler-1h-1b-65m2-benidorm\/#organizationLogo"},"image":{"@id":"https:\/\/costasonada.es\/index.php\/property\/e-950-piso-en-alquiler-1h-1b-65m2-benidorm\/#organizationLogo"},"sameAs":["https:\/\/www.facebook.com\/3DVirtualTour-299122470616861","https:\/\/www.instagram.com\/3dvirtualtour.es\/","https:\/\/www.youtube.com\/channel\/UCiGlx-_efwf-PwUYGx-ThzA"]},{"@type":"Person","@id":"https:\/\/costasonada.es\/index.php\/author\/3dvirtualtour\/#author","url":"https:\/\/costasonada.es\/index.php\/author\/3dvirtualtour\/","name":"Costa So\u00f1ada","image":{"@type":"ImageObject","@id":"https:\/\/costasonada.es\/index.php\/property\/e-950-piso-en-alquiler-1h-1b-65m2-benidorm\/#authorImage","url":"https:\/\/costasonada.es\/wp-content\/litespeed\/avatar\/34065bddd5e2947ec794ad0a84970d01.jpg?ver=1788349508","width":96,"height":96,"caption":"Costa So\u00f1ada"},"sameAs":["3dvirtualinmo"]},{"@type":"WebPage","@id":"https:\/\/costasonada.es\/index.php\/property\/e-950-piso-en-alquiler-1h-1b-65m2-benidorm\/#webpage","url":"https:\/\/costasonada.es\/index.php\/property\/e-950-piso-en-alquiler-1h-1b-65m2-benidorm\/","name":"\u20ac 950, Piso en alquiler, 1H\/1B, 45m2, Benidorm - Inmobiliaria Costa So\u00f1ada","description":"CSN25107BM DISPONIBLE PARA ALQUILER DE OCTUBRE A JUNIO. Piso en alquiler en la zona de La Ermita, Benidorm, con vistas al skyline de la ciudad y a la monta\u00f1a. La vivienda cuenta con sal\u00f3n-comedor luminoso equipado con aire acondicionado split, sof\u00e1 cama, mesa de comedor de cristal y gran ventanal con acceso a la terraza","inLanguage":"es-ES","isPartOf":{"@id":"https:\/\/costasonada.es\/#website"},"breadcrumb":{"@id":"https:\/\/costasonada.es\/index.php\/property\/e-950-piso-en-alquiler-1h-1b-65m2-benidorm\/#breadcrumblist"},"author":{"@id":"https:\/\/costasonada.es\/index.php\/author\/3dvirtualtour\/#author"},"creator":{"@id":"https:\/\/costasonada.es\/index.php\/author\/3dvirtualtour\/#author"},"image":{"@type":"ImageObject","url":"https:\/\/costasonada.es\/wp-content\/uploads\/2026\/09\/INMOBILIARIA_COSTA_SONADA_ALQUILER_BENIDORM-1.jpg","@id":"https:\/\/costasonada.es\/index.php\/property\/e-950-piso-en-alquiler-1h-1b-65m2-benidorm\/#mainImage","width":1280,"height":720},"primaryImageOfPage":{"@id":"https:\/\/costasonada.es\/index.php\/property\/e-950-piso-en-alquiler-1h-1b-65m2-benidorm\/#mainImage"},"datePublished":"2026-09-01T13:12:24+02:00","dateModified":"2026-09-01T19:27:58+02:00"},{"@type":"WebSite","@id":"https:\/\/costasonada.es\/#website","url":"https:\/\/costasonada.es\/","name":"3D Virtual Tour","description":"Costa So\u00f1ada, agencia inmobiliaria que trabaja en Altea, Altea Hills, Mascarat, Finestrat, y toda la Costa Blanca, con una gran variedad de propiedades de lujo.","inLanguage":"es-ES","publisher":{"@id":"https:\/\/costasonada.es\/#organization"}}]},"og:locale":"es_ES","og:site_name":"Inmobiliaria Costa So\u00f1ada - Costa So\u00f1ada, agencia inmobiliaria que trabaja en Altea, Altea Hills, Mascarat, Finestrat, y toda la Costa Blanca, con una gran variedad de propiedades de lujo.","og:type":"article","og:title":"\u20ac 950, Piso en alquiler, 1H\/1B, 45m2, Benidorm - Inmobiliaria Costa So\u00f1ada","og:description":"CSN25107BM DISPONIBLE PARA ALQUILER DE OCTUBRE A JUNIO. Piso en alquiler en la zona de La Ermita, Benidorm, con vistas al skyline de la ciudad y a la monta\u00f1a. La vivienda cuenta con sal\u00f3n-comedor luminoso equipado con aire acondicionado split, sof\u00e1 cama, mesa de comedor de cristal y gran ventanal con acceso a la terraza","og:url":"https:\/\/costasonada.es\/index.php\/property\/e-950-piso-en-alquiler-1h-1b-65m2-benidorm\/","og:image":"https:\/\/costasonada.es\/wp-content\/uploads\/2026\/09\/INMOBILIARIA_COSTA_SONADA_ALQUILER_BENIDORM-1.jpg","og:image:secure_url":"https:\/\/costasonada.es\/wp-content\/uploads\/2026\/09\/INMOBILIARIA_COSTA_SONADA_ALQUILER_BENIDORM-1.jpg","og:image:width":1280,"og:image:height":720,"article:published_time":"2026-09-01T11:12:24+00:00","article:modified_time":"2026-09-01T17:27:58+00:00","article:publisher":"https:\/\/www.facebook.com\/3DVirtualTour-299122470616861","article:author":"3dvirtualinmo","twitter:card":"summary","twitter:title":"\u20ac 950, Piso en alquiler, 1H\/1B, 45m2, Benidorm - Inmobiliaria Costa So\u00f1ada","twitter:description":"CSN25107BM DISPONIBLE PARA ALQUILER DE OCTUBRE A JUNIO. Piso en alquiler en la zona de La Ermita, Benidorm, con vistas al skyline de la ciudad y a la monta\u00f1a. La vivienda cuenta con sal\u00f3n-comedor luminoso equipado con aire acondicionado split, sof\u00e1 cama, mesa de comedor de cristal y gran ventanal con acceso a la terraza","twitter:image":"https:\/\/costasonada.es\/wp-content\/uploads\/2026\/09\/INMOBILIARIA_COSTA_SONADA_ALQUILER_BENIDORM-1.jpg"},"aioseo_meta_data":{"post_id":"25107","title":null,"description":null,"keywords":null,"keyphrases":{"focus":[],"additional":[]},"primary_term":null,"canonical_url":null,"og_title":null,"og_description":null,"og_object_type":"default","og_image_type":"default","og_image_url":null,"og_image_width":null,"og_image_height":null,"og_image_custom_url":null,"og_image_custom_fields":null,"og_video":"","og_custom_url":null,"og_article_section":null,"og_article_tags":null,"twitter_use_og":false,"twitter_card":"default","twitter_image_type":"default","twitter_image_url":null,"twitter_image_custom_url":null,"twitter_image_custom_fields":null,"twitter_title":null,"twitter_description":null,"schema":{"blockGraphs":[],"customGraphs":[],"default":{"data":{"Article":[],"Course":[],"Dataset":[],"FAQPage":[],"Movie":[],"Person":[],"Product":[],"ProductReview":[],"Car":[],"Recipe":[],"Service":[],"SoftwareApplication":[],"WebPage":[]},"graphName":"WebPage","isEnabled":true},"graphs":[]},"schema_type":"default","schema_type_options":null,"pillar_content":false,"robots_default":true,"robots_noindex":false,"robots_noarchive":false,"robots_nosnippet":false,"robots_nofollow":false,"robots_noimageindex":false,"robots_noodp":false,"robots_notranslate":false,"robots_max_snippet":"-1","robots_max_videopreview":"-1","robots_max_imagepreview":"large","priority":null,"frequency":"default","local_seo":null,"breadcrumb_settings":null,"limit_modified_date":false,"ai":{"faqs":[],"keyPoints":[],"schemas":[],"titles":[],"descriptions":[],"socialPosts":{"email":[],"linkedin":[],"twitter":[],"facebook":[],"instagram":[]}},"created":"2026-09-01 11:12:24","updated":"2026-09-02 14:40:31","seo_analyzer_scan_date":null,"focus_keyword":null,"additional_keywords":null,"truseo_locale":null},"aioseo_breadcrumb":"<div class=\"aioseo-breadcrumbs\"><span class=\"aioseo-breadcrumb\">\n\t\t\t<a href=\"https:\/\/costasonada.es\" title=\"Home\">Home<\/a>\n\t\t<\/span><span class=\"aioseo-breadcrumb-separator\">&raquo;<\/span><span class=\"aioseo-breadcrumb\">\n\t\t\t<a href=\"https:\/\/costasonada.es\/index.php\/property\/\" title=\"Viviendas\">Viviendas<\/a>\n\t\t<\/span><span class=\"aioseo-breadcrumb-separator\">&raquo;<\/span><span class=\"aioseo-breadcrumb\">\n\t\t\t<a href=\"https:\/\/costasonada.es\/index.php\/property_tag\/apartamento\/\" title=\"apartamento\">apartamento<\/a>\n\t\t<\/span><span class=\"aioseo-breadcrumb-separator\">&raquo;<\/span><span class=\"aioseo-breadcrumb\">\n\t\t\t\u20ac 950, Piso en alquiler, 1H\/1B, 45m2, Benidorm\n\t\t<\/span><\/div>","aioseo_breadcrumb_json":[{"label":"Home","link":"https:\/\/costasonada.es"},{"label":"Viviendas","link":"https:\/\/costasonada.es\/index.php\/property\/"},{"label":"apartamento","link":"https:\/\/costasonada.es\/index.php\/property_tag\/apartamento\/"},{"label":"\u20ac 950, Piso en alquiler, 1H\/1B, 45m2, Benidorm","link":"https:\/\/costasonada.es\/index.php\/property\/e-950-piso-en-alquiler-1h-1b-65m2-benidorm\/"}],"_links":{"self":[{"href":"https:\/\/costasonada.es\/index.php\/wp-json\/wp\/v2\/properties\/25107","targetHints":{"allow":["GET"]}}],"collection":[{"href":"https:\/\/costasonada.es\/index.php\/wp-json\/wp\/v2\/properties"}],"about":[{"href":"https:\/\/costasonada.es\/index.php\/wp-json\/wp\/v2\/types\/rem_property"}],"author":[{"embeddable":true,"href":"https:\/\/costasonada.es\/index.php\/wp-json\/wp\/v2\/users\/3"}],"wp:featuredmedia":[{"embeddable":true,"href":"https:\/\/costasonada.es\/index.php\/wp-json\/wp\/v2\/media\/25108"}],"wp:attachment":[{"href":"https:\/\/costasonada.es\/index.php\/wp-json\/wp\/v2\/media?parent=25107"}],"wp:term":[{"taxonomy":"rem_property_cat","embeddable":true,"href":"https:\/\/costasonada.es\/index.php\/wp-json\/wp\/v2\/rem_property_cat?post=25107"}],"curies":[{"name":"wp","href":"https:\/\/api.w.org\/{rel}","templated":true}]}}