{"id":25122,"date":"2026-09-01T13:22:40","date_gmt":"2026-09-01T11:22:40","guid":{"rendered":"https:\/\/costasonada.es\/?post_type=rem_property&#038;p=25122"},"modified":"2026-09-01T13:22:40","modified_gmt":"2026-09-01T11:22:40","slug":"e-1100-casa-adosada-en-alquiler-2h-1b-benissa","status":"publish","type":"rem_property","link":"https:\/\/costasonada.es\/index.php\/property\/e-1100-casa-adosada-en-alquiler-2h-1b-benissa\/","title":{"rendered":"\u20ac 1100, Casa adosada en Alquiler, 2H\/1B, Benissa"},"content":{"rendered":"<p data-path-to-node=\"0\">CSN25122BE<\/p>\n<p data-path-to-node=\"0\">Disponible del 1 de septiembre 2026 al 30 de junio 2027<\/p>\n<p data-path-to-node=\"0\">Casa de campo\/chalet independiente ubicado en una parcela privada con piscina y terraza en zona r\u00fastica o residencial tranquila.<\/p>\n<p data-path-to-node=\"1\">La vivienda cuenta con una amplia zona de d\u00eda di\u00e1fana de concepto abierto que integra sal\u00f3n-comedor y cocina. El sal\u00f3n dispone de sof\u00e1 chaise longue gris, mueble de sal\u00f3n de madera maciza estilo r\u00fastico, aire acondicionado split, mesa r\u00fastica de madera con bancos y acceso a la terraza exterior. La cocina est\u00e1 completamente reformada y equipada con muebles blancos, bancada clara, horno, campana extractora de acero inoxidable, lavavajillas, lavadora integrada y frigor\u00edfico combi de acero inoxidable.<\/p>\n<p data-path-to-node=\"2\">El dormitorio dispone de cama doble, c\u00f3moda de madera maciza, ventilador de pie, ventana con contraventanas de madera y zona de vestidor\/armario abierto. El ba\u00f1o completo est\u00e1 equipado con ba\u00f1era con mampara de cristal, lavabo exento, retrete de dise\u00f1o moderno, mueble auxiliar de almacenamiento y revestimiento de azulejos r\u00fasticos decorativos.<\/p>\n<p data-path-to-node=\"3\">En el exterior, la propiedad ofrece un gran porche cubierto con p\u00e9rgola de madera y zona de comedor de verano, terraza pavimentada con tumbonas, punto de carga para veh\u00edculo el\u00e9ctrico, peque\u00f1a fuente decorativa y zona de piscina privada equipada con sol\u00e1rium y cama balinesa de bamb\u00fa. Suelos cer\u00e1micos gres en formato r\u00fastico en todo el interior y exterior.<\/p>\n","protected":false},"excerpt":{"rendered":"<p>CSN25122BE Disponible del 1 de septiembre 2026 al 30 de junio 2027 Casa de campo\/chalet independiente ubicado en una parcela privada con piscina y terraza en zona r\u00fastica o residencial tranquila. La vivienda cuenta con una amplia zona de d\u00eda di\u00e1fana de concepto abierto que integra sal\u00f3n-comedor y cocina. El sal\u00f3n dispone de sof\u00e1 chaise longue gris, mueble de sal\u00f3n de madera maciza estilo r\u00fastico, aire acondicionado split, mesa r\u00fastica de madera con bancos y acceso a la terraza exterior. La cocina est\u00e1 completamente reformada y equipada con muebles blancos, bancada clara, horno, campana extractora de acero inoxidable, lavavajillas, lavadora integrada y frigor\u00edfico combi de<a class=\"more-link\" href=\"https:\/\/costasonada.es\/index.php\/property\/e-1100-casa-adosada-en-alquiler-2h-1b-benissa\/\"><span>Read More &rarr;<\/span><\/a><\/p>\n","protected":false},"author":3,"featured_media":25129,"parent":0,"menu_order":0,"template":"","rem_property_cat":[62],"class_list":["entry","author-3dvirtualtour","post-25122","rem_property","type-rem_property","status-publish","has-post-thumbnail","rem_property_tag-alquiler","rem_property_tag-benissa","rem_property_tag-costa-sonada","rem_property_cat-benissa"],"aioseo_notices":[],"aioseo_head":"\n\t\t<!-- All in One SEO 5.0.1.1 - aioseo.com -->\n\t<meta name=\"description\" content=\"CSN25122BE Disponible del 1 de septiembre 2026 al 30 de junio 2027 Casa de campo\/chalet independiente ubicado en una parcela privada con piscina y terraza en zona r\u00fastica o residencial tranquila. La vivienda cuenta con una amplia zona de d\u00eda di\u00e1fana de concepto abierto que integra sal\u00f3n-comedor y cocina. El sal\u00f3n dispone de sof\u00e1 chaise\" \/>\n\t<meta name=\"robots\" content=\"max-image-preview:large\" \/>\n\t<meta name=\"author\" content=\"Costa So\u00f1ada\"\/>\n\t<meta name=\"google-site-verification\" content=\"mukDF0U7Lr8beVLioCYFiSEkDFjcIPXQLR7s7jMEOjU\" \/>\n\t<link rel=\"canonical\" href=\"https:\/\/costasonada.es\/index.php\/property\/e-1100-casa-adosada-en-alquiler-2h-1b-benissa\/\" \/>\n\t<meta name=\"generator\" content=\"All in One SEO (AIOSEO) 5.0.1.1\" \/>\n\t\t<meta property=\"og:locale\" content=\"es_ES\" \/>\n\t\t<meta property=\"og:site_name\" content=\"Inmobiliaria Costa So\u00f1ada - Costa So\u00f1ada, agencia inmobiliaria que trabaja en Altea, Altea Hills, Mascarat, Finestrat, y toda la Costa Blanca, con una gran variedad de propiedades de lujo.\" \/>\n\t\t<meta property=\"og:type\" content=\"article\" \/>\n\t\t<meta property=\"og:title\" content=\"\u20ac 1100, Casa adosada en Alquiler, 2H\/1B, Benissa - Inmobiliaria Costa So\u00f1ada\" \/>\n\t\t<meta property=\"og:description\" content=\"CSN25122BE Disponible del 1 de septiembre 2026 al 30 de junio 2027 Casa de campo\/chalet independiente ubicado en una parcela privada con piscina y terraza en zona r\u00fastica o residencial tranquila. La vivienda cuenta con una amplia zona de d\u00eda di\u00e1fana de concepto abierto que integra sal\u00f3n-comedor y cocina. El sal\u00f3n dispone de sof\u00e1 chaise\" \/>\n\t\t<meta property=\"og:url\" content=\"https:\/\/costasonada.es\/index.php\/property\/e-1100-casa-adosada-en-alquiler-2h-1b-benissa\/\" \/>\n\t\t<meta property=\"og:image\" content=\"https:\/\/costasonada.es\/wp-content\/uploads\/2026\/09\/IMG_2496.jpg\" \/>\n\t\t<meta property=\"og:image:secure_url\" content=\"https:\/\/costasonada.es\/wp-content\/uploads\/2026\/09\/IMG_2496.jpg\" \/>\n\t\t<meta property=\"og:image:width\" content=\"1280\" \/>\n\t\t<meta property=\"og:image:height\" content=\"720\" \/>\n\t\t<meta property=\"article:published_time\" content=\"2026-09-01T11:22:40+00:00\" \/>\n\t\t<meta property=\"article:modified_time\" content=\"2026-09-01T11:22:40+00:00\" \/>\n\t\t<meta property=\"article:publisher\" content=\"https:\/\/www.facebook.com\/3DVirtualTour-299122470616861\" \/>\n\t\t<meta property=\"article:author\" content=\"3dvirtualinmo\" \/>\n\t\t<meta name=\"twitter:card\" content=\"summary\" \/>\n\t\t<meta name=\"twitter:title\" content=\"\u20ac 1100, Casa adosada en Alquiler, 2H\/1B, Benissa - Inmobiliaria Costa So\u00f1ada\" \/>\n\t\t<meta name=\"twitter:description\" content=\"CSN25122BE Disponible del 1 de septiembre 2026 al 30 de junio 2027 Casa de campo\/chalet independiente ubicado en una parcela privada con piscina y terraza en zona r\u00fastica o residencial tranquila. La vivienda cuenta con una amplia zona de d\u00eda di\u00e1fana de concepto abierto que integra sal\u00f3n-comedor y cocina. El sal\u00f3n dispone de sof\u00e1 chaise\" \/>\n\t\t<meta name=\"twitter:image\" content=\"https:\/\/costasonada.es\/wp-content\/uploads\/2026\/09\/IMG_2496.jpg\" \/>\n\t\t<script type=\"application\/ld+json\" class=\"aioseo-schema\">\n\t\t\t{\"@context\":\"https:\\\/\\\/schema.org\",\"@graph\":[{\"@type\":\"BreadcrumbList\",\"@id\":\"https:\\\/\\\/costasonada.es\\\/index.php\\\/property\\\/e-1100-casa-adosada-en-alquiler-2h-1b-benissa\\\/#breadcrumblist\",\"itemListElement\":[{\"@type\":\"ListItem\",\"@id\":\"https:\\\/\\\/costasonada.es#listItem\",\"position\":1,\"name\":\"Home\",\"item\":\"https:\\\/\\\/costasonada.es\",\"nextItem\":{\"@type\":\"ListItem\",\"@id\":\"https:\\\/\\\/costasonada.es\\\/index.php\\\/property\\\/#listItem\",\"name\":\"Viviendas\"}},{\"@type\":\"ListItem\",\"@id\":\"https:\\\/\\\/costasonada.es\\\/index.php\\\/property\\\/#listItem\",\"position\":2,\"name\":\"Viviendas\",\"item\":\"https:\\\/\\\/costasonada.es\\\/index.php\\\/property\\\/\",\"nextItem\":{\"@type\":\"ListItem\",\"@id\":\"https:\\\/\\\/costasonada.es\\\/index.php\\\/property_tag\\\/alquiler\\\/#listItem\",\"name\":\"alquiler\"},\"previousItem\":{\"@type\":\"ListItem\",\"@id\":\"https:\\\/\\\/costasonada.es#listItem\",\"name\":\"Home\"}},{\"@type\":\"ListItem\",\"@id\":\"https:\\\/\\\/costasonada.es\\\/index.php\\\/property_tag\\\/alquiler\\\/#listItem\",\"position\":3,\"name\":\"alquiler\",\"item\":\"https:\\\/\\\/costasonada.es\\\/index.php\\\/property_tag\\\/alquiler\\\/\",\"nextItem\":{\"@type\":\"ListItem\",\"@id\":\"https:\\\/\\\/costasonada.es\\\/index.php\\\/property\\\/e-1100-casa-adosada-en-alquiler-2h-1b-benissa\\\/#listItem\",\"name\":\"\\u20ac 1100, Casa adosada en Alquiler, 2H\\\/1B, Benissa\"},\"previousItem\":{\"@type\":\"ListItem\",\"@id\":\"https:\\\/\\\/costasonada.es\\\/index.php\\\/property\\\/#listItem\",\"name\":\"Viviendas\"}},{\"@type\":\"ListItem\",\"@id\":\"https:\\\/\\\/costasonada.es\\\/index.php\\\/property\\\/e-1100-casa-adosada-en-alquiler-2h-1b-benissa\\\/#listItem\",\"position\":4,\"name\":\"\\u20ac 1100, Casa adosada en Alquiler, 2H\\\/1B, Benissa\",\"previousItem\":{\"@type\":\"ListItem\",\"@id\":\"https:\\\/\\\/costasonada.es\\\/index.php\\\/property_tag\\\/alquiler\\\/#listItem\",\"name\":\"alquiler\"}}]},{\"@type\":\"Organization\",\"@id\":\"https:\\\/\\\/costasonada.es\\\/#organization\",\"name\":\"Costa So\\u00f1ada\",\"description\":\"Costa So\\u00f1ada, agencia inmobiliaria que trabaja en Altea, Altea Hills, Mascarat, Finestrat, y toda la Costa Blanca, con una gran variedad de propiedades de lujo.\",\"url\":\"https:\\\/\\\/costasonada.es\\\/\",\"telephone\":\"+34604289264\",\"logo\":{\"@type\":\"ImageObject\",\"url\":\"https:\\\/\\\/costasonada.es\\\/wp-content\\\/uploads\\\/2021\\\/09\\\/icon.png\",\"@id\":\"https:\\\/\\\/costasonada.es\\\/index.php\\\/property\\\/e-1100-casa-adosada-en-alquiler-2h-1b-benissa\\\/#organizationLogo\"},\"image\":{\"@id\":\"https:\\\/\\\/costasonada.es\\\/index.php\\\/property\\\/e-1100-casa-adosada-en-alquiler-2h-1b-benissa\\\/#organizationLogo\"},\"sameAs\":[\"https:\\\/\\\/www.facebook.com\\\/3DVirtualTour-299122470616861\",\"https:\\\/\\\/www.instagram.com\\\/3dvirtualtour.es\\\/\",\"https:\\\/\\\/www.youtube.com\\\/channel\\\/UCiGlx-_efwf-PwUYGx-ThzA\"]},{\"@type\":\"Person\",\"@id\":\"https:\\\/\\\/costasonada.es\\\/index.php\\\/author\\\/3dvirtualtour\\\/#author\",\"url\":\"https:\\\/\\\/costasonada.es\\\/index.php\\\/author\\\/3dvirtualtour\\\/\",\"name\":\"Costa So\\u00f1ada\",\"image\":{\"@type\":\"ImageObject\",\"@id\":\"https:\\\/\\\/costasonada.es\\\/index.php\\\/property\\\/e-1100-casa-adosada-en-alquiler-2h-1b-benissa\\\/#authorImage\",\"url\":\"https:\\\/\\\/costasonada.es\\\/wp-content\\\/litespeed\\\/avatar\\\/34065bddd5e2947ec794ad0a84970d01.jpg?ver=1788349508\",\"width\":96,\"height\":96,\"caption\":\"Costa So\\u00f1ada\"},\"sameAs\":[\"3dvirtualinmo\"]},{\"@type\":\"WebPage\",\"@id\":\"https:\\\/\\\/costasonada.es\\\/index.php\\\/property\\\/e-1100-casa-adosada-en-alquiler-2h-1b-benissa\\\/#webpage\",\"url\":\"https:\\\/\\\/costasonada.es\\\/index.php\\\/property\\\/e-1100-casa-adosada-en-alquiler-2h-1b-benissa\\\/\",\"name\":\"\\u20ac 1100, Casa adosada en Alquiler, 2H\\\/1B, Benissa - Inmobiliaria Costa So\\u00f1ada\",\"description\":\"CSN25122BE Disponible del 1 de septiembre 2026 al 30 de junio 2027 Casa de campo\\\/chalet independiente ubicado en una parcela privada con piscina y terraza en zona r\\u00fastica o residencial tranquila. La vivienda cuenta con una amplia zona de d\\u00eda di\\u00e1fana de concepto abierto que integra sal\\u00f3n-comedor y cocina. El sal\\u00f3n dispone de sof\\u00e1 chaise\",\"inLanguage\":\"es-ES\",\"isPartOf\":{\"@id\":\"https:\\\/\\\/costasonada.es\\\/#website\"},\"breadcrumb\":{\"@id\":\"https:\\\/\\\/costasonada.es\\\/index.php\\\/property\\\/e-1100-casa-adosada-en-alquiler-2h-1b-benissa\\\/#breadcrumblist\"},\"author\":{\"@id\":\"https:\\\/\\\/costasonada.es\\\/index.php\\\/author\\\/3dvirtualtour\\\/#author\"},\"creator\":{\"@id\":\"https:\\\/\\\/costasonada.es\\\/index.php\\\/author\\\/3dvirtualtour\\\/#author\"},\"image\":{\"@type\":\"ImageObject\",\"url\":\"https:\\\/\\\/costasonada.es\\\/wp-content\\\/uploads\\\/2026\\\/09\\\/IMG_2496.jpg\",\"@id\":\"https:\\\/\\\/costasonada.es\\\/index.php\\\/property\\\/e-1100-casa-adosada-en-alquiler-2h-1b-benissa\\\/#mainImage\",\"width\":1280,\"height\":720},\"primaryImageOfPage\":{\"@id\":\"https:\\\/\\\/costasonada.es\\\/index.php\\\/property\\\/e-1100-casa-adosada-en-alquiler-2h-1b-benissa\\\/#mainImage\"},\"datePublished\":\"2026-09-01T13:22:40+02:00\",\"dateModified\":\"2026-09-01T13:22:40+02:00\"},{\"@type\":\"WebSite\",\"@id\":\"https:\\\/\\\/costasonada.es\\\/#website\",\"url\":\"https:\\\/\\\/costasonada.es\\\/\",\"name\":\"3D Virtual Tour\",\"description\":\"Costa So\\u00f1ada, agencia inmobiliaria que trabaja en Altea, Altea Hills, Mascarat, Finestrat, y toda la Costa Blanca, con una gran variedad de propiedades de lujo.\",\"inLanguage\":\"es-ES\",\"publisher\":{\"@id\":\"https:\\\/\\\/costasonada.es\\\/#organization\"}}]}\n\t\t<\/script>\n\t\t<!-- All in One SEO -->\n\n","aioseo_head_json":{"title":"\u20ac 1100, Casa adosada en Alquiler, 2H\/1B, Benissa - Inmobiliaria Costa So\u00f1ada","description":"CSN25122BE Disponible del 1 de septiembre 2026 al 30 de junio 2027 Casa de campo\/chalet independiente ubicado en una parcela privada con piscina y terraza en zona r\u00fastica o residencial tranquila. La vivienda cuenta con una amplia zona de d\u00eda di\u00e1fana de concepto abierto que integra sal\u00f3n-comedor y cocina. El sal\u00f3n dispone de sof\u00e1 chaise","canonical_url":"https:\/\/costasonada.es\/index.php\/property\/e-1100-casa-adosada-en-alquiler-2h-1b-benissa\/","robots":"max-image-preview:large","keywords":"","webmasterTools":{"google-site-verification":"mukDF0U7Lr8beVLioCYFiSEkDFjcIPXQLR7s7jMEOjU","miscellaneous":""},"schema":{"@context":"https:\/\/schema.org","@graph":[{"@type":"BreadcrumbList","@id":"https:\/\/costasonada.es\/index.php\/property\/e-1100-casa-adosada-en-alquiler-2h-1b-benissa\/#breadcrumblist","itemListElement":[{"@type":"ListItem","@id":"https:\/\/costasonada.es#listItem","position":1,"name":"Home","item":"https:\/\/costasonada.es","nextItem":{"@type":"ListItem","@id":"https:\/\/costasonada.es\/index.php\/property\/#listItem","name":"Viviendas"}},{"@type":"ListItem","@id":"https:\/\/costasonada.es\/index.php\/property\/#listItem","position":2,"name":"Viviendas","item":"https:\/\/costasonada.es\/index.php\/property\/","nextItem":{"@type":"ListItem","@id":"https:\/\/costasonada.es\/index.php\/property_tag\/alquiler\/#listItem","name":"alquiler"},"previousItem":{"@type":"ListItem","@id":"https:\/\/costasonada.es#listItem","name":"Home"}},{"@type":"ListItem","@id":"https:\/\/costasonada.es\/index.php\/property_tag\/alquiler\/#listItem","position":3,"name":"alquiler","item":"https:\/\/costasonada.es\/index.php\/property_tag\/alquiler\/","nextItem":{"@type":"ListItem","@id":"https:\/\/costasonada.es\/index.php\/property\/e-1100-casa-adosada-en-alquiler-2h-1b-benissa\/#listItem","name":"\u20ac 1100, Casa adosada en Alquiler, 2H\/1B, Benissa"},"previousItem":{"@type":"ListItem","@id":"https:\/\/costasonada.es\/index.php\/property\/#listItem","name":"Viviendas"}},{"@type":"ListItem","@id":"https:\/\/costasonada.es\/index.php\/property\/e-1100-casa-adosada-en-alquiler-2h-1b-benissa\/#listItem","position":4,"name":"\u20ac 1100, Casa adosada en Alquiler, 2H\/1B, Benissa","previousItem":{"@type":"ListItem","@id":"https:\/\/costasonada.es\/index.php\/property_tag\/alquiler\/#listItem","name":"alquiler"}}]},{"@type":"Organization","@id":"https:\/\/costasonada.es\/#organization","name":"Costa So\u00f1ada","description":"Costa So\u00f1ada, agencia inmobiliaria que trabaja en Altea, Altea Hills, Mascarat, Finestrat, y toda la Costa Blanca, con una gran variedad de propiedades de lujo.","url":"https:\/\/costasonada.es\/","telephone":"+34604289264","logo":{"@type":"ImageObject","url":"https:\/\/costasonada.es\/wp-content\/uploads\/2021\/09\/icon.png","@id":"https:\/\/costasonada.es\/index.php\/property\/e-1100-casa-adosada-en-alquiler-2h-1b-benissa\/#organizationLogo"},"image":{"@id":"https:\/\/costasonada.es\/index.php\/property\/e-1100-casa-adosada-en-alquiler-2h-1b-benissa\/#organizationLogo"},"sameAs":["https:\/\/www.facebook.com\/3DVirtualTour-299122470616861","https:\/\/www.instagram.com\/3dvirtualtour.es\/","https:\/\/www.youtube.com\/channel\/UCiGlx-_efwf-PwUYGx-ThzA"]},{"@type":"Person","@id":"https:\/\/costasonada.es\/index.php\/author\/3dvirtualtour\/#author","url":"https:\/\/costasonada.es\/index.php\/author\/3dvirtualtour\/","name":"Costa So\u00f1ada","image":{"@type":"ImageObject","@id":"https:\/\/costasonada.es\/index.php\/property\/e-1100-casa-adosada-en-alquiler-2h-1b-benissa\/#authorImage","url":"https:\/\/costasonada.es\/wp-content\/litespeed\/avatar\/34065bddd5e2947ec794ad0a84970d01.jpg?ver=1788349508","width":96,"height":96,"caption":"Costa So\u00f1ada"},"sameAs":["3dvirtualinmo"]},{"@type":"WebPage","@id":"https:\/\/costasonada.es\/index.php\/property\/e-1100-casa-adosada-en-alquiler-2h-1b-benissa\/#webpage","url":"https:\/\/costasonada.es\/index.php\/property\/e-1100-casa-adosada-en-alquiler-2h-1b-benissa\/","name":"\u20ac 1100, Casa adosada en Alquiler, 2H\/1B, Benissa - Inmobiliaria Costa So\u00f1ada","description":"CSN25122BE Disponible del 1 de septiembre 2026 al 30 de junio 2027 Casa de campo\/chalet independiente ubicado en una parcela privada con piscina y terraza en zona r\u00fastica o residencial tranquila. La vivienda cuenta con una amplia zona de d\u00eda di\u00e1fana de concepto abierto que integra sal\u00f3n-comedor y cocina. El sal\u00f3n dispone de sof\u00e1 chaise","inLanguage":"es-ES","isPartOf":{"@id":"https:\/\/costasonada.es\/#website"},"breadcrumb":{"@id":"https:\/\/costasonada.es\/index.php\/property\/e-1100-casa-adosada-en-alquiler-2h-1b-benissa\/#breadcrumblist"},"author":{"@id":"https:\/\/costasonada.es\/index.php\/author\/3dvirtualtour\/#author"},"creator":{"@id":"https:\/\/costasonada.es\/index.php\/author\/3dvirtualtour\/#author"},"image":{"@type":"ImageObject","url":"https:\/\/costasonada.es\/wp-content\/uploads\/2026\/09\/IMG_2496.jpg","@id":"https:\/\/costasonada.es\/index.php\/property\/e-1100-casa-adosada-en-alquiler-2h-1b-benissa\/#mainImage","width":1280,"height":720},"primaryImageOfPage":{"@id":"https:\/\/costasonada.es\/index.php\/property\/e-1100-casa-adosada-en-alquiler-2h-1b-benissa\/#mainImage"},"datePublished":"2026-09-01T13:22:40+02:00","dateModified":"2026-09-01T13:22:40+02:00"},{"@type":"WebSite","@id":"https:\/\/costasonada.es\/#website","url":"https:\/\/costasonada.es\/","name":"3D Virtual Tour","description":"Costa So\u00f1ada, agencia inmobiliaria que trabaja en Altea, Altea Hills, Mascarat, Finestrat, y toda la Costa Blanca, con una gran variedad de propiedades de lujo.","inLanguage":"es-ES","publisher":{"@id":"https:\/\/costasonada.es\/#organization"}}]},"og:locale":"es_ES","og:site_name":"Inmobiliaria Costa So\u00f1ada - Costa So\u00f1ada, agencia inmobiliaria que trabaja en Altea, Altea Hills, Mascarat, Finestrat, y toda la Costa Blanca, con una gran variedad de propiedades de lujo.","og:type":"article","og:title":"\u20ac 1100, Casa adosada en Alquiler, 2H\/1B, Benissa - Inmobiliaria Costa So\u00f1ada","og:description":"CSN25122BE Disponible del 1 de septiembre 2026 al 30 de junio 2027 Casa de campo\/chalet independiente ubicado en una parcela privada con piscina y terraza en zona r\u00fastica o residencial tranquila. La vivienda cuenta con una amplia zona de d\u00eda di\u00e1fana de concepto abierto que integra sal\u00f3n-comedor y cocina. El sal\u00f3n dispone de sof\u00e1 chaise","og:url":"https:\/\/costasonada.es\/index.php\/property\/e-1100-casa-adosada-en-alquiler-2h-1b-benissa\/","og:image":"https:\/\/costasonada.es\/wp-content\/uploads\/2026\/09\/IMG_2496.jpg","og:image:secure_url":"https:\/\/costasonada.es\/wp-content\/uploads\/2026\/09\/IMG_2496.jpg","og:image:width":1280,"og:image:height":720,"article:published_time":"2026-09-01T11:22:40+00:00","article:modified_time":"2026-09-01T11:22:40+00:00","article:publisher":"https:\/\/www.facebook.com\/3DVirtualTour-299122470616861","article:author":"3dvirtualinmo","twitter:card":"summary","twitter:title":"\u20ac 1100, Casa adosada en Alquiler, 2H\/1B, Benissa - Inmobiliaria Costa So\u00f1ada","twitter:description":"CSN25122BE Disponible del 1 de septiembre 2026 al 30 de junio 2027 Casa de campo\/chalet independiente ubicado en una parcela privada con piscina y terraza en zona r\u00fastica o residencial tranquila. La vivienda cuenta con una amplia zona de d\u00eda di\u00e1fana de concepto abierto que integra sal\u00f3n-comedor y cocina. El sal\u00f3n dispone de sof\u00e1 chaise","twitter:image":"https:\/\/costasonada.es\/wp-content\/uploads\/2026\/09\/IMG_2496.jpg"},"aioseo_meta_data":{"post_id":"25122","title":null,"description":null,"keywords":null,"keyphrases":{"focus":[],"additional":[]},"primary_term":null,"canonical_url":null,"og_title":null,"og_description":null,"og_object_type":"default","og_image_type":"default","og_image_url":null,"og_image_width":null,"og_image_height":null,"og_image_custom_url":null,"og_image_custom_fields":null,"og_video":"","og_custom_url":null,"og_article_section":null,"og_article_tags":null,"twitter_use_og":false,"twitter_card":"default","twitter_image_type":"default","twitter_image_url":null,"twitter_image_custom_url":null,"twitter_image_custom_fields":null,"twitter_title":null,"twitter_description":null,"schema":{"blockGraphs":[],"customGraphs":[],"default":{"data":{"Article":[],"Course":[],"Dataset":[],"FAQPage":[],"Movie":[],"Person":[],"Product":[],"ProductReview":[],"Car":[],"Recipe":[],"Service":[],"SoftwareApplication":[],"WebPage":[]},"graphName":"WebPage","isEnabled":true},"graphs":[]},"schema_type":"default","schema_type_options":null,"pillar_content":false,"robots_default":true,"robots_noindex":false,"robots_noarchive":false,"robots_nosnippet":false,"robots_nofollow":false,"robots_noimageindex":false,"robots_noodp":false,"robots_notranslate":false,"robots_max_snippet":"-1","robots_max_videopreview":"-1","robots_max_imagepreview":"large","priority":null,"frequency":"default","local_seo":null,"breadcrumb_settings":null,"limit_modified_date":false,"ai":{"faqs":[],"keyPoints":[],"schemas":[],"titles":[],"descriptions":[],"socialPosts":{"email":[],"linkedin":[],"twitter":[],"facebook":[],"instagram":[]}},"created":"2026-09-01 11:22:40","updated":"2026-09-02 14:40:00","seo_analyzer_scan_date":null,"focus_keyword":null,"additional_keywords":null,"truseo_locale":null},"aioseo_breadcrumb":"<div class=\"aioseo-breadcrumbs\"><span class=\"aioseo-breadcrumb\">\n\t\t\t<a href=\"https:\/\/costasonada.es\" title=\"Home\">Home<\/a>\n\t\t<\/span><span class=\"aioseo-breadcrumb-separator\">&raquo;<\/span><span class=\"aioseo-breadcrumb\">\n\t\t\t<a href=\"https:\/\/costasonada.es\/index.php\/property\/\" title=\"Viviendas\">Viviendas<\/a>\n\t\t<\/span><span class=\"aioseo-breadcrumb-separator\">&raquo;<\/span><span class=\"aioseo-breadcrumb\">\n\t\t\t<a href=\"https:\/\/costasonada.es\/index.php\/property_tag\/alquiler\/\" title=\"alquiler\">alquiler<\/a>\n\t\t<\/span><span class=\"aioseo-breadcrumb-separator\">&raquo;<\/span><span class=\"aioseo-breadcrumb\">\n\t\t\t\u20ac 1100, Casa adosada en Alquiler, 2H\/1B, Benissa\n\t\t<\/span><\/div>","aioseo_breadcrumb_json":[{"label":"Home","link":"https:\/\/costasonada.es"},{"label":"Viviendas","link":"https:\/\/costasonada.es\/index.php\/property\/"},{"label":"alquiler","link":"https:\/\/costasonada.es\/index.php\/property_tag\/alquiler\/"},{"label":"\u20ac 1100, Casa adosada en Alquiler, 2H\/1B, Benissa","link":"https:\/\/costasonada.es\/index.php\/property\/e-1100-casa-adosada-en-alquiler-2h-1b-benissa\/"}],"_links":{"self":[{"href":"https:\/\/costasonada.es\/index.php\/wp-json\/wp\/v2\/properties\/25122","targetHints":{"allow":["GET"]}}],"collection":[{"href":"https:\/\/costasonada.es\/index.php\/wp-json\/wp\/v2\/properties"}],"about":[{"href":"https:\/\/costasonada.es\/index.php\/wp-json\/wp\/v2\/types\/rem_property"}],"author":[{"embeddable":true,"href":"https:\/\/costasonada.es\/index.php\/wp-json\/wp\/v2\/users\/3"}],"wp:featuredmedia":[{"embeddable":true,"href":"https:\/\/costasonada.es\/index.php\/wp-json\/wp\/v2\/media\/25129"}],"wp:attachment":[{"href":"https:\/\/costasonada.es\/index.php\/wp-json\/wp\/v2\/media?parent=25122"}],"wp:term":[{"taxonomy":"rem_property_cat","embeddable":true,"href":"https:\/\/costasonada.es\/index.php\/wp-json\/wp\/v2\/rem_property_cat?post=25122"}],"curies":[{"name":"wp","href":"https:\/\/api.w.org\/{rel}","templated":true}]}}