{"id":25429,"date":"2026-09-02T20:33:29","date_gmt":"2026-09-02T18:33:29","guid":{"rendered":"https:\/\/costasonada.es\/?post_type=rem_property&#038;p=25429"},"modified":"2026-09-02T20:35:45","modified_gmt":"2026-09-02T18:35:45","slug":"e-5500-casa-en-alquiler-6h3b-240m2-finestrat","status":"publish","type":"rem_property","link":"https:\/\/costasonada.es\/index.php\/property\/e-5500-casa-en-alquiler-6h3b-240m2-finestrat\/","title":{"rendered":"\u20ac 5500, casa en alquiler, 6h3b, 240m2, Finestrat"},"content":{"rendered":"<div class=\"ds-virtual-list-items _6f2c522\">\n<div class=\"ds-virtual-list-visible-items\">\n<div class=\"_4f9bf79 d7dc56a8 _43c05b5\" data-virtual-list-item-key=\"12\">\n<div class=\"ds-message _63c77b1\">\n<div class=\"ds-markdown ds-assistant-message-main-content\">\n<p>CSD25429FA<\/p>\n<p class=\"ds-markdown-paragraph\"><span class=\"\">Espectacular villa independiente con piscina privada y vistas panor\u00e1micas al mar y a la monta\u00f1a, disponible para alquiler de larga duraci\u00f3n a partir de julio de 2026.<\/span><\/p>\n<p class=\"ds-markdown-paragraph\"><span class=\"\">Esta magn\u00edfica propiedad ofrece la combinaci\u00f3n perfecta de confort, privacidad y unas impresionantes vistas que cautivan en cada rinc\u00f3n.<\/span><\/p>\n<p class=\"ds-markdown-paragraph\"><span class=\"\">Con 240 metros cuadrados construidos sobre una parcela de 600 metros cuadrados, la vivienda se distribuye en dos plantas y cuenta con seis amplias habitaciones, tres ba\u00f1os completos y un gran s\u00f3tano que proporciona un espacio de almacenamiento adicional muy pr\u00e1ctico.<\/span><\/p>\n<p class=\"ds-markdown-paragraph\"><span class=\"\">Disfrute del clima mediterr\u00e1neo en las amplias terrazas o rel\u00e1jese junto a la piscina privada, rodeado de un jard\u00edn que invita a la tranquilidad y al disfrute al aire libre.<\/span><\/p>\n<p class=\"ds-markdown-paragraph\"><span class=\"\">La propiedad incluye tres plazas de aparcamiento, armarios empotrados, trastero, aire acondicionado y calefacci\u00f3n el\u00e9ctrica individual, adem\u00e1s de estar completamente amueblada y con cocina equipada para su comodidad.<\/span><\/p>\n<p class=\"ds-markdown-paragraph\"><span class=\"\">Un valor a\u00f1adido de esta vivienda son los paneles solares instalados, que suponen un consumo el\u00e9ctrico de 0 euros al mes, un importante ahorro para los futuros inquilinos.<\/span><\/p>\n<p class=\"ds-markdown-paragraph\"><span class=\"\">Situada en una zona residencial muy tranquila y agradable, perfectamente comunicada, en pocos minutos podr\u00e1 acceder a las playas, supermercados, restaurantes, colegios y a los principales municipios de la Costa Blanca.<\/span><\/p>\n<p class=\"ds-markdown-paragraph\"><span class=\"\">Esta propiedad es ideal para familias numerosas o para quienes desean disfrutar de amplitud, tranquilidad y un entorno exclusivo con vistas \u00fanicas, y es apta tanto para ni\u00f1os como para mascotas.<\/span><\/p>\n<p class=\"ds-markdown-paragraph\"><span class=\"\">El precio del alquiler es de 5.900 euros al mes.<\/span><\/p>\n<\/div>\n<\/div>\n<div class=\"ds-flex _0a3d93b\">\n<div class=\"ds-flex _965abe9 _54866f7\"><\/div>\n<div><\/div>\n<\/div>\n<\/div>\n<\/div>\n<\/div>\n","protected":false},"excerpt":{"rendered":"<p>CSD25429FA Espectacular villa independiente con piscina privada y vistas panor\u00e1micas al mar y a la monta\u00f1a, disponible para alquiler de larga duraci\u00f3n a partir de julio de 2026. Esta magn\u00edfica propiedad ofrece la combinaci\u00f3n perfecta de confort, privacidad y unas impresionantes vistas que cautivan en cada rinc\u00f3n. Con 240 metros cuadrados construidos sobre una parcela de 600 metros cuadrados, la vivienda se distribuye en dos plantas y cuenta con seis amplias habitaciones, tres ba\u00f1os completos y un gran s\u00f3tano que proporciona un espacio de almacenamiento adicional muy pr\u00e1ctico. Disfrute del clima mediterr\u00e1neo en las amplias terrazas o rel\u00e1jese junto a la piscina privada, rodeado de<a class=\"more-link\" href=\"https:\/\/costasonada.es\/index.php\/property\/e-5500-casa-en-alquiler-6h3b-240m2-finestrat\/\"><span>Read More &rarr;<\/span><\/a><\/p>\n","protected":false},"author":9,"featured_media":25469,"parent":0,"menu_order":0,"template":"","rem_property_cat":[65],"class_list":["entry","author-demian","post-25429","rem_property","type-rem_property","status-publish","has-post-thumbnail","rem_property_tag-alquiler","rem_property_tag-casa","rem_property_tag-con-las-vistas","rem_property_tag-espana","rem_property_tag-finestrat","rem_property_tag-lujo","rem_property_tag-montanas","rem_property_tag-vista-al-mar","rem_property_cat-finestrat"],"aioseo_notices":[],"aioseo_head":"\n\t\t<!-- All in One SEO 5.0.1.1 - aioseo.com -->\n\t<meta name=\"description\" content=\"CSD25429FA Espectacular villa independiente con piscina privada y vistas panor\u00e1micas al mar y a la monta\u00f1a, disponible para alquiler de larga duraci\u00f3n a partir de julio de 2026. Esta magn\u00edfica propiedad ofrece la combinaci\u00f3n perfecta de confort, privacidad y unas impresionantes vistas que cautivan en cada rinc\u00f3n. Con 240 metros cuadrados construidos sobre una parcela\" \/>\n\t<meta name=\"robots\" content=\"max-image-preview:large\" \/>\n\t<meta name=\"author\" content=\"Demian Aleksiuk\"\/>\n\t<meta name=\"google-site-verification\" content=\"mukDF0U7Lr8beVLioCYFiSEkDFjcIPXQLR7s7jMEOjU\" \/>\n\t<link rel=\"canonical\" href=\"https:\/\/costasonada.es\/index.php\/property\/e-5500-casa-en-alquiler-6h3b-240m2-finestrat\/\" \/>\n\t<meta name=\"generator\" content=\"All in One SEO (AIOSEO) 5.0.1.1\" \/>\n\t\t<meta property=\"og:locale\" content=\"es_ES\" \/>\n\t\t<meta property=\"og:site_name\" content=\"Inmobiliaria Costa So\u00f1ada - Costa So\u00f1ada, agencia inmobiliaria que trabaja en Altea, Altea Hills, Mascarat, Finestrat, y toda la Costa Blanca, con una gran variedad de propiedades de lujo.\" \/>\n\t\t<meta property=\"og:type\" content=\"article\" \/>\n\t\t<meta property=\"og:title\" content=\"\u20ac 5500, casa en alquiler, 6h3b, 240m2, Finestrat - Inmobiliaria Costa So\u00f1ada\" \/>\n\t\t<meta property=\"og:description\" content=\"CSD25429FA Espectacular villa independiente con piscina privada y vistas panor\u00e1micas al mar y a la monta\u00f1a, disponible para alquiler de larga duraci\u00f3n a partir de julio de 2026. Esta magn\u00edfica propiedad ofrece la combinaci\u00f3n perfecta de confort, privacidad y unas impresionantes vistas que cautivan en cada rinc\u00f3n. Con 240 metros cuadrados construidos sobre una parcela\" \/>\n\t\t<meta property=\"og:url\" content=\"https:\/\/costasonada.es\/index.php\/property\/e-5500-casa-en-alquiler-6h3b-240m2-finestrat\/\" \/>\n\t\t<meta property=\"og:image\" content=\"https:\/\/costasonada.es\/wp-content\/uploads\/2026\/09\/91b2a2a3-060f-46fc-bd91-130f30caa7ae-scaled.jpg\" \/>\n\t\t<meta property=\"og:image:secure_url\" content=\"https:\/\/costasonada.es\/wp-content\/uploads\/2026\/09\/91b2a2a3-060f-46fc-bd91-130f30caa7ae-scaled.jpg\" \/>\n\t\t<meta property=\"og:image:width\" content=\"1920\" \/>\n\t\t<meta property=\"og:image:height\" content=\"2560\" \/>\n\t\t<meta property=\"article:published_time\" content=\"2026-09-02T18:33:29+00:00\" \/>\n\t\t<meta property=\"article:modified_time\" content=\"2026-09-02T18:35:45+00:00\" \/>\n\t\t<meta property=\"article:publisher\" content=\"https:\/\/www.facebook.com\/3DVirtualTour-299122470616861\" \/>\n\t\t<meta name=\"twitter:card\" content=\"summary\" \/>\n\t\t<meta name=\"twitter:title\" content=\"\u20ac 5500, casa en alquiler, 6h3b, 240m2, Finestrat - Inmobiliaria Costa So\u00f1ada\" \/>\n\t\t<meta name=\"twitter:description\" content=\"CSD25429FA Espectacular villa independiente con piscina privada y vistas panor\u00e1micas al mar y a la monta\u00f1a, disponible para alquiler de larga duraci\u00f3n a partir de julio de 2026. Esta magn\u00edfica propiedad ofrece la combinaci\u00f3n perfecta de confort, privacidad y unas impresionantes vistas que cautivan en cada rinc\u00f3n. Con 240 metros cuadrados construidos sobre una parcela\" \/>\n\t\t<meta name=\"twitter:image\" content=\"https:\/\/costasonada.es\/wp-content\/uploads\/2026\/09\/91b2a2a3-060f-46fc-bd91-130f30caa7ae-scaled.jpg\" \/>\n\t\t<script type=\"application\/ld+json\" class=\"aioseo-schema\">\n\t\t\t{\"@context\":\"https:\\\/\\\/schema.org\",\"@graph\":[{\"@type\":\"BreadcrumbList\",\"@id\":\"https:\\\/\\\/costasonada.es\\\/index.php\\\/property\\\/e-5500-casa-en-alquiler-6h3b-240m2-finestrat\\\/#breadcrumblist\",\"itemListElement\":[{\"@type\":\"ListItem\",\"@id\":\"https:\\\/\\\/costasonada.es#listItem\",\"position\":1,\"name\":\"Home\",\"item\":\"https:\\\/\\\/costasonada.es\",\"nextItem\":{\"@type\":\"ListItem\",\"@id\":\"https:\\\/\\\/costasonada.es\\\/index.php\\\/property\\\/#listItem\",\"name\":\"Viviendas\"}},{\"@type\":\"ListItem\",\"@id\":\"https:\\\/\\\/costasonada.es\\\/index.php\\\/property\\\/#listItem\",\"position\":2,\"name\":\"Viviendas\",\"item\":\"https:\\\/\\\/costasonada.es\\\/index.php\\\/property\\\/\",\"nextItem\":{\"@type\":\"ListItem\",\"@id\":\"https:\\\/\\\/costasonada.es\\\/index.php\\\/property_tag\\\/lujo\\\/#listItem\",\"name\":\"lujo\"},\"previousItem\":{\"@type\":\"ListItem\",\"@id\":\"https:\\\/\\\/costasonada.es#listItem\",\"name\":\"Home\"}},{\"@type\":\"ListItem\",\"@id\":\"https:\\\/\\\/costasonada.es\\\/index.php\\\/property_tag\\\/lujo\\\/#listItem\",\"position\":3,\"name\":\"lujo\",\"item\":\"https:\\\/\\\/costasonada.es\\\/index.php\\\/property_tag\\\/lujo\\\/\",\"nextItem\":{\"@type\":\"ListItem\",\"@id\":\"https:\\\/\\\/costasonada.es\\\/index.php\\\/property\\\/e-5500-casa-en-alquiler-6h3b-240m2-finestrat\\\/#listItem\",\"name\":\"\\u20ac 5500, casa en alquiler, 6h3b, 240m2, Finestrat\"},\"previousItem\":{\"@type\":\"ListItem\",\"@id\":\"https:\\\/\\\/costasonada.es\\\/index.php\\\/property\\\/#listItem\",\"name\":\"Viviendas\"}},{\"@type\":\"ListItem\",\"@id\":\"https:\\\/\\\/costasonada.es\\\/index.php\\\/property\\\/e-5500-casa-en-alquiler-6h3b-240m2-finestrat\\\/#listItem\",\"position\":4,\"name\":\"\\u20ac 5500, casa en alquiler, 6h3b, 240m2, Finestrat\",\"previousItem\":{\"@type\":\"ListItem\",\"@id\":\"https:\\\/\\\/costasonada.es\\\/index.php\\\/property_tag\\\/lujo\\\/#listItem\",\"name\":\"lujo\"}}]},{\"@type\":\"Organization\",\"@id\":\"https:\\\/\\\/costasonada.es\\\/#organization\",\"name\":\"Costa So\\u00f1ada\",\"description\":\"Costa So\\u00f1ada, agencia inmobiliaria que trabaja en Altea, Altea Hills, Mascarat, Finestrat, y toda la Costa Blanca, con una gran variedad de propiedades de lujo.\",\"url\":\"https:\\\/\\\/costasonada.es\\\/\",\"telephone\":\"+34604289264\",\"logo\":{\"@type\":\"ImageObject\",\"url\":\"https:\\\/\\\/costasonada.es\\\/wp-content\\\/uploads\\\/2021\\\/09\\\/icon.png\",\"@id\":\"https:\\\/\\\/costasonada.es\\\/index.php\\\/property\\\/e-5500-casa-en-alquiler-6h3b-240m2-finestrat\\\/#organizationLogo\"},\"image\":{\"@id\":\"https:\\\/\\\/costasonada.es\\\/index.php\\\/property\\\/e-5500-casa-en-alquiler-6h3b-240m2-finestrat\\\/#organizationLogo\"},\"sameAs\":[\"https:\\\/\\\/www.facebook.com\\\/3DVirtualTour-299122470616861\",\"https:\\\/\\\/www.instagram.com\\\/3dvirtualtour.es\\\/\",\"https:\\\/\\\/www.youtube.com\\\/channel\\\/UCiGlx-_efwf-PwUYGx-ThzA\"]},{\"@type\":\"Person\",\"@id\":\"https:\\\/\\\/costasonada.es\\\/index.php\\\/author\\\/demian\\\/#author\",\"url\":\"https:\\\/\\\/costasonada.es\\\/index.php\\\/author\\\/demian\\\/\",\"name\":\"Demian Aleksiuk\",\"image\":{\"@type\":\"ImageObject\",\"@id\":\"https:\\\/\\\/costasonada.es\\\/index.php\\\/property\\\/e-5500-casa-en-alquiler-6h3b-240m2-finestrat\\\/#authorImage\",\"url\":\"https:\\\/\\\/costasonada.es\\\/wp-content\\\/litespeed\\\/avatar\\\/8fe50da88c935722026354ddfbff4bcc.jpg?ver=1788352023\",\"width\":96,\"height\":96,\"caption\":\"Demian Aleksiuk\"}},{\"@type\":\"WebPage\",\"@id\":\"https:\\\/\\\/costasonada.es\\\/index.php\\\/property\\\/e-5500-casa-en-alquiler-6h3b-240m2-finestrat\\\/#webpage\",\"url\":\"https:\\\/\\\/costasonada.es\\\/index.php\\\/property\\\/e-5500-casa-en-alquiler-6h3b-240m2-finestrat\\\/\",\"name\":\"\\u20ac 5500, casa en alquiler, 6h3b, 240m2, Finestrat - Inmobiliaria Costa So\\u00f1ada\",\"description\":\"CSD25429FA Espectacular villa independiente con piscina privada y vistas panor\\u00e1micas al mar y a la monta\\u00f1a, disponible para alquiler de larga duraci\\u00f3n a partir de julio de 2026. Esta magn\\u00edfica propiedad ofrece la combinaci\\u00f3n perfecta de confort, privacidad y unas impresionantes vistas que cautivan en cada rinc\\u00f3n. Con 240 metros cuadrados construidos sobre una parcela\",\"inLanguage\":\"es-ES\",\"isPartOf\":{\"@id\":\"https:\\\/\\\/costasonada.es\\\/#website\"},\"breadcrumb\":{\"@id\":\"https:\\\/\\\/costasonada.es\\\/index.php\\\/property\\\/e-5500-casa-en-alquiler-6h3b-240m2-finestrat\\\/#breadcrumblist\"},\"author\":{\"@id\":\"https:\\\/\\\/costasonada.es\\\/index.php\\\/author\\\/demian\\\/#author\"},\"creator\":{\"@id\":\"https:\\\/\\\/costasonada.es\\\/index.php\\\/author\\\/demian\\\/#author\"},\"image\":{\"@type\":\"ImageObject\",\"url\":\"https:\\\/\\\/costasonada.es\\\/wp-content\\\/uploads\\\/2026\\\/09\\\/91b2a2a3-060f-46fc-bd91-130f30caa7ae-scaled.jpg\",\"@id\":\"https:\\\/\\\/costasonada.es\\\/index.php\\\/property\\\/e-5500-casa-en-alquiler-6h3b-240m2-finestrat\\\/#mainImage\",\"width\":1920,\"height\":2560},\"primaryImageOfPage\":{\"@id\":\"https:\\\/\\\/costasonada.es\\\/index.php\\\/property\\\/e-5500-casa-en-alquiler-6h3b-240m2-finestrat\\\/#mainImage\"},\"datePublished\":\"2026-09-02T20:33:29+02:00\",\"dateModified\":\"2026-09-02T20:35:45+02:00\"},{\"@type\":\"WebSite\",\"@id\":\"https:\\\/\\\/costasonada.es\\\/#website\",\"url\":\"https:\\\/\\\/costasonada.es\\\/\",\"name\":\"3D Virtual Tour\",\"description\":\"Costa So\\u00f1ada, agencia inmobiliaria que trabaja en Altea, Altea Hills, Mascarat, Finestrat, y toda la Costa Blanca, con una gran variedad de propiedades de lujo.\",\"inLanguage\":\"es-ES\",\"publisher\":{\"@id\":\"https:\\\/\\\/costasonada.es\\\/#organization\"}}]}\n\t\t<\/script>\n\t\t<!-- All in One SEO -->\n\n","aioseo_head_json":{"title":"\u20ac 5500, casa en alquiler, 6h3b, 240m2, Finestrat - Inmobiliaria Costa So\u00f1ada","description":"CSD25429FA Espectacular villa independiente con piscina privada y vistas panor\u00e1micas al mar y a la monta\u00f1a, disponible para alquiler de larga duraci\u00f3n a partir de julio de 2026. Esta magn\u00edfica propiedad ofrece la combinaci\u00f3n perfecta de confort, privacidad y unas impresionantes vistas que cautivan en cada rinc\u00f3n. Con 240 metros cuadrados construidos sobre una parcela","canonical_url":"https:\/\/costasonada.es\/index.php\/property\/e-5500-casa-en-alquiler-6h3b-240m2-finestrat\/","robots":"max-image-preview:large","keywords":"","webmasterTools":{"google-site-verification":"mukDF0U7Lr8beVLioCYFiSEkDFjcIPXQLR7s7jMEOjU","miscellaneous":""},"schema":{"@context":"https:\/\/schema.org","@graph":[{"@type":"BreadcrumbList","@id":"https:\/\/costasonada.es\/index.php\/property\/e-5500-casa-en-alquiler-6h3b-240m2-finestrat\/#breadcrumblist","itemListElement":[{"@type":"ListItem","@id":"https:\/\/costasonada.es#listItem","position":1,"name":"Home","item":"https:\/\/costasonada.es","nextItem":{"@type":"ListItem","@id":"https:\/\/costasonada.es\/index.php\/property\/#listItem","name":"Viviendas"}},{"@type":"ListItem","@id":"https:\/\/costasonada.es\/index.php\/property\/#listItem","position":2,"name":"Viviendas","item":"https:\/\/costasonada.es\/index.php\/property\/","nextItem":{"@type":"ListItem","@id":"https:\/\/costasonada.es\/index.php\/property_tag\/lujo\/#listItem","name":"lujo"},"previousItem":{"@type":"ListItem","@id":"https:\/\/costasonada.es#listItem","name":"Home"}},{"@type":"ListItem","@id":"https:\/\/costasonada.es\/index.php\/property_tag\/lujo\/#listItem","position":3,"name":"lujo","item":"https:\/\/costasonada.es\/index.php\/property_tag\/lujo\/","nextItem":{"@type":"ListItem","@id":"https:\/\/costasonada.es\/index.php\/property\/e-5500-casa-en-alquiler-6h3b-240m2-finestrat\/#listItem","name":"\u20ac 5500, casa en alquiler, 6h3b, 240m2, Finestrat"},"previousItem":{"@type":"ListItem","@id":"https:\/\/costasonada.es\/index.php\/property\/#listItem","name":"Viviendas"}},{"@type":"ListItem","@id":"https:\/\/costasonada.es\/index.php\/property\/e-5500-casa-en-alquiler-6h3b-240m2-finestrat\/#listItem","position":4,"name":"\u20ac 5500, casa en alquiler, 6h3b, 240m2, Finestrat","previousItem":{"@type":"ListItem","@id":"https:\/\/costasonada.es\/index.php\/property_tag\/lujo\/#listItem","name":"lujo"}}]},{"@type":"Organization","@id":"https:\/\/costasonada.es\/#organization","name":"Costa So\u00f1ada","description":"Costa So\u00f1ada, agencia inmobiliaria que trabaja en Altea, Altea Hills, Mascarat, Finestrat, y toda la Costa Blanca, con una gran variedad de propiedades de lujo.","url":"https:\/\/costasonada.es\/","telephone":"+34604289264","logo":{"@type":"ImageObject","url":"https:\/\/costasonada.es\/wp-content\/uploads\/2021\/09\/icon.png","@id":"https:\/\/costasonada.es\/index.php\/property\/e-5500-casa-en-alquiler-6h3b-240m2-finestrat\/#organizationLogo"},"image":{"@id":"https:\/\/costasonada.es\/index.php\/property\/e-5500-casa-en-alquiler-6h3b-240m2-finestrat\/#organizationLogo"},"sameAs":["https:\/\/www.facebook.com\/3DVirtualTour-299122470616861","https:\/\/www.instagram.com\/3dvirtualtour.es\/","https:\/\/www.youtube.com\/channel\/UCiGlx-_efwf-PwUYGx-ThzA"]},{"@type":"Person","@id":"https:\/\/costasonada.es\/index.php\/author\/demian\/#author","url":"https:\/\/costasonada.es\/index.php\/author\/demian\/","name":"Demian Aleksiuk","image":{"@type":"ImageObject","@id":"https:\/\/costasonada.es\/index.php\/property\/e-5500-casa-en-alquiler-6h3b-240m2-finestrat\/#authorImage","url":"https:\/\/costasonada.es\/wp-content\/litespeed\/avatar\/8fe50da88c935722026354ddfbff4bcc.jpg?ver=1788352023","width":96,"height":96,"caption":"Demian Aleksiuk"}},{"@type":"WebPage","@id":"https:\/\/costasonada.es\/index.php\/property\/e-5500-casa-en-alquiler-6h3b-240m2-finestrat\/#webpage","url":"https:\/\/costasonada.es\/index.php\/property\/e-5500-casa-en-alquiler-6h3b-240m2-finestrat\/","name":"\u20ac 5500, casa en alquiler, 6h3b, 240m2, Finestrat - Inmobiliaria Costa So\u00f1ada","description":"CSD25429FA Espectacular villa independiente con piscina privada y vistas panor\u00e1micas al mar y a la monta\u00f1a, disponible para alquiler de larga duraci\u00f3n a partir de julio de 2026. Esta magn\u00edfica propiedad ofrece la combinaci\u00f3n perfecta de confort, privacidad y unas impresionantes vistas que cautivan en cada rinc\u00f3n. Con 240 metros cuadrados construidos sobre una parcela","inLanguage":"es-ES","isPartOf":{"@id":"https:\/\/costasonada.es\/#website"},"breadcrumb":{"@id":"https:\/\/costasonada.es\/index.php\/property\/e-5500-casa-en-alquiler-6h3b-240m2-finestrat\/#breadcrumblist"},"author":{"@id":"https:\/\/costasonada.es\/index.php\/author\/demian\/#author"},"creator":{"@id":"https:\/\/costasonada.es\/index.php\/author\/demian\/#author"},"image":{"@type":"ImageObject","url":"https:\/\/costasonada.es\/wp-content\/uploads\/2026\/09\/91b2a2a3-060f-46fc-bd91-130f30caa7ae-scaled.jpg","@id":"https:\/\/costasonada.es\/index.php\/property\/e-5500-casa-en-alquiler-6h3b-240m2-finestrat\/#mainImage","width":1920,"height":2560},"primaryImageOfPage":{"@id":"https:\/\/costasonada.es\/index.php\/property\/e-5500-casa-en-alquiler-6h3b-240m2-finestrat\/#mainImage"},"datePublished":"2026-09-02T20:33:29+02:00","dateModified":"2026-09-02T20:35:45+02:00"},{"@type":"WebSite","@id":"https:\/\/costasonada.es\/#website","url":"https:\/\/costasonada.es\/","name":"3D Virtual Tour","description":"Costa So\u00f1ada, agencia inmobiliaria que trabaja en Altea, Altea Hills, Mascarat, Finestrat, y toda la Costa Blanca, con una gran variedad de propiedades de lujo.","inLanguage":"es-ES","publisher":{"@id":"https:\/\/costasonada.es\/#organization"}}]},"og:locale":"es_ES","og:site_name":"Inmobiliaria Costa So\u00f1ada - Costa So\u00f1ada, agencia inmobiliaria que trabaja en Altea, Altea Hills, Mascarat, Finestrat, y toda la Costa Blanca, con una gran variedad de propiedades de lujo.","og:type":"article","og:title":"\u20ac 5500, casa en alquiler, 6h3b, 240m2, Finestrat - Inmobiliaria Costa So\u00f1ada","og:description":"CSD25429FA Espectacular villa independiente con piscina privada y vistas panor\u00e1micas al mar y a la monta\u00f1a, disponible para alquiler de larga duraci\u00f3n a partir de julio de 2026. Esta magn\u00edfica propiedad ofrece la combinaci\u00f3n perfecta de confort, privacidad y unas impresionantes vistas que cautivan en cada rinc\u00f3n. Con 240 metros cuadrados construidos sobre una parcela","og:url":"https:\/\/costasonada.es\/index.php\/property\/e-5500-casa-en-alquiler-6h3b-240m2-finestrat\/","og:image":"https:\/\/costasonada.es\/wp-content\/uploads\/2026\/09\/91b2a2a3-060f-46fc-bd91-130f30caa7ae-scaled.jpg","og:image:secure_url":"https:\/\/costasonada.es\/wp-content\/uploads\/2026\/09\/91b2a2a3-060f-46fc-bd91-130f30caa7ae-scaled.jpg","og:image:width":1920,"og:image:height":2560,"article:published_time":"2026-09-02T18:33:29+00:00","article:modified_time":"2026-09-02T18:35:45+00:00","article:publisher":"https:\/\/www.facebook.com\/3DVirtualTour-299122470616861","twitter:card":"summary","twitter:title":"\u20ac 5500, casa en alquiler, 6h3b, 240m2, Finestrat - Inmobiliaria Costa So\u00f1ada","twitter:description":"CSD25429FA Espectacular villa independiente con piscina privada y vistas panor\u00e1micas al mar y a la monta\u00f1a, disponible para alquiler de larga duraci\u00f3n a partir de julio de 2026. Esta magn\u00edfica propiedad ofrece la combinaci\u00f3n perfecta de confort, privacidad y unas impresionantes vistas que cautivan en cada rinc\u00f3n. Con 240 metros cuadrados construidos sobre una parcela","twitter:image":"https:\/\/costasonada.es\/wp-content\/uploads\/2026\/09\/91b2a2a3-060f-46fc-bd91-130f30caa7ae-scaled.jpg"},"aioseo_meta_data":{"post_id":"25429","title":null,"description":null,"keywords":null,"keyphrases":{"focus":{"keyphrase":"","score":0,"analysis":{"keyphraseInTitle":{"score":0,"maxScore":9,"error":1}}},"additional":[]},"primary_term":null,"canonical_url":null,"og_title":null,"og_description":null,"og_object_type":"default","og_image_type":"default","og_image_url":null,"og_image_width":null,"og_image_height":null,"og_image_custom_url":null,"og_image_custom_fields":null,"og_video":"","og_custom_url":null,"og_article_section":null,"og_article_tags":null,"twitter_use_og":false,"twitter_card":"default","twitter_image_type":"default","twitter_image_url":null,"twitter_image_custom_url":null,"twitter_image_custom_fields":null,"twitter_title":null,"twitter_description":null,"schema":{"blockGraphs":[],"customGraphs":[],"default":{"data":{"Article":[],"Course":[],"Dataset":[],"FAQPage":[],"Movie":[],"Person":[],"Product":[],"ProductReview":[],"Car":[],"Recipe":[],"Service":[],"SoftwareApplication":[],"WebPage":[]},"graphName":"WebPage","isEnabled":true},"graphs":[]},"schema_type":"default","schema_type_options":null,"pillar_content":false,"robots_default":true,"robots_noindex":false,"robots_noarchive":false,"robots_nosnippet":false,"robots_nofollow":false,"robots_noimageindex":false,"robots_noodp":false,"robots_notranslate":false,"robots_max_snippet":"-1","robots_max_videopreview":"-1","robots_max_imagepreview":"large","priority":null,"frequency":"default","local_seo":null,"breadcrumb_settings":null,"limit_modified_date":false,"ai":{"faqs":[],"keyPoints":[],"schemas":[],"titles":[],"descriptions":[],"socialPosts":{"email":{"subject":"","preview":"","content":""},"linkedin":[],"twitter":[],"facebook":[],"instagram":[]}},"created":"2026-09-02 18:17:25","updated":"2026-09-02 18:40:10","seo_analyzer_scan_date":null,"focus_keyword":null,"additional_keywords":null,"truseo_locale":null},"aioseo_breadcrumb":"<div class=\"aioseo-breadcrumbs\"><span class=\"aioseo-breadcrumb\">\n\t\t\t<a href=\"https:\/\/costasonada.es\" title=\"Home\">Home<\/a>\n\t\t<\/span><span class=\"aioseo-breadcrumb-separator\">&raquo;<\/span><span class=\"aioseo-breadcrumb\">\n\t\t\t<a href=\"https:\/\/costasonada.es\/index.php\/property\/\" title=\"Viviendas\">Viviendas<\/a>\n\t\t<\/span><span class=\"aioseo-breadcrumb-separator\">&raquo;<\/span><span class=\"aioseo-breadcrumb\">\n\t\t\t<a href=\"https:\/\/costasonada.es\/index.php\/property_tag\/lujo\/\" title=\"lujo\">lujo<\/a>\n\t\t<\/span><span class=\"aioseo-breadcrumb-separator\">&raquo;<\/span><span class=\"aioseo-breadcrumb\">\n\t\t\t\u20ac 5500, casa en alquiler, 6h3b, 240m2, Finestrat\n\t\t<\/span><\/div>","aioseo_breadcrumb_json":[{"label":"Home","link":"https:\/\/costasonada.es"},{"label":"Viviendas","link":"https:\/\/costasonada.es\/index.php\/property\/"},{"label":"lujo","link":"https:\/\/costasonada.es\/index.php\/property_tag\/lujo\/"},{"label":"\u20ac 5500, casa en alquiler, 6h3b, 240m2, Finestrat","link":"https:\/\/costasonada.es\/index.php\/property\/e-5500-casa-en-alquiler-6h3b-240m2-finestrat\/"}],"_links":{"self":[{"href":"https:\/\/costasonada.es\/index.php\/wp-json\/wp\/v2\/properties\/25429","targetHints":{"allow":["GET"]}}],"collection":[{"href":"https:\/\/costasonada.es\/index.php\/wp-json\/wp\/v2\/properties"}],"about":[{"href":"https:\/\/costasonada.es\/index.php\/wp-json\/wp\/v2\/types\/rem_property"}],"author":[{"embeddable":true,"href":"https:\/\/costasonada.es\/index.php\/wp-json\/wp\/v2\/users\/9"}],"wp:featuredmedia":[{"embeddable":true,"href":"https:\/\/costasonada.es\/index.php\/wp-json\/wp\/v2\/media\/25469"}],"wp:attachment":[{"href":"https:\/\/costasonada.es\/index.php\/wp-json\/wp\/v2\/media?parent=25429"}],"wp:term":[{"taxonomy":"rem_property_cat","embeddable":true,"href":"https:\/\/costasonada.es\/index.php\/wp-json\/wp\/v2\/rem_property_cat?post=25429"}],"curies":[{"name":"wp","href":"https:\/\/api.w.org\/{rel}","templated":true}]}}